{"id":54785,"date":"2023-03-14T17:10:37","date_gmt":"2023-03-14T17:10:37","guid":{"rendered":"http:\/\/autisme-ensemble.org\/staging\/?page_id=54785"},"modified":"2023-05-25T21:29:21","modified_gmt":"2023-05-25T21:29:21","slug":"a-propos","status":"publish","type":"page","link":"https:\/\/autisme-ensemble.org\/staging\/a-propos\/","title":{"rendered":"\u00c0 propos"},"content":{"rendered":"<p>[et_pb_section fb_built=\u00a0\u00bb1&Prime; custom_padding_last_edited=\u00a0\u00bbon|desktop\u00a0\u00bb module_id=\u00a0\u00bbsection-1&Prime; _builder_version=\u00a0\u00bb4.21.0&Prime; _module_preset=\u00a0\u00bbdefault\u00a0\u00bb background_color=\u00a0\u00bb#EAF7F0&Prime; background_enable_image=\u00a0\u00bboff\u00a0\u00bb background_size=\u00a0\u00bbcontain\u00a0\u00bb background_position=\u00a0\u00bbcenter_left\u00a0\u00bb background_horizontal_offset=\u00a0\u00bb21%\u00a0\u00bb custom_margin=\u00a0\u00bb||0px||false|false\u00a0\u00bb custom_padding=\u00a0\u00bb10vh||5vh||false|false\u00a0\u00bb custom_padding_tablet=\u00a0\u00bb10vh||5vh||false|false\u00a0\u00bb custom_padding_phone=\u00a0\u00bb5vh||5vh||false|false\u00a0\u00bb animation_style=\u00a0\u00bbfade\u00a0\u00bb animation_duration=\u00a0\u00bb400ms\u00a0\u00bb hover_enabled=\u00a0\u00bb0&Prime; global_colors_info=\u00a0\u00bb{}\u00a0\u00bb sticky_enabled=\u00a0\u00bb0&Prime;][et_pb_row use_custom_gutter=\u00a0\u00bbon\u00a0\u00bb _builder_version=\u00a0\u00bb4.21.0&Prime; _module_preset=\u00a0\u00bbdefault\u00a0\u00bb custom_margin=\u00a0\u00bb0px||0px||false|false\u00a0\u00bb custom_padding=\u00a0\u00bb0px||0px||false|false\u00a0\u00bb hover_enabled=\u00a0\u00bb0&Prime; global_colors_info=\u00a0\u00bb{}\u00a0\u00bb sticky_enabled=\u00a0\u00bb0&Prime;][et_pb_column type=\u00a0\u00bb4_4&Prime; _builder_version=\u00a0\u00bb4.17.4&Prime; _module_preset=\u00a0\u00bbdefault\u00a0\u00bb custom_padding=\u00a0\u00bb43px||||false|false\u00a0\u00bb custom_padding_tablet=\u00a0\u00bb0px||||false|false\u00a0\u00bb custom_padding_phone=\u00a0\u00bb0px||||false|false\u00a0\u00bb custom_padding_last_edited=\u00a0\u00bbon|phone\u00a0\u00bb global_colors_info=\u00a0\u00bb{}\u00a0\u00bb][et_pb_text _builder_version=\u00a0\u00bb4.21.0&Prime; _module_preset=\u00a0\u00bb5852915d-5b3f-435e-a3a7-0bc73fc5f651&Prime; max_width=\u00a0\u00bb550px\u00a0\u00bb global_colors_info=\u00a0\u00bb{}\u00a0\u00bb]<\/p>\n<h1><span style=\"white-space: pre;\">\u00c0 propos<\/span><\/h1>\n<h1><span style=\"white-space: pre;\">d&rsquo;Autisme Ensemble<\/span><\/h1>\n<p>[\/et_pb_text][\/et_pb_column][\/et_pb_row][et_pb_row column_structure=\u00a0\u00bb2_5,3_5&Prime; use_custom_gutter=\u00a0\u00bbon\u00a0\u00bb _builder_version=\u00a0\u00bb4.21.0&Prime; _module_preset=\u00a0\u00bbdefault\u00a0\u00bb custom_margin=\u00a0\u00bb0px||0px||false|false\u00a0\u00bb custom_padding=\u00a0\u00bb0px||0px||false|false\u00a0\u00bb hover_enabled=\u00a0\u00bb0&Prime; global_colors_info=\u00a0\u00bb{}\u00a0\u00bb sticky_enabled=\u00a0\u00bb0&Prime;][et_pb_column type=\u00a0\u00bb2_5&Prime; _builder_version=\u00a0\u00bb4.17.4&Prime; _module_preset=\u00a0\u00bbdefault\u00a0\u00bb custom_padding=\u00a0\u00bb43px||||false|false\u00a0\u00bb custom_padding_tablet=\u00a0\u00bb0px||||false|false\u00a0\u00bb custom_padding_phone=\u00a0\u00bb0px||||false|false\u00a0\u00bb custom_padding_last_edited=\u00a0\u00bbon|phone\u00a0\u00bb global_colors_info=\u00a0\u00bb{}\u00a0\u00bb][et_pb_text disabled_on=\u00a0\u00bboff|off|off\u00a0\u00bb _builder_version=\u00a0\u00bb4.21.0&Prime; _module_preset=\u00a0\u00bbdefault\u00a0\u00bb custom_margin=\u00a0\u00bb0px||||false|false\u00a0\u00bb custom_padding=\u00a0\u00bb0px||||false|false\u00a0\u00bb global_colors_info=\u00a0\u00bb{}\u00a0\u00bb]<span style=\"font-weight: 400;\">Autisme Ensemble est une communaut\u00e9 en ligne s\u00e9curitaire, confidentielle et anonyme qui accueille des personnes concern\u00e9es par l\u2019autisme. Elle est destin\u00e9e aux personnes autistes elles-m\u00eames, \u00e0 leurs parents, ainsi qu&rsquo;\u00e0 leurs proches aidants.<\/span><\/p>\n<p><span style=\"font-weight: 400;\">La communaut\u00e9 leur fournit un espace pour se retrouver entre elles afin de d\u00e9velopper des liens avec d\u2019autres personnes vivant des situations similaires.<\/span><span style=\"font-weight: 400;\"><br \/>\nElle leur permet de partager leurs exp\u00e9riences, leurs id\u00e9es et les \u00e9motions qu\u2019elles ressentent.<\/span><\/p>\n<p><span style=\"font-weight: 400;\">Notre communaut\u00e9 en ligne se veut respectueuse, inclusive et non directive. Elle est empreinte d\u2019empathie, de bienveillance et d\u2019acceptation r\u00e9ciproque.<\/span>[\/et_pb_text][\/et_pb_column][et_pb_column type=\u00a0\u00bb3_5&Prime; _builder_version=\u00a0\u00bb4.20.4&Prime; _module_preset=\u00a0\u00bbdefault\u00a0\u00bb custom_padding=\u00a0\u00bb||||false|false\u00a0\u00bb custom_padding_tablet=\u00a0\u00bb50px||||false|false\u00a0\u00bb custom_padding_phone=\u00a0\u00bb50px||||false|false\u00a0\u00bb custom_padding_last_edited=\u00a0\u00bbon|tablet\u00a0\u00bb global_colors_info=\u00a0\u00bb{}\u00a0\u00bb][et_pb_image src=\u00a0\u00bbhttp:\/\/autisme-ensemble.org\/staging\/wp-content\/uploads\/2023\/03\/hero-a-propos.png\u00a0\u00bb title_text=\u00a0\u00bbhero a propos\u00a0\u00bb _builder_version=\u00a0\u00bb4.21.0&Prime; _module_preset=\u00a0\u00bbdefault\u00a0\u00bb width_tablet=\u00a0\u00bb54%\u00a0\u00bb width_phone=\u00a0\u00bb69%\u00a0\u00bb width_last_edited=\u00a0\u00bbon|tablet\u00a0\u00bb custom_margin=\u00a0\u00bb-86px||||false|false\u00a0\u00bb custom_margin_tablet=\u00a0\u00bb-39px||||false|false\u00a0\u00bb custom_margin_phone=\u00a0\u00bb-28px||||false|false\u00a0\u00bb custom_margin_last_edited=\u00a0\u00bbon|desktop\u00a0\u00bb hover_enabled=\u00a0\u00bb0&Prime; module_alignment_tablet=\u00a0\u00bbleft\u00a0\u00bb module_alignment_phone=\u00a0\u00bbcenter\u00a0\u00bb module_alignment_last_edited=\u00a0\u00bbon|tablet\u00a0\u00bb global_colors_info=\u00a0\u00bb{}\u00a0\u00bb sticky_enabled=\u00a0\u00bb0&Prime;][\/et_pb_image][\/et_pb_column][\/et_pb_row][\/et_pb_section][et_pb_section fb_built=\u00a0\u00bb1&Prime; custom_padding_last_edited=\u00a0\u00bbon|phone\u00a0\u00bb module_id=\u00a0\u00bbsection-2&Prime; _builder_version=\u00a0\u00bb4.20.4&Prime; _module_preset=\u00a0\u00bbdefault\u00a0\u00bb use_background_color_gradient=\u00a0\u00bbon\u00a0\u00bb background_color_gradient_stops=\u00a0\u00bb#eaf7f0 0%|#ffffff 38%\u00a0\u00bb custom_padding=\u00a0\u00bb5vh||5vh||true|false\u00a0\u00bb custom_padding_tablet=\u00a0\u00bb5vh||5vh||true|false\u00a0\u00bb custom_padding_phone=\u00a0\u00bb5vh||5vh||true|false\u00a0\u00bb global_colors_info=\u00a0\u00bb{}\u00a0\u00bb][et_pb_row _builder_version=\u00a0\u00bb4.20.0&Prime; _module_preset=\u00a0\u00bbdefault\u00a0\u00bb global_colors_info=\u00a0\u00bb{}\u00a0\u00bb custom_padding=\u00a0\u00bb||9px|||\u00a0\u00bb][et_pb_column type=\u00a0\u00bb4_4&Prime; _builder_version=\u00a0\u00bb4.20.0&Prime; _module_preset=\u00a0\u00bbdefault\u00a0\u00bb global_colors_info=\u00a0\u00bb{}\u00a0\u00bb][et_pb_text _builder_version=\u00a0\u00bb4.20.0&Prime; _module_preset=\u00a0\u00bbdefault\u00a0\u00bb header_2_font=\u00a0\u00bb|700|||||||\u00a0\u00bb header_2_text_align=\u00a0\u00bbleft\u00a0\u00bb header_2_text_color=\u00a0\u00bb#000000&Prime; header_2_font_size=\u00a0\u00bb41px\u00a0\u00bb header_2_line_height=\u00a0\u00bb1.2em\u00a0\u00bb max_width=\u00a0\u00bb1080px\u00a0\u00bb module_alignment=\u00a0\u00bbcenter\u00a0\u00bb custom_margin=\u00a0\u00bb0px||3px|-241px|false|false\u00a0\u00bb custom_padding=\u00a0\u00bb0px||0px||false|false\u00a0\u00bb header_2_font_size_tablet=\u00a0\u00bb40px\u00a0\u00bb header_2_font_size_phone=\u00a0\u00bb30px\u00a0\u00bb header_2_font_size_last_edited=\u00a0\u00bbon|phone\u00a0\u00bb global_colors_info=\u00a0\u00bb{}\u00a0\u00bb]<\/p>\n<h2>Nos origines<\/h2>\n<p>[\/et_pb_text][\/et_pb_column][\/et_pb_row][et_pb_row column_structure=\u00a0\u00bb1_2,1_2&Prime; _builder_version=\u00a0\u00bb4.20.0&Prime; _module_preset=\u00a0\u00bbdefault\u00a0\u00bb global_colors_info=\u00a0\u00bb{}\u00a0\u00bb][et_pb_column type=\u00a0\u00bb1_2&Prime; _builder_version=\u00a0\u00bb4.20.0&Prime; _module_preset=\u00a0\u00bbdefault\u00a0\u00bb global_colors_info=\u00a0\u00bb{}\u00a0\u00bb][et_pb_image src=\u00a0\u00bbhttp:\/\/autisme-ensemble.org\/staging\/wp-content\/uploads\/2023\/03\/innovation-sociale.png\u00a0\u00bb title_text=\u00a0\u00bbinnovation sociale\u00a0\u00bb align=\u00a0\u00bbcenter\u00a0\u00bb _builder_version=\u00a0\u00bb4.21.0&Prime; _module_preset=\u00a0\u00bbdefault\u00a0\u00bb width=\u00a0\u00bb35%\u00a0\u00bb width_tablet=\u00a0\u00bb35%\u00a0\u00bb width_phone=\u00a0\u00bb39%\u00a0\u00bb width_last_edited=\u00a0\u00bbon|phone\u00a0\u00bb custom_margin=\u00a0\u00bb||||false|false\u00a0\u00bb custom_margin_tablet=\u00a0\u00bb||0px||false|false\u00a0\u00bb custom_margin_phone=\u00a0\u00bb-20px||||false|false\u00a0\u00bb custom_margin_last_edited=\u00a0\u00bbon|desktop\u00a0\u00bb custom_padding=\u00a0\u00bb||20px||false|false\u00a0\u00bb custom_padding_tablet=\u00a0\u00bb||0px||false|false\u00a0\u00bb custom_padding_phone=\u00a0\u00bb||0px||false|false\u00a0\u00bb custom_padding_last_edited=\u00a0\u00bbon|desktop\u00a0\u00bb hover_enabled=\u00a0\u00bb0&Prime; module_alignment_tablet=\u00a0\u00bb\u00a0\u00bb module_alignment_phone=\u00a0\u00bbleft\u00a0\u00bb module_alignment_last_edited=\u00a0\u00bbon|phone\u00a0\u00bb global_colors_info=\u00a0\u00bb{}\u00a0\u00bb sticky_enabled=\u00a0\u00bb0&Prime; align_last_edited=\u00a0\u00bbon|tablet\u00a0\u00bb align_tablet=\u00a0\u00bbleft\u00a0\u00bb align_phone=\u00a0\u00bbleft\u00a0\u00bb][\/et_pb_image][et_pb_text _builder_version=\u00a0\u00bb4.21.0&Prime; _module_preset=\u00a0\u00bbdefault\u00a0\u00bb text_text_color=\u00a0\u00bb#000000&Prime; header_font=\u00a0\u00bbCommissioner|700|||||||\u00a0\u00bb header_text_align=\u00a0\u00bbleft\u00a0\u00bb header_text_color=\u00a0\u00bb#000000&Prime; header_font_size=\u00a0\u00bb46px\u00a0\u00bb header_line_height=\u00a0\u00bb1.1em\u00a0\u00bb header_2_font=\u00a0\u00bb|700|||||||\u00a0\u00bb header_2_text_color=\u00a0\u00bb#000000&Prime; header_2_font_size=\u00a0\u00bb27px\u00a0\u00bb header_3_font=\u00a0\u00bb|600|||||||\u00a0\u00bb header_3_text_color=\u00a0\u00bb#E09900&Prime; custom_margin=\u00a0\u00bb-14px||5px||false|false\u00a0\u00bb custom_margin_tablet=\u00a0\u00bb40px||20px||false|false\u00a0\u00bb custom_margin_phone=\u00a0\u00bb30px||20px||false|false\u00a0\u00bb custom_margin_last_edited=\u00a0\u00bbon|phone\u00a0\u00bb custom_padding=\u00a0\u00bb0px||0px||false|false\u00a0\u00bb hover_enabled=\u00a0\u00bb0&Prime; header_font_size_tablet=\u00a0\u00bb54px\u00a0\u00bb header_font_size_phone=\u00a0\u00bb34px\u00a0\u00bb header_font_size_last_edited=\u00a0\u00bbon|phone\u00a0\u00bb global_colors_info=\u00a0\u00bb{}\u00a0\u00bb sticky_enabled=\u00a0\u00bb0&Prime;]<\/p>\n<h3>Innovation sociale<\/h3>\n<p>[\/et_pb_text][et_pb_text _builder_version=\u00a0\u00bb4.20.4&Prime; _module_preset=\u00a0\u00bbdefault\u00a0\u00bb max_width=\u00a0\u00bb450px\u00a0\u00bb global_colors_info=\u00a0\u00bb{}\u00a0\u00bb]<\/p>\n<p>Autisme Ensemble est un projet d\u2019innovation sociale r\u00e9alis\u00e9 en partenariat avec Humanov.is et un groupe de chercheurs, de personnes autistes et de professionnels de la sant\u00e9.<\/p>\n<p>Il est dirig\u00e9 par Docteure Alena Valderrama, chercheuse avec des privil\u00e8ges de recherche au Centre de recherche du CHU Sainte-Justine.<\/p>\n<p>Notre regroupement se nomme SMIS pour : Sant\u00e9 Mentale et Inclusion Sociale.<\/p>\n<p>[\/et_pb_text][\/et_pb_column][et_pb_column type=\u00a0\u00bb1_2&Prime; _builder_version=\u00a0\u00bb4.20.0&Prime; _module_preset=\u00a0\u00bbdefault\u00a0\u00bb global_colors_info=\u00a0\u00bb{}\u00a0\u00bb][et_pb_image src=\u00a0\u00bbhttp:\/\/autisme-ensemble.org\/staging\/wp-content\/uploads\/2023\/03\/recherche.png\u00a0\u00bb title_text=\u00a0\u00bbrecherche\u00a0\u00bb align=\u00a0\u00bbcenter\u00a0\u00bb _builder_version=\u00a0\u00bb4.21.0&Prime; _module_preset=\u00a0\u00bbdefault\u00a0\u00bb width=\u00a0\u00bb35%\u00a0\u00bb width_tablet=\u00a0\u00bb35%\u00a0\u00bb width_phone=\u00a0\u00bb39%\u00a0\u00bb width_last_edited=\u00a0\u00bbon|phone\u00a0\u00bb custom_margin=\u00a0\u00bb||||false|false\u00a0\u00bb custom_margin_tablet=\u00a0\u00bb40px||||false|false\u00a0\u00bb custom_margin_phone=\u00a0\u00bb14px||||false|false\u00a0\u00bb custom_margin_last_edited=\u00a0\u00bbon|desktop\u00a0\u00bb custom_padding=\u00a0\u00bb||35px||false|false\u00a0\u00bb custom_padding_tablet=\u00a0\u00bb||0px||false|false\u00a0\u00bb custom_padding_phone=\u00a0\u00bb||0px||false|false\u00a0\u00bb custom_padding_last_edited=\u00a0\u00bbon|desktop\u00a0\u00bb hover_enabled=\u00a0\u00bb0&Prime; module_alignment_tablet=\u00a0\u00bb\u00a0\u00bb module_alignment_phone=\u00a0\u00bbleft\u00a0\u00bb module_alignment_last_edited=\u00a0\u00bbon|phone\u00a0\u00bb global_colors_info=\u00a0\u00bb{}\u00a0\u00bb sticky_enabled=\u00a0\u00bb0&Prime; align_last_edited=\u00a0\u00bbon|tablet\u00a0\u00bb align_tablet=\u00a0\u00bbleft\u00a0\u00bb align_phone=\u00a0\u00bbleft\u00a0\u00bb][\/et_pb_image][et_pb_text _builder_version=\u00a0\u00bb4.21.0&Prime; _module_preset=\u00a0\u00bbdefault\u00a0\u00bb text_text_color=\u00a0\u00bb#000000&Prime; header_font=\u00a0\u00bbCommissioner|700|||||||\u00a0\u00bb header_text_align=\u00a0\u00bbleft\u00a0\u00bb header_text_color=\u00a0\u00bb#000000&Prime; header_font_size=\u00a0\u00bb46px\u00a0\u00bb header_line_height=\u00a0\u00bb1.1em\u00a0\u00bb header_2_font=\u00a0\u00bb|700|||||||\u00a0\u00bb header_2_text_color=\u00a0\u00bb#000000&Prime; header_2_font_size=\u00a0\u00bb27px\u00a0\u00bb header_3_font=\u00a0\u00bb|600|||||||\u00a0\u00bb header_3_text_color=\u00a0\u00bb#E09900&Prime; custom_margin=\u00a0\u00bb-14px||5px||false|false\u00a0\u00bb custom_margin_tablet=\u00a0\u00bb40px||20px||false|false\u00a0\u00bb custom_margin_phone=\u00a0\u00bb30px||20px||false|false\u00a0\u00bb custom_margin_last_edited=\u00a0\u00bbon|phone\u00a0\u00bb custom_padding=\u00a0\u00bb0px||0px||false|false\u00a0\u00bb hover_enabled=\u00a0\u00bb0&Prime; header_font_size_tablet=\u00a0\u00bb54px\u00a0\u00bb header_font_size_phone=\u00a0\u00bb34px\u00a0\u00bb header_font_size_last_edited=\u00a0\u00bbon|phone\u00a0\u00bb global_colors_info=\u00a0\u00bb{}\u00a0\u00bb sticky_enabled=\u00a0\u00bb0&Prime;]<\/p>\n<h3>Recherche<\/h3>\n<p>[\/et_pb_text][et_pb_text _builder_version=\u00a0\u00bb4.21.0&Prime; _module_preset=\u00a0\u00bbdefault\u00a0\u00bb max_width=\u00a0\u00bb450px\u00a0\u00bb global_colors_info=\u00a0\u00bb{}\u00a0\u00bb]<span style=\"font-weight: 400;\">Nous menons des projets de recherche pour \u00e9valuer <span style=\"white-space: pre;\">Autisme Ensemble<\/span> et l\u2019am\u00e9liorer.<\/span><\/p>\n<p><span style=\"font-weight: 400;\">Nos projets ont re\u00e7u l&rsquo;approbation du comit\u00e9 d&rsquo;\u00e9thique de la recherche du CHU Ste-Justine :\u00a0<\/span><\/p>\n<ul>\n<li style=\"font-weight: 400;\" aria-level=\"1\"><span style=\"font-weight: 400;\">Soutien social entre pairs autistes, num\u00e9ro de certificat 2023-4442<\/span><\/li>\n<li style=\"font-weight: 400;\" aria-level=\"1\"><span style=\"font-weight: 400;\">PASSS (Pouvoir d&rsquo;agir et soins sans stigma), num\u00e9ro de certificat 2022-3537<\/span><\/li>\n<li style=\"font-weight: 400;\" aria-level=\"1\"><span style=\"font-weight: 400;\">Communaut\u00e9 Autisme Ensemble, num\u00e9ro de certificat 2023-4058\u00a0<\/span><\/li>\n<\/ul>\n<p><span style=\"font-weight: 400;\">Apr\u00e8s leur inscription \u00e0 la communaut\u00e9 en ligne, nous invitons les nouveaux membres \u00e0 participer \u00e0 un de nos projets de recherche.<\/span><\/p>\n<p><span style=\"font-weight: 400;\">Si vous devenez membre et acceptez de participer, nous vous demanderons de signer un formulaire d\u2019information et de consentement. <\/span>[\/et_pb_text][\/et_pb_column][\/et_pb_row][\/et_pb_section][et_pb_section fb_built=\u00a0\u00bb1&Prime; custom_padding_last_edited=\u00a0\u00bbon|phone\u00a0\u00bb module_id=\u00a0\u00bbsection-3&Prime; _builder_version=\u00a0\u00bb4.20.4&Prime; _module_preset=\u00a0\u00bbdefault\u00a0\u00bb background_color=\u00a0\u00bb#FFFFFF\u00a0\u00bb custom_padding=\u00a0\u00bb5vh||5vh||true|false\u00a0\u00bb custom_padding_tablet=\u00a0\u00bb5vh||5vh||true|false\u00a0\u00bb custom_padding_phone=\u00a0\u00bb5vh||5vh||true|false\u00a0\u00bb global_colors_info=\u00a0\u00bb{}\u00a0\u00bb][et_pb_row column_structure=\u00a0\u00bb1_2,1_2&Prime; _builder_version=\u00a0\u00bb4.20.4&Prime; _module_preset=\u00a0\u00bbdefault\u00a0\u00bb custom_margin=\u00a0\u00bb||40px||false|false\u00a0\u00bb global_colors_info=\u00a0\u00bb{}\u00a0\u00bb][et_pb_column type=\u00a0\u00bb1_2&Prime; _builder_version=\u00a0\u00bb4.20.2&Prime; _module_preset=\u00a0\u00bbdefault\u00a0\u00bb global_colors_info=\u00a0\u00bb{}\u00a0\u00bb][et_pb_text _builder_version=\u00a0\u00bb4.20.2&Prime; _module_preset=\u00a0\u00bb835bcc22-c256-44d2-ab34-16bc32509427&Prime; global_colors_info=\u00a0\u00bb{}\u00a0\u00bb]<\/p>\n<h2>Notre histoire<\/h2>\n<p>[\/et_pb_text][et_pb_text _builder_version=\u00a0\u00bb4.20.0&Prime; _module_preset=\u00a0\u00bbdefault\u00a0\u00bb max_width=\u00a0\u00bb450px\u00a0\u00bb global_colors_info=\u00a0\u00bb{}\u00a0\u00bb]<\/p>\n<p>Notre histoire est compos\u00e9e de diff\u00e9rents projets de recherche. Chacun d\u2019eux nous a permis de mieux cerner les besoins des personnes autistes, de leurs parents et de leur entourage. Cette compr\u00e9hension approfondie de leurs besoins nous a amen\u00e9s \u00e0 d\u00e9velopper le site Web et la communaut\u00e9 en ligne Autisme Ensemble.<\/p>\n<p>[\/et_pb_text][\/et_pb_column][et_pb_column type=\u00a0\u00bb1_2&Prime; _builder_version=\u00a0\u00bb4.20.2&Prime; _module_preset=\u00a0\u00bbdefault\u00a0\u00bb global_colors_info=\u00a0\u00bb{}\u00a0\u00bb][\/et_pb_column][\/et_pb_row][et_pb_row column_structure=\u00a0\u00bb1_2,1_2&Prime; use_custom_gutter=\u00a0\u00bbon\u00a0\u00bb gutter_width=\u00a0\u00bb2&Prime; _builder_version=\u00a0\u00bb4.21.0&Prime; _module_preset=\u00a0\u00bbdefault\u00a0\u00bb max_width_tablet=\u00a0\u00bb1080px\u00a0\u00bb max_width_phone=\u00a0\u00bb\u00a0\u00bb max_width_last_edited=\u00a0\u00bbon|desktop\u00a0\u00bb custom_margin=\u00a0\u00bb-19px|auto|0px|auto|false|false\u00a0\u00bb custom_padding=\u00a0\u00bb0px||0px|||\u00a0\u00bb locked=\u00a0\u00bboff\u00a0\u00bb global_colors_info=\u00a0\u00bb{}\u00a0\u00bb hover_enabled=\u00a0\u00bb0&Prime; sticky_enabled=\u00a0\u00bb0&Prime;][et_pb_column type=\u00a0\u00bb1_2&Prime; _builder_version=\u00a0\u00bb4.19.0&Prime; _module_preset=\u00a0\u00bbdefault\u00a0\u00bb background_enable_color=\u00a0\u00bboff\u00a0\u00bb custom_padding=\u00a0\u00bb0px|30px|40px|30px|false|false\u00a0\u00bb custom_css_main_element=\u00a0\u00bbtext-align:center;\u00a0\u00bb border_radii=\u00a0\u00bbon|10px|10px|10px|10px\u00a0\u00bb border_color_all=\u00a0\u00bb#eaeaee\u00a0\u00bb global_colors_info=\u00a0\u00bb{}\u00a0\u00bb][et_pb_toggle title=\u00a0\u00bbTout commence par des constats importants\u00a0\u00bb open_toggle_text_color=\u00a0\u00bb#10154e\u00a0\u00bb open_toggle_background_color=\u00a0\u00bb#FFFFFF\u00a0\u00bb closed_toggle_background_color=\u00a0\u00bb#FFFFFF\u00a0\u00bb icon_color=\u00a0\u00bb#10154e\u00a0\u00bb toggle_icon=\u00a0\u00bb&#xf078;||fa||900&Prime; use_icon_font_size=\u00a0\u00bbon\u00a0\u00bb icon_font_size=\u00a0\u00bb15px\u00a0\u00bb open_icon_color=\u00a0\u00bb#10154e\u00a0\u00bb open_toggle_icon=\u00a0\u00bb&#xf077;||fa||900&Prime; open_use_icon_font_size=\u00a0\u00bbon\u00a0\u00bb open_icon_font_size=\u00a0\u00bb15px\u00a0\u00bb _builder_version=\u00a0\u00bb4.21.0&Prime; _module_preset=\u00a0\u00bbdefault\u00a0\u00bb title_text_color=\u00a0\u00bb#10154e\u00a0\u00bb title_level=\u00a0\u00bbh3&Prime; title_font=\u00a0\u00bb|700|||||||\u00a0\u00bb title_text_align=\u00a0\u00bbleft\u00a0\u00bb title_font_size=\u00a0\u00bb17px\u00a0\u00bb title_line_height=\u00a0\u00bb1.3em\u00a0\u00bb body_font=\u00a0\u00bb||||||||\u00a0\u00bb body_text_align=\u00a0\u00bbleft\u00a0\u00bb body_text_color=\u00a0\u00bb#000000&Prime; body_font_size=\u00a0\u00bb15px\u00a0\u00bb body_line_height=\u00a0\u00bb1.6em\u00a0\u00bb custom_margin=\u00a0\u00bb0px||16px||false|false\u00a0\u00bb custom_margin_tablet=\u00a0\u00bb0px||30px||false|false\u00a0\u00bb custom_margin_phone=\u00a0\u00bb0px||30px||false|false\u00a0\u00bb custom_margin_last_edited=\u00a0\u00bbon|tablet\u00a0\u00bb custom_padding=\u00a0\u00bb23px||23px|30px|false|false\u00a0\u00bb hover_enabled=\u00a0\u00bb0&Prime; custom_css_toggle_title=\u00a0\u00bbmargin-bottom:-12px;\u00a0\u00bb border_radii=\u00a0\u00bbon|8px|8px|8px|8px\u00a0\u00bb border_color_all=\u00a0\u00bb#f1f3f5&Prime; box_shadow_style=\u00a0\u00bbpreset1&Prime; box_shadow_vertical=\u00a0\u00bb33px\u00a0\u00bb box_shadow_blur=\u00a0\u00bb88px\u00a0\u00bb box_shadow_color=\u00a0\u00bbrgba(29,14,98,0.07)\u00a0\u00bb global_colors_info=\u00a0\u00bb{}\u00a0\u00bb custom_padding_last_edited=\u00a0\u00bbon|tablet\u00a0\u00bb custom_padding_phone=\u00a0\u00bb23px|10px|23px|10px|false|true\u00a0\u00bb sticky_enabled=\u00a0\u00bb0&Prime; custom_padding_tablet=\u00a0\u00bb|6px||6px|false|true\u00a0\u00bb]<\/p>\n<p>En 2014-2015, au moment o\u00f9 d\u00e9bute le projet, le Qu\u00e9bec compte pr\u00e8s de 17 000 personnes autistes \u00e2g\u00e9es de 1 \u00e0 17 ans ayant re\u00e7u un diagnostic de TSA, syndrome d&rsquo;Asperger ou TED.<\/p>\n<p>Prendre soin d\u2019un enfant d\u2019autiste peut \u00eatre exigeant pour les parents. De fait, plus de la moiti\u00e9 des parents d\u2019un enfant autiste vivent de la d\u00e9tresse, des probl\u00e8mes de sant\u00e9 mentale, comme la d\u00e9pression et l\u2019anxi\u00e9t\u00e9, ou des probl\u00e8mes de sant\u00e9 physique. Ils doivent \u00e9galement faire face \u00e0 des d\u00e9fis sociaux et \u00e9conomiques importants.<\/p>\n<p>[\/et_pb_toggle][et_pb_toggle title=\u00a0\u00bbUn besoin commun chez les parents : du soutien social\u00a0\u00bb open_toggle_text_color=\u00a0\u00bb#10154e\u00a0\u00bb open_toggle_background_color=\u00a0\u00bb#FFFFFF\u00a0\u00bb closed_toggle_background_color=\u00a0\u00bb#FFFFFF\u00a0\u00bb icon_color=\u00a0\u00bb#10154e\u00a0\u00bb toggle_icon=\u00a0\u00bb&#xf078;||fa||900&Prime; use_icon_font_size=\u00a0\u00bbon\u00a0\u00bb icon_font_size=\u00a0\u00bb15px\u00a0\u00bb open_icon_color=\u00a0\u00bb#10154e\u00a0\u00bb open_toggle_icon=\u00a0\u00bb&#xf077;||fa||900&Prime; open_use_icon_font_size=\u00a0\u00bbon\u00a0\u00bb open_icon_font_size=\u00a0\u00bb15px\u00a0\u00bb _builder_version=\u00a0\u00bb4.18.1&Prime; _module_preset=\u00a0\u00bbdefault\u00a0\u00bb title_text_color=\u00a0\u00bb#10154e\u00a0\u00bb title_level=\u00a0\u00bbh3&Prime; title_font=\u00a0\u00bb|700|||||||\u00a0\u00bb title_text_align=\u00a0\u00bbleft\u00a0\u00bb title_font_size=\u00a0\u00bb17px\u00a0\u00bb title_line_height=\u00a0\u00bb1.3em\u00a0\u00bb body_font=\u00a0\u00bb||||||||\u00a0\u00bb body_text_align=\u00a0\u00bbleft\u00a0\u00bb body_text_color=\u00a0\u00bb#000000&Prime; body_font_size=\u00a0\u00bb15px\u00a0\u00bb body_line_height=\u00a0\u00bb1.6em\u00a0\u00bb custom_margin=\u00a0\u00bb0px||16px||false|false\u00a0\u00bb custom_margin_tablet=\u00a0\u00bb0px||30px||false|false\u00a0\u00bb custom_margin_phone=\u00a0\u00bb0px||30px||false|false\u00a0\u00bb custom_margin_last_edited=\u00a0\u00bbon|tablet\u00a0\u00bb custom_padding=\u00a0\u00bb23px||23px|30px|false|false\u00a0\u00bb custom_css_toggle_title=\u00a0\u00bbmargin-bottom:-12px;\u00a0\u00bb border_radii=\u00a0\u00bbon|8px|8px|8px|8px\u00a0\u00bb border_color_all=\u00a0\u00bb#f1f3f5&Prime; box_shadow_style=\u00a0\u00bbpreset1&Prime; box_shadow_vertical=\u00a0\u00bb33px\u00a0\u00bb box_shadow_blur=\u00a0\u00bb88px\u00a0\u00bb box_shadow_color=\u00a0\u00bbrgba(29,14,98,0.07)\u00a0\u00bb global_colors_info=\u00a0\u00bb{}\u00a0\u00bb custom_padding_tablet=\u00a0\u00bb|6px||6px|false|true\u00a0\u00bb custom_padding_phone=\u00a0\u00bb23px|10px|23px|10px|false|true\u00a0\u00bb custom_padding_last_edited=\u00a0\u00bbon|tablet\u00a0\u00bb]<\/p>\n<p>Pour composer avec ces diff\u00e9rents probl\u00e8mes de sant\u00e9 et d\u00e9fis, les parents d\u2019enfants autistes ont besoin de soutien. En fait, ils ont besoin de soutien social.<\/p>\n<p>Qu\u2019est-ce que le soutien social au juste\u2009? Le soutien social, c\u2019est avoir un sentiment d\u2019appartenance et savoir que d\u2019autres personnes nous portent une attention particuli\u00e8re. Recevoir et offrir du soutien contribue \u00e0 prot\u00e9ger la sant\u00e9 mentale des personnes. Lorsque le soutien est \u00e9chang\u00e9 entre pairs, il peut \u00e9galement favoriser l\u2019empowerment des personnes.<\/p>\n<p>[\/et_pb_toggle][et_pb_toggle title=\u00a0\u00bbLes espaces Web pour les pairs : une fa\u00e7on d\u2019obtenir du soutien social\u00a0\u00bb open_toggle_text_color=\u00a0\u00bb#10154e\u00a0\u00bb open_toggle_background_color=\u00a0\u00bb#FFFFFF\u00a0\u00bb closed_toggle_background_color=\u00a0\u00bb#FFFFFF\u00a0\u00bb icon_color=\u00a0\u00bb#10154e\u00a0\u00bb toggle_icon=\u00a0\u00bb&#xf078;||fa||900&Prime; use_icon_font_size=\u00a0\u00bbon\u00a0\u00bb icon_font_size=\u00a0\u00bb15px\u00a0\u00bb open_icon_color=\u00a0\u00bb#10154e\u00a0\u00bb open_toggle_icon=\u00a0\u00bb&#xf077;||fa||900&Prime; open_use_icon_font_size=\u00a0\u00bbon\u00a0\u00bb open_icon_font_size=\u00a0\u00bb15px\u00a0\u00bb _builder_version=\u00a0\u00bb4.18.1&Prime; _module_preset=\u00a0\u00bbdefault\u00a0\u00bb title_text_color=\u00a0\u00bb#10154e\u00a0\u00bb title_level=\u00a0\u00bbh3&Prime; title_font=\u00a0\u00bb|700|||||||\u00a0\u00bb title_text_align=\u00a0\u00bbleft\u00a0\u00bb title_font_size=\u00a0\u00bb17px\u00a0\u00bb title_line_height=\u00a0\u00bb1.3em\u00a0\u00bb body_font=\u00a0\u00bb||||||||\u00a0\u00bb body_text_align=\u00a0\u00bbleft\u00a0\u00bb body_text_color=\u00a0\u00bb#000000&Prime; body_font_size=\u00a0\u00bb15px\u00a0\u00bb body_line_height=\u00a0\u00bb1.6em\u00a0\u00bb custom_margin=\u00a0\u00bb0px||16px||false|false\u00a0\u00bb custom_margin_tablet=\u00a0\u00bb0px||30px||false|false\u00a0\u00bb custom_margin_phone=\u00a0\u00bb0px||30px||false|false\u00a0\u00bb custom_margin_last_edited=\u00a0\u00bbon|tablet\u00a0\u00bb custom_padding=\u00a0\u00bb23px||23px|30px|false|false\u00a0\u00bb custom_css_toggle_title=\u00a0\u00bbmargin-bottom:-12px;\u00a0\u00bb border_radii=\u00a0\u00bbon|8px|8px|8px|8px\u00a0\u00bb border_color_all=\u00a0\u00bb#f1f3f5&Prime; box_shadow_style=\u00a0\u00bbpreset1&Prime; box_shadow_vertical=\u00a0\u00bb33px\u00a0\u00bb box_shadow_blur=\u00a0\u00bb88px\u00a0\u00bb box_shadow_color=\u00a0\u00bbrgba(29,14,98,0.07)\u00a0\u00bb global_colors_info=\u00a0\u00bb{}\u00a0\u00bb custom_padding_tablet=\u00a0\u00bb|6px||6px|false|true\u00a0\u00bb custom_padding_phone=\u00a0\u00bb23px|10px|23px|10px|false|true\u00a0\u00bb custom_padding_last_edited=\u00a0\u00bbon|tablet\u00a0\u00bb]<\/p>\n<p>Un moyen efficace de favoriser la rencontre de personnes qui vivent des situations similaires est la cr\u00e9ation d\u2019espaces Web. Les espaces d\u2019\u00e9change entre pairs sur Internet sont de plus en plus utilis\u00e9s, notamment par les personnes aux prises avec des maladies chroniques et par les proches aidants.<\/p>\n<p>[\/et_pb_toggle][\/et_pb_column][et_pb_column type=\u00a0\u00bb1_2&Prime; _builder_version=\u00a0\u00bb4.19.0&Prime; _module_preset=\u00a0\u00bbdefault\u00a0\u00bb background_enable_color=\u00a0\u00bboff\u00a0\u00bb custom_padding=\u00a0\u00bb0px|30px|40px|30px|false|false\u00a0\u00bb hover_enabled=\u00a0\u00bb0&Prime; custom_css_main_element=\u00a0\u00bbtext-align:center;\u00a0\u00bb border_radii=\u00a0\u00bbon|10px|10px|10px|10px\u00a0\u00bb border_color_all=\u00a0\u00bb#eaeaee\u00a0\u00bb global_colors_info=\u00a0\u00bb{}\u00a0\u00bb sticky_enabled=\u00a0\u00bb0&Prime;][et_pb_toggle title=\u00a0\u00bbUne \u00e9tude pour mieux comprendre les besoins\u00a0\u00bb open_toggle_text_color=\u00a0\u00bb#10154e\u00a0\u00bb open_toggle_background_color=\u00a0\u00bb#FFFFFF\u00a0\u00bb closed_toggle_background_color=\u00a0\u00bb#FFFFFF\u00a0\u00bb icon_color=\u00a0\u00bb#10154e\u00a0\u00bb toggle_icon=\u00a0\u00bb&#xf078;||fa||900&Prime; use_icon_font_size=\u00a0\u00bbon\u00a0\u00bb icon_font_size=\u00a0\u00bb15px\u00a0\u00bb open_icon_color=\u00a0\u00bb#10154e\u00a0\u00bb open_toggle_icon=\u00a0\u00bb&#xf077;||fa||900&Prime; open_use_icon_font_size=\u00a0\u00bbon\u00a0\u00bb open_icon_font_size=\u00a0\u00bb15px\u00a0\u00bb _builder_version=\u00a0\u00bb4.19.0&Prime; _module_preset=\u00a0\u00bbdefault\u00a0\u00bb title_text_color=\u00a0\u00bb#10154e\u00a0\u00bb title_level=\u00a0\u00bbh3&Prime; title_font=\u00a0\u00bb|700|||||||\u00a0\u00bb title_text_align=\u00a0\u00bbleft\u00a0\u00bb title_font_size=\u00a0\u00bb17px\u00a0\u00bb title_line_height=\u00a0\u00bb1.3em\u00a0\u00bb body_font=\u00a0\u00bb||||||||\u00a0\u00bb body_text_align=\u00a0\u00bbleft\u00a0\u00bb body_text_color=\u00a0\u00bb#000000&Prime; body_font_size=\u00a0\u00bb15px\u00a0\u00bb body_line_height=\u00a0\u00bb1.6em\u00a0\u00bb custom_margin=\u00a0\u00bb0px||16px||false|false\u00a0\u00bb custom_margin_tablet=\u00a0\u00bb0px||30px||false|false\u00a0\u00bb custom_margin_phone=\u00a0\u00bb0px||30px||false|false\u00a0\u00bb custom_margin_last_edited=\u00a0\u00bbon|tablet\u00a0\u00bb custom_padding=\u00a0\u00bb23px||23px|30px|false|false\u00a0\u00bb hover_enabled=\u00a0\u00bb0&Prime; custom_css_toggle_title=\u00a0\u00bbmargin-bottom:-12px;\u00a0\u00bb border_radii=\u00a0\u00bbon|8px|8px|8px|8px\u00a0\u00bb border_color_all=\u00a0\u00bb#f1f3f5&Prime; box_shadow_style=\u00a0\u00bbpreset1&Prime; box_shadow_vertical=\u00a0\u00bb33px\u00a0\u00bb box_shadow_blur=\u00a0\u00bb88px\u00a0\u00bb box_shadow_color=\u00a0\u00bbrgba(29,14,98,0.07)\u00a0\u00bb box_shadow_vertical_tablet=\u00a0\u00bb0px\u00a0\u00bb box_shadow_vertical_phone=\u00a0\u00bb0px\u00a0\u00bb box_shadow_vertical_last_edited=\u00a0\u00bbon|tablet\u00a0\u00bb global_colors_info=\u00a0\u00bb{}\u00a0\u00bb custom_padding_tablet=\u00a0\u00bb|6px||6px|false|true\u00a0\u00bb custom_padding_phone=\u00a0\u00bb23px|10px|23px|10px|false|true\u00a0\u00bb custom_padding_last_edited=\u00a0\u00bbon|tablet\u00a0\u00bb sticky_enabled=\u00a0\u00bb0&Prime;]<\/p>\n<p>Devant ces diff\u00e9rents constats, nous avons souhait\u00e9 comprendre comment les espaces d\u2019\u00e9change entre pairs pouvaient r\u00e9pondre aux besoins de soutien social de parents d\u2019enfants autistes et aussi contribuer \u00e0 leur bien-\u00eatre psychologique. Pour ce faire, en 2017, nous avons men\u00e9 une \u00e9tude de besoins qui nous permettrait d\u2019\u00eatre bien outill\u00e9s pour d\u00e9velopper une plateforme pouvant offrir du soutien social.<\/p>\n<p>L\u2019\u00e9tude a \u00e9t\u00e9 r\u00e9alis\u00e9e dans le cadre d\u2019une collaboration entre l\u2019\u00e9quipe du centre de recherche sur la communication et la sant\u00e9, ComSant\u00e9, et le CHU Sainte-Justine. Notre \u00e9quipe de recherche \u00e9tait compos\u00e9e de Lise Renaud, Monique Caron Bouchard et Alena Valderrama.<\/p>\n<p>Gr\u00e2ce \u00e0 un financement du Conseil de recherches en sciences humaines (CRSH), nous avons consult\u00e9 des parents d\u2019enfants autistes afin de d\u00e9velopper un mod\u00e8le de soutien en ligne.<\/p>\n<p>Les parents consult\u00e9s, bien que pouvant d\u00e9j\u00e0 fr\u00e9quenter certains groupes sur les m\u00e9dias sociaux, ont exprim\u00e9 leur d\u00e9sir de pouvoir acc\u00e9der \u00e0 un espace Web offrant \u00e0 la fois\u00a0:<\/p>\n<ul>\n<li>un volet informatif destin\u00e9 au grand public, et<\/li>\n<li>un volet priv\u00e9 destin\u00e9 aux parents<\/li>\n<\/ul>\n<p>Les parents ont \u00e9galement mis l\u2019accent sur le caract\u00e8re confidentiel et de complicit\u00e9 d\u2019un \u00ab\u2009volet priv\u00e9\u2009\u00bb qui leur donnerait la libert\u00e9 de partager leur \u00e9tat \u00e9motif et leurs exp\u00e9riences dans un environnement bienveillant, respectueux, valorisant et r\u00e9confortant.<\/p>\n<p>Ces mots d\u2019un parent consult\u00e9 r\u00e9sument bien notre \u00e9tude de besoins\u00a0:<\/p>\n<p>\u00ab\u2009Avant de prendre soin des enfants, prenons soin des parents\u2009\u00bb.<\/p>\n<p>[\/et_pb_toggle][et_pb_toggle title=\u00a0\u00bbDes partenaires essentiels pour r\u00e9pondre aux besoins des parents\u00a0\u00bb open_toggle_text_color=\u00a0\u00bb#10154e\u00a0\u00bb open_toggle_background_color=\u00a0\u00bb#FFFFFF\u00a0\u00bb closed_toggle_background_color=\u00a0\u00bb#FFFFFF\u00a0\u00bb icon_color=\u00a0\u00bb#10154e\u00a0\u00bb toggle_icon=\u00a0\u00bb&#xf078;||fa||900&Prime; use_icon_font_size=\u00a0\u00bbon\u00a0\u00bb icon_font_size=\u00a0\u00bb15px\u00a0\u00bb open_icon_color=\u00a0\u00bb#10154e\u00a0\u00bb open_toggle_icon=\u00a0\u00bb&#xf077;||fa||900&Prime; open_use_icon_font_size=\u00a0\u00bbon\u00a0\u00bb open_icon_font_size=\u00a0\u00bb15px\u00a0\u00bb _builder_version=\u00a0\u00bb4.21.0&Prime; _module_preset=\u00a0\u00bbdefault\u00a0\u00bb title_text_color=\u00a0\u00bb#10154e\u00a0\u00bb title_level=\u00a0\u00bbh3&Prime; title_font=\u00a0\u00bb|700|||||||\u00a0\u00bb title_text_align=\u00a0\u00bbleft\u00a0\u00bb title_font_size=\u00a0\u00bb17px\u00a0\u00bb title_line_height=\u00a0\u00bb1.3em\u00a0\u00bb body_font=\u00a0\u00bb||||||||\u00a0\u00bb body_text_align=\u00a0\u00bbleft\u00a0\u00bb body_text_color=\u00a0\u00bb#000000&Prime; body_font_size=\u00a0\u00bb15px\u00a0\u00bb body_line_height=\u00a0\u00bb1.6em\u00a0\u00bb custom_margin=\u00a0\u00bb0px||16px||false|false\u00a0\u00bb custom_margin_tablet=\u00a0\u00bb0px||30px||false|false\u00a0\u00bb custom_margin_phone=\u00a0\u00bb0px||30px||false|false\u00a0\u00bb custom_margin_last_edited=\u00a0\u00bbon|tablet\u00a0\u00bb custom_padding=\u00a0\u00bb23px||23px|30px|false|false\u00a0\u00bb custom_css_toggle_title=\u00a0\u00bbmargin-bottom:-12px;\u00a0\u00bb border_radii=\u00a0\u00bbon|8px|8px|8px|8px\u00a0\u00bb border_color_all=\u00a0\u00bb#f1f3f5&Prime; box_shadow_style=\u00a0\u00bbpreset1&Prime; box_shadow_vertical=\u00a0\u00bb33px\u00a0\u00bb box_shadow_blur=\u00a0\u00bb88px\u00a0\u00bb box_shadow_color=\u00a0\u00bbrgba(29,14,98,0.07)\u00a0\u00bb global_colors_info=\u00a0\u00bb{}\u00a0\u00bb custom_padding_tablet=\u00a0\u00bb|6px||6px|false|true\u00a0\u00bb custom_padding_phone=\u00a0\u00bb23px|10px|23px|10px|false|true\u00a0\u00bb custom_padding_last_edited=\u00a0\u00bbon|tablet\u00a0\u00bb]<\/p>\n<p>En 2016, notre \u00e9quipe a accueilli des experts autistes afin d\u2019adopter une approche de recherche participative. Adh\u00e9rant aux valeurs de respect, de confiance et d\u2019\u00e9galit\u00e9, nous avons d\u00e9velopp\u00e9 des pratiques de travail inclusives et reconnaissantes des savoirs exp\u00e9rientiels et acad\u00e9miques acquis par chacun. Cela nous a permis d\u2019impliquer nos collaborateurs autistes dans toutes les \u00e9tapes des projets et de mettre en place un r\u00e9el processus de prise de d\u00e9cision partag\u00e9e.<\/p>\n<p>En 2021, notre \u00e9quipe a fait un partenariat avec Humanov\u00b7is, un organisme qui rassemble des organisations autour de projets visant l\u2019am\u00e9lioration des conditions de vie des gens.<\/p>\n<p>Ce partenariat a permis d\u2019obtenir un financement du minist\u00e8re de l\u2019\u00c9conomie et de l\u2019Innovation pour le d\u00e9veloppement d\u2019une plateforme Web.<\/p>\n<p>Nous avons alors form\u00e9 un comit\u00e9 de partenaires. Ce comit\u00e9 avait comme r\u00f4le de nous conseiller lors du d\u00e9veloppement du projet afin de r\u00e9pondre ad\u00e9quatement aux besoins des parents.<\/p>\n<p>Il \u00e9tait compos\u00e9 de membres provenant des organisations suivantes\u00a0:<\/p>\n<ul>\n<li>L\u2019H\u00f4pital en Sant\u00e9 Mentale Rivi\u00e8re-des-Prairies du CIUSSS du Nord de l\u2019\u00cele de Montr\u00e9al (CIUSSS NIM)<\/li>\n<li>L\u2019organisme des personnes autistes Aut\u2019Cr\u00e9atifs<\/li>\n<li>Le CIUSSS Centre-Sud-de-l\u2019\u00cele-de-Montr\u00e9al (CCSMTL)<\/li>\n<li>Le Centre int\u00e9gr\u00e9 universitaire de sant\u00e9 et de services sociaux de la Mauricie-et-du-Centre-du-Qu\u00e9bec (CIUSSS MCQ)<\/li>\n<li>L\u2019Institut universitaire en DI et TSA<\/li>\n<li>Le Centre int\u00e9gr\u00e9 du r\u00e9seau en neuro-d\u00e9veloppement de l\u2019enfant (CIRENE)<\/li>\n<li>La F\u00e9d\u00e9ration qu\u00e9b\u00e9coise de l\u2019autisme (FQA)<\/li>\n<li>La Fondation les petits tr\u00e9sors<\/li>\n<\/ul>\n<p>[\/et_pb_toggle][et_pb_toggle title=\u00a0\u00bbUn autre besoin : le soutien social entre personnes autistes\u00a0\u00bb open_toggle_text_color=\u00a0\u00bb#10154e\u00a0\u00bb open_toggle_background_color=\u00a0\u00bb#FFFFFF\u00a0\u00bb closed_toggle_background_color=\u00a0\u00bb#FFFFFF\u00a0\u00bb icon_color=\u00a0\u00bb#10154e\u00a0\u00bb toggle_icon=\u00a0\u00bb&#xf078;||fa||900&Prime; use_icon_font_size=\u00a0\u00bbon\u00a0\u00bb icon_font_size=\u00a0\u00bb15px\u00a0\u00bb open_icon_color=\u00a0\u00bb#10154e\u00a0\u00bb open_toggle_icon=\u00a0\u00bb&#xf077;||fa||900&Prime; open_use_icon_font_size=\u00a0\u00bbon\u00a0\u00bb open_icon_font_size=\u00a0\u00bb15px\u00a0\u00bb _builder_version=\u00a0\u00bb4.18.1&Prime; _module_preset=\u00a0\u00bbdefault\u00a0\u00bb title_text_color=\u00a0\u00bb#10154e\u00a0\u00bb title_level=\u00a0\u00bbh3&Prime; title_font=\u00a0\u00bb|700|||||||\u00a0\u00bb title_text_align=\u00a0\u00bbleft\u00a0\u00bb title_font_size=\u00a0\u00bb17px\u00a0\u00bb title_line_height=\u00a0\u00bb1.3em\u00a0\u00bb body_font=\u00a0\u00bb||||||||\u00a0\u00bb body_text_align=\u00a0\u00bbleft\u00a0\u00bb body_text_color=\u00a0\u00bb#000000&Prime; body_font_size=\u00a0\u00bb15px\u00a0\u00bb body_line_height=\u00a0\u00bb1.6em\u00a0\u00bb custom_margin=\u00a0\u00bb0px||16px||false|false\u00a0\u00bb custom_margin_tablet=\u00a0\u00bb0px||30px||false|false\u00a0\u00bb custom_margin_phone=\u00a0\u00bb0px||30px||false|false\u00a0\u00bb custom_margin_last_edited=\u00a0\u00bbon|tablet\u00a0\u00bb custom_padding=\u00a0\u00bb23px||23px|30px|false|false\u00a0\u00bb custom_css_toggle_title=\u00a0\u00bbmargin-bottom:-12px;\u00a0\u00bb border_radii=\u00a0\u00bbon|8px|8px|8px|8px\u00a0\u00bb border_color_all=\u00a0\u00bb#f1f3f5&Prime; box_shadow_style=\u00a0\u00bbpreset1&Prime; box_shadow_vertical=\u00a0\u00bb33px\u00a0\u00bb box_shadow_blur=\u00a0\u00bb88px\u00a0\u00bb box_shadow_color=\u00a0\u00bbrgba(29,14,98,0.07)\u00a0\u00bb global_colors_info=\u00a0\u00bb{}\u00a0\u00bb custom_padding_tablet=\u00a0\u00bb|6px||6px|false|true\u00a0\u00bb custom_padding_phone=\u00a0\u00bb23px|10px|23px|10px|false|true\u00a0\u00bb custom_padding_last_edited=\u00a0\u00bbon|tablet\u00a0\u00bb]<\/p>\n<p>Alors que nous d\u00e9veloppions la plateforme Web pour les parents, nous avons aussi document\u00e9 les besoins de soutien social des personnes autistes. Le soutien social par et pour les personnes autistes peut \u00eatre un facteur protecteur de leur sant\u00e9 mentale. Nous avons \u00e9galement v\u00e9rifi\u00e9 l\u2019acceptabilit\u00e9 de services structur\u00e9s de pair-aidance pour r\u00e9pondre \u00e0 ces besoins.<\/p>\n<p>Nous avons ensuite effectu\u00e9 une \u00e9tude pilote avec des groupes de soutien entre personnes autistes. Cette \u00e9tude pilote a obtenu des r\u00e9sultats positifs.<\/p>\n<p>\u00c0 la suite de ces \u00e9tudes pr\u00e9liminaires, nous avons obtenu un financement de l\u2019Agence de la sant\u00e9 publique du Canada pour d\u00e9velopper un programme de soutien social pour les personnes autistes.<\/p>\n<p>Le programme consistait \u00e0 d\u00e9velopper un espace de soutien social et des services de pair-aidance par l\u2019interm\u00e9diaire d\u2019une plateforme Web.<\/p>\n<p>Le site Web rend \u00e9galement disponible un programme de formation sur le soutien social en autisme. Ce programme est destin\u00e9 aux pairs aidants autistes et \u00e0 toute autre personne accompagnant une personne autiste.<\/p>\n<p>[\/et_pb_toggle][et_pb_toggle title=\u00a0\u00bbUn besoin : favoriser l\u2019acceptation des personnes autistes\u00a0\u00bb open_toggle_text_color=\u00a0\u00bb#10154e\u00a0\u00bb open_toggle_background_color=\u00a0\u00bb#FFFFFF\u00a0\u00bb closed_toggle_background_color=\u00a0\u00bb#FFFFFF\u00a0\u00bb icon_color=\u00a0\u00bb#10154e\u00a0\u00bb toggle_icon=\u00a0\u00bb&#xf078;||fa||900&Prime; use_icon_font_size=\u00a0\u00bbon\u00a0\u00bb icon_font_size=\u00a0\u00bb15px\u00a0\u00bb open_icon_color=\u00a0\u00bb#10154e\u00a0\u00bb open_toggle_icon=\u00a0\u00bb&#xf077;||fa||900&Prime; open_use_icon_font_size=\u00a0\u00bbon\u00a0\u00bb open_icon_font_size=\u00a0\u00bb15px\u00a0\u00bb _builder_version=\u00a0\u00bb4.18.1&Prime; _module_preset=\u00a0\u00bbdefault\u00a0\u00bb title_text_color=\u00a0\u00bb#10154e\u00a0\u00bb title_level=\u00a0\u00bbh3&Prime; title_font=\u00a0\u00bb|700|||||||\u00a0\u00bb title_text_align=\u00a0\u00bbleft\u00a0\u00bb title_font_size=\u00a0\u00bb17px\u00a0\u00bb title_line_height=\u00a0\u00bb1.3em\u00a0\u00bb body_font=\u00a0\u00bb||||||||\u00a0\u00bb body_text_align=\u00a0\u00bbleft\u00a0\u00bb body_text_color=\u00a0\u00bb#000000&Prime; body_font_size=\u00a0\u00bb15px\u00a0\u00bb body_line_height=\u00a0\u00bb1.6em\u00a0\u00bb custom_margin=\u00a0\u00bb0px||16px||false|false\u00a0\u00bb custom_margin_tablet=\u00a0\u00bb0px||30px||false|false\u00a0\u00bb custom_margin_phone=\u00a0\u00bb0px||30px||false|false\u00a0\u00bb custom_margin_last_edited=\u00a0\u00bbon|tablet\u00a0\u00bb custom_padding=\u00a0\u00bb23px||23px|30px|false|false\u00a0\u00bb custom_css_toggle_title=\u00a0\u00bbmargin-bottom:-12px;\u00a0\u00bb border_radii=\u00a0\u00bbon|8px|8px|8px|8px\u00a0\u00bb border_color_all=\u00a0\u00bb#f1f3f5&Prime; box_shadow_style=\u00a0\u00bbpreset1&Prime; box_shadow_vertical=\u00a0\u00bb33px\u00a0\u00bb box_shadow_blur=\u00a0\u00bb88px\u00a0\u00bb box_shadow_color=\u00a0\u00bbrgba(29,14,98,0.07)\u00a0\u00bb global_colors_info=\u00a0\u00bb{}\u00a0\u00bb custom_padding_tablet=\u00a0\u00bb|6px||6px|false|true\u00a0\u00bb custom_padding_phone=\u00a0\u00bb23px|10px|23px|10px|false|true\u00a0\u00bb custom_padding_last_edited=\u00a0\u00bbon|tablet\u00a0\u00bb]<\/p>\n<p>La stigmatisation des personnes autistes et de leurs proches est reconnue comme un d\u00e9terminant social de la sant\u00e9. Parce que la stigmatisation des personnes autistes entra\u00eene des r\u00e9percussions importantes sur leur vie, nous avons aussi fait un portrait de la situation des personnes autistes et de leurs familles au Qu\u00e9bec.<\/p>\n<p>Ce portrait nous a amen\u00e9s \u00e0 d\u00e9velopper des outils pour am\u00e9liorer la litt\u00e9ratie en autisme de diff\u00e9rents groupes de la population.<\/p>\n<p>Ces projets ont \u00e9t\u00e9 financ\u00e9s par l\u2019Office des personnes handicap\u00e9es du Qu\u00e9bec et par le R\u00e9seau national d\u2019expertise en trouble du spectre de l\u2019autisme (RNETSA).<\/p>\n<p>Les connaissances acquises dans le cadre de ce projet ont confirm\u00e9 la pertinence de d\u00e9velopper le site et une plateforme Web.<\/p>\n<p>[\/et_pb_toggle][et_pb_toggle title=\u00a0\u00bbUne plateforme Web en r\u00e9ponse \u00e0 diff\u00e9rents besoins\u00a0\u00bb open_toggle_text_color=\u00a0\u00bb#10154e\u00a0\u00bb open_toggle_background_color=\u00a0\u00bb#FFFFFF\u00a0\u00bb closed_toggle_background_color=\u00a0\u00bb#FFFFFF\u00a0\u00bb icon_color=\u00a0\u00bb#10154e\u00a0\u00bb toggle_icon=\u00a0\u00bb&#xf078;||fa||900&Prime; use_icon_font_size=\u00a0\u00bbon\u00a0\u00bb icon_font_size=\u00a0\u00bb15px\u00a0\u00bb open_icon_color=\u00a0\u00bb#10154e\u00a0\u00bb open_toggle_icon=\u00a0\u00bb&#xf077;||fa||900&Prime; open_use_icon_font_size=\u00a0\u00bbon\u00a0\u00bb open_icon_font_size=\u00a0\u00bb15px\u00a0\u00bb _builder_version=\u00a0\u00bb4.20.4&Prime; _module_preset=\u00a0\u00bbdefault\u00a0\u00bb title_text_color=\u00a0\u00bb#10154e\u00a0\u00bb title_level=\u00a0\u00bbh3&Prime; title_font=\u00a0\u00bb|700|||||||\u00a0\u00bb title_text_align=\u00a0\u00bbleft\u00a0\u00bb title_font_size=\u00a0\u00bb17px\u00a0\u00bb title_line_height=\u00a0\u00bb1.3em\u00a0\u00bb body_font=\u00a0\u00bb||||||||\u00a0\u00bb body_text_align=\u00a0\u00bbleft\u00a0\u00bb body_text_color=\u00a0\u00bb#000000&Prime; body_font_size=\u00a0\u00bb15px\u00a0\u00bb body_line_height=\u00a0\u00bb1.6em\u00a0\u00bb custom_margin=\u00a0\u00bb0px||16px||false|false\u00a0\u00bb custom_margin_tablet=\u00a0\u00bb0px||30px||false|false\u00a0\u00bb custom_margin_phone=\u00a0\u00bb0px||30px||false|false\u00a0\u00bb custom_margin_last_edited=\u00a0\u00bbon|tablet\u00a0\u00bb custom_padding=\u00a0\u00bb23px||23px|30px|false|false\u00a0\u00bb custom_css_toggle_title=\u00a0\u00bbmargin-bottom:-12px;\u00a0\u00bb border_radii=\u00a0\u00bbon|8px|8px|8px|8px\u00a0\u00bb border_color_all=\u00a0\u00bb#f1f3f5&Prime; box_shadow_style=\u00a0\u00bbpreset1&Prime; box_shadow_vertical=\u00a0\u00bb33px\u00a0\u00bb box_shadow_blur=\u00a0\u00bb88px\u00a0\u00bb box_shadow_color=\u00a0\u00bbrgba(29,14,98,0.07)\u00a0\u00bb global_colors_info=\u00a0\u00bb{}\u00a0\u00bb custom_padding_tablet=\u00a0\u00bb|6px||6px|false|true\u00a0\u00bb custom_padding_phone=\u00a0\u00bb23px|10px|23px|10px|false|true\u00a0\u00bb custom_padding_last_edited=\u00a0\u00bbon|tablet\u00a0\u00bb]<\/p>\n<p>Ainsi, le site Web rend notamment disponible un programme de formation destin\u00e9 aux professionnels de la sant\u00e9.<\/p>\n<p>Ce programme vise \u00e0 d\u00e9velopper des services et des soins r\u00e9duisant la stigmatisation et augmentant le pouvoir d\u2019agir des personnes autistes et de leur famille.<\/p>\n<p>Pour l\u2019ensemble des volets du projet, nous nous appuyons sur le savoir exp\u00e9rientiel et sur la diffusion rapide des connaissances (MOOC) ainsi que sur le mod\u00e8le de changement des comportements de sant\u00e9 (ECHO).<\/p>\n<p>[\/et_pb_toggle][\/et_pb_column][\/et_pb_row][\/et_pb_section][et_pb_section fb_built=\u00a0\u00bb1&Prime; make_equal=\u00a0\u00bbon\u00a0\u00bb use_custom_gutter=\u00a0\u00bbon\u00a0\u00bb gutter_width=\u00a0\u00bb2&Prime; specialty=\u00a0\u00bbon\u00a0\u00bb custom_padding_last_edited=\u00a0\u00bbon|phone\u00a0\u00bb padding_top_1=\u00a0\u00bb0px\u00a0\u00bb padding_top_2=\u00a0\u00bb0px\u00a0\u00bb padding_bottom_1=\u00a0\u00bb0px\u00a0\u00bb padding_bottom_2=\u00a0\u00bb0px\u00a0\u00bb padding_top_bottom_link_1=\u00a0\u00bbfalse\u00a0\u00bb padding_top_bottom_link_2=\u00a0\u00bbfalse\u00a0\u00bb padding_left_right_link_1=\u00a0\u00bbfalse\u00a0\u00bb padding_left_right_link_2=\u00a0\u00bbfalse\u00a0\u00bb custom_css_main_2=\u00a0\u00bbmargin:auto;\u00a0\u00bb module_id=\u00a0\u00bbsection-4&Prime; _builder_version=\u00a0\u00bb4.21.0&Prime; _module_preset=\u00a0\u00bbdefault\u00a0\u00bb background_color=\u00a0\u00bb#FFFFFF\u00a0\u00bb use_background_color_gradient=\u00a0\u00bbon\u00a0\u00bb background_color_gradient_stops=\u00a0\u00bb#ffffff 0%|#faf6ea 100%\u00a0\u00bb background_enable_image=\u00a0\u00bboff\u00a0\u00bb background_size=\u00a0\u00bbcontain\u00a0\u00bb background_position=\u00a0\u00bbcenter_right\u00a0\u00bb inner_width=\u00a0\u00bb80%\u00a0\u00bb custom_margin=\u00a0\u00bb0px||0px||false|false\u00a0\u00bb custom_padding=\u00a0\u00bb5vh||5vh||true|false\u00a0\u00bb custom_padding_tablet=\u00a0\u00bb7vh||7vh||true|false\u00a0\u00bb custom_padding_phone=\u00a0\u00bb5vh||5vh||true|false\u00a0\u00bb hover_enabled=\u00a0\u00bb0&Prime; background_last_edited=\u00a0\u00bbon|phone\u00a0\u00bb background_enable_image_phone=\u00a0\u00bboff\u00a0\u00bb global_colors_info=\u00a0\u00bb{}\u00a0\u00bb inner_max_width__hover_enabled=\u00a0\u00bbon|desktop\u00a0\u00bb sticky_enabled=\u00a0\u00bb0&Prime;][et_pb_column type=\u00a0\u00bb1_2&Prime; specialty_columns=\u00a0\u00bb2&Prime; _builder_version=\u00a0\u00bb4.16&Prime; custom_padding=\u00a0\u00bb|||\u00a0\u00bb global_colors_info=\u00a0\u00bb{}\u00a0\u00bb custom_padding__hover=\u00a0\u00bb|||\u00a0\u00bb][et_pb_row_inner _builder_version=\u00a0\u00bb4.20.2&Prime; _module_preset=\u00a0\u00bbdefault\u00a0\u00bb max_width=\u00a0\u00bb1080px\u00a0\u00bb custom_margin=\u00a0\u00bb0px||40px||false|false\u00a0\u00bb custom_padding=\u00a0\u00bb0px||0px||false|false\u00a0\u00bb global_colors_info=\u00a0\u00bb{}\u00a0\u00bb][et_pb_column_inner saved_specialty_column_type=\u00a0\u00bb1_2&Prime; _builder_version=\u00a0\u00bb4.17.4&Prime; _module_preset=\u00a0\u00bbdefault\u00a0\u00bb global_colors_info=\u00a0\u00bb{}\u00a0\u00bb][et_pb_text _builder_version=\u00a0\u00bb4.18.0&Prime; _module_preset=\u00a0\u00bbdefault\u00a0\u00bb header_2_font=\u00a0\u00bb|700|||||||\u00a0\u00bb header_2_text_align=\u00a0\u00bbleft\u00a0\u00bb header_2_text_color=\u00a0\u00bb#000000&Prime; header_2_font_size=\u00a0\u00bb41px\u00a0\u00bb header_2_line_height=\u00a0\u00bb1.2em\u00a0\u00bb max_width=\u00a0\u00bb960px\u00a0\u00bb module_alignment=\u00a0\u00bbcenter\u00a0\u00bb custom_margin=\u00a0\u00bb0px||3px||false|false\u00a0\u00bb custom_padding=\u00a0\u00bb0px||0px||false|false\u00a0\u00bb header_2_font_size_tablet=\u00a0\u00bb40px\u00a0\u00bb header_2_font_size_phone=\u00a0\u00bb30px\u00a0\u00bb header_2_font_size_last_edited=\u00a0\u00bbon|phone\u00a0\u00bb global_colors_info=\u00a0\u00bb{}\u00a0\u00bb]<\/p>\n<h2>Notre \u00e9quipe<\/h2>\n<p>[\/et_pb_text][et_pb_text _builder_version=\u00a0\u00bb4.21.0&Prime; _module_preset=\u00a0\u00bbdefault\u00a0\u00bb global_colors_info=\u00a0\u00bb{}\u00a0\u00bb]Notre \u00e9quipe regroupe une diversit\u00e9 d\u2019expertises professionnelles et d\u2019exp\u00e9riences de vie. Elle rassemble :<\/p>\n<ul>\n<li>Des chercheurs et des sp\u00e9cialistes en sant\u00e9 publique, en sant\u00e9 mentale, en organisation de services, en communication et <span style=\"white-space: pre;\"> pair-aidance<\/span><\/li>\n<li>Des personnes autistes<\/li>\n<li>Des parents de personnes autistes<\/li>\n<\/ul>\n<p>En agissant sur les d\u00e9terminants sociaux de la sant\u00e9, nos projets visent<br \/>\n\u00e0 contribuer \u00e0 l\u2019am\u00e9lioration de la qualit\u00e9 de vie des personnes autistes et de leurs familles.[\/et_pb_text][et_pb_button button_url=\u00a0\u00bb@ET-DC@eyJkeW5hbWljIjp0cnVlLCJjb250ZW50IjoicG9zdF9saW5rX3VybF9wYWdlIiwic2V0dGluZ3MiOnsicG9zdF9pZCI6IjU0ODM3In19@\u00a0\u00bb button_text=\u00a0\u00bbD\u00e9couvrir notre \u00e9quipe de mod\u00e9ration\u00a0\u00bb _builder_version=\u00a0\u00bb4.21.0&Prime; _dynamic_attributes=\u00a0\u00bbbutton_url\u00a0\u00bb _module_preset=\u00a0\u00bbdefault\u00a0\u00bb custom_button=\u00a0\u00bbon\u00a0\u00bb button_text_size=\u00a0\u00bb15px\u00a0\u00bb button_text_color=\u00a0\u00bb#000000&Prime; button_bg_color=\u00a0\u00bb#F5ACBD\u00a0\u00bb button_border_width=\u00a0\u00bb0px\u00a0\u00bb button_border_radius=\u00a0\u00bb0px\u00a0\u00bb button_font=\u00a0\u00bb|800|||||||\u00a0\u00bb custom_padding=\u00a0\u00bb15px||15px||true|false\u00a0\u00bb hover_enabled=\u00a0\u00bb0&Prime; locked=\u00a0\u00bboff\u00a0\u00bb global_colors_info=\u00a0\u00bb{}\u00a0\u00bb button_bg_color__hover_enabled=\u00a0\u00bbon|hover\u00a0\u00bb button_bg_color__hover=\u00a0\u00bb#B8E0D2&Prime; button_bg_enable_color__hover=\u00a0\u00bbon\u00a0\u00bb sticky_enabled=\u00a0\u00bb0&Prime;][\/et_pb_button][et_pb_button button_url=\u00a0\u00bb@ET-DC@eyJkeW5hbWljIjp0cnVlLCJjb250ZW50IjoicG9zdF9saW5rX3VybF9wYWdlIiwic2V0dGluZ3MiOnsicG9zdF9pZCI6IjU1NDI3In19@\u00a0\u00bb button_text=\u00a0\u00bbD\u00e9couvrir notre \u00e9quipe de recherche\u00a0\u00bb _builder_version=\u00a0\u00bb4.21.0&Prime; _dynamic_attributes=\u00a0\u00bbbutton_url\u00a0\u00bb _module_preset=\u00a0\u00bbdefault\u00a0\u00bb custom_button=\u00a0\u00bbon\u00a0\u00bb button_text_size=\u00a0\u00bb15px\u00a0\u00bb button_text_color=\u00a0\u00bb#000000&Prime; button_bg_color=\u00a0\u00bb#B8E0D2&Prime; button_border_width=\u00a0\u00bb0px\u00a0\u00bb button_border_radius=\u00a0\u00bb0px\u00a0\u00bb button_font=\u00a0\u00bb|800|||||||\u00a0\u00bb custom_padding=\u00a0\u00bb15px||15px||true|false\u00a0\u00bb hover_enabled=\u00a0\u00bb0&Prime; locked=\u00a0\u00bboff\u00a0\u00bb global_colors_info=\u00a0\u00bb{}\u00a0\u00bb button_bg_color__hover_enabled=\u00a0\u00bbon|hover\u00a0\u00bb button_bg_color__hover=\u00a0\u00bb#F5ACBD\u00a0\u00bb button_bg_enable_color__hover=\u00a0\u00bbon\u00a0\u00bb sticky_enabled=\u00a0\u00bb0&Prime;][\/et_pb_button][\/et_pb_column_inner][\/et_pb_row_inner][\/et_pb_column][et_pb_column type=\u00a0\u00bb1_2&Prime; _builder_version=\u00a0\u00bb4.16&Prime; custom_padding=\u00a0\u00bb|||\u00a0\u00bb global_colors_info=\u00a0\u00bb{}\u00a0\u00bb custom_padding__hover=\u00a0\u00bb|||\u00a0\u00bb][et_pb_image src=\u00a0\u00bbhttp:\/\/autisme-ensemble.org\/staging\/wp-content\/uploads\/2023\/03\/Photo-equipe.jpg\u00a0\u00bb title_text=\u00a0\u00bbPhoto \u00e9quipe\u00a0\u00bb _builder_version=\u00a0\u00bb4.20.4&Prime; _module_preset=\u00a0\u00bbdefault\u00a0\u00bb max_width=\u00a0\u00bb900px\u00a0\u00bb global_colors_info=\u00a0\u00bb{}\u00a0\u00bb][\/et_pb_image][\/et_pb_column][\/et_pb_section][et_pb_section fb_built=\u00a0\u00bb1&Prime; custom_padding_last_edited=\u00a0\u00bbon|desktop\u00a0\u00bb disabled_on=\u00a0\u00bboff|off|off\u00a0\u00bb module_id=\u00a0\u00bbsection-5&Prime; _builder_version=\u00a0\u00bb4.20.4&Prime; _module_preset=\u00a0\u00bbdefault\u00a0\u00bb background_color=\u00a0\u00bb#FAF6EA\u00a0\u00bb custom_margin=\u00a0\u00bb0px||0px||false|false\u00a0\u00bb custom_padding=\u00a0\u00bb5vh||10vh||false|false\u00a0\u00bb custom_padding_tablet=\u00a0\u00bb5vh||10vh||false|false\u00a0\u00bb custom_padding_phone=\u00a0\u00bb5vh||10vh||false|false\u00a0\u00bb global_colors_info=\u00a0\u00bb{}\u00a0\u00bb][et_pb_row _builder_version=\u00a0\u00bb4.21.0&Prime; _module_preset=\u00a0\u00bbdefault\u00a0\u00bb global_colors_info=\u00a0\u00bb{}\u00a0\u00bb][et_pb_column type=\u00a0\u00bb4_4&Prime; _builder_version=\u00a0\u00bb4.20.2&Prime; _module_preset=\u00a0\u00bbdefault\u00a0\u00bb global_colors_info=\u00a0\u00bb{}\u00a0\u00bb][et_pb_image src=\u00a0\u00bbhttp:\/\/autisme-ensemble.org\/staging\/wp-content\/uploads\/2023\/03\/notre-communaute.png\u00a0\u00bb title_text=\u00a0\u00bbnotre communaute\u00a0\u00bb _builder_version=\u00a0\u00bb4.20.2&Prime; _module_preset=\u00a0\u00bbdefault\u00a0\u00bb global_colors_info=\u00a0\u00bb{}\u00a0\u00bb][\/et_pb_image][\/et_pb_column][\/et_pb_row][et_pb_row column_structure=\u00a0\u00bb3_5,2_5&Prime; use_custom_gutter=\u00a0\u00bbon\u00a0\u00bb gutter_width=\u00a0\u00bb1&Prime; make_equal=\u00a0\u00bbon\u00a0\u00bb _builder_version=\u00a0\u00bb4.20.2&Prime; _module_preset=\u00a0\u00bbdefault\u00a0\u00bb custom_margin=\u00a0\u00bb0px||0px||false|false\u00a0\u00bb custom_padding=\u00a0\u00bb0px||0px||false|false\u00a0\u00bb global_colors_info=\u00a0\u00bb{}\u00a0\u00bb][et_pb_column type=\u00a0\u00bb3_5&Prime; _builder_version=\u00a0\u00bb4.17.4&Prime; _module_preset=\u00a0\u00bbdefault\u00a0\u00bb global_colors_info=\u00a0\u00bb{}\u00a0\u00bb][et_pb_text _builder_version=\u00a0\u00bb4.20.2&Prime; _module_preset=\u00a0\u00bbdefault\u00a0\u00bb header_2_font=\u00a0\u00bb|700|||||||\u00a0\u00bb header_2_text_align=\u00a0\u00bbleft\u00a0\u00bb header_2_text_color=\u00a0\u00bb#000000&Prime; header_2_font_size=\u00a0\u00bb41px\u00a0\u00bb header_2_line_height=\u00a0\u00bb1.2em\u00a0\u00bb max_width=\u00a0\u00bb960px\u00a0\u00bb module_alignment=\u00a0\u00bbcenter\u00a0\u00bb custom_margin=\u00a0\u00bb0px||3px||false|false\u00a0\u00bb custom_padding=\u00a0\u00bb0px||0px||false|false\u00a0\u00bb header_2_font_size_tablet=\u00a0\u00bb40px\u00a0\u00bb header_2_font_size_phone=\u00a0\u00bb30px\u00a0\u00bb header_2_font_size_last_edited=\u00a0\u00bbon|phone\u00a0\u00bb global_colors_info=\u00a0\u00bb{}\u00a0\u00bb]<\/p>\n<h2>Notre communaut\u00e9<\/h2>\n<p>[\/et_pb_text][et_pb_text _builder_version=\u00a0\u00bb4.21.0&Prime; _module_preset=\u00a0\u00bbdefault\u00a0\u00bb max_width=\u00a0\u00bb500px\u00a0\u00bb custom_margin_tablet=\u00a0\u00bb||20px||false|false\u00a0\u00bb custom_margin_phone=\u00a0\u00bb||20px||false|false\u00a0\u00bb custom_margin_last_edited=\u00a0\u00bbon|tablet\u00a0\u00bb global_colors_info=\u00a0\u00bb{}\u00a0\u00bb]Comme le projet phare d\u2019Autisme Ensemble est une communaut\u00e9<br \/>\nen ligne, la participation des membres est enrichissante.<\/p>\n<p>Toutes les personnes autistes, leurs parents et proches-aidants sont invit\u00e9s \u00e0 la communaut\u00e9.<\/p>\n<p>Plus vous participez, plus notre communaut\u00e9 est anim\u00e9e![\/et_pb_text][et_pb_button button_url=\u00a0\u00bbhttps:\/\/autismeensemble.smallworldlabs.com\/join\u00a0\u00bb url_new_window=\u00a0\u00bbon\u00a0\u00bb button_text=\u00a0\u00bbS&rsquo;inscrire\u00a0\u00bb button_alignment=\u00a0\u00bbleft\u00a0\u00bb _builder_version=\u00a0\u00bb4.21.0&Prime; _module_preset=\u00a0\u00bbdefault\u00a0\u00bb custom_button=\u00a0\u00bbon\u00a0\u00bb button_text_size=\u00a0\u00bb15px\u00a0\u00bb button_text_color=\u00a0\u00bb#000000&Prime; button_bg_color=\u00a0\u00bb#f5acbd\u00a0\u00bb button_border_width=\u00a0\u00bb0px\u00a0\u00bb button_border_radius=\u00a0\u00bb0px\u00a0\u00bb button_font=\u00a0\u00bb|800|||||||\u00a0\u00bb custom_margin=\u00a0\u00bb25px||||false|false\u00a0\u00bb custom_margin_tablet=\u00a0\u00bb28px||28px||true|false\u00a0\u00bb custom_margin_phone=\u00a0\u00bb28px||28px||true|false\u00a0\u00bb custom_margin_last_edited=\u00a0\u00bbon|desktop\u00a0\u00bb custom_padding=\u00a0\u00bb15px||15px||true|false\u00a0\u00bb global_colors_info=\u00a0\u00bb{}\u00a0\u00bb][\/et_pb_button][\/et_pb_column][et_pb_column type=\u00a0\u00bb2_5&Prime; _builder_version=\u00a0\u00bb4.20.2&Prime; _module_preset=\u00a0\u00bbdefault\u00a0\u00bb background_color=\u00a0\u00bb#edebff\u00a0\u00bb custom_padding=\u00a0\u00bb40px||40px||true|false\u00a0\u00bb global_colors_info=\u00a0\u00bb{}\u00a0\u00bb][et_pb_text _builder_version=\u00a0\u00bb4.21.0&Prime; _module_preset=\u00a0\u00bbdefault\u00a0\u00bb header_3_font=\u00a0\u00bb|700|||||||\u00a0\u00bb header_3_text_align=\u00a0\u00bbcenter\u00a0\u00bb max_width=\u00a0\u00bb350px\u00a0\u00bb module_alignment=\u00a0\u00bbcenter\u00a0\u00bb custom_margin=\u00a0\u00bb||||false|false\u00a0\u00bb global_colors_info=\u00a0\u00bb{}\u00a0\u00bb]<\/p>\n<h3>Invitez vos proches \u00e0 d\u00e9couvrir Autisme Ensemble!<\/h3>\n<p>[\/et_pb_text][et_pb_social_media_follow icon_color=\u00a0\u00bb#000000&Prime; use_icon_font_size=\u00a0\u00bbon\u00a0\u00bb icon_font_size=\u00a0\u00bb33px\u00a0\u00bb icon_font_size_tablet=\u00a0\u00bb\u00a0\u00bb icon_font_size_phone=\u00a0\u00bb28px\u00a0\u00bb icon_font_size_last_edited=\u00a0\u00bbon|phone\u00a0\u00bb _builder_version=\u00a0\u00bb4.21.0&Prime; _module_preset=\u00a0\u00bbdefault\u00a0\u00bb background_color=\u00a0\u00bbRGBA(255,255,255,0)\u00a0\u00bb text_orientation=\u00a0\u00bbcenter\u00a0\u00bb custom_margin=\u00a0\u00bb||||false|false\u00a0\u00bb custom_padding=\u00a0\u00bb||||false|false\u00a0\u00bb hover_enabled=\u00a0\u00bb0&Prime; locked=\u00a0\u00bboff\u00a0\u00bb global_colors_info=\u00a0\u00bb{}\u00a0\u00bb sticky_enabled=\u00a0\u00bb0&Prime;][et_pb_social_media_follow_network social_network=\u00a0\u00bbfacebook\u00a0\u00bb url=\u00a0\u00bbhttps:\/\/www.facebook.com\/people\/Communaut%C3%A9-En-Ligne-Autisme-Ensemble\/pfbid0kuVyiE2fCT9YrmBDcZSdGapeq9yXsUMrN9cXVoR6Wu5PsFdQqDNXispvUBtCyUc2l\/\u00a0\u00bb icon_color=\u00a0\u00bb#3b5998&Prime; _builder_version=\u00a0\u00bb4.21.0&Prime; _module_preset=\u00a0\u00bbdefault\u00a0\u00bb background_color=\u00a0\u00bb#FFFFFF\u00a0\u00bb background_enable_color=\u00a0\u00bbon\u00a0\u00bb hover_enabled=\u00a0\u00bb0&Prime; global_colors_info=\u00a0\u00bb{}\u00a0\u00bb follow_button=\u00a0\u00bboff\u00a0\u00bb url_new_window=\u00a0\u00bbon\u00a0\u00bb sticky_enabled=\u00a0\u00bb0&Prime;]facebook[\/et_pb_social_media_follow_network][et_pb_social_media_follow_network social_network=\u00a0\u00bbtwitter\u00a0\u00bb url=\u00a0\u00bbhttps:\/\/twitter.com\/AutismeEnsemble\u00a0\u00bb icon_color=\u00a0\u00bb#00acee\u00a0\u00bb _builder_version=\u00a0\u00bb4.21.0&Prime; _module_preset=\u00a0\u00bbdefault\u00a0\u00bb background_color=\u00a0\u00bb#FFFFFF\u00a0\u00bb background_enable_color=\u00a0\u00bbon\u00a0\u00bb hover_enabled=\u00a0\u00bb0&Prime; global_colors_info=\u00a0\u00bb{}\u00a0\u00bb follow_button=\u00a0\u00bboff\u00a0\u00bb url_new_window=\u00a0\u00bbon\u00a0\u00bb sticky_enabled=\u00a0\u00bb0&Prime;]twitter[\/et_pb_social_media_follow_network][et_pb_social_media_follow_network social_network=\u00a0\u00bblinkedin\u00a0\u00bb url=\u00a0\u00bbhttps:\/\/www.linkedin.com\/company\/autisme-ensemble-recherche-soutien-social\/\u00a0\u00bb icon_color=\u00a0\u00bb#0e76a8&Prime; _builder_version=\u00a0\u00bb4.21.0&Prime; _module_preset=\u00a0\u00bbdefault\u00a0\u00bb background_color=\u00a0\u00bb#FFFFFF\u00a0\u00bb background_enable_color=\u00a0\u00bbon\u00a0\u00bb hover_enabled=\u00a0\u00bb0&Prime; global_colors_info=\u00a0\u00bb{}\u00a0\u00bb follow_button=\u00a0\u00bboff\u00a0\u00bb url_new_window=\u00a0\u00bbon\u00a0\u00bb sticky_enabled=\u00a0\u00bb0&Prime;]linkedin[\/et_pb_social_media_follow_network][\/et_pb_social_media_follow][et_pb_code _builder_version=\u00a0\u00bb4.20.2&Prime; _module_preset=\u00a0\u00bbdefault\u00a0\u00bb locked=\u00a0\u00bboff\u00a0\u00bb global_colors_info=\u00a0\u00bb{}\u00a0\u00bb]<button class=\"btn-copie\" id=\"btn-copy-petit\" onclick=\"copyToClipboard()\" title=\"Copier le url\">Copier le URL<\/button>[\/et_pb_code][et_pb_text _builder_version=\u00a0\u00bb4.20.2&Prime; _module_preset=\u00a0\u00bbdefault\u00a0\u00bb text_font=\u00a0\u00bb|700|||||||\u00a0\u00bb text_text_color=\u00a0\u00bb#000000&Prime; text_font_size=\u00a0\u00bb22px\u00a0\u00bb header_3_font=\u00a0\u00bb|700|||||||\u00a0\u00bb header_3_text_align=\u00a0\u00bbcenter\u00a0\u00bb text_orientation=\u00a0\u00bbcenter\u00a0\u00bb max_width=\u00a0\u00bb350px\u00a0\u00bb module_alignment=\u00a0\u00bbcenter\u00a0\u00bb custom_margin=\u00a0\u00bb||||false|false\u00a0\u00bb global_colors_info=\u00a0\u00bb{}\u00a0\u00bb]<\/p>\n<p>Partage cette page !<\/p>\n<p>[\/et_pb_text][\/et_pb_column][\/et_pb_row][\/et_pb_section][et_pb_section fb_built=\u00a0\u00bb1&Prime; disabled_on=\u00a0\u00bboff|on|on\u00a0\u00bb admin_label=\u00a0\u00bbMenu flottant (mobile)\u00a0\u00bb _builder_version=\u00a0\u00bb4.20.2&Prime; _module_preset=\u00a0\u00bbdefault\u00a0\u00bb background_color=\u00a0\u00bbRGBA(255,255,255,0)\u00a0\u00bb z_index=\u00a0\u00bb300&Prime; max_width=\u00a0\u00bb24%\u00a0\u00bb custom_margin=\u00a0\u00bb0px||0px||false|false\u00a0\u00bb custom_padding=\u00a0\u00bb0px||0px||false|false\u00a0\u00bb global_colors_info=\u00a0\u00bb{}\u00a0\u00bb][et_pb_row _builder_version=\u00a0\u00bb4.20.2&Prime; _module_preset=\u00a0\u00bbdefault\u00a0\u00bb background_color=\u00a0\u00bbRGBA(255,255,255,0)\u00a0\u00bb positioning=\u00a0\u00bbfixed\u00a0\u00bb position_origin_a=\u00a0\u00bbcenter_left\u00a0\u00bb position_origin_f=\u00a0\u00bbbottom_center\u00a0\u00bb vertical_offset=\u00a0\u00bb0px\u00a0\u00bb z_index=\u00a0\u00bb184&Prime; max_width_last_edited=\u00a0\u00bboff|phone\u00a0\u00bb global_colors_info=\u00a0\u00bb{}\u00a0\u00bb][et_pb_column type=\u00a0\u00bb4_4&Prime; _builder_version=\u00a0\u00bb4.20.2&Prime; _module_preset=\u00a0\u00bbdefault\u00a0\u00bb global_colors_info=\u00a0\u00bb{}\u00a0\u00bb][et_pb_divimenus central_item_select=\u00a0\u00bbcentral_item_image_option\u00a0\u00bb central_item_image=\u00a0\u00bbhttp:\/\/autisme-ensemble.org\/staging\/wp-content\/uploads\/2023\/02\/Graduation-Hat.png\u00a0\u00bb hide_button=\u00a0\u00bbon\u00a0\u00bb menu_item_show_title=\u00a0\u00bboff\u00a0\u00bb central_item_use_circle=\u00a0\u00bboff\u00a0\u00bb central_item_scale=\u00a0\u00bboff\u00a0\u00bb central_item_image_size=\u00a0\u00bb66&Prime; central_item_opacity=\u00a0\u00bboff\u00a0\u00bb menu_item_circle_color=\u00a0\u00bbRGBA(255,255,255,0)\u00a0\u00bb menu_item_icon_color=\u00a0\u00bb#6aa5a2&Prime; menu_item_icon_font_size=\u00a0\u00bb15px\u00a0\u00bb menu_item_distance=\u00a0\u00bb0px\u00a0\u00bb item_padding=\u00a0\u00bb9px\u00a0\u00bb hover_click=\u00a0\u00bbhover\u00a0\u00bb central_item_image_size_tablet=\u00a0\u00bb140&Prime; central_item_image_size_phone=\u00a0\u00bb74&Prime; central_item_image_size_last_edited=\u00a0\u00bbon|phone\u00a0\u00bb mb_title_position_tablet=\u00a0\u00bbbottom\u00a0\u00bb mb_title_position_phone=\u00a0\u00bbbottom\u00a0\u00bb mb_title_offset_tablet=\u00a0\u00bb10px\u00a0\u00bb mb_title_offset_phone=\u00a0\u00bb10px\u00a0\u00bb mb_title_width_tablet=\u00a0\u00bb200&Prime; mb_title_width_phone=\u00a0\u00bb200&Prime; menu_item_icon_font_size_tablet=\u00a0\u00bb13px\u00a0\u00bb menu_item_icon_font_size_phone=\u00a0\u00bb11px\u00a0\u00bb menu_item_icon_font_size_last_edited=\u00a0\u00bbon|phone\u00a0\u00bb tooltip_position_tablet=\u00a0\u00bbbottom\u00a0\u00bb tooltip_position_phone=\u00a0\u00bbbottom\u00a0\u00bb tooltip_position_last_edited=\u00a0\u00bbon|tablet\u00a0\u00bb tooltip_padding_tablet=\u00a0\u00bb3px\u00a0\u00bb tooltip_padding_phone=\u00a0\u00bb3px\u00a0\u00bb tooltip_padding_last_edited=\u00a0\u00bbon|phone\u00a0\u00bb tooltip_width_tablet=\u00a0\u00bb200&Prime; tooltip_width_phone=\u00a0\u00bb200&Prime; menu_item_distance_tablet=\u00a0\u00bb0px\u00a0\u00bb menu_item_distance_phone=\u00a0\u00bb15px\u00a0\u00bb menu_item_distance_last_edited=\u00a0\u00bbon|phone\u00a0\u00bb item_padding_tablet=\u00a0\u00bb12px\u00a0\u00bb item_padding_phone=\u00a0\u00bb0px\u00a0\u00bb item_padding_last_edited=\u00a0\u00bbon|tablet\u00a0\u00bb disabled_on=\u00a0\u00bboff|on|on\u00a0\u00bb admin_label=\u00a0\u00bbDiviMenus(mobile)\u00a0\u00bb _builder_version=\u00a0\u00bb4.20.2&Prime; _module_preset=\u00a0\u00bbdefault\u00a0\u00bb background_color=\u00a0\u00bbrgba(255,255,255,0.82)\u00a0\u00bb custom_padding=\u00a0\u00bb|||30%|false|false\u00a0\u00bb custom_padding_tablet=\u00a0\u00bb|||1%|false|false\u00a0\u00bb custom_padding_phone=\u00a0\u00bb|0%||0%|false|true\u00a0\u00bb custom_padding_last_edited=\u00a0\u00bbon|tablet\u00a0\u00bb tooltip_font_size_tablet=\u00a0\u00bb15px\u00a0\u00bb tooltip_font_size_phone=\u00a0\u00bb13px\u00a0\u00bb tooltip_font_size_last_edited=\u00a0\u00bbon|tablet\u00a0\u00bb background_last_edited=\u00a0\u00bboff|phone\u00a0\u00bb saved_tabs=\u00a0\u00bball\u00a0\u00bb global_colors_info=\u00a0\u00bb{}\u00a0\u00bb menu_item_circle_color__hover_enabled=\u00a0\u00bbon|hover\u00a0\u00bb menu_item_circle_color__hover=\u00a0\u00bbRGBA(255,255,255,0)\u00a0\u00bb menu_item_icon_color__hover_enabled=\u00a0\u00bbon|desktop\u00a0\u00bb menu_item_icon_color__hover=\u00a0\u00bb#E09900&Prime; central_item_image_height=\u00a0\u00bb66&Prime; central_item_image_height_t=\u00a0\u00bb140&Prime; central_item_image_height_p=\u00a0\u00bb74&Prime;][et_pb_divimenus_item title=\u00a0\u00bbSection-1&Prime; item_font_icon=\u00a0\u00bb&#xf111;||fa||900&Prime; url=\u00a0\u00bb#section-1&Prime; active_url=\u00a0\u00bbon\u00a0\u00bb title_position_tablet=\u00a0\u00bbinherit\u00a0\u00bb title_position_phone=\u00a0\u00bbinherit\u00a0\u00bb _builder_version=\u00a0\u00bb4.20.0&Prime; global_colors_info=\u00a0\u00bb{}\u00a0\u00bb disable_items=\u00a0\u00bboff\u00a0\u00bb menu_item_font_icon=\u00a0\u00bb%%43%%\u00a0\u00bb menu_item_image=\u00a0\u00bbdata:image\/svg+xml;base64,PHN2ZyB3aWR0aD0iNTQwIiBoZWlnaHQ9IjU0MCIgdmlld0JveD0iMCAwIDU0MCA1NDAiIHhtbG5zPSJodHRwOi8vd3d3LnczLm9yZy8yMDAwL3N2ZyI+CiAgICA8ZyBmaWxsPSJub25lIiBmaWxsLXJ1bGU9ImV2ZW5vZGQiPgogICAgICAgIDxwYXRoIGZpbGw9IiNFQkVCRUIiIGQ9Ik0wIDBoMTA4MHY1NDBIMHoiLz4KICAgICAgICA8cGF0aCBkPSJNNDQ1LjY0OSA1NDBoLTk4Ljk5NUwxNDQuNjQ5IDMzNy45OTUgMCA0ODIuNjQ0di05OC45OTVsMTE2LjM2NS0xMTYuMzY1YzE1LjYyLTE1LjYyIDQwLjk0Ny0xNS42MiA1Ni41NjggMEw0NDUuNjUgNTQweiIgZmlsbC1vcGFjaXR5PSIuMSIgZmlsbD0iIzAwMCIgZmlsbC1ydWxlPSJub256ZXJvIi8+CiAgICAgICAgPGNpcmNsZSBmaWxsLW9wYWNpdHk9Ii4wNSIgZmlsbD0iIzAwMCIgY3g9IjMzMSIgY3k9IjE0OCIgcj0iNzAiLz4KICAgICAgICA8cGF0aCBkPSJNMTA4MCAzNzl2MTEzLjEzN0w3MjguMTYyIDE0MC4zIDMyOC40NjIgNTQwSDIxNS4zMjRMNjk5Ljg3OCA1NS40NDZjMTUuNjItMTUuNjIgNDAuOTQ4LTE1LjYyIDU2LjU2OCAwTDEwODAgMzc5eiIgZmlsbC1vcGFjaXR5PSIuMiIgZmlsbD0iIzAwMCIgZmlsbC1ydWxlPSJub256ZXJvIi8+CiAgICA8L2c+Cjwvc3ZnPgo=\u00a0\u00bb menu_item_show_title=\u00a0\u00bboff\u00a0\u00bb menu_item_equal_size=\u00a0\u00bbon\u00a0\u00bb menu_item_select=\u00a0\u00bbicon_option\u00a0\u00bb menu_item_use_border=\u00a0\u00bboff\u00a0\u00bb title_clickable=\u00a0\u00bboff\u00a0\u00bb tooltip_use_background=\u00a0\u00bboff\u00a0\u00bb tooltip_behavior=\u00a0\u00bbhover\u00a0\u00bb child_order=\u00a0\u00bb0&Prime; item_padding_lr=\u00a0\u00bb9&Prime; item_padding_tb=\u00a0\u00bb9&Prime; item_padding_lr_t=\u00a0\u00bb12&Prime; item_padding_tb_t=\u00a0\u00bb12&Prime; item_padding_lr_p=\u00a0\u00bb0&Prime; item_padding_tb_p=\u00a0\u00bb0&Prime;][\/et_pb_divimenus_item][et_pb_divimenus_item title=\u00a0\u00bbSection-2&Prime; item_font_icon=\u00a0\u00bb&#xf111;||fa||900&Prime; url=\u00a0\u00bb#section-2&Prime; active_url=\u00a0\u00bbon\u00a0\u00bb title_position_tablet=\u00a0\u00bbinherit\u00a0\u00bb title_position_phone=\u00a0\u00bbinherit\u00a0\u00bb _builder_version=\u00a0\u00bb4.20.0&Prime; global_colors_info=\u00a0\u00bb{}\u00a0\u00bb disable_items=\u00a0\u00bboff\u00a0\u00bb menu_item_font_icon=\u00a0\u00bb%%43%%\u00a0\u00bb menu_item_image=\u00a0\u00bbdata:image\/svg+xml;base64,PHN2ZyB3aWR0aD0iNTQwIiBoZWlnaHQ9IjU0MCIgdmlld0JveD0iMCAwIDU0MCA1NDAiIHhtbG5zPSJodHRwOi8vd3d3LnczLm9yZy8yMDAwL3N2ZyI+CiAgICA8ZyBmaWxsPSJub25lIiBmaWxsLXJ1bGU9ImV2ZW5vZGQiPgogICAgICAgIDxwYXRoIGZpbGw9IiNFQkVCRUIiIGQ9Ik0wIDBoMTA4MHY1NDBIMHoiLz4KICAgICAgICA8cGF0aCBkPSJNNDQ1LjY0OSA1NDBoLTk4Ljk5NUwxNDQuNjQ5IDMzNy45OTUgMCA0ODIuNjQ0di05OC45OTVsMTE2LjM2NS0xMTYuMzY1YzE1LjYyLTE1LjYyIDQwLjk0Ny0xNS42MiA1Ni41NjggMEw0NDUuNjUgNTQweiIgZmlsbC1vcGFjaXR5PSIuMSIgZmlsbD0iIzAwMCIgZmlsbC1ydWxlPSJub256ZXJvIi8+CiAgICAgICAgPGNpcmNsZSBmaWxsLW9wYWNpdHk9Ii4wNSIgZmlsbD0iIzAwMCIgY3g9IjMzMSIgY3k9IjE0OCIgcj0iNzAiLz4KICAgICAgICA8cGF0aCBkPSJNMTA4MCAzNzl2MTEzLjEzN0w3MjguMTYyIDE0MC4zIDMyOC40NjIgNTQwSDIxNS4zMjRMNjk5Ljg3OCA1NS40NDZjMTUuNjItMTUuNjIgNDAuOTQ4LTE1LjYyIDU2LjU2OCAwTDEwODAgMzc5eiIgZmlsbC1vcGFjaXR5PSIuMiIgZmlsbD0iIzAwMCIgZmlsbC1ydWxlPSJub256ZXJvIi8+CiAgICA8L2c+Cjwvc3ZnPgo=\u00a0\u00bb menu_item_show_title=\u00a0\u00bboff\u00a0\u00bb menu_item_equal_size=\u00a0\u00bbon\u00a0\u00bb menu_item_select=\u00a0\u00bbicon_option\u00a0\u00bb menu_item_use_border=\u00a0\u00bboff\u00a0\u00bb title_clickable=\u00a0\u00bboff\u00a0\u00bb tooltip_use_background=\u00a0\u00bboff\u00a0\u00bb tooltip_behavior=\u00a0\u00bbhover\u00a0\u00bb child_order=\u00a0\u00bb1&Prime; item_padding_lr=\u00a0\u00bb9&Prime; item_padding_tb=\u00a0\u00bb9&Prime; item_padding_lr_t=\u00a0\u00bb12&Prime; item_padding_tb_t=\u00a0\u00bb12&Prime; item_padding_lr_p=\u00a0\u00bb0&Prime; item_padding_tb_p=\u00a0\u00bb0&Prime;][\/et_pb_divimenus_item][et_pb_divimenus_item title=\u00a0\u00bbSection-3&Prime; item_font_icon=\u00a0\u00bb&#xf111;||fa||900&Prime; url=\u00a0\u00bb#section-3&Prime; active_url=\u00a0\u00bbon\u00a0\u00bb title_position_tablet=\u00a0\u00bbinherit\u00a0\u00bb title_position_phone=\u00a0\u00bbinherit\u00a0\u00bb _builder_version=\u00a0\u00bb4.20.0&Prime; global_colors_info=\u00a0\u00bb{}\u00a0\u00bb disable_items=\u00a0\u00bboff\u00a0\u00bb menu_item_font_icon=\u00a0\u00bb%%43%%\u00a0\u00bb menu_item_image=\u00a0\u00bbdata:image\/svg+xml;base64,PHN2ZyB3aWR0aD0iNTQwIiBoZWlnaHQ9IjU0MCIgdmlld0JveD0iMCAwIDU0MCA1NDAiIHhtbG5zPSJodHRwOi8vd3d3LnczLm9yZy8yMDAwL3N2ZyI+CiAgICA8ZyBmaWxsPSJub25lIiBmaWxsLXJ1bGU9ImV2ZW5vZGQiPgogICAgICAgIDxwYXRoIGZpbGw9IiNFQkVCRUIiIGQ9Ik0wIDBoMTA4MHY1NDBIMHoiLz4KICAgICAgICA8cGF0aCBkPSJNNDQ1LjY0OSA1NDBoLTk4Ljk5NUwxNDQuNjQ5IDMzNy45OTUgMCA0ODIuNjQ0di05OC45OTVsMTE2LjM2NS0xMTYuMzY1YzE1LjYyLTE1LjYyIDQwLjk0Ny0xNS42MiA1Ni41NjggMEw0NDUuNjUgNTQweiIgZmlsbC1vcGFjaXR5PSIuMSIgZmlsbD0iIzAwMCIgZmlsbC1ydWxlPSJub256ZXJvIi8+CiAgICAgICAgPGNpcmNsZSBmaWxsLW9wYWNpdHk9Ii4wNSIgZmlsbD0iIzAwMCIgY3g9IjMzMSIgY3k9IjE0OCIgcj0iNzAiLz4KICAgICAgICA8cGF0aCBkPSJNMTA4MCAzNzl2MTEzLjEzN0w3MjguMTYyIDE0MC4zIDMyOC40NjIgNTQwSDIxNS4zMjRMNjk5Ljg3OCA1NS40NDZjMTUuNjItMTUuNjIgNDAuOTQ4LTE1LjYyIDU2LjU2OCAwTDEwODAgMzc5eiIgZmlsbC1vcGFjaXR5PSIuMiIgZmlsbD0iIzAwMCIgZmlsbC1ydWxlPSJub256ZXJvIi8+CiAgICA8L2c+Cjwvc3ZnPgo=\u00a0\u00bb menu_item_show_title=\u00a0\u00bboff\u00a0\u00bb menu_item_equal_size=\u00a0\u00bbon\u00a0\u00bb menu_item_select=\u00a0\u00bbicon_option\u00a0\u00bb menu_item_use_border=\u00a0\u00bboff\u00a0\u00bb title_clickable=\u00a0\u00bboff\u00a0\u00bb tooltip_use_background=\u00a0\u00bboff\u00a0\u00bb tooltip_behavior=\u00a0\u00bbhover\u00a0\u00bb child_order=\u00a0\u00bb2&Prime; item_padding_lr=\u00a0\u00bb9&Prime; item_padding_tb=\u00a0\u00bb9&Prime; item_padding_lr_t=\u00a0\u00bb12&Prime; item_padding_tb_t=\u00a0\u00bb12&Prime; item_padding_lr_p=\u00a0\u00bb0&Prime; item_padding_tb_p=\u00a0\u00bb0&Prime;][\/et_pb_divimenus_item][et_pb_divimenus_item title=\u00a0\u00bbSection-4&Prime; item_font_icon=\u00a0\u00bb&#xf111;||fa||900&Prime; url=\u00a0\u00bb#section-4&Prime; active_url=\u00a0\u00bbon\u00a0\u00bb title_position_tablet=\u00a0\u00bbinherit\u00a0\u00bb title_position_phone=\u00a0\u00bbinherit\u00a0\u00bb _builder_version=\u00a0\u00bb4.20.0&Prime; global_colors_info=\u00a0\u00bb{}\u00a0\u00bb disable_items=\u00a0\u00bboff\u00a0\u00bb menu_item_font_icon=\u00a0\u00bb%%43%%\u00a0\u00bb menu_item_image=\u00a0\u00bbdata:image\/svg+xml;base64,PHN2ZyB3aWR0aD0iNTQwIiBoZWlnaHQ9IjU0MCIgdmlld0JveD0iMCAwIDU0MCA1NDAiIHhtbG5zPSJodHRwOi8vd3d3LnczLm9yZy8yMDAwL3N2ZyI+CiAgICA8ZyBmaWxsPSJub25lIiBmaWxsLXJ1bGU9ImV2ZW5vZGQiPgogICAgICAgIDxwYXRoIGZpbGw9IiNFQkVCRUIiIGQ9Ik0wIDBoMTA4MHY1NDBIMHoiLz4KICAgICAgICA8cGF0aCBkPSJNNDQ1LjY0OSA1NDBoLTk4Ljk5NUwxNDQuNjQ5IDMzNy45OTUgMCA0ODIuNjQ0di05OC45OTVsMTE2LjM2NS0xMTYuMzY1YzE1LjYyLTE1LjYyIDQwLjk0Ny0xNS42MiA1Ni41NjggMEw0NDUuNjUgNTQweiIgZmlsbC1vcGFjaXR5PSIuMSIgZmlsbD0iIzAwMCIgZmlsbC1ydWxlPSJub256ZXJvIi8+CiAgICAgICAgPGNpcmNsZSBmaWxsLW9wYWNpdHk9Ii4wNSIgZmlsbD0iIzAwMCIgY3g9IjMzMSIgY3k9IjE0OCIgcj0iNzAiLz4KICAgICAgICA8cGF0aCBkPSJNMTA4MCAzNzl2MTEzLjEzN0w3MjguMTYyIDE0MC4zIDMyOC40NjIgNTQwSDIxNS4zMjRMNjk5Ljg3OCA1NS40NDZjMTUuNjItMTUuNjIgNDAuOTQ4LTE1LjYyIDU2LjU2OCAwTDEwODAgMzc5eiIgZmlsbC1vcGFjaXR5PSIuMiIgZmlsbD0iIzAwMCIgZmlsbC1ydWxlPSJub256ZXJvIi8+CiAgICA8L2c+Cjwvc3ZnPgo=\u00a0\u00bb menu_item_show_title=\u00a0\u00bboff\u00a0\u00bb menu_item_equal_size=\u00a0\u00bbon\u00a0\u00bb menu_item_select=\u00a0\u00bbicon_option\u00a0\u00bb menu_item_use_border=\u00a0\u00bboff\u00a0\u00bb title_clickable=\u00a0\u00bboff\u00a0\u00bb tooltip_use_background=\u00a0\u00bboff\u00a0\u00bb tooltip_behavior=\u00a0\u00bbhover\u00a0\u00bb child_order=\u00a0\u00bb3&Prime; item_padding_lr=\u00a0\u00bb9&Prime; item_padding_tb=\u00a0\u00bb9&Prime; item_padding_lr_t=\u00a0\u00bb12&Prime; item_padding_tb_t=\u00a0\u00bb12&Prime; item_padding_lr_p=\u00a0\u00bb0&Prime; item_padding_tb_p=\u00a0\u00bb0&Prime;][\/et_pb_divimenus_item][et_pb_divimenus_item title=\u00a0\u00bbSection-5&Prime; item_font_icon=\u00a0\u00bb&#xf111;||fa||900&Prime; url=\u00a0\u00bb#section-5&Prime; active_url=\u00a0\u00bbon\u00a0\u00bb title_position_tablet=\u00a0\u00bbinherit\u00a0\u00bb title_position_phone=\u00a0\u00bbinherit\u00a0\u00bb _builder_version=\u00a0\u00bb4.20.0&Prime; global_colors_info=\u00a0\u00bb{}\u00a0\u00bb disable_items=\u00a0\u00bboff\u00a0\u00bb menu_item_font_icon=\u00a0\u00bb%%43%%\u00a0\u00bb menu_item_image=\u00a0\u00bbdata:image\/svg+xml;base64,PHN2ZyB3aWR0aD0iNTQwIiBoZWlnaHQ9IjU0MCIgdmlld0JveD0iMCAwIDU0MCA1NDAiIHhtbG5zPSJodHRwOi8vd3d3LnczLm9yZy8yMDAwL3N2ZyI+CiAgICA8ZyBmaWxsPSJub25lIiBmaWxsLXJ1bGU9ImV2ZW5vZGQiPgogICAgICAgIDxwYXRoIGZpbGw9IiNFQkVCRUIiIGQ9Ik0wIDBoMTA4MHY1NDBIMHoiLz4KICAgICAgICA8cGF0aCBkPSJNNDQ1LjY0OSA1NDBoLTk4Ljk5NUwxNDQuNjQ5IDMzNy45OTUgMCA0ODIuNjQ0di05OC45OTVsMTE2LjM2NS0xMTYuMzY1YzE1LjYyLTE1LjYyIDQwLjk0Ny0xNS42MiA1Ni41NjggMEw0NDUuNjUgNTQweiIgZmlsbC1vcGFjaXR5PSIuMSIgZmlsbD0iIzAwMCIgZmlsbC1ydWxlPSJub256ZXJvIi8+CiAgICAgICAgPGNpcmNsZSBmaWxsLW9wYWNpdHk9Ii4wNSIgZmlsbD0iIzAwMCIgY3g9IjMzMSIgY3k9IjE0OCIgcj0iNzAiLz4KICAgICAgICA8cGF0aCBkPSJNMTA4MCAzNzl2MTEzLjEzN0w3MjguMTYyIDE0MC4zIDMyOC40NjIgNTQwSDIxNS4zMjRMNjk5Ljg3OCA1NS40NDZjMTUuNjItMTUuNjIgNDAuOTQ4LTE1LjYyIDU2LjU2OCAwTDEwODAgMzc5eiIgZmlsbC1vcGFjaXR5PSIuMiIgZmlsbD0iIzAwMCIgZmlsbC1ydWxlPSJub256ZXJvIi8+CiAgICA8L2c+Cjwvc3ZnPgo=\u00a0\u00bb menu_item_show_title=\u00a0\u00bboff\u00a0\u00bb menu_item_equal_size=\u00a0\u00bbon\u00a0\u00bb menu_item_select=\u00a0\u00bbicon_option\u00a0\u00bb menu_item_use_border=\u00a0\u00bboff\u00a0\u00bb title_clickable=\u00a0\u00bboff\u00a0\u00bb tooltip_use_background=\u00a0\u00bboff\u00a0\u00bb tooltip_behavior=\u00a0\u00bbhover\u00a0\u00bb child_order=\u00a0\u00bb4&Prime; item_padding_lr=\u00a0\u00bb9&Prime; item_padding_tb=\u00a0\u00bb9&Prime; item_padding_lr_t=\u00a0\u00bb12&Prime; item_padding_tb_t=\u00a0\u00bb12&Prime; item_padding_lr_p=\u00a0\u00bb0&Prime; item_padding_tb_p=\u00a0\u00bb0&Prime;][\/et_pb_divimenus_item][\/et_pb_divimenus][\/et_pb_column][\/et_pb_row][\/et_pb_section][et_pb_section fb_built=\u00a0\u00bb1&Prime; disabled_on=\u00a0\u00bbon|off|off\u00a0\u00bb admin_label=\u00a0\u00bbMenu flottant\u00a0\u00bb _builder_version=\u00a0\u00bb4.20.2&Prime; _module_preset=\u00a0\u00bbdefault\u00a0\u00bb background_color=\u00a0\u00bbRGBA(255,255,255,0)\u00a0\u00bb z_index=\u00a0\u00bb300&Prime; max_width=\u00a0\u00bb24%\u00a0\u00bb custom_margin=\u00a0\u00bb0px||0px||false|false\u00a0\u00bb custom_padding=\u00a0\u00bb0px||0px||false|false\u00a0\u00bb global_colors_info=\u00a0\u00bb{}\u00a0\u00bb][et_pb_row _builder_version=\u00a0\u00bb4.20.2&Prime; _module_preset=\u00a0\u00bbdefault\u00a0\u00bb background_color=\u00a0\u00bbRGBA(255,255,255,0)\u00a0\u00bb positioning=\u00a0\u00bbfixed\u00a0\u00bb position_origin_a=\u00a0\u00bbcenter_left\u00a0\u00bb position_origin_f=\u00a0\u00bbcenter_left\u00a0\u00bb z_index=\u00a0\u00bb0&Prime; max_width=\u00a0\u00bb233px\u00a0\u00bb max_width_tablet=\u00a0\u00bb50px\u00a0\u00bb max_width_phone=\u00a0\u00bb50px\u00a0\u00bb max_width_last_edited=\u00a0\u00bbon|tablet\u00a0\u00bb custom_margin=\u00a0\u00bb||26px|||\u00a0\u00bb custom_margin_tablet=\u00a0\u00bb||26px|||\u00a0\u00bb custom_margin_phone=\u00a0\u00bb0px||0px||false|false\u00a0\u00bb custom_margin_last_edited=\u00a0\u00bbon|phone\u00a0\u00bb global_colors_info=\u00a0\u00bb{}\u00a0\u00bb][et_pb_column type=\u00a0\u00bb4_4&Prime; _builder_version=\u00a0\u00bb4.20.0&Prime; _module_preset=\u00a0\u00bbdefault\u00a0\u00bb global_colors_info=\u00a0\u00bb{}\u00a0\u00bb][et_pb_divimenus menu_type=\u00a0\u00bbvertical\u00a0\u00bb central_item_select=\u00a0\u00bbcentral_item_image_option\u00a0\u00bb central_item_image=\u00a0\u00bbhttp:\/\/autisme-ensemble.org\/staging\/wp-content\/uploads\/2023\/02\/Graduation-Hat.png\u00a0\u00bb hide_button=\u00a0\u00bbon\u00a0\u00bb menu_item_show_title=\u00a0\u00bboff\u00a0\u00bb central_item_use_circle=\u00a0\u00bboff\u00a0\u00bb central_item_scale=\u00a0\u00bboff\u00a0\u00bb central_item_image_size=\u00a0\u00bb66&Prime; central_item_opacity=\u00a0\u00bboff\u00a0\u00bb menu_item_circle_color=\u00a0\u00bbRGBA(255,255,255,0)\u00a0\u00bb menu_item_icon_color=\u00a0\u00bb#6aa5a2&Prime; menu_item_icon_font_size=\u00a0\u00bb15px\u00a0\u00bb menu_alignment=\u00a0\u00bbleft\u00a0\u00bb menu_item_distance=\u00a0\u00bb0px\u00a0\u00bb item_padding=\u00a0\u00bb9px\u00a0\u00bb hover_click=\u00a0\u00bbhover\u00a0\u00bb central_item_image_size_tablet=\u00a0\u00bb140&Prime; central_item_image_size_phone=\u00a0\u00bb80&Prime; central_item_image_size_last_edited=\u00a0\u00bbon|phone\u00a0\u00bb mb_title_position_tablet=\u00a0\u00bbbottom\u00a0\u00bb mb_title_position_phone=\u00a0\u00bbbottom\u00a0\u00bb mb_title_offset_tablet=\u00a0\u00bb10px\u00a0\u00bb mb_title_offset_phone=\u00a0\u00bb10px\u00a0\u00bb mb_title_width_tablet=\u00a0\u00bb200&Prime; mb_title_width_phone=\u00a0\u00bb200&Prime; menu_item_icon_font_size_tablet=\u00a0\u00bb13px\u00a0\u00bb menu_item_icon_font_size_phone=\u00a0\u00bb18px\u00a0\u00bb menu_item_icon_font_size_last_edited=\u00a0\u00bbon|phone\u00a0\u00bb tooltip_position_tablet=\u00a0\u00bbbottom\u00a0\u00bb tooltip_position_phone=\u00a0\u00bbbottom\u00a0\u00bb tooltip_position_last_edited=\u00a0\u00bbon|tablet\u00a0\u00bb tooltip_padding_tablet=\u00a0\u00bb3px\u00a0\u00bb tooltip_padding_phone=\u00a0\u00bb3px\u00a0\u00bb tooltip_padding_last_edited=\u00a0\u00bbon|phone\u00a0\u00bb tooltip_width_tablet=\u00a0\u00bb200&Prime; tooltip_width_phone=\u00a0\u00bb200&Prime; menu_item_distance_tablet=\u00a0\u00bb0px\u00a0\u00bb menu_item_distance_phone=\u00a0\u00bb30px\u00a0\u00bb menu_item_distance_last_edited=\u00a0\u00bbon|phone\u00a0\u00bb item_padding_tablet=\u00a0\u00bb12px\u00a0\u00bb item_padding_phone=\u00a0\u00bb10px\u00a0\u00bb item_padding_last_edited=\u00a0\u00bbon|tablet\u00a0\u00bb disabled_on=\u00a0\u00bbon|off|off\u00a0\u00bb admin_label=\u00a0\u00bbDiviMenus\u00a0\u00bb _builder_version=\u00a0\u00bb4.20.2&Prime; _module_preset=\u00a0\u00bbdefault\u00a0\u00bb custom_padding=\u00a0\u00bb|||30%|false|false\u00a0\u00bb custom_padding_tablet=\u00a0\u00bb|||1%|false|false\u00a0\u00bb custom_padding_phone=\u00a0\u00bb|||1%|false|false\u00a0\u00bb custom_padding_last_edited=\u00a0\u00bbon|tablet\u00a0\u00bb tooltip_font_size_tablet=\u00a0\u00bb15px\u00a0\u00bb tooltip_font_size_phone=\u00a0\u00bb13px\u00a0\u00bb tooltip_font_size_last_edited=\u00a0\u00bbon|tablet\u00a0\u00bb background_last_edited=\u00a0\u00bboff|phone\u00a0\u00bb saved_tabs=\u00a0\u00bball\u00a0\u00bb global_colors_info=\u00a0\u00bb{}\u00a0\u00bb menu_item_circle_color__hover_enabled=\u00a0\u00bbon|hover\u00a0\u00bb menu_item_circle_color__hover=\u00a0\u00bbRGBA(255,255,255,0)\u00a0\u00bb menu_item_icon_color__hover_enabled=\u00a0\u00bbon|desktop\u00a0\u00bb menu_item_icon_color__hover=\u00a0\u00bb#E09900&Prime; central_item_image_height=\u00a0\u00bb66&Prime; central_item_image_height_t=\u00a0\u00bb140&Prime; central_item_image_height_p=\u00a0\u00bb80&Prime;][et_pb_divimenus_item title=\u00a0\u00bbSection-1&Prime; item_font_icon=\u00a0\u00bb&#xf111;||fa||900&Prime; url=\u00a0\u00bb#section-1&Prime; active_url=\u00a0\u00bbon\u00a0\u00bb title_position_tablet=\u00a0\u00bbinherit\u00a0\u00bb title_position_phone=\u00a0\u00bbinherit\u00a0\u00bb _builder_version=\u00a0\u00bb4.20.0&Prime; global_colors_info=\u00a0\u00bb{}\u00a0\u00bb disable_items=\u00a0\u00bboff\u00a0\u00bb menu_item_font_icon=\u00a0\u00bb%%43%%\u00a0\u00bb menu_item_image=\u00a0\u00bbdata:image\/svg+xml;base64,PHN2ZyB3aWR0aD0iNTQwIiBoZWlnaHQ9IjU0MCIgdmlld0JveD0iMCAwIDU0MCA1NDAiIHhtbG5zPSJodHRwOi8vd3d3LnczLm9yZy8yMDAwL3N2ZyI+CiAgICA8ZyBmaWxsPSJub25lIiBmaWxsLXJ1bGU9ImV2ZW5vZGQiPgogICAgICAgIDxwYXRoIGZpbGw9IiNFQkVCRUIiIGQ9Ik0wIDBoMTA4MHY1NDBIMHoiLz4KICAgICAgICA8cGF0aCBkPSJNNDQ1LjY0OSA1NDBoLTk4Ljk5NUwxNDQuNjQ5IDMzNy45OTUgMCA0ODIuNjQ0di05OC45OTVsMTE2LjM2NS0xMTYuMzY1YzE1LjYyLTE1LjYyIDQwLjk0Ny0xNS42MiA1Ni41NjggMEw0NDUuNjUgNTQweiIgZmlsbC1vcGFjaXR5PSIuMSIgZmlsbD0iIzAwMCIgZmlsbC1ydWxlPSJub256ZXJvIi8+CiAgICAgICAgPGNpcmNsZSBmaWxsLW9wYWNpdHk9Ii4wNSIgZmlsbD0iIzAwMCIgY3g9IjMzMSIgY3k9IjE0OCIgcj0iNzAiLz4KICAgICAgICA8cGF0aCBkPSJNMTA4MCAzNzl2MTEzLjEzN0w3MjguMTYyIDE0MC4zIDMyOC40NjIgNTQwSDIxNS4zMjRMNjk5Ljg3OCA1NS40NDZjMTUuNjItMTUuNjIgNDAuOTQ4LTE1LjYyIDU2LjU2OCAwTDEwODAgMzc5eiIgZmlsbC1vcGFjaXR5PSIuMiIgZmlsbD0iIzAwMCIgZmlsbC1ydWxlPSJub256ZXJvIi8+CiAgICA8L2c+Cjwvc3ZnPgo=\u00a0\u00bb menu_item_show_title=\u00a0\u00bboff\u00a0\u00bb menu_item_equal_size=\u00a0\u00bbon\u00a0\u00bb menu_item_select=\u00a0\u00bbicon_option\u00a0\u00bb menu_item_use_border=\u00a0\u00bboff\u00a0\u00bb title_clickable=\u00a0\u00bboff\u00a0\u00bb tooltip_use_background=\u00a0\u00bboff\u00a0\u00bb tooltip_behavior=\u00a0\u00bbhover\u00a0\u00bb child_order=\u00a0\u00bb0&Prime; item_padding_lr=\u00a0\u00bb9&Prime; item_padding_tb=\u00a0\u00bb9&Prime; item_padding_lr_t=\u00a0\u00bb12&Prime; item_padding_tb_t=\u00a0\u00bb12&Prime; item_padding_lr_p=\u00a0\u00bb10&Prime; item_padding_tb_p=\u00a0\u00bb10&Prime;][\/et_pb_divimenus_item][et_pb_divimenus_item title=\u00a0\u00bbSection-2&Prime; item_font_icon=\u00a0\u00bb&#xf111;||fa||900&Prime; url=\u00a0\u00bb#section-2&Prime; active_url=\u00a0\u00bbon\u00a0\u00bb title_position_tablet=\u00a0\u00bbinherit\u00a0\u00bb title_position_phone=\u00a0\u00bbinherit\u00a0\u00bb _builder_version=\u00a0\u00bb4.20.0&Prime; global_colors_info=\u00a0\u00bb{}\u00a0\u00bb disable_items=\u00a0\u00bboff\u00a0\u00bb menu_item_font_icon=\u00a0\u00bb%%43%%\u00a0\u00bb menu_item_image=\u00a0\u00bbdata:image\/svg+xml;base64,PHN2ZyB3aWR0aD0iNTQwIiBoZWlnaHQ9IjU0MCIgdmlld0JveD0iMCAwIDU0MCA1NDAiIHhtbG5zPSJodHRwOi8vd3d3LnczLm9yZy8yMDAwL3N2ZyI+CiAgICA8ZyBmaWxsPSJub25lIiBmaWxsLXJ1bGU9ImV2ZW5vZGQiPgogICAgICAgIDxwYXRoIGZpbGw9IiNFQkVCRUIiIGQ9Ik0wIDBoMTA4MHY1NDBIMHoiLz4KICAgICAgICA8cGF0aCBkPSJNNDQ1LjY0OSA1NDBoLTk4Ljk5NUwxNDQuNjQ5IDMzNy45OTUgMCA0ODIuNjQ0di05OC45OTVsMTE2LjM2NS0xMTYuMzY1YzE1LjYyLTE1LjYyIDQwLjk0Ny0xNS42MiA1Ni41NjggMEw0NDUuNjUgNTQweiIgZmlsbC1vcGFjaXR5PSIuMSIgZmlsbD0iIzAwMCIgZmlsbC1ydWxlPSJub256ZXJvIi8+CiAgICAgICAgPGNpcmNsZSBmaWxsLW9wYWNpdHk9Ii4wNSIgZmlsbD0iIzAwMCIgY3g9IjMzMSIgY3k9IjE0OCIgcj0iNzAiLz4KICAgICAgICA8cGF0aCBkPSJNMTA4MCAzNzl2MTEzLjEzN0w3MjguMTYyIDE0MC4zIDMyOC40NjIgNTQwSDIxNS4zMjRMNjk5Ljg3OCA1NS40NDZjMTUuNjItMTUuNjIgNDAuOTQ4LTE1LjYyIDU2LjU2OCAwTDEwODAgMzc5eiIgZmlsbC1vcGFjaXR5PSIuMiIgZmlsbD0iIzAwMCIgZmlsbC1ydWxlPSJub256ZXJvIi8+CiAgICA8L2c+Cjwvc3ZnPgo=\u00a0\u00bb menu_item_show_title=\u00a0\u00bboff\u00a0\u00bb menu_item_equal_size=\u00a0\u00bbon\u00a0\u00bb menu_item_select=\u00a0\u00bbicon_option\u00a0\u00bb menu_item_use_border=\u00a0\u00bboff\u00a0\u00bb title_clickable=\u00a0\u00bboff\u00a0\u00bb tooltip_use_background=\u00a0\u00bboff\u00a0\u00bb tooltip_behavior=\u00a0\u00bbhover\u00a0\u00bb child_order=\u00a0\u00bb1&Prime; item_padding_lr=\u00a0\u00bb9&Prime; item_padding_tb=\u00a0\u00bb9&Prime; item_padding_lr_t=\u00a0\u00bb12&Prime; item_padding_tb_t=\u00a0\u00bb12&Prime; item_padding_lr_p=\u00a0\u00bb10&Prime; item_padding_tb_p=\u00a0\u00bb10&Prime;][\/et_pb_divimenus_item][et_pb_divimenus_item title=\u00a0\u00bbSection-3&Prime; item_font_icon=\u00a0\u00bb&#xf111;||fa||900&Prime; url=\u00a0\u00bb#section-3&Prime; active_url=\u00a0\u00bbon\u00a0\u00bb title_position_tablet=\u00a0\u00bbinherit\u00a0\u00bb title_position_phone=\u00a0\u00bbinherit\u00a0\u00bb _builder_version=\u00a0\u00bb4.20.0&Prime; global_colors_info=\u00a0\u00bb{}\u00a0\u00bb disable_items=\u00a0\u00bboff\u00a0\u00bb menu_item_font_icon=\u00a0\u00bb%%43%%\u00a0\u00bb menu_item_image=\u00a0\u00bbdata:image\/svg+xml;base64,PHN2ZyB3aWR0aD0iNTQwIiBoZWlnaHQ9IjU0MCIgdmlld0JveD0iMCAwIDU0MCA1NDAiIHhtbG5zPSJodHRwOi8vd3d3LnczLm9yZy8yMDAwL3N2ZyI+CiAgICA8ZyBmaWxsPSJub25lIiBmaWxsLXJ1bGU9ImV2ZW5vZGQiPgogICAgICAgIDxwYXRoIGZpbGw9IiNFQkVCRUIiIGQ9Ik0wIDBoMTA4MHY1NDBIMHoiLz4KICAgICAgICA8cGF0aCBkPSJNNDQ1LjY0OSA1NDBoLTk4Ljk5NUwxNDQuNjQ5IDMzNy45OTUgMCA0ODIuNjQ0di05OC45OTVsMTE2LjM2NS0xMTYuMzY1YzE1LjYyLTE1LjYyIDQwLjk0Ny0xNS42MiA1Ni41NjggMEw0NDUuNjUgNTQweiIgZmlsbC1vcGFjaXR5PSIuMSIgZmlsbD0iIzAwMCIgZmlsbC1ydWxlPSJub256ZXJvIi8+CiAgICAgICAgPGNpcmNsZSBmaWxsLW9wYWNpdHk9Ii4wNSIgZmlsbD0iIzAwMCIgY3g9IjMzMSIgY3k9IjE0OCIgcj0iNzAiLz4KICAgICAgICA8cGF0aCBkPSJNMTA4MCAzNzl2MTEzLjEzN0w3MjguMTYyIDE0MC4zIDMyOC40NjIgNTQwSDIxNS4zMjRMNjk5Ljg3OCA1NS40NDZjMTUuNjItMTUuNjIgNDAuOTQ4LTE1LjYyIDU2LjU2OCAwTDEwODAgMzc5eiIgZmlsbC1vcGFjaXR5PSIuMiIgZmlsbD0iIzAwMCIgZmlsbC1ydWxlPSJub256ZXJvIi8+CiAgICA8L2c+Cjwvc3ZnPgo=\u00a0\u00bb menu_item_show_title=\u00a0\u00bboff\u00a0\u00bb menu_item_equal_size=\u00a0\u00bbon\u00a0\u00bb menu_item_select=\u00a0\u00bbicon_option\u00a0\u00bb menu_item_use_border=\u00a0\u00bboff\u00a0\u00bb title_clickable=\u00a0\u00bboff\u00a0\u00bb tooltip_use_background=\u00a0\u00bboff\u00a0\u00bb tooltip_behavior=\u00a0\u00bbhover\u00a0\u00bb child_order=\u00a0\u00bb2&Prime; item_padding_lr=\u00a0\u00bb9&Prime; item_padding_tb=\u00a0\u00bb9&Prime; item_padding_lr_t=\u00a0\u00bb12&Prime; item_padding_tb_t=\u00a0\u00bb12&Prime; item_padding_lr_p=\u00a0\u00bb10&Prime; item_padding_tb_p=\u00a0\u00bb10&Prime;][\/et_pb_divimenus_item][et_pb_divimenus_item title=\u00a0\u00bbSection-4&Prime; item_font_icon=\u00a0\u00bb&#xf111;||fa||900&Prime; url=\u00a0\u00bb#section-4&Prime; active_url=\u00a0\u00bbon\u00a0\u00bb title_position_tablet=\u00a0\u00bbinherit\u00a0\u00bb title_position_phone=\u00a0\u00bbinherit\u00a0\u00bb _builder_version=\u00a0\u00bb4.20.0&Prime; global_colors_info=\u00a0\u00bb{}\u00a0\u00bb disable_items=\u00a0\u00bboff\u00a0\u00bb menu_item_font_icon=\u00a0\u00bb%%43%%\u00a0\u00bb menu_item_image=\u00a0\u00bbdata:image\/svg+xml;base64,PHN2ZyB3aWR0aD0iNTQwIiBoZWlnaHQ9IjU0MCIgdmlld0JveD0iMCAwIDU0MCA1NDAiIHhtbG5zPSJodHRwOi8vd3d3LnczLm9yZy8yMDAwL3N2ZyI+CiAgICA8ZyBmaWxsPSJub25lIiBmaWxsLXJ1bGU9ImV2ZW5vZGQiPgogICAgICAgIDxwYXRoIGZpbGw9IiNFQkVCRUIiIGQ9Ik0wIDBoMTA4MHY1NDBIMHoiLz4KICAgICAgICA8cGF0aCBkPSJNNDQ1LjY0OSA1NDBoLTk4Ljk5NUwxNDQuNjQ5IDMzNy45OTUgMCA0ODIuNjQ0di05OC45OTVsMTE2LjM2NS0xMTYuMzY1YzE1LjYyLTE1LjYyIDQwLjk0Ny0xNS42MiA1Ni41NjggMEw0NDUuNjUgNTQweiIgZmlsbC1vcGFjaXR5PSIuMSIgZmlsbD0iIzAwMCIgZmlsbC1ydWxlPSJub256ZXJvIi8+CiAgICAgICAgPGNpcmNsZSBmaWxsLW9wYWNpdHk9Ii4wNSIgZmlsbD0iIzAwMCIgY3g9IjMzMSIgY3k9IjE0OCIgcj0iNzAiLz4KICAgICAgICA8cGF0aCBkPSJNMTA4MCAzNzl2MTEzLjEzN0w3MjguMTYyIDE0MC4zIDMyOC40NjIgNTQwSDIxNS4zMjRMNjk5Ljg3OCA1NS40NDZjMTUuNjItMTUuNjIgNDAuOTQ4LTE1LjYyIDU2LjU2OCAwTDEwODAgMzc5eiIgZmlsbC1vcGFjaXR5PSIuMiIgZmlsbD0iIzAwMCIgZmlsbC1ydWxlPSJub256ZXJvIi8+CiAgICA8L2c+Cjwvc3ZnPgo=\u00a0\u00bb menu_item_show_title=\u00a0\u00bboff\u00a0\u00bb menu_item_equal_size=\u00a0\u00bbon\u00a0\u00bb menu_item_select=\u00a0\u00bbicon_option\u00a0\u00bb menu_item_use_border=\u00a0\u00bboff\u00a0\u00bb title_clickable=\u00a0\u00bboff\u00a0\u00bb tooltip_use_background=\u00a0\u00bboff\u00a0\u00bb tooltip_behavior=\u00a0\u00bbhover\u00a0\u00bb child_order=\u00a0\u00bb3&Prime; item_padding_lr=\u00a0\u00bb9&Prime; item_padding_tb=\u00a0\u00bb9&Prime; item_padding_lr_t=\u00a0\u00bb12&Prime; item_padding_tb_t=\u00a0\u00bb12&Prime; item_padding_lr_p=\u00a0\u00bb10&Prime; item_padding_tb_p=\u00a0\u00bb10&Prime;][\/et_pb_divimenus_item][et_pb_divimenus_item title=\u00a0\u00bbSection-5&Prime; item_font_icon=\u00a0\u00bb&#xf111;||fa||900&Prime; url=\u00a0\u00bb#section-5&Prime; active_url=\u00a0\u00bbon\u00a0\u00bb title_position_tablet=\u00a0\u00bbinherit\u00a0\u00bb title_position_phone=\u00a0\u00bbinherit\u00a0\u00bb _builder_version=\u00a0\u00bb4.20.0&Prime; global_colors_info=\u00a0\u00bb{}\u00a0\u00bb disable_items=\u00a0\u00bboff\u00a0\u00bb menu_item_font_icon=\u00a0\u00bb%%43%%\u00a0\u00bb menu_item_image=\u00a0\u00bbdata:image\/svg+xml;base64,PHN2ZyB3aWR0aD0iNTQwIiBoZWlnaHQ9IjU0MCIgdmlld0JveD0iMCAwIDU0MCA1NDAiIHhtbG5zPSJodHRwOi8vd3d3LnczLm9yZy8yMDAwL3N2ZyI+CiAgICA8ZyBmaWxsPSJub25lIiBmaWxsLXJ1bGU9ImV2ZW5vZGQiPgogICAgICAgIDxwYXRoIGZpbGw9IiNFQkVCRUIiIGQ9Ik0wIDBoMTA4MHY1NDBIMHoiLz4KICAgICAgICA8cGF0aCBkPSJNNDQ1LjY0OSA1NDBoLTk4Ljk5NUwxNDQuNjQ5IDMzNy45OTUgMCA0ODIuNjQ0di05OC45OTVsMTE2LjM2NS0xMTYuMzY1YzE1LjYyLTE1LjYyIDQwLjk0Ny0xNS42MiA1Ni41NjggMEw0NDUuNjUgNTQweiIgZmlsbC1vcGFjaXR5PSIuMSIgZmlsbD0iIzAwMCIgZmlsbC1ydWxlPSJub256ZXJvIi8+CiAgICAgICAgPGNpcmNsZSBmaWxsLW9wYWNpdHk9Ii4wNSIgZmlsbD0iIzAwMCIgY3g9IjMzMSIgY3k9IjE0OCIgcj0iNzAiLz4KICAgICAgICA8cGF0aCBkPSJNMTA4MCAzNzl2MTEzLjEzN0w3MjguMTYyIDE0MC4zIDMyOC40NjIgNTQwSDIxNS4zMjRMNjk5Ljg3OCA1NS40NDZjMTUuNjItMTUuNjIgNDAuOTQ4LTE1LjYyIDU2LjU2OCAwTDEwODAgMzc5eiIgZmlsbC1vcGFjaXR5PSIuMiIgZmlsbD0iIzAwMCIgZmlsbC1ydWxlPSJub256ZXJvIi8+CiAgICA8L2c+Cjwvc3ZnPgo=\u00a0\u00bb menu_item_show_title=\u00a0\u00bboff\u00a0\u00bb menu_item_equal_size=\u00a0\u00bbon\u00a0\u00bb menu_item_select=\u00a0\u00bbicon_option\u00a0\u00bb menu_item_use_border=\u00a0\u00bboff\u00a0\u00bb title_clickable=\u00a0\u00bboff\u00a0\u00bb tooltip_use_background=\u00a0\u00bboff\u00a0\u00bb tooltip_behavior=\u00a0\u00bbhover\u00a0\u00bb child_order=\u00a0\u00bb4&Prime; item_padding_lr=\u00a0\u00bb9&Prime; item_padding_tb=\u00a0\u00bb9&Prime; item_padding_lr_t=\u00a0\u00bb12&Prime; item_padding_tb_t=\u00a0\u00bb12&Prime; item_padding_lr_p=\u00a0\u00bb10&Prime; item_padding_tb_p=\u00a0\u00bb10&Prime;][\/et_pb_divimenus_item][\/et_pb_divimenus][\/et_pb_column][\/et_pb_row][\/et_pb_section]<\/p>\n","protected":false},"excerpt":{"rendered":"<p>\u00c0 propos d&rsquo;Autisme EnsembleAutisme Ensemble est une communaut\u00e9 en ligne s\u00e9curitaire, confidentielle et anonyme qui accueille des personnes concern\u00e9es par l\u2019autisme. Elle est destin\u00e9e aux personnes autistes elles-m\u00eames, \u00e0 leurs parents, ainsi qu&rsquo;\u00e0 leurs proches aidants. La communaut\u00e9 leur fournit un espace pour se retrouver entre elles afin de d\u00e9velopper des liens avec d\u2019autres personnes [&hellip;]<\/p>\n","protected":false},"author":1,"featured_media":0,"parent":0,"menu_order":0,"comment_status":"closed","ping_status":"closed","template":"","meta":{"_et_pb_use_builder":"on","_et_pb_old_content":"","_et_gb_content_width":""},"yoast_head":"<!-- This site is optimized with the Yoast SEO plugin v20.8 - https:\/\/yoast.com\/wordpress\/plugins\/seo\/ -->\n<title>\u00c0 propos - Staging - Autisme Ensemble<\/title>\n<meta name=\"robots\" content=\"noindex, follow, max-snippet:-1, max-image-preview:large, max-video-preview:-1\" \/>\n<meta property=\"og:locale\" content=\"fr_FR\" \/>\n<meta property=\"og:type\" content=\"article\" \/>\n<meta property=\"og:title\" content=\"\u00c0 propos - Staging - Autisme Ensemble\" \/>\n<meta property=\"og:description\" content=\"\u00c0 propos d&#039;Autisme EnsembleAutisme Ensemble est une communaut\u00e9 en ligne s\u00e9curitaire, confidentielle et anonyme qui accueille des personnes concern\u00e9es par l\u2019autisme. Elle est destin\u00e9e aux personnes autistes elles-m\u00eames, \u00e0 leurs parents, ainsi qu&#039;\u00e0 leurs proches aidants. La communaut\u00e9 leur fournit un espace pour se retrouver entre elles afin de d\u00e9velopper des liens avec d\u2019autres personnes [&hellip;]\" \/>\n<meta property=\"og:url\" content=\"https:\/\/autisme-ensemble.org\/staging\/a-propos\/\" \/>\n<meta property=\"og:site_name\" content=\"Staging - Autisme Ensemble\" \/>\n<meta property=\"article:modified_time\" content=\"2023-05-25T21:29:21+00:00\" \/>\n<meta name=\"twitter:card\" content=\"summary_large_image\" \/>\n<script type=\"application\/ld+json\" class=\"yoast-schema-graph\">{\"@context\":\"https:\/\/schema.org\",\"@graph\":[{\"@type\":\"WebPage\",\"@id\":\"https:\/\/autisme-ensemble.org\/staging\/a-propos\/\",\"url\":\"https:\/\/autisme-ensemble.org\/staging\/a-propos\/\",\"name\":\"\u00c0 propos - Staging - Autisme Ensemble\",\"isPartOf\":{\"@id\":\"https:\/\/autisme-ensemble.org\/staging\/#website\"},\"datePublished\":\"2023-03-14T17:10:37+00:00\",\"dateModified\":\"2023-05-25T21:29:21+00:00\",\"breadcrumb\":{\"@id\":\"https:\/\/autisme-ensemble.org\/staging\/a-propos\/#breadcrumb\"},\"inLanguage\":\"fr-FR\",\"potentialAction\":[{\"@type\":\"ReadAction\",\"target\":[\"https:\/\/autisme-ensemble.org\/staging\/a-propos\/\"]}]},{\"@type\":\"BreadcrumbList\",\"@id\":\"https:\/\/autisme-ensemble.org\/staging\/a-propos\/#breadcrumb\",\"itemListElement\":[{\"@type\":\"ListItem\",\"position\":1,\"name\":\"Accueil\",\"item\":\"https:\/\/autisme-ensemble.org\/staging\/\"},{\"@type\":\"ListItem\",\"position\":2,\"name\":\"\u00c0 propos\"}]},{\"@type\":\"WebSite\",\"@id\":\"https:\/\/autisme-ensemble.org\/staging\/#website\",\"url\":\"https:\/\/autisme-ensemble.org\/staging\/\",\"name\":\"Staging - Autisme Ensemble\",\"description\":\"Autisme Ensemble\",\"potentialAction\":[{\"@type\":\"SearchAction\",\"target\":{\"@type\":\"EntryPoint\",\"urlTemplate\":\"https:\/\/autisme-ensemble.org\/staging\/?s={search_term_string}\"},\"query-input\":\"required name=search_term_string\"}],\"inLanguage\":\"fr-FR\"}]}<\/script>\n<!-- \/ Yoast SEO plugin. -->","yoast_head_json":{"title":"\u00c0 propos - Staging - Autisme Ensemble","robots":{"index":"noindex","follow":"follow","max-snippet":"max-snippet:-1","max-image-preview":"max-image-preview:large","max-video-preview":"max-video-preview:-1"},"og_locale":"fr_FR","og_type":"article","og_title":"\u00c0 propos - Staging - Autisme Ensemble","og_description":"\u00c0 propos d'Autisme EnsembleAutisme Ensemble est une communaut\u00e9 en ligne s\u00e9curitaire, confidentielle et anonyme qui accueille des personnes concern\u00e9es par l\u2019autisme. Elle est destin\u00e9e aux personnes autistes elles-m\u00eames, \u00e0 leurs parents, ainsi qu'\u00e0 leurs proches aidants. La communaut\u00e9 leur fournit un espace pour se retrouver entre elles afin de d\u00e9velopper des liens avec d\u2019autres personnes [&hellip;]","og_url":"https:\/\/autisme-ensemble.org\/staging\/a-propos\/","og_site_name":"Staging - Autisme Ensemble","article_modified_time":"2023-05-25T21:29:21+00:00","twitter_card":"summary_large_image","schema":{"@context":"https:\/\/schema.org","@graph":[{"@type":"WebPage","@id":"https:\/\/autisme-ensemble.org\/staging\/a-propos\/","url":"https:\/\/autisme-ensemble.org\/staging\/a-propos\/","name":"\u00c0 propos - Staging - Autisme Ensemble","isPartOf":{"@id":"https:\/\/autisme-ensemble.org\/staging\/#website"},"datePublished":"2023-03-14T17:10:37+00:00","dateModified":"2023-05-25T21:29:21+00:00","breadcrumb":{"@id":"https:\/\/autisme-ensemble.org\/staging\/a-propos\/#breadcrumb"},"inLanguage":"fr-FR","potentialAction":[{"@type":"ReadAction","target":["https:\/\/autisme-ensemble.org\/staging\/a-propos\/"]}]},{"@type":"BreadcrumbList","@id":"https:\/\/autisme-ensemble.org\/staging\/a-propos\/#breadcrumb","itemListElement":[{"@type":"ListItem","position":1,"name":"Accueil","item":"https:\/\/autisme-ensemble.org\/staging\/"},{"@type":"ListItem","position":2,"name":"\u00c0 propos"}]},{"@type":"WebSite","@id":"https:\/\/autisme-ensemble.org\/staging\/#website","url":"https:\/\/autisme-ensemble.org\/staging\/","name":"Staging - Autisme Ensemble","description":"Autisme Ensemble","potentialAction":[{"@type":"SearchAction","target":{"@type":"EntryPoint","urlTemplate":"https:\/\/autisme-ensemble.org\/staging\/?s={search_term_string}"},"query-input":"required name=search_term_string"}],"inLanguage":"fr-FR"}]}},"_links":{"self":[{"href":"https:\/\/autisme-ensemble.org\/staging\/wp-json\/wp\/v2\/pages\/54785"}],"collection":[{"href":"https:\/\/autisme-ensemble.org\/staging\/wp-json\/wp\/v2\/pages"}],"about":[{"href":"https:\/\/autisme-ensemble.org\/staging\/wp-json\/wp\/v2\/types\/page"}],"author":[{"embeddable":true,"href":"https:\/\/autisme-ensemble.org\/staging\/wp-json\/wp\/v2\/users\/1"}],"replies":[{"embeddable":true,"href":"https:\/\/autisme-ensemble.org\/staging\/wp-json\/wp\/v2\/comments?post=54785"}],"version-history":[{"count":65,"href":"https:\/\/autisme-ensemble.org\/staging\/wp-json\/wp\/v2\/pages\/54785\/revisions"}],"predecessor-version":[{"id":56700,"href":"https:\/\/autisme-ensemble.org\/staging\/wp-json\/wp\/v2\/pages\/54785\/revisions\/56700"}],"wp:attachment":[{"href":"https:\/\/autisme-ensemble.org\/staging\/wp-json\/wp\/v2\/media?parent=54785"}],"curies":[{"name":"wp","href":"https:\/\/api.w.org\/{rel}","templated":true}]}}