{"id":55408,"date":"2023-03-09T22:30:39","date_gmt":"2023-03-09T22:30:39","guid":{"rendered":"http:\/\/autisme-ensemble.org\/staging\/?page_id=55408"},"modified":"2023-05-25T20:40:31","modified_gmt":"2023-05-25T20:40:31","slug":"soutien-entre-pairs","status":"publish","type":"page","link":"https:\/\/autisme-ensemble.org\/staging\/soutien-entre-pairs\/","title":{"rendered":"Soutien entre pairs"},"content":{"rendered":"<p>[et_pb_section fb_built=\u00a0\u00bb1&Prime; custom_padding_last_edited=\u00a0\u00bbon|phone\u00a0\u00bb module_id=\u00a0\u00bbsection-1&Prime; _builder_version=\u00a0\u00bb4.20.4&Prime; _module_preset=\u00a0\u00bbdefault\u00a0\u00bb background_color=\u00a0\u00bb#FAF6EA\u00a0\u00bb background_enable_image=\u00a0\u00bboff\u00a0\u00bb background_size=\u00a0\u00bbcontain\u00a0\u00bb background_position=\u00a0\u00bbcenter_left\u00a0\u00bb background_horizontal_offset=\u00a0\u00bb21%\u00a0\u00bb custom_margin=\u00a0\u00bb||0px||false|false\u00a0\u00bb custom_padding=\u00a0\u00bb15vh||140px||false|false\u00a0\u00bb custom_padding_tablet=\u00a0\u00bb60px||60px||true|false\u00a0\u00bb custom_padding_phone=\u00a0\u00bb50px||50px||true|false\u00a0\u00bb animation_style=\u00a0\u00bbfade\u00a0\u00bb animation_duration=\u00a0\u00bb400ms\u00a0\u00bb global_colors_info=\u00a0\u00bb{}\u00a0\u00bb][et_pb_row column_structure=\u00a0\u00bb2_5,3_5&Prime; use_custom_gutter=\u00a0\u00bbon\u00a0\u00bb gutter_width=\u00a0\u00bb1&Prime; _builder_version=\u00a0\u00bb4.21.0&Prime; _module_preset=\u00a0\u00bbdefault\u00a0\u00bb custom_margin=\u00a0\u00bb0px||0px||false|false\u00a0\u00bb custom_padding=\u00a0\u00bb0px||0px||false|false\u00a0\u00bb global_colors_info=\u00a0\u00bb{}\u00a0\u00bb][et_pb_column type=\u00a0\u00bb2_5&Prime; _builder_version=\u00a0\u00bb4.17.4&Prime; _module_preset=\u00a0\u00bbdefault\u00a0\u00bb custom_padding=\u00a0\u00bb43px||||false|false\u00a0\u00bb custom_padding_tablet=\u00a0\u00bb0px||||false|false\u00a0\u00bb custom_padding_phone=\u00a0\u00bb0px||||false|false\u00a0\u00bb custom_padding_last_edited=\u00a0\u00bbon|phone\u00a0\u00bb global_colors_info=\u00a0\u00bb{}\u00a0\u00bb][et_pb_text _builder_version=\u00a0\u00bb4.20.2&Prime; _module_preset=\u00a0\u00bb5852915d-5b3f-435e-a3a7-0bc73fc5f651&Prime; max_width=\u00a0\u00bb500px\u00a0\u00bb global_colors_info=\u00a0\u00bb{}\u00a0\u00bb]<\/p>\n<h1>Soutien entre personnes autistes<\/h1>\n<p>[\/et_pb_text][et_pb_text _builder_version=\u00a0\u00bb4.21.0&Prime; _module_preset=\u00a0\u00bbdefault\u00a0\u00bb global_colors_info=\u00a0\u00bb{}\u00a0\u00bb]<\/p>\n<p>Autisme Ensemble vous offre des espaces s\u00e9curitaires et bienveillants con\u00e7us par et pour les jeunes et les adultes autistes :<\/p>\n<ul><\/ul>\n<p>[\/et_pb_text][et_pb_text _builder_version=\u00a0\u00bb4.21.0&Prime; _module_preset=\u00a0\u00bbdefault\u00a0\u00bb custom_margin=\u00a0\u00bb-11px||||false|false\u00a0\u00bb global_colors_info=\u00a0\u00bb{}\u00a0\u00bb]<\/p>\n<ul>\n<li>La communaut\u00e9 en ligne<\/li>\n<li>Des groupes de soutien<\/li>\n<li>Du mentorat<\/li>\n<\/ul>\n<p>Dans ces espaces, vous pouvez discuter de vos exp\u00e9riences en tant que personne autiste dans l\u2019acceptation et le respect.<\/p>\n<p>Nous offrons \u00e9galement de la formation pour devenir mentor.<\/p>\n<p>[\/et_pb_text][\/et_pb_column][et_pb_column type=\u00a0\u00bb3_5&Prime; _builder_version=\u00a0\u00bb4.20.4&Prime; _module_preset=\u00a0\u00bbdefault\u00a0\u00bb custom_padding=\u00a0\u00bb60px||||false|false\u00a0\u00bb custom_padding_tablet=\u00a0\u00bb50px||||false|false\u00a0\u00bb custom_padding_phone=\u00a0\u00bb30px||||false|false\u00a0\u00bb custom_padding_last_edited=\u00a0\u00bbon|tablet\u00a0\u00bb global_colors_info=\u00a0\u00bb{}\u00a0\u00bb][et_pb_image src=\u00a0\u00bbhttp:\/\/autisme-ensemble.org\/staging\/wp-content\/uploads\/2023\/03\/hero-personnes-autistes.png\u00a0\u00bb title_text=\u00a0\u00bbhero personnes autistes\u00a0\u00bb _builder_version=\u00a0\u00bb4.20.4&Prime; _module_preset=\u00a0\u00bbdefault\u00a0\u00bb width=\u00a0\u00bb89%\u00a0\u00bb width_tablet=\u00a0\u00bb69%\u00a0\u00bb width_phone=\u00a0\u00bb69%\u00a0\u00bb width_last_edited=\u00a0\u00bbon|desktop\u00a0\u00bb module_alignment=\u00a0\u00bbcenter\u00a0\u00bb global_colors_info=\u00a0\u00bb{}\u00a0\u00bb][\/et_pb_image][\/et_pb_column][\/et_pb_row][\/et_pb_section][et_pb_section fb_built=\u00a0\u00bb1&Prime; custom_padding_last_edited=\u00a0\u00bbon|phone\u00a0\u00bb module_id=\u00a0\u00bbsection-2&Prime; _builder_version=\u00a0\u00bb4.21.0&Prime; _module_preset=\u00a0\u00bbdefault\u00a0\u00bb background_enable_color=\u00a0\u00bboff\u00a0\u00bb use_background_color_gradient=\u00a0\u00bbon\u00a0\u00bb background_color_gradient_stops=\u00a0\u00bb#faf6ea 0%|#ffffff 100%\u00a0\u00bb background_enable_image=\u00a0\u00bboff\u00a0\u00bb background_size=\u00a0\u00bbcontain\u00a0\u00bb background_position=\u00a0\u00bbcenter_left\u00a0\u00bb background_horizontal_offset=\u00a0\u00bb21%\u00a0\u00bb overflow-x=\u00a0\u00bbhidden\u00a0\u00bb overflow-y=\u00a0\u00bbhidden\u00a0\u00bb custom_margin=\u00a0\u00bb||0px||false|false\u00a0\u00bb custom_padding=\u00a0\u00bb10vh||10vh||true|false\u00a0\u00bb custom_padding_tablet=\u00a0\u00bb60px||60px||true|false\u00a0\u00bb custom_padding_phone=\u00a0\u00bb50px||50px||true|false\u00a0\u00bb animation_style=\u00a0\u00bbfade\u00a0\u00bb animation_duration=\u00a0\u00bb400ms\u00a0\u00bb global_colors_info=\u00a0\u00bb{}\u00a0\u00bb][et_pb_row column_structure=\u00a0\u00bb2_5,3_5&Prime; use_custom_gutter=\u00a0\u00bbon\u00a0\u00bb gutter_width=\u00a0\u00bb2&Prime; _builder_version=\u00a0\u00bb4.21.0&Prime; _module_preset=\u00a0\u00bbdefault\u00a0\u00bb custom_margin=\u00a0\u00bb0px||0px||false|false\u00a0\u00bb custom_padding=\u00a0\u00bb0px||0px||false|false\u00a0\u00bb global_colors_info=\u00a0\u00bb{}\u00a0\u00bb][et_pb_column type=\u00a0\u00bb2_5&Prime; _builder_version=\u00a0\u00bb4.20.2&Prime; _module_preset=\u00a0\u00bbdefault\u00a0\u00bb custom_padding=\u00a0\u00bb0px||||false|false\u00a0\u00bb custom_padding_tablet=\u00a0\u00bb0px||||false|false\u00a0\u00bb custom_padding_phone=\u00a0\u00bb0px||||false|false\u00a0\u00bb custom_padding_last_edited=\u00a0\u00bbon|desktop\u00a0\u00bb global_colors_info=\u00a0\u00bb{}\u00a0\u00bb][et_pb_text _builder_version=\u00a0\u00bb4.20.2&Prime; _module_preset=\u00a0\u00bb835bcc22-c256-44d2-ab34-16bc32509427&Prime; max_width=\u00a0\u00bb500px\u00a0\u00bb global_colors_info=\u00a0\u00bb{}\u00a0\u00bb]<\/p>\n<h2>Groupes de soutien entre personnes autistes<\/h2>\n<p>[\/et_pb_text][et_pb_text _builder_version=\u00a0\u00bb4.21.0&Prime; _module_preset=\u00a0\u00bbdefault\u00a0\u00bb global_colors_info=\u00a0\u00bb{}\u00a0\u00bb]<\/p>\n<p>Si vous avez un diagnostic d\u2019autisme, Autisme Ensemble vous donne la possibilit\u00e9 de discuter en petit groupe avec d&rsquo;autres personnes autistes.<\/p>\n<p>Vous pouvez prendre part \u00e0 un groupe de soutien virtuel, structur\u00e9 et anim\u00e9 par des pairs aidants autistes form\u00e9s \u00e0 l\u2019universit\u00e9.<\/p>\n<p>Un groupe de soutien, c\u2019est un endroit s\u00e9curitaire pour \u00eatre soi-m\u00eame. La seule r\u00e8gle pour y participer est le respect.<\/p>\n<p>[\/et_pb_text][et_pb_button button_url=\u00a0\u00bbhttps:\/\/autismeensemble.smallworldlabs.com\/home\u00a0\u00bb button_text=\u00a0\u00bbEn savoir plus\u00a0\u00bb _builder_version=\u00a0\u00bb4.21.0&Prime; _module_preset=\u00a0\u00bbdefault\u00a0\u00bb custom_button=\u00a0\u00bbon\u00a0\u00bb button_text_size=\u00a0\u00bb15px\u00a0\u00bb button_text_color=\u00a0\u00bb#000000&Prime; button_bg_color=\u00a0\u00bb#F5ACBD\u00a0\u00bb button_border_width=\u00a0\u00bb0px\u00a0\u00bb button_border_radius=\u00a0\u00bb0px\u00a0\u00bb button_font=\u00a0\u00bb|800|||||||\u00a0\u00bb custom_padding=\u00a0\u00bb15px||15px||true|false\u00a0\u00bb custom_css_main_element=\u00a0\u00bbtext-align:left;\u00a0\u00bb global_colors_info=\u00a0\u00bb{}\u00a0\u00bb button_bg_color__hover_enabled=\u00a0\u00bbon|hover\u00a0\u00bb button_bg_color__hover=\u00a0\u00bb#B8E0D2&Prime; button_bg_enable_color__hover=\u00a0\u00bbon\u00a0\u00bb][\/et_pb_button][\/et_pb_column][et_pb_column type=\u00a0\u00bb3_5&Prime; _builder_version=\u00a0\u00bb4.20.4&Prime; _module_preset=\u00a0\u00bbdefault\u00a0\u00bb custom_padding=\u00a0\u00bb60px||||false|false\u00a0\u00bb custom_padding_tablet=\u00a0\u00bb||||false|false\u00a0\u00bb custom_padding_phone=\u00a0\u00bb||||false|false\u00a0\u00bb custom_padding_last_edited=\u00a0\u00bbon|desktop\u00a0\u00bb global_colors_info=\u00a0\u00bb{}\u00a0\u00bb][et_pb_image src=\u00a0\u00bbhttp:\/\/autisme-ensemble.org\/staging\/wp-content\/uploads\/2023\/04\/groupe-soutien-2.jpg\u00a0\u00bb title_text=\u00a0\u00bbgroupe-soutien-2&Prime; align_tablet=\u00a0\u00bbcenter\u00a0\u00bb align_phone=\u00a0\u00bbcenter\u00a0\u00bb align_last_edited=\u00a0\u00bbon|tablet\u00a0\u00bb disabled_on=\u00a0\u00bboff|off|off\u00a0\u00bb module_class=\u00a0\u00bbphoto-crop\u00a0\u00bb _builder_version=\u00a0\u00bb4.20.4&Prime; _module_preset=\u00a0\u00bbdefault\u00a0\u00bb width=\u00a0\u00bb1000px\u00a0\u00bb width_tablet=\u00a0\u00bbauto\u00a0\u00bb width_phone=\u00a0\u00bbauto\u00a0\u00bb width_last_edited=\u00a0\u00bbon|phone\u00a0\u00bb max_width=\u00a0\u00bb1000px\u00a0\u00bb max_width_tablet=\u00a0\u00bb100%\u00a0\u00bb max_width_phone=\u00a0\u00bb100%\u00a0\u00bb max_width_last_edited=\u00a0\u00bbon|tablet\u00a0\u00bb overflow-x=\u00a0\u00bbhidden\u00a0\u00bb overflow-y=\u00a0\u00bbhidden\u00a0\u00bb locked=\u00a0\u00bboff\u00a0\u00bb global_colors_info=\u00a0\u00bb{}\u00a0\u00bb][\/et_pb_image][\/et_pb_column][\/et_pb_row][\/et_pb_section][et_pb_section fb_built=\u00a0\u00bb1&Prime; custom_padding_last_edited=\u00a0\u00bbon|phone\u00a0\u00bb disabled_on=\u00a0\u00bboff|off|off\u00a0\u00bb module_id=\u00a0\u00bbsection-2&Prime; _builder_version=\u00a0\u00bb4.21.0&Prime; _module_preset=\u00a0\u00bbdefault\u00a0\u00bb background_enable_color=\u00a0\u00bboff\u00a0\u00bb use_background_color_gradient=\u00a0\u00bbon\u00a0\u00bb background_color_gradient_stops=\u00a0\u00bb#ffffff 0%|#eaf7f0 99%\u00a0\u00bb background_enable_image=\u00a0\u00bboff\u00a0\u00bb background_size=\u00a0\u00bbcontain\u00a0\u00bb background_position=\u00a0\u00bbcenter_left\u00a0\u00bb background_horizontal_offset=\u00a0\u00bb21%\u00a0\u00bb custom_margin=\u00a0\u00bb0px||0px||false|false\u00a0\u00bb custom_padding=\u00a0\u00bb10vh||10vh||true|false\u00a0\u00bb custom_padding_tablet=\u00a0\u00bb60px||60px||true|false\u00a0\u00bb custom_padding_phone=\u00a0\u00bb50px||50px||true|false\u00a0\u00bb animation_style=\u00a0\u00bbfade\u00a0\u00bb animation_duration=\u00a0\u00bb400ms\u00a0\u00bb global_colors_info=\u00a0\u00bb{}\u00a0\u00bb][et_pb_row column_structure=\u00a0\u00bb2_5,3_5&Prime; use_custom_gutter=\u00a0\u00bbon\u00a0\u00bb gutter_width=\u00a0\u00bb2&Prime; _builder_version=\u00a0\u00bb4.20.2&Prime; _module_preset=\u00a0\u00bbdefault\u00a0\u00bb custom_margin=\u00a0\u00bb0px||0px||false|false\u00a0\u00bb custom_padding=\u00a0\u00bb0px||0px||false|false\u00a0\u00bb global_colors_info=\u00a0\u00bb{}\u00a0\u00bb][et_pb_column type=\u00a0\u00bb2_5&Prime; _builder_version=\u00a0\u00bb4.20.2&Prime; _module_preset=\u00a0\u00bbdefault\u00a0\u00bb custom_padding=\u00a0\u00bb0px||||false|false\u00a0\u00bb custom_padding_tablet=\u00a0\u00bb0px||||false|false\u00a0\u00bb custom_padding_phone=\u00a0\u00bb0px||||false|false\u00a0\u00bb custom_padding_last_edited=\u00a0\u00bbon|desktop\u00a0\u00bb global_colors_info=\u00a0\u00bb{}\u00a0\u00bb][et_pb_text _builder_version=\u00a0\u00bb4.21.0&Prime; _module_preset=\u00a0\u00bba873b605-6cb9-4ef9-b748-9485f3f674d2&Prime; max_width=\u00a0\u00bb500px\u00a0\u00bb hover_enabled=\u00a0\u00bb0&Prime; global_colors_info=\u00a0\u00bb{}\u00a0\u00bb sticky_enabled=\u00a0\u00bb0&Prime;]<\/p>\n<h3>Comment se d\u00e9roulent les rencontres<\/h3>\n<p>[\/et_pb_text][et_pb_text _builder_version=\u00a0\u00bb4.20.4&Prime; _module_preset=\u00a0\u00bbdefault\u00a0\u00bb global_colors_info=\u00a0\u00bb{}\u00a0\u00bb]<\/p>\n<p>Le groupe se rencontre 8 fois de fa\u00e7on virtuelle, en Zoom.<br \/>Les rencontres ont lieu une fois par semaine, toujours le m\u00eame jour et \u00e0 la m\u00eame heure.<\/p>\n<p>Le groupe est compos\u00e9 d&rsquo;un maximum de 5 personnes r\u00e9parties selon leur \u00e2ge :<\/p>\n<p>[\/et_pb_text][et_pb_text _builder_version=\u00a0\u00bb4.21.0&Prime; _module_preset=\u00a0\u00bbdefault\u00a0\u00bb custom_margin=\u00a0\u00bb-11px||||false|false\u00a0\u00bb global_colors_info=\u00a0\u00bb{}\u00a0\u00bb]<\/p>\n<ul>\n<li>Groupe d\u2019ados \u00e0 partir de 12 ans.<\/li>\n<li>Groupe d\u2019adultes \u00e0 partir de 18 ans.<\/li>\n<\/ul>\n<p>Si les groupes de soutien vous int\u00e9ressent, dites-le-nous en remplissant le formulaire d\u2019inscription.<\/p>\n<p>En remplissant ce formulaire, vous nous permettrez de mieux conna\u00eetre vos attentes, vos int\u00e9r\u00eats, vos besoins d\u2019accommodement et toute autre information qui pourrait favoriser le d\u00e9roulement des groupes de soutien. Nous voulons que les groupes soient bien adapt\u00e9s \u00e0 vos besoins.<\/p>\n<p>[\/et_pb_text][\/et_pb_column][et_pb_column type=\u00a0\u00bb3_5&Prime; _builder_version=\u00a0\u00bb4.20.2&Prime; _module_preset=\u00a0\u00bbdefault\u00a0\u00bb custom_padding=\u00a0\u00bb60px||||false|false\u00a0\u00bb custom_padding_tablet=\u00a0\u00bb||||false|false\u00a0\u00bb custom_padding_phone=\u00a0\u00bb||||false|false\u00a0\u00bb custom_padding_last_edited=\u00a0\u00bbon|desktop\u00a0\u00bb global_colors_info=\u00a0\u00bb{}\u00a0\u00bb][et_pb_text _builder_version=\u00a0\u00bb4.21.0&Prime; _module_preset=\u00a0\u00bbdefault\u00a0\u00bb text_font=\u00a0\u00bb|700|||||||\u00a0\u00bb text_font_size=\u00a0\u00bb20px\u00a0\u00bb global_colors_info=\u00a0\u00bb{}\u00a0\u00bb]<\/p>\n<p>Formulaire d&rsquo;inscription<\/p>\n<p>[\/et_pb_text][et_pb_contact_form captcha=\u00a0\u00bboff\u00a0\u00bb email=\u00a0\u00bbcharline@lacliquedescomm.ca\u00a0\u00bb title=\u00a0\u00bbProgramme de groupes de soutien entre personnes autistes\u00a0\u00bb custom_message=\u00a0\u00bbCe message provient du||et_pb_line_break_holder||Formulaire d&rsquo;inscription du programme de groupes de soutien entre personnes autistes||et_pb_line_break_holder||||et_pb_line_break_holder||Pr\u00e9nom: %%prenom%%||et_pb_line_break_holder||Nom: %%prenom%%||et_pb_line_break_holder||||et_pb_line_break_holder||Pronom: %%pronoms%%||et_pb_line_break_holder||Courriel: %%courriel%%||et_pb_line_break_holder||||et_pb_line_break_holder||Attentes: %%attentes%%||et_pb_line_break_holder||Int\u00e9r\u00eats: %%interets%%||et_pb_line_break_holder||Besoins: %%besoin%%||et_pb_line_break_holder||Autres informations: %%autres%%||et_pb_line_break_holder||||et_pb_line_break_holder||D\u00e9claration: %%declaration%%||et_pb_line_break_holder||Date: %%date%%||et_pb_line_break_holder||Lieu: %%lieu%%||et_pb_line_break_holder||||et_pb_line_break_holder||Merci\u00a0\u00bb submit_button_text=\u00a0\u00bbM&rsquo;inscrire\u00a0\u00bb disabled_on=\u00a0\u00bboff|off|off\u00a0\u00bb _builder_version=\u00a0\u00bb4.21.0&Prime; _module_preset=\u00a0\u00bbdefault\u00a0\u00bb _unique_id=\u00a0\u00bb411206fe-b4ce-4f52-89e5-6e584079d376&Prime; form_field_background_color=\u00a0\u00bbrgba(233,181,134,0.29)\u00a0\u00bb form_field_text_color=\u00a0\u00bb#000000&Prime; title_font=\u00a0\u00bb|600|||||||\u00a0\u00bb title_font_size=\u00a0\u00bb20px\u00a0\u00bb title_line_height=\u00a0\u00bb1.2em\u00a0\u00bb form_field_font=\u00a0\u00bbArial||||||||\u00a0\u00bb custom_button=\u00a0\u00bbon\u00a0\u00bb button_text_size=\u00a0\u00bb16px\u00a0\u00bb button_text_color=\u00a0\u00bb#000000&Prime; button_bg_color=\u00a0\u00bb#F5ACBD\u00a0\u00bb button_border_width=\u00a0\u00bb0px\u00a0\u00bb button_border_color=\u00a0\u00bbRGBA(255,255,255,0)\u00a0\u00bb button_border_radius=\u00a0\u00bb0px\u00a0\u00bb button_font=\u00a0\u00bbArial|800|||||||\u00a0\u00bb button_icon_color=\u00a0\u00bb#000000&Prime; button_custom_margin=\u00a0\u00bb20px||||false|false\u00a0\u00bb button_custom_padding=\u00a0\u00bb12px||12px||true|false\u00a0\u00bb custom_margin=\u00a0\u00bb||||false|false\u00a0\u00bb custom_padding=\u00a0\u00bb||||false|false\u00a0\u00bb hover_enabled=\u00a0\u00bb0&Prime; custom_css_contact_button=\u00a0\u00bbfloat:left !important;\u00a0\u00bb locked=\u00a0\u00bboff\u00a0\u00bb global_colors_info=\u00a0\u00bb{}\u00a0\u00bb button_bg_color__hover_enabled=\u00a0\u00bbon|hover\u00a0\u00bb button_bg_color__hover=\u00a0\u00bb#B8E0D2&Prime; button_bg_enable_color__hover=\u00a0\u00bbon\u00a0\u00bb sticky_enabled=\u00a0\u00bb0&Prime;][et_pb_contact_field field_id=\u00a0\u00bbprenom\u00a0\u00bb field_title=\u00a0\u00bbPr\u00e9nom\u00a0\u00bb _builder_version=\u00a0\u00bb4.20.4&Prime; global_colors_info=\u00a0\u00bb{}\u00a0\u00bb button_text_size__hover_enabled=\u00a0\u00bboff\u00a0\u00bb button_one_text_size__hover_enabled=\u00a0\u00bboff\u00a0\u00bb button_two_text_size__hover_enabled=\u00a0\u00bboff\u00a0\u00bb button_text_color__hover_enabled=\u00a0\u00bboff\u00a0\u00bb button_one_text_color__hover_enabled=\u00a0\u00bboff\u00a0\u00bb button_two_text_color__hover_enabled=\u00a0\u00bboff\u00a0\u00bb button_border_width__hover_enabled=\u00a0\u00bboff\u00a0\u00bb button_one_border_width__hover_enabled=\u00a0\u00bboff\u00a0\u00bb button_two_border_width__hover_enabled=\u00a0\u00bboff\u00a0\u00bb button_border_color__hover_enabled=\u00a0\u00bboff\u00a0\u00bb button_one_border_color__hover_enabled=\u00a0\u00bboff\u00a0\u00bb button_two_border_color__hover_enabled=\u00a0\u00bboff\u00a0\u00bb button_border_radius__hover_enabled=\u00a0\u00bboff\u00a0\u00bb button_one_border_radius__hover_enabled=\u00a0\u00bboff\u00a0\u00bb button_two_border_radius__hover_enabled=\u00a0\u00bboff\u00a0\u00bb button_letter_spacing__hover_enabled=\u00a0\u00bboff\u00a0\u00bb button_one_letter_spacing__hover_enabled=\u00a0\u00bboff\u00a0\u00bb button_two_letter_spacing__hover_enabled=\u00a0\u00bboff\u00a0\u00bb button_bg_color__hover_enabled=\u00a0\u00bboff\u00a0\u00bb button_one_bg_color__hover_enabled=\u00a0\u00bboff\u00a0\u00bb button_two_bg_color__hover_enabled=\u00a0\u00bboff\u00a0\u00bb][\/et_pb_contact_field][et_pb_contact_field field_id=\u00a0\u00bbnom\u00a0\u00bb field_title=\u00a0\u00bbNom\u00a0\u00bb _builder_version=\u00a0\u00bb4.20.4&Prime; global_colors_info=\u00a0\u00bb{}\u00a0\u00bb button_text_size__hover_enabled=\u00a0\u00bboff\u00a0\u00bb button_one_text_size__hover_enabled=\u00a0\u00bboff\u00a0\u00bb button_two_text_size__hover_enabled=\u00a0\u00bboff\u00a0\u00bb button_text_color__hover_enabled=\u00a0\u00bboff\u00a0\u00bb button_one_text_color__hover_enabled=\u00a0\u00bboff\u00a0\u00bb button_two_text_color__hover_enabled=\u00a0\u00bboff\u00a0\u00bb button_border_width__hover_enabled=\u00a0\u00bboff\u00a0\u00bb button_one_border_width__hover_enabled=\u00a0\u00bboff\u00a0\u00bb button_two_border_width__hover_enabled=\u00a0\u00bboff\u00a0\u00bb button_border_color__hover_enabled=\u00a0\u00bboff\u00a0\u00bb button_one_border_color__hover_enabled=\u00a0\u00bboff\u00a0\u00bb button_two_border_color__hover_enabled=\u00a0\u00bboff\u00a0\u00bb button_border_radius__hover_enabled=\u00a0\u00bboff\u00a0\u00bb button_one_border_radius__hover_enabled=\u00a0\u00bboff\u00a0\u00bb button_two_border_radius__hover_enabled=\u00a0\u00bboff\u00a0\u00bb button_letter_spacing__hover_enabled=\u00a0\u00bboff\u00a0\u00bb button_one_letter_spacing__hover_enabled=\u00a0\u00bboff\u00a0\u00bb button_two_letter_spacing__hover_enabled=\u00a0\u00bboff\u00a0\u00bb button_bg_color__hover_enabled=\u00a0\u00bboff\u00a0\u00bb button_one_bg_color__hover_enabled=\u00a0\u00bboff\u00a0\u00bb button_two_bg_color__hover_enabled=\u00a0\u00bboff\u00a0\u00bb][\/et_pb_contact_field][et_pb_contact_field field_id=\u00a0\u00bbpronoms\u00a0\u00bb field_title=\u00a0\u00bbChoix de pronom\u202f:\u00a0\u00bb field_type=\u00a0\u00bbselect\u00a0\u00bb select_options=\u00a0\u00bb%91{%22value%22:%22elle%22,%22checked%22:0,%22dragID%22:-1},{%22value%22:%22il%22,%22checked%22:0,%22dragID%22:0},{%22value%22:%22iel%22,%22checked%22:0,%22dragID%22:1},{%22value%22:%22tu%22,%22checked%22:0,%22dragID%22:2},{%22value%22:%22vous%22,%22checked%22:0,%22dragID%22:3},{%22value%22:%22autre%22,%22checked%22:0,%22dragID%22:4}%93&Prime; _builder_version=\u00a0\u00bb4.21.0&Prime; _module_preset=\u00a0\u00bbdefault\u00a0\u00bb global_colors_info=\u00a0\u00bb{}\u00a0\u00bb][\/et_pb_contact_field][et_pb_contact_field field_id=\u00a0\u00bbcourriel\u00a0\u00bb field_title=\u00a0\u00bbCourriel\u00a0\u00bb field_type=\u00a0\u00bbemail\u00a0\u00bb _builder_version=\u00a0\u00bb4.20.4&Prime; global_colors_info=\u00a0\u00bb{}\u00a0\u00bb button_text_size__hover_enabled=\u00a0\u00bboff\u00a0\u00bb button_one_text_size__hover_enabled=\u00a0\u00bboff\u00a0\u00bb button_two_text_size__hover_enabled=\u00a0\u00bboff\u00a0\u00bb button_text_color__hover_enabled=\u00a0\u00bboff\u00a0\u00bb button_one_text_color__hover_enabled=\u00a0\u00bboff\u00a0\u00bb button_two_text_color__hover_enabled=\u00a0\u00bboff\u00a0\u00bb button_border_width__hover_enabled=\u00a0\u00bboff\u00a0\u00bb button_one_border_width__hover_enabled=\u00a0\u00bboff\u00a0\u00bb button_two_border_width__hover_enabled=\u00a0\u00bboff\u00a0\u00bb button_border_color__hover_enabled=\u00a0\u00bboff\u00a0\u00bb button_one_border_color__hover_enabled=\u00a0\u00bboff\u00a0\u00bb button_two_border_color__hover_enabled=\u00a0\u00bboff\u00a0\u00bb button_border_radius__hover_enabled=\u00a0\u00bboff\u00a0\u00bb button_one_border_radius__hover_enabled=\u00a0\u00bboff\u00a0\u00bb button_two_border_radius__hover_enabled=\u00a0\u00bboff\u00a0\u00bb button_letter_spacing__hover_enabled=\u00a0\u00bboff\u00a0\u00bb button_one_letter_spacing__hover_enabled=\u00a0\u00bboff\u00a0\u00bb button_two_letter_spacing__hover_enabled=\u00a0\u00bboff\u00a0\u00bb button_bg_color__hover_enabled=\u00a0\u00bboff\u00a0\u00bb button_one_bg_color__hover_enabled=\u00a0\u00bboff\u00a0\u00bb button_two_bg_color__hover_enabled=\u00a0\u00bboff\u00a0\u00bb][\/et_pb_contact_field][et_pb_contact_field field_id=\u00a0\u00bbattentes\u00a0\u00bb field_title=\u00a0\u00bbAttentes:  Par exemple\u202f: cr\u00e9er des liens avec d\u2019autres personnes autistes, briser la solitude, apprendre \u00e0 partir des exp\u00e9riences d\u2019autres personnes autistes. \u00a0\u00bb field_type=\u00a0\u00bbtext\u00a0\u00bb fullwidth_field=\u00a0\u00bbon\u00a0\u00bb _builder_version=\u00a0\u00bb4.20.4&Prime; _module_preset=\u00a0\u00bbdefault\u00a0\u00bb global_colors_info=\u00a0\u00bb{}\u00a0\u00bb][\/et_pb_contact_field][et_pb_contact_field field_id=\u00a0\u00bbinterets\u00a0\u00bb field_title=\u00a0\u00bbInt\u00e9r\u00eats\u202f:\u202f  Par exemple\u202f: l\u2019histoire du Qu\u00e9bec, la photographie, la vie des insectes. \u00a0\u00bb field_type=\u00a0\u00bbtext\u00a0\u00bb fullwidth_field=\u00a0\u00bbon\u00a0\u00bb _builder_version=\u00a0\u00bb4.20.4&Prime; _module_preset=\u00a0\u00bbdefault\u00a0\u00bb global_colors_info=\u00a0\u00bb{}\u00a0\u00bb][\/et_pb_contact_field][et_pb_contact_field field_id=\u00a0\u00bbbesoin\u00a0\u00bb field_title=\u00a0\u00bbBesoins d\u2019accommodement\u202f:  Par exemple\u202f: avoir la possibilit\u00e9 de laisser ma cam\u00e9ra \u00e9teinte\u00a0\u00bb field_type=\u00a0\u00bbtext\u00a0\u00bb fullwidth_field=\u00a0\u00bbon\u00a0\u00bb _builder_version=\u00a0\u00bb4.21.0&Prime; _module_preset=\u00a0\u00bbdefault\u00a0\u00bb global_colors_info=\u00a0\u00bb{}\u00a0\u00bb][\/et_pb_contact_field][et_pb_contact_field field_id=\u00a0\u00bbautres\u00a0\u00bb field_title=\u00a0\u00bbAutres informations que vous souhaitez nous communiquer\u202f: \u00a0\u00bb field_type=\u00a0\u00bbtext\u00a0\u00bb fullwidth_field=\u00a0\u00bbon\u00a0\u00bb _builder_version=\u00a0\u00bb4.20.4&Prime; _module_preset=\u00a0\u00bbdefault\u00a0\u00bb global_colors_info=\u00a0\u00bb{}\u00a0\u00bb][\/et_pb_contact_field][et_pb_contact_field field_id=\u00a0\u00bbdeclaration\u00a0\u00bb field_title=\u00a0\u00bbJe d\u00e9clare que : \u00a0\u00bb field_type=\u00a0\u00bbcheckbox\u00a0\u00bb checkbox_options=\u00a0\u00bb%91{%22value%22:%22J&rsquo;ai re\u00e7u un diagnostic d&rsquo;autisme%22,%22checked%22:0,%22dragID%22:-1},{%22value%22:%22J&rsquo;habite au Qu\u00e9bec.%22,%22checked%22:0,%22dragID%22:0},{%22value%22:%22Je d\u00e9sire qu&rsquo;on me contacte \u00e0 l&rsquo;adresse courriel mentionn\u00e9e.%22,%22checked%22:0,%22dragID%22:1},{%22value%22:%22Je signe ma demande de participation au programme de groupes de soutien.%22,%22checked%22:0,%22dragID%22:2},{%22value%22:%22Je fais la demande pour moi-m\u00eame.%22,%22checked%22:0,%22dragID%22:3}%93&Prime; fullwidth_field=\u00a0\u00bbon\u00a0\u00bb _builder_version=\u00a0\u00bb4.21.0&Prime; _module_preset=\u00a0\u00bbdefault\u00a0\u00bb global_colors_info=\u00a0\u00bb{}\u00a0\u00bb][\/et_pb_contact_field][et_pb_contact_field field_id=\u00a0\u00bblieu\u00a0\u00bb field_title=\u00a0\u00bbLieu\u00a0\u00bb _builder_version=\u00a0\u00bb4.20.4&Prime; _module_preset=\u00a0\u00bbdefault\u00a0\u00bb global_colors_info=\u00a0\u00bb{}\u00a0\u00bb][\/et_pb_contact_field][et_pb_contact_field field_id=\u00a0\u00bbdate\u00a0\u00bb field_title=\u00a0\u00bbDate\u00a0\u00bb _builder_version=\u00a0\u00bb4.20.4&Prime; _module_preset=\u00a0\u00bbdefault\u00a0\u00bb hover_enabled=\u00a0\u00bb0&Prime; global_colors_info=\u00a0\u00bb{}\u00a0\u00bb sticky_enabled=\u00a0\u00bb0&Prime;][\/et_pb_contact_field][\/et_pb_contact_form][\/et_pb_column][\/et_pb_row][\/et_pb_section][et_pb_section fb_built=\u00a0\u00bb1&Prime; custom_padding_last_edited=\u00a0\u00bbon|phone\u00a0\u00bb module_id=\u00a0\u00bbsection-3&Prime; _builder_version=\u00a0\u00bb4.21.0&Prime; _module_preset=\u00a0\u00bbdefault\u00a0\u00bb background_enable_color=\u00a0\u00bboff\u00a0\u00bb use_background_color_gradient=\u00a0\u00bbon\u00a0\u00bb background_color_gradient_stops=\u00a0\u00bb#eaf7f0 0%|#faf6ea 100%\u00a0\u00bb background_enable_image=\u00a0\u00bboff\u00a0\u00bb background_size=\u00a0\u00bbcontain\u00a0\u00bb background_position=\u00a0\u00bbcenter_left\u00a0\u00bb background_horizontal_offset=\u00a0\u00bb21%\u00a0\u00bb custom_margin=\u00a0\u00bb0px||0px||false|false\u00a0\u00bb custom_padding=\u00a0\u00bb10vh||10vh||true|false\u00a0\u00bb custom_padding_tablet=\u00a0\u00bb60px||60px||true|false\u00a0\u00bb custom_padding_phone=\u00a0\u00bb50px||50px||true|false\u00a0\u00bb animation_style=\u00a0\u00bbfade\u00a0\u00bb animation_duration=\u00a0\u00bb400ms\u00a0\u00bb global_colors_info=\u00a0\u00bb{}\u00a0\u00bb][et_pb_row use_custom_gutter=\u00a0\u00bbon\u00a0\u00bb gutter_width=\u00a0\u00bb2&Prime; _builder_version=\u00a0\u00bb4.20.4&Prime; _module_preset=\u00a0\u00bbdefault\u00a0\u00bb custom_margin=\u00a0\u00bb0px||0px||false|false\u00a0\u00bb custom_padding=\u00a0\u00bb0px||0px||false|false\u00a0\u00bb global_colors_info=\u00a0\u00bb{}\u00a0\u00bb][et_pb_column type=\u00a0\u00bb4_4&Prime; _builder_version=\u00a0\u00bb4.20.2&Prime; _module_preset=\u00a0\u00bbdefault\u00a0\u00bb custom_padding=\u00a0\u00bb0px||||false|false\u00a0\u00bb custom_padding_tablet=\u00a0\u00bb0px||||false|false\u00a0\u00bb custom_padding_phone=\u00a0\u00bb0px||||false|false\u00a0\u00bb custom_padding_last_edited=\u00a0\u00bbon|desktop\u00a0\u00bb global_colors_info=\u00a0\u00bb{}\u00a0\u00bb][et_pb_text _builder_version=\u00a0\u00bb4.20.2&Prime; _module_preset=\u00a0\u00bb835bcc22-c256-44d2-ab34-16bc32509427&Prime; max_width=\u00a0\u00bb500px\u00a0\u00bb global_colors_info=\u00a0\u00bb{}\u00a0\u00bb]<\/p>\n<h2>La communaut\u00e9 en ligne<\/h2>\n<p>[\/et_pb_text][\/et_pb_column][\/et_pb_row][et_pb_row column_structure=\u00a0\u00bb1_2,1_2&Prime; use_custom_gutter=\u00a0\u00bbon\u00a0\u00bb gutter_width=\u00a0\u00bb2&Prime; _builder_version=\u00a0\u00bb4.20.4&Prime; _module_preset=\u00a0\u00bbdefault\u00a0\u00bb custom_margin=\u00a0\u00bb0px||20px||false|false\u00a0\u00bb custom_padding=\u00a0\u00bb0px||0px||false|false\u00a0\u00bb global_colors_info=\u00a0\u00bb{}\u00a0\u00bb][et_pb_column type=\u00a0\u00bb1_2&Prime; _builder_version=\u00a0\u00bb4.20.2&Prime; _module_preset=\u00a0\u00bbdefault\u00a0\u00bb custom_padding=\u00a0\u00bb0px||||false|false\u00a0\u00bb custom_padding_tablet=\u00a0\u00bb0px||||false|false\u00a0\u00bb custom_padding_phone=\u00a0\u00bb0px||||false|false\u00a0\u00bb custom_padding_last_edited=\u00a0\u00bbon|desktop\u00a0\u00bb global_colors_info=\u00a0\u00bb{}\u00a0\u00bb][et_pb_text _builder_version=\u00a0\u00bb4.20.4&Prime; _module_preset=\u00a0\u00bbdefault\u00a0\u00bb max_width=\u00a0\u00bb450px\u00a0\u00bb global_colors_info=\u00a0\u00bb{}\u00a0\u00bb]<\/p>\n<p>La communaut\u00e9 en ligne vous offre l\u2019occasion d\u2019\u00e9changer au quotidien avec des personnes qui comprennent votre r\u00e9alit\u00e9.<br \/>Elle est ouverte aux personnes autistes elles-m\u00eames ainsi qu\u2019aux parents et proches aidants de personnes autistes.<\/p>\n<p>[\/et_pb_text][et_pb_text _builder_version=\u00a0\u00bb4.20.4&Prime; _module_preset=\u00a0\u00bbdefault\u00a0\u00bb max_width=\u00a0\u00bb450px\u00a0\u00bb global_colors_info=\u00a0\u00bb{}\u00a0\u00bb]<\/p>\n<p>C\u2019est un espace commun s\u00e9curitaire, confidentiel et anonyme pour d\u00e9velopper des liens avec d\u2019autres personnes vivant dans un contexte similaire au v\u00f4tre. Vous pouvez y partager vos exp\u00e9riences et vos id\u00e9es, poser vos questions et trouver des r\u00e9ponses.<\/p>\n<p>[\/et_pb_text][et_pb_text _builder_version=\u00a0\u00bb4.18.0&Prime; _module_preset=\u00a0\u00bbdefault\u00a0\u00bb max_width=\u00a0\u00bb450px\u00a0\u00bb custom_margin=\u00a0\u00bb||52px|||\u00a0\u00bb global_colors_info=\u00a0\u00bb{}\u00a0\u00bb]<\/p>\n<p>Notre communaut\u00e9 en ligne se veut respectueuse, inclusive et non directive. Elle est empreinte d\u2019empathie, de bienveillance et d\u2019acceptation r\u00e9ciproque.<\/p>\n<p>Apr\u00e8s votre inscription, vous avez acc\u00e8s \u00e0 la communaut\u00e9 en ligne 24 heures sur 24, 7 jours sur 7.<\/p>\n<p>[\/et_pb_text][et_pb_button button_url=\u00a0\u00bbhttps:\/\/autismeensemble.smallworldlabs.com\/join\u00a0\u00bb button_text=\u00a0\u00bbPour vous inscrire\u00a0\u00bb _builder_version=\u00a0\u00bb4.21.0&Prime; _module_preset=\u00a0\u00bbdefault\u00a0\u00bb custom_button=\u00a0\u00bbon\u00a0\u00bb button_text_size=\u00a0\u00bb15px\u00a0\u00bb button_text_color=\u00a0\u00bb#000000&Prime; button_bg_color=\u00a0\u00bb#F5ACBD\u00a0\u00bb button_border_width=\u00a0\u00bb0px\u00a0\u00bb button_border_radius=\u00a0\u00bb0px\u00a0\u00bb button_font=\u00a0\u00bb|800|||||||\u00a0\u00bb custom_margin=\u00a0\u00bb1px|||||\u00a0\u00bb custom_padding=\u00a0\u00bb15px||15px||true|false\u00a0\u00bb global_colors_info=\u00a0\u00bb{}\u00a0\u00bb button_bg_color__hover_enabled=\u00a0\u00bbon|hover\u00a0\u00bb button_bg_color__hover=\u00a0\u00bb#B8E0D2&Prime; button_bg_enable_color__hover=\u00a0\u00bbon\u00a0\u00bb][\/et_pb_button][\/et_pb_column][et_pb_column type=\u00a0\u00bb1_2&Prime; _builder_version=\u00a0\u00bb4.20.4&Prime; _module_preset=\u00a0\u00bbdefault\u00a0\u00bb custom_padding=\u00a0\u00bb||||false|false\u00a0\u00bb custom_padding_tablet=\u00a0\u00bb||||false|false\u00a0\u00bb custom_padding_phone=\u00a0\u00bb||||false|false\u00a0\u00bb custom_padding_last_edited=\u00a0\u00bbon|desktop\u00a0\u00bb global_colors_info=\u00a0\u00bb{}\u00a0\u00bb][et_pb_image src=\u00a0\u00bbhttp:\/\/autisme-ensemble.org\/staging\/wp-content\/uploads\/2023\/03\/hero-procheaidants.png\u00a0\u00bb title_text=\u00a0\u00bbhero procheaidants\u00a0\u00bb _builder_version=\u00a0\u00bb4.21.0&Prime; _module_preset=\u00a0\u00bbdefault\u00a0\u00bb hover_enabled=\u00a0\u00bb0&Prime; global_colors_info=\u00a0\u00bb{}\u00a0\u00bb width_last_edited=\u00a0\u00bbon|tablet\u00a0\u00bb width_tablet=\u00a0\u00bb63%\u00a0\u00bb sticky_enabled=\u00a0\u00bb0&Prime; width_phone=\u00a0\u00bb63%\u00a0\u00bb][\/et_pb_image][\/et_pb_column][\/et_pb_row][\/et_pb_section][et_pb_section fb_built=\u00a0\u00bb1&Prime; custom_padding_last_edited=\u00a0\u00bbon|phone\u00a0\u00bb module_id=\u00a0\u00bbsection-4&Prime; _builder_version=\u00a0\u00bb4.21.0&Prime; _module_preset=\u00a0\u00bbdefault\u00a0\u00bb background_color=\u00a0\u00bb#FAF6EA\u00a0\u00bb background_enable_image=\u00a0\u00bboff\u00a0\u00bb background_size=\u00a0\u00bbcontain\u00a0\u00bb background_position=\u00a0\u00bbcenter_left\u00a0\u00bb background_horizontal_offset=\u00a0\u00bb21%\u00a0\u00bb overflow-x=\u00a0\u00bbhidden\u00a0\u00bb overflow-y=\u00a0\u00bbhidden\u00a0\u00bb custom_margin=\u00a0\u00bb||0px||false|false\u00a0\u00bb custom_padding=\u00a0\u00bb10vh||10vh||true|false\u00a0\u00bb custom_padding_tablet=\u00a0\u00bb60px||60px||true|false\u00a0\u00bb custom_padding_phone=\u00a0\u00bb50px||50px||true|false\u00a0\u00bb animation_style=\u00a0\u00bbfade\u00a0\u00bb animation_duration=\u00a0\u00bb400ms\u00a0\u00bb global_colors_info=\u00a0\u00bb{}\u00a0\u00bb][et_pb_row column_structure=\u00a0\u00bb2_5,3_5&Prime; use_custom_gutter=\u00a0\u00bbon\u00a0\u00bb gutter_width=\u00a0\u00bb2&Prime; _builder_version=\u00a0\u00bb4.20.4&Prime; _module_preset=\u00a0\u00bbdefault\u00a0\u00bb custom_margin=\u00a0\u00bb0px||0px||false|false\u00a0\u00bb custom_padding=\u00a0\u00bb0px||0px||false|false\u00a0\u00bb global_colors_info=\u00a0\u00bb{}\u00a0\u00bb][et_pb_column type=\u00a0\u00bb2_5&Prime; _builder_version=\u00a0\u00bb4.20.2&Prime; _module_preset=\u00a0\u00bbdefault\u00a0\u00bb custom_padding=\u00a0\u00bb0px||||false|false\u00a0\u00bb custom_padding_tablet=\u00a0\u00bb0px||||false|false\u00a0\u00bb custom_padding_phone=\u00a0\u00bb0px||||false|false\u00a0\u00bb custom_padding_last_edited=\u00a0\u00bbon|desktop\u00a0\u00bb global_colors_info=\u00a0\u00bb{}\u00a0\u00bb][et_pb_text _builder_version=\u00a0\u00bb4.20.2&Prime; _module_preset=\u00a0\u00bb835bcc22-c256-44d2-ab34-16bc32509427&Prime; max_width=\u00a0\u00bb500px\u00a0\u00bb global_colors_info=\u00a0\u00bb{}\u00a0\u00bb]<\/p>\n<h2>Mentorat pour les personnes autistes<\/h2>\n<p>[\/et_pb_text][et_pb_text _builder_version=\u00a0\u00bb4.20.4&Prime; _module_preset=\u00a0\u00bbdefault\u00a0\u00bb global_colors_info=\u00a0\u00bb{}\u00a0\u00bb]<\/p>\n<p>Aimeriez-vous b\u00e9n\u00e9ficier d\u2019un accompagnement individuel plut\u00f4t qu\u2019en groupe ?<\/p>\n<p>Nous avons con\u00e7u un programme de mentorat qui vous met en lien avec une personne d\u00e9sign\u00e9e comme votre mentor.<\/p>\n<p>Votre mentor peut \u00eatre une personne autiste paire aidante et form\u00e9e en relation d\u2019aide ou une personne non-autiste. C\u2019est votre choix.<\/p>\n<p>[\/et_pb_text][et_pb_button button_text=\u00a0\u00bbEn savoir plus\u00a0\u00bb _builder_version=\u00a0\u00bb4.21.0&Prime; _module_preset=\u00a0\u00bbdefault\u00a0\u00bb custom_button=\u00a0\u00bbon\u00a0\u00bb button_text_size=\u00a0\u00bb15px\u00a0\u00bb button_text_color=\u00a0\u00bb#000000&Prime; button_bg_color=\u00a0\u00bb#F5ACBD\u00a0\u00bb button_border_width=\u00a0\u00bb0px\u00a0\u00bb button_border_radius=\u00a0\u00bb0px\u00a0\u00bb button_font=\u00a0\u00bb|800|||||||\u00a0\u00bb custom_margin=\u00a0\u00bb37px|||||\u00a0\u00bb custom_padding=\u00a0\u00bb15px||15px||true|false\u00a0\u00bb global_colors_info=\u00a0\u00bb{}\u00a0\u00bb button_bg_color__hover_enabled=\u00a0\u00bbon|hover\u00a0\u00bb button_bg_color__hover=\u00a0\u00bb#B8E0D2&Prime; button_bg_enable_color__hover=\u00a0\u00bbon\u00a0\u00bb][\/et_pb_button][\/et_pb_column][et_pb_column type=\u00a0\u00bb3_5&Prime; _builder_version=\u00a0\u00bb4.20.4&Prime; _module_preset=\u00a0\u00bbdefault\u00a0\u00bb custom_padding=\u00a0\u00bb60px||||false|false\u00a0\u00bb custom_padding_tablet=\u00a0\u00bb||||false|false\u00a0\u00bb custom_padding_phone=\u00a0\u00bb||||false|false\u00a0\u00bb custom_padding_last_edited=\u00a0\u00bbon|desktop\u00a0\u00bb global_colors_info=\u00a0\u00bb{}\u00a0\u00bb][et_pb_image src=\u00a0\u00bbhttp:\/\/autisme-ensemble.org\/staging\/wp-content\/uploads\/2023\/04\/flute.jpg\u00a0\u00bb title_text=\u00a0\u00bbflute\u00a0\u00bb _builder_version=\u00a0\u00bb4.20.4&Prime; _module_preset=\u00a0\u00bbdefault\u00a0\u00bb max_width=\u00a0\u00bb900px\u00a0\u00bb global_colors_info=\u00a0\u00bb{}\u00a0\u00bb][\/et_pb_image][\/et_pb_column][\/et_pb_row][\/et_pb_section][et_pb_section fb_built=\u00a0\u00bb1&Prime; custom_padding_last_edited=\u00a0\u00bbon|phone\u00a0\u00bb module_id=\u00a0\u00bbsection-4&Prime; _builder_version=\u00a0\u00bb4.21.0&Prime; _module_preset=\u00a0\u00bbdefault\u00a0\u00bb background_enable_color=\u00a0\u00bboff\u00a0\u00bb use_background_color_gradient=\u00a0\u00bbon\u00a0\u00bb background_color_gradient_stops=\u00a0\u00bb#faf6ea 0%|#ffffff 100%\u00a0\u00bb background_enable_image=\u00a0\u00bboff\u00a0\u00bb background_size=\u00a0\u00bbcontain\u00a0\u00bb background_position=\u00a0\u00bbcenter_left\u00a0\u00bb background_horizontal_offset=\u00a0\u00bb21%\u00a0\u00bb custom_margin=\u00a0\u00bb0px||0px||false|false\u00a0\u00bb custom_padding=\u00a0\u00bb10vh||10vh||true|false\u00a0\u00bb custom_padding_tablet=\u00a0\u00bb60px||60px||true|false\u00a0\u00bb custom_padding_phone=\u00a0\u00bb50px||50px||true|false\u00a0\u00bb animation_style=\u00a0\u00bbfade\u00a0\u00bb animation_duration=\u00a0\u00bb400ms\u00a0\u00bb global_colors_info=\u00a0\u00bb{}\u00a0\u00bb][et_pb_row column_structure=\u00a0\u00bb2_5,3_5&Prime; use_custom_gutter=\u00a0\u00bbon\u00a0\u00bb gutter_width=\u00a0\u00bb2&Prime; _builder_version=\u00a0\u00bb4.21.0&Prime; _module_preset=\u00a0\u00bbdefault\u00a0\u00bb custom_margin=\u00a0\u00bb0px||0px||false|false\u00a0\u00bb custom_padding=\u00a0\u00bb0px||0px||false|false\u00a0\u00bb global_colors_info=\u00a0\u00bb{}\u00a0\u00bb][et_pb_column type=\u00a0\u00bb2_5&Prime; _builder_version=\u00a0\u00bb4.20.2&Prime; _module_preset=\u00a0\u00bbdefault\u00a0\u00bb custom_padding=\u00a0\u00bb0px||||false|false\u00a0\u00bb custom_padding_tablet=\u00a0\u00bb0px||||false|false\u00a0\u00bb custom_padding_phone=\u00a0\u00bb0px||||false|false\u00a0\u00bb custom_padding_last_edited=\u00a0\u00bbon|desktop\u00a0\u00bb global_colors_info=\u00a0\u00bb{}\u00a0\u00bb][et_pb_text _builder_version=\u00a0\u00bb4.21.0&Prime; _module_preset=\u00a0\u00bba873b605-6cb9-4ef9-b748-9485f3f674d2&Prime; max_width=\u00a0\u00bb500px\u00a0\u00bb hover_enabled=\u00a0\u00bb0&Prime; global_colors_info=\u00a0\u00bb{}\u00a0\u00bb sticky_enabled=\u00a0\u00bb0&Prime;]<\/p>\n<h3>Comment se d\u00e9roulent les rencontres<\/h3>\n<p>[\/et_pb_text][et_pb_text _builder_version=\u00a0\u00bb4.20.4&Prime; _module_preset=\u00a0\u00bbdefault\u00a0\u00bb global_colors_info=\u00a0\u00bb{}\u00a0\u00bb]<\/p>\n<p>Vous rencontrez votre mentor pendant 8 semaines, de fa\u00e7on virtuelle, en Zoom. <br \/>Les rencontres ont lieu une fois par semaine, toujours le m\u00eame jour et \u00e0 la m\u00eame heure. <br \/>Chaque rencontre est d\u2019une dur\u00e9e de 60 minutes.<\/p>\n<p>Si vous souhaitez avoir un mentor, dites-le-nous en remplissant le formulaire d\u2019inscription.<\/p>\n<p>Dans ce formulaire, vous pouvez nous indiquer si vous pr\u00e9f\u00e9rez un jumelage avec un mentor pair aidant autiste ou avec un mentor non-autiste. En remplissant ce formulaire, vous nous permettez \u00e9galement de mieux conna\u00eetre vos int\u00e9r\u00eats, vos besoins d\u2019accommodement et toute autre information qui pourrait favoriser le meilleur jumelage possible avec votre mentor.<\/p>\n<p>Pour que nous acceptions votre demande de mentorat, vous devez la faire pour vous-m\u00eame et non pour une autre personne.<\/p>\n<p>[\/et_pb_text][\/et_pb_column][et_pb_column type=\u00a0\u00bb3_5&Prime; _builder_version=\u00a0\u00bb4.20.4&Prime; _module_preset=\u00a0\u00bbdefault\u00a0\u00bb custom_padding=\u00a0\u00bb0px||||false|false\u00a0\u00bb custom_padding_tablet=\u00a0\u00bb||||false|false\u00a0\u00bb custom_padding_phone=\u00a0\u00bb||||false|false\u00a0\u00bb custom_padding_last_edited=\u00a0\u00bbon|desktop\u00a0\u00bb global_colors_info=\u00a0\u00bb{}\u00a0\u00bb][et_pb_contact_form captcha=\u00a0\u00bboff\u00a0\u00bb email=\u00a0\u00bbcharline@lacliquedescomm.ca\u00a0\u00bb title=\u00a0\u00bbFormulaire d&rsquo;inscription au programme de mentorat\u00a0\u00bb custom_message=\u00a0\u00bbCe message provient du Formulaire d&rsquo;inscription du programme de mentorat||et_pb_line_break_holder||Date: %%date%%||et_pb_line_break_holder||Pr\u00e9f\u00e9rence de mentor: %%preference%%||et_pb_line_break_holder||||et_pb_line_break_holder||Nom: %%nom%%||et_pb_line_break_holder||\u00c2ge: %%age%%||et_pb_line_break_holder||Pronom: %%pronoms%%||et_pb_line_break_holder||Courriel: %%courriel%%||et_pb_line_break_holder||||et_pb_line_break_holder||Objectif: %%objectif%%||et_pb_line_break_holder||Int\u00e9r\u00eats: %%interets%%||et_pb_line_break_holder||Besoins: %%besoins%%||et_pb_line_break_holder||Information suppl\u00e9mentaires: %%informations%%||et_pb_line_break_holder||||et_pb_line_break_holder||D\u00e9claration: %%declaration%%||et_pb_line_break_holder||Date: %%date_2%%||et_pb_line_break_holder||Lieu: %%lieu%%||et_pb_line_break_holder||||et_pb_line_break_holder||Merci||et_pb_line_break_holder||\u00a0\u00bb submit_button_text=\u00a0\u00bbM&rsquo;inscrire\u00a0\u00bb _builder_version=\u00a0\u00bb4.21.0&Prime; _module_preset=\u00a0\u00bbdefault\u00a0\u00bb _unique_id=\u00a0\u00bb411206fe-b4ce-4f52-89e5-6e584079d376&Prime; form_field_background_color=\u00a0\u00bbrgba(233,181,134,0.29)\u00a0\u00bb form_field_text_color=\u00a0\u00bb#000000&Prime; title_font=\u00a0\u00bb|600|||||||\u00a0\u00bb title_font_size=\u00a0\u00bb20px\u00a0\u00bb title_line_height=\u00a0\u00bb1.2em\u00a0\u00bb form_field_font=\u00a0\u00bbArial||||||||\u00a0\u00bb custom_button=\u00a0\u00bbon\u00a0\u00bb button_text_size=\u00a0\u00bb16px\u00a0\u00bb button_text_color=\u00a0\u00bb#000000&Prime; button_bg_color=\u00a0\u00bb#F5ACBD\u00a0\u00bb button_border_width=\u00a0\u00bb0px\u00a0\u00bb button_border_color=\u00a0\u00bbRGBA(255,255,255,0)\u00a0\u00bb button_border_radius=\u00a0\u00bb0px\u00a0\u00bb button_font=\u00a0\u00bbArial|800|||||||\u00a0\u00bb button_icon_color=\u00a0\u00bb#000000&Prime; button_custom_margin=\u00a0\u00bb20px||||false|false\u00a0\u00bb button_custom_padding=\u00a0\u00bb12px||12px||true|false\u00a0\u00bb hover_enabled=\u00a0\u00bb0&Prime; locked=\u00a0\u00bboff\u00a0\u00bb global_colors_info=\u00a0\u00bb{}\u00a0\u00bb button_bg_color__hover_enabled=\u00a0\u00bbon|hover\u00a0\u00bb button_bg_color__hover=\u00a0\u00bb#B8E0D2&Prime; button_bg_enable_color__hover=\u00a0\u00bbon\u00a0\u00bb sticky_enabled=\u00a0\u00bb0&Prime;][et_pb_contact_field field_id=\u00a0\u00bbdate\u00a0\u00bb field_title=\u00a0\u00bbDate\u00a0\u00bb _builder_version=\u00a0\u00bb4.20.4&Prime; _module_preset=\u00a0\u00bbdefault\u00a0\u00bb global_colors_info=\u00a0\u00bb{}\u00a0\u00bb][\/et_pb_contact_field][et_pb_contact_field field_id=\u00a0\u00bbpreference\u00a0\u00bb field_title=\u00a0\u00bbPr\u00e9f\u00e9rence de mentor\u202f: \u00a0\u00bb field_type=\u00a0\u00bbcheckbox\u00a0\u00bb checkbox_options=\u00a0\u00bb%91{%22value%22:%22Pair aidant autiste%22,%22checked%22:0,%22dragID%22:-1},{%22value%22:%22Mentor non-autiste%22,%22checked%22:0,%22dragID%22:0}%93&Prime; fullwidth_field=\u00a0\u00bbon\u00a0\u00bb _builder_version=\u00a0\u00bb4.20.4&Prime; _module_preset=\u00a0\u00bbdefault\u00a0\u00bb global_colors_info=\u00a0\u00bb{}\u00a0\u00bb][\/et_pb_contact_field][et_pb_contact_field field_id=\u00a0\u00bbnom\u00a0\u00bb field_title=\u00a0\u00bbPr\u00e9nom et Nom\u00a0\u00bb fullwidth_field=\u00a0\u00bbon\u00a0\u00bb _builder_version=\u00a0\u00bb4.20.4&Prime; _module_preset=\u00a0\u00bbdefault\u00a0\u00bb global_colors_info=\u00a0\u00bb{}\u00a0\u00bb][\/et_pb_contact_field][et_pb_contact_field field_id=\u00a0\u00bbage\u00a0\u00bb field_title=\u00a0\u00bb\u00c2ge\u00a0\u00bb fullwidth_field=\u00a0\u00bbon\u00a0\u00bb _builder_version=\u00a0\u00bb4.20.4&Prime; _module_preset=\u00a0\u00bbdefault\u00a0\u00bb global_colors_info=\u00a0\u00bb{}\u00a0\u00bb][\/et_pb_contact_field][et_pb_contact_field field_id=\u00a0\u00bbpronoms\u00a0\u00bb field_title=\u00a0\u00bbChoix de pronoms\u202f\u00a0\u00bb field_type=\u00a0\u00bbselect\u00a0\u00bb select_options=\u00a0\u00bb%91{%22value%22:%22elle%22,%22checked%22:0,%22dragID%22:-1},{%22value%22:%22il%22,%22checked%22:0,%22dragID%22:0},{%22value%22:%22iel%22,%22checked%22:0,%22dragID%22:1},{%22value%22:%22autre%22,%22checked%22:0,%22dragID%22:2},{%22value%22:%22tu%22,%22checked%22:0,%22dragID%22:3},{%22value%22:%22vous%22,%22checked%22:0,%22dragID%22:4}%93&Prime; fullwidth_field=\u00a0\u00bbon\u00a0\u00bb _builder_version=\u00a0\u00bb4.20.4&Prime; _module_preset=\u00a0\u00bbdefault\u00a0\u00bb global_colors_info=\u00a0\u00bb{}\u00a0\u00bb][\/et_pb_contact_field][et_pb_contact_field field_id=\u00a0\u00bbcourriel\u00a0\u00bb field_title=\u00a0\u00bbCourriel\u00a0\u00bb fullwidth_field=\u00a0\u00bbon\u00a0\u00bb _builder_version=\u00a0\u00bb4.20.4&Prime; _module_preset=\u00a0\u00bbdefault\u00a0\u00bb global_colors_info=\u00a0\u00bb{}\u00a0\u00bb][\/et_pb_contact_field][et_pb_contact_field field_id=\u00a0\u00bbobjectif\u00a0\u00bb field_title=\u00a0\u00bbObjectifs personnels\u202f: Par exemple\u202f: annonce du diagnostic, acceptation de soi, habitudes de vie, recherche d\u2019emploi, se d\u00e9placer de fa\u00e7on autonome, mieux se comprendre, briser la solitude.\u00a0\u00bb field_type=\u00a0\u00bbtext\u00a0\u00bb fullwidth_field=\u00a0\u00bbon\u00a0\u00bb _builder_version=\u00a0\u00bb4.20.4&Prime; _module_preset=\u00a0\u00bbdefault\u00a0\u00bb global_colors_info=\u00a0\u00bb{}\u00a0\u00bb][\/et_pb_contact_field][et_pb_contact_field field_id=\u00a0\u00bbinterets\u00a0\u00bb field_title=\u00a0\u00bbInt\u00e9r\u00eats\u202f: Par exemple\u202f: l\u2019histoire du Qu\u00e9bec, la photographie, la vie des insectes. \u00a0\u00bb field_type=\u00a0\u00bbtext\u00a0\u00bb fullwidth_field=\u00a0\u00bbon\u00a0\u00bb _builder_version=\u00a0\u00bb4.20.4&Prime; _module_preset=\u00a0\u00bbdefault\u00a0\u00bb global_colors_info=\u00a0\u00bb{}\u00a0\u00bb][\/et_pb_contact_field][et_pb_contact_field field_id=\u00a0\u00bbbesoins\u00a0\u00bb field_title=\u00a0\u00bbBesoins d\u2019accommodement\u202f:\u202f Par exemple\u202f: possibilit\u00e9 de communiquer \u00e0 l\u2019\u00e9crit, avoir la possibilit\u00e9 de laisser ma cam\u00e9ra \u00e9teinte.\u00a0\u00bb fullwidth_field=\u00a0\u00bbon\u00a0\u00bb _builder_version=\u00a0\u00bb4.21.0&Prime; _module_preset=\u00a0\u00bbdefault\u00a0\u00bb global_colors_info=\u00a0\u00bb{}\u00a0\u00bb][\/et_pb_contact_field][et_pb_contact_field field_id=\u00a0\u00bbinformations\u00a0\u00bb field_title=\u00a0\u00bbInformations suppl\u00e9mentaires\u202f\u00a0\u00bb fullwidth_field=\u00a0\u00bbon\u00a0\u00bb _builder_version=\u00a0\u00bb4.20.4&Prime; _module_preset=\u00a0\u00bbdefault\u00a0\u00bb global_colors_info=\u00a0\u00bb{}\u00a0\u00bb][\/et_pb_contact_field][et_pb_contact_field field_id=\u00a0\u00bbdeclaration\u00a0\u00bb field_title=\u00a0\u00bbJe d\u00e9clare que :\u00a0\u00bb field_type=\u00a0\u00bbcheckbox\u00a0\u00bb checkbox_options=\u00a0\u00bb%91{%22value%22:%22J&rsquo;ai re\u00e7u un diagnostic d&rsquo;autisme.%22,%22checked%22:0,%22dragID%22:-1},{%22value%22:%22J&rsquo;habite au Qu\u00e9bec.%22,%22checked%22:0,%22dragID%22:0},{%22value%22:%22Je d\u00e9sire qu&rsquo;on me contacte \u00e0 l&rsquo;adresse courriel mentionn\u00e9e.%22,%22checked%22:0,%22dragID%22:1},{%22value%22:%22Je signe ma demande de participation au programme de mentorat. %22,%22checked%22:0,%22dragID%22:2}%93&Prime; fullwidth_field=\u00a0\u00bbon\u00a0\u00bb _builder_version=\u00a0\u00bb4.21.0&Prime; _module_preset=\u00a0\u00bbdefault\u00a0\u00bb global_colors_info=\u00a0\u00bb{}\u00a0\u00bb][\/et_pb_contact_field][et_pb_contact_field field_id=\u00a0\u00bblieu\u00a0\u00bb field_title=\u00a0\u00bbLieu\u00a0\u00bb _builder_version=\u00a0\u00bb4.20.4&Prime; _module_preset=\u00a0\u00bbdefault\u00a0\u00bb global_colors_info=\u00a0\u00bb{}\u00a0\u00bb][\/et_pb_contact_field][et_pb_contact_field field_id=\u00a0\u00bbdate_2&Prime; field_title=\u00a0\u00bbdate\u00a0\u00bb _builder_version=\u00a0\u00bb4.20.4&Prime; _module_preset=\u00a0\u00bbdefault\u00a0\u00bb global_colors_info=\u00a0\u00bb{}\u00a0\u00bb][\/et_pb_contact_field][\/et_pb_contact_form][\/et_pb_column][\/et_pb_row][\/et_pb_section][et_pb_section fb_built=\u00a0\u00bb1&Prime; custom_padding_last_edited=\u00a0\u00bbon|phone\u00a0\u00bb module_id=\u00a0\u00bbsection-5&Prime; _builder_version=\u00a0\u00bb4.21.0&Prime; _module_preset=\u00a0\u00bbdefault\u00a0\u00bb background_color=\u00a0\u00bb#FFFFFF\u00a0\u00bb background_enable_image=\u00a0\u00bboff\u00a0\u00bb background_size=\u00a0\u00bbcontain\u00a0\u00bb background_position=\u00a0\u00bbcenter_left\u00a0\u00bb background_horizontal_offset=\u00a0\u00bb21%\u00a0\u00bb overflow-x=\u00a0\u00bbhidden\u00a0\u00bb overflow-y=\u00a0\u00bbhidden\u00a0\u00bb custom_margin=\u00a0\u00bb||0px||false|false\u00a0\u00bb custom_padding=\u00a0\u00bb10vh||10vh||true|false\u00a0\u00bb custom_padding_tablet=\u00a0\u00bb60px||60px||true|false\u00a0\u00bb custom_padding_phone=\u00a0\u00bb50px||50px||true|false\u00a0\u00bb animation_style=\u00a0\u00bbfade\u00a0\u00bb animation_duration=\u00a0\u00bb400ms\u00a0\u00bb global_colors_info=\u00a0\u00bb{}\u00a0\u00bb][et_pb_row column_structure=\u00a0\u00bb2_5,3_5&Prime; use_custom_gutter=\u00a0\u00bbon\u00a0\u00bb gutter_width=\u00a0\u00bb2&Prime; _builder_version=\u00a0\u00bb4.20.2&Prime; _module_preset=\u00a0\u00bbdefault\u00a0\u00bb custom_margin=\u00a0\u00bb0px||0px||false|false\u00a0\u00bb custom_padding=\u00a0\u00bb0px||0px||false|false\u00a0\u00bb global_colors_info=\u00a0\u00bb{}\u00a0\u00bb][et_pb_column type=\u00a0\u00bb2_5&Prime; _builder_version=\u00a0\u00bb4.20.2&Prime; _module_preset=\u00a0\u00bbdefault\u00a0\u00bb custom_padding=\u00a0\u00bb0px||||false|false\u00a0\u00bb custom_padding_tablet=\u00a0\u00bb0px||||false|false\u00a0\u00bb custom_padding_phone=\u00a0\u00bb0px||||false|false\u00a0\u00bb custom_padding_last_edited=\u00a0\u00bbon|desktop\u00a0\u00bb global_colors_info=\u00a0\u00bb{}\u00a0\u00bb][et_pb_text _builder_version=\u00a0\u00bb4.20.2&Prime; _module_preset=\u00a0\u00bb835bcc22-c256-44d2-ab34-16bc32509427&Prime; max_width=\u00a0\u00bb500px\u00a0\u00bb global_colors_info=\u00a0\u00bb{}\u00a0\u00bb]<\/p>\n<h2>Formation en ligne pour devenir mentor<\/h2>\n<p>[\/et_pb_text][et_pb_text _builder_version=\u00a0\u00bb4.21.0&Prime; _module_preset=\u00a0\u00bbdefault\u00a0\u00bb global_colors_info=\u00a0\u00bb{}\u00a0\u00bb]<\/p>\n<p><span style=\"font-weight: 400;\">Notre \u00e9quipe de recherche a con\u00e7u une courte formation en ligne pour permettre \u00e0 toute personne int\u00e9ress\u00e9e \u00e0 devenir mentor pour des personnes autistes.\u00a0<\/span><\/p>\n<p><span style=\"font-weight: 400;\">La formation a pour principal objectif de mieux comprendre l\u2019autisme. Elle aborde notamment les notions de soutien social appliqu\u00e9es \u00e0 la population autiste et le r\u00f4le des pairs aidants en autisme.<\/span><\/p>\n<p><span style=\"font-weight: 400;\">Cette formation en ligne est compl\u00e9mentaire \u00e0 une formation pour pairs aidants. Elle est requise pour devenir pair aidant autiste ou mentor non-autiste.<\/span><\/p>\n<p>[\/et_pb_text][et_pb_button button_text=\u00a0\u00bbEn savoir plus\u00a0\u00bb _builder_version=\u00a0\u00bb4.21.0&Prime; _module_preset=\u00a0\u00bbdefault\u00a0\u00bb custom_button=\u00a0\u00bbon\u00a0\u00bb button_text_size=\u00a0\u00bb15px\u00a0\u00bb button_text_color=\u00a0\u00bb#000000&Prime; button_bg_color=\u00a0\u00bb#F5ACBD\u00a0\u00bb button_border_width=\u00a0\u00bb0px\u00a0\u00bb button_border_radius=\u00a0\u00bb0px\u00a0\u00bb button_font=\u00a0\u00bb|800|||||||\u00a0\u00bb custom_padding=\u00a0\u00bb15px||15px||true|false\u00a0\u00bb global_colors_info=\u00a0\u00bb{}\u00a0\u00bb button_bg_color__hover_enabled=\u00a0\u00bbon|hover\u00a0\u00bb button_bg_color__hover=\u00a0\u00bb#B8E0D2&Prime; button_bg_enable_color__hover=\u00a0\u00bbon\u00a0\u00bb][\/et_pb_button][et_pb_button button_text=\u00a0\u00bbS&rsquo;inscrire \u00e0 la formation\u00a0\u00bb _builder_version=\u00a0\u00bb4.21.0&Prime; _module_preset=\u00a0\u00bbdefault\u00a0\u00bb custom_button=\u00a0\u00bbon\u00a0\u00bb button_text_size=\u00a0\u00bb15px\u00a0\u00bb button_text_color=\u00a0\u00bb#000000&Prime; button_bg_color=\u00a0\u00bb#F5ACBD\u00a0\u00bb button_border_width=\u00a0\u00bb0px\u00a0\u00bb button_border_radius=\u00a0\u00bb0px\u00a0\u00bb button_font=\u00a0\u00bb|800|||||||\u00a0\u00bb custom_padding=\u00a0\u00bb15px||15px||true|false\u00a0\u00bb global_colors_info=\u00a0\u00bb{}\u00a0\u00bb button_bg_color__hover_enabled=\u00a0\u00bbon|hover\u00a0\u00bb button_bg_color__hover=\u00a0\u00bb#B8E0D2&Prime; button_bg_enable_color__hover=\u00a0\u00bbon\u00a0\u00bb][\/et_pb_button][\/et_pb_column][et_pb_column type=\u00a0\u00bb3_5&Prime; _builder_version=\u00a0\u00bb4.20.2&Prime; _module_preset=\u00a0\u00bbdefault\u00a0\u00bb custom_padding=\u00a0\u00bb60px||||false|false\u00a0\u00bb custom_padding_tablet=\u00a0\u00bb||||false|false\u00a0\u00bb custom_padding_phone=\u00a0\u00bb||||false|false\u00a0\u00bb custom_padding_last_edited=\u00a0\u00bbon|desktop\u00a0\u00bb global_colors_info=\u00a0\u00bb{}\u00a0\u00bb][et_pb_image src=\u00a0\u00bbhttp:\/\/autisme-ensemble.org\/staging\/wp-content\/uploads\/2023\/04\/formation.jpg\u00a0\u00bb title_text=\u00a0\u00bbformation\u00a0\u00bb _builder_version=\u00a0\u00bb4.20.4&Prime; _module_preset=\u00a0\u00bbdefault\u00a0\u00bb max_width=\u00a0\u00bb900px\u00a0\u00bb global_colors_info=\u00a0\u00bb{}\u00a0\u00bb][\/et_pb_image][\/et_pb_column][\/et_pb_row][\/et_pb_section][et_pb_section fb_built=\u00a0\u00bb1&Prime; custom_padding_last_edited=\u00a0\u00bbon|phone\u00a0\u00bb module_id=\u00a0\u00bbsection-6&Prime; _builder_version=\u00a0\u00bb4.21.0&Prime; _module_preset=\u00a0\u00bbdefault\u00a0\u00bb background_color=\u00a0\u00bb#FFFFFF\u00a0\u00bb background_enable_image=\u00a0\u00bboff\u00a0\u00bb background_size=\u00a0\u00bbcontain\u00a0\u00bb background_position=\u00a0\u00bbcenter_left\u00a0\u00bb background_horizontal_offset=\u00a0\u00bb21%\u00a0\u00bb custom_margin=\u00a0\u00bb0px||0px||false|false\u00a0\u00bb custom_padding=\u00a0\u00bb10vh||10vh||true|false\u00a0\u00bb custom_padding_tablet=\u00a0\u00bb60px||60px||true|false\u00a0\u00bb custom_padding_phone=\u00a0\u00bb50px||50px||true|false\u00a0\u00bb animation_style=\u00a0\u00bbfade\u00a0\u00bb animation_duration=\u00a0\u00bb400ms\u00a0\u00bb box_shadow_style=\u00a0\u00bbpreset1&Prime; box_shadow_vertical=\u00a0\u00bb36px\u00a0\u00bb box_shadow_blur=\u00a0\u00bb66px\u00a0\u00bb box_shadow_spread=\u00a0\u00bb-42px\u00a0\u00bb box_shadow_color=\u00a0\u00bb#d5eade\u00a0\u00bb global_colors_info=\u00a0\u00bb{}\u00a0\u00bb][et_pb_row use_custom_gutter=\u00a0\u00bbon\u00a0\u00bb gutter_width=\u00a0\u00bb1&Prime; _builder_version=\u00a0\u00bb4.21.0&Prime; _module_preset=\u00a0\u00bbdefault\u00a0\u00bb custom_margin=\u00a0\u00bb0px||0px||false|false\u00a0\u00bb custom_padding=\u00a0\u00bb0px||0px||false|false\u00a0\u00bb hover_enabled=\u00a0\u00bb0&Prime; global_colors_info=\u00a0\u00bb{}\u00a0\u00bb sticky_enabled=\u00a0\u00bb0&Prime;][et_pb_column type=\u00a0\u00bb4_4&Prime; _builder_version=\u00a0\u00bb4.20.0&Prime; _module_preset=\u00a0\u00bbdefault\u00a0\u00bb custom_padding=\u00a0\u00bb0px||||false|false\u00a0\u00bb custom_padding_tablet=\u00a0\u00bb0px||||false|false\u00a0\u00bb custom_padding_phone=\u00a0\u00bb0px||||false|false\u00a0\u00bb custom_padding_last_edited=\u00a0\u00bbon|phone\u00a0\u00bb global_colors_info=\u00a0\u00bb{}\u00a0\u00bb][et_pb_text _builder_version=\u00a0\u00bb4.20.2&Prime; _module_preset=\u00a0\u00bb835bcc22-c256-44d2-ab34-16bc32509427&Prime; max_width=\u00a0\u00bb500px\u00a0\u00bb global_colors_info=\u00a0\u00bb{}\u00a0\u00bb]<\/p>\n<h2>T\u00e9l\u00e9charger des documents<\/h2>\n<p>[\/et_pb_text][\/et_pb_column][\/et_pb_row][et_pb_row column_structure=\u00a0\u00bb1_4,1_4,1_4,1_4&Prime; _builder_version=\u00a0\u00bb4.21.0&Prime; _module_preset=\u00a0\u00bbdefault\u00a0\u00bb custom_margin=\u00a0\u00bb||0px||false|false\u00a0\u00bb custom_padding=\u00a0\u00bb||0px||false|false\u00a0\u00bb hover_enabled=\u00a0\u00bb0&Prime; global_colors_info=\u00a0\u00bb{}\u00a0\u00bb module_class=\u00a0\u00bbthree-col-tab\u00a0\u00bb sticky_enabled=\u00a0\u00bb0&Prime;][et_pb_column type=\u00a0\u00bb1_4&Prime; _builder_version=\u00a0\u00bb4.20.2&Prime; _module_preset=\u00a0\u00bbdefault\u00a0\u00bb global_colors_info=\u00a0\u00bb{}\u00a0\u00bb][et_pb_icon font_icon=\u00a0\u00bb&#xf15b;||fa||900&Prime; icon_color=\u00a0\u00bb#d07bb4&Prime; icon_width=\u00a0\u00bb110px\u00a0\u00bb url=\u00a0\u00bbhttp:\/\/autisme-ensemble.org\/staging\/wp-content\/uploads\/2023\/05\/Rapport-complet-Portrait-de-la-stigmatisation.pdf\u00a0\u00bb url_new_window=\u00a0\u00bbon\u00a0\u00bb _builder_version=\u00a0\u00bb4.21.0&Prime; _module_preset=\u00a0\u00bbdefault\u00a0\u00bb custom_margin=\u00a0\u00bb||15px||false|false\u00a0\u00bb custom_padding=\u00a0\u00bb||0px||false|false\u00a0\u00bb hover_enabled=\u00a0\u00bb0&Prime; global_colors_info=\u00a0\u00bb{}\u00a0\u00bb align=\u00a0\u00bbleft\u00a0\u00bb sticky_enabled=\u00a0\u00bb0&Prime; custom_margin_last_edited=\u00a0\u00bbon|desktop\u00a0\u00bb custom_margin_tablet=\u00a0\u00bb||15px||false|false\u00a0\u00bb custom_margin_phone=\u00a0\u00bb||15px||false|false\u00a0\u00bb][\/et_pb_icon][et_pb_text _builder_version=\u00a0\u00bb4.21.0&Prime; _module_preset=\u00a0\u00bbdefault\u00a0\u00bb text_font=\u00a0\u00bbArial|600|||||||\u00a0\u00bb text_text_color=\u00a0\u00bb#000000&Prime; text_font_size=\u00a0\u00bb15px\u00a0\u00bb custom_margin=\u00a0\u00bb0px||0px||false|false\u00a0\u00bb custom_padding=\u00a0\u00bb0px||0px||false|false\u00a0\u00bb hover_enabled=\u00a0\u00bb0&Prime; global_colors_info=\u00a0\u00bb{}\u00a0\u00bb sticky_enabled=\u00a0\u00bb0&Prime; max_width=\u00a0\u00bb200px\u00a0\u00bb]<\/p>\n<p>Rapport complet<br \/>Portrait de la stigmatisation et de l\u2019acceptation des personnes autistes et de leurs proches au Qu\u00e9bec<\/p>\n<p>[\/et_pb_text][\/et_pb_column][et_pb_column type=\u00a0\u00bb1_4&Prime; _builder_version=\u00a0\u00bb4.20.2&Prime; _module_preset=\u00a0\u00bbdefault\u00a0\u00bb global_colors_info=\u00a0\u00bb{}\u00a0\u00bb][et_pb_icon font_icon=\u00a0\u00bb&#xf15b;||fa||900&Prime; icon_color=\u00a0\u00bb#d07bb4&Prime; icon_width=\u00a0\u00bb110px\u00a0\u00bb url=\u00a0\u00bbhttp:\/\/autisme-ensemble.org\/staging\/wp-content\/uploads\/2023\/05\/Rapport-complet-Portrait-de-la-stigmatisation.pdf\u00a0\u00bb url_new_window=\u00a0\u00bbon\u00a0\u00bb _builder_version=\u00a0\u00bb4.21.0&Prime; _module_preset=\u00a0\u00bbdefault\u00a0\u00bb custom_margin=\u00a0\u00bb||15px||false|false\u00a0\u00bb custom_padding=\u00a0\u00bb||0px||false|false\u00a0\u00bb hover_enabled=\u00a0\u00bb0&Prime; global_colors_info=\u00a0\u00bb{}\u00a0\u00bb align=\u00a0\u00bbleft\u00a0\u00bb sticky_enabled=\u00a0\u00bb0&Prime; locked=\u00a0\u00bboff\u00a0\u00bb custom_margin_last_edited=\u00a0\u00bbon|desktop\u00a0\u00bb custom_margin_tablet=\u00a0\u00bb||15px||false|false\u00a0\u00bb custom_margin_phone=\u00a0\u00bb||15px||false|false\u00a0\u00bb][\/et_pb_icon][et_pb_text _builder_version=\u00a0\u00bb4.21.0&Prime; _module_preset=\u00a0\u00bbdefault\u00a0\u00bb text_font=\u00a0\u00bbArial|600|||||||\u00a0\u00bb text_text_color=\u00a0\u00bb#000000&Prime; text_font_size=\u00a0\u00bb15px\u00a0\u00bb custom_margin=\u00a0\u00bb0px||0px||false|false\u00a0\u00bb custom_padding=\u00a0\u00bb0px||0px||false|false\u00a0\u00bb global_colors_info=\u00a0\u00bb{}\u00a0\u00bb max_width=\u00a0\u00bb200px\u00a0\u00bb]<\/p>\n<p>Sommaire <br \/>Portrait de la stigmatisation et de l\u2019acceptation des personnes autistes et de leurs proches au Qu\u00e9bec<\/p>\n<p>[\/et_pb_text][\/et_pb_column][et_pb_column type=\u00a0\u00bb1_4&Prime; _builder_version=\u00a0\u00bb4.20.2&Prime; _module_preset=\u00a0\u00bbdefault\u00a0\u00bb global_colors_info=\u00a0\u00bb{}\u00a0\u00bb][et_pb_icon font_icon=\u00a0\u00bb&#xf1c8;||fa||900&Prime; icon_color=\u00a0\u00bb#d07bb4&Prime; icon_width=\u00a0\u00bb110px\u00a0\u00bb url=\u00a0\u00bbhttp:\/\/autisme-ensemble.org\/staging\/wp-content\/uploads\/2023\/05\/Rapport-complet-Portrait-de-la-stigmatisation.pdf\u00a0\u00bb url_new_window=\u00a0\u00bbon\u00a0\u00bb _builder_version=\u00a0\u00bb4.21.0&Prime; _module_preset=\u00a0\u00bbdefault\u00a0\u00bb custom_margin=\u00a0\u00bb||15px||false|false\u00a0\u00bb custom_padding=\u00a0\u00bb||0px||false|false\u00a0\u00bb hover_enabled=\u00a0\u00bb0&Prime; global_colors_info=\u00a0\u00bb{}\u00a0\u00bb align=\u00a0\u00bbleft\u00a0\u00bb sticky_enabled=\u00a0\u00bb0&Prime; locked=\u00a0\u00bboff\u00a0\u00bb custom_margin_last_edited=\u00a0\u00bbon|desktop\u00a0\u00bb custom_margin_tablet=\u00a0\u00bb||15px||false|false\u00a0\u00bb custom_margin_phone=\u00a0\u00bb||15px||false|false\u00a0\u00bb][\/et_pb_icon][et_pb_text _builder_version=\u00a0\u00bb4.21.0&Prime; _module_preset=\u00a0\u00bbdefault\u00a0\u00bb text_font=\u00a0\u00bbArial|600|||||||\u00a0\u00bb text_text_color=\u00a0\u00bb#000000&Prime; text_font_size=\u00a0\u00bb15px\u00a0\u00bb custom_margin=\u00a0\u00bb0px||0px||false|false\u00a0\u00bb custom_padding=\u00a0\u00bb0px||0px||false|false\u00a0\u00bb global_colors_info=\u00a0\u00bb{}\u00a0\u00bb max_width=\u00a0\u00bb200px\u00a0\u00bb]<\/p>\n<p>Faits saillants<br \/>Portrait de la stigmatisation et de l\u2019acceptation des personnes autistes et de leurs proches au Qu\u00e9bec<\/p>\n<p>[\/et_pb_text][\/et_pb_column][et_pb_column type=\u00a0\u00bb1_4&Prime; _builder_version=\u00a0\u00bb4.21.0&Prime; _module_preset=\u00a0\u00bbdefault\u00a0\u00bb hover_enabled=\u00a0\u00bb0&Prime; global_colors_info=\u00a0\u00bb{}\u00a0\u00bb disabled_on=\u00a0\u00bbon|on|on\u00a0\u00bb disabled=\u00a0\u00bbon\u00a0\u00bb sticky_enabled=\u00a0\u00bb0&Prime;][\/et_pb_column][\/et_pb_row][et_pb_row column_structure=\u00a0\u00bb1_5,1_5,1_5,1_5,1_5&Prime; disabled_on=\u00a0\u00bbon|on|on\u00a0\u00bb _builder_version=\u00a0\u00bb4.20.2&Prime; _module_preset=\u00a0\u00bbdefault\u00a0\u00bb custom_margin=\u00a0\u00bb||0px||false|false\u00a0\u00bb custom_padding=\u00a0\u00bb||0px||false|false\u00a0\u00bb disabled=\u00a0\u00bbon\u00a0\u00bb global_colors_info=\u00a0\u00bb{}\u00a0\u00bb][et_pb_column type=\u00a0\u00bb1_5&Prime; _builder_version=\u00a0\u00bb4.20.2&Prime; _module_preset=\u00a0\u00bbdefault\u00a0\u00bb global_colors_info=\u00a0\u00bb{}\u00a0\u00bb][et_pb_icon font_icon=\u00a0\u00bb&#xf15b;||fa||900&Prime; icon_color=\u00a0\u00bb#d07bb4&Prime; icon_width=\u00a0\u00bb82px\u00a0\u00bb _builder_version=\u00a0\u00bb4.21.0&Prime; _module_preset=\u00a0\u00bbdefault\u00a0\u00bb custom_margin=\u00a0\u00bb||10px||false|false\u00a0\u00bb custom_padding=\u00a0\u00bb||0px||false|false\u00a0\u00bb global_colors_info=\u00a0\u00bb{}\u00a0\u00bb][\/et_pb_icon][et_pb_text _builder_version=\u00a0\u00bb4.20.2&Prime; _module_preset=\u00a0\u00bbdefault\u00a0\u00bb text_font=\u00a0\u00bbArial|600|||||||\u00a0\u00bb text_text_color=\u00a0\u00bb#000000&Prime; text_font_size=\u00a0\u00bb15px\u00a0\u00bb text_orientation=\u00a0\u00bbcenter\u00a0\u00bb custom_margin=\u00a0\u00bb0px||0px||false|false\u00a0\u00bb custom_padding=\u00a0\u00bb0px||0px||false|false\u00a0\u00bb global_colors_info=\u00a0\u00bb{}\u00a0\u00bb]<\/p>\n<p>Nom du document<\/p>\n<p>[\/et_pb_text][\/et_pb_column][et_pb_column type=\u00a0\u00bb1_5&Prime; _builder_version=\u00a0\u00bb4.20.2&Prime; _module_preset=\u00a0\u00bbdefault\u00a0\u00bb global_colors_info=\u00a0\u00bb{}\u00a0\u00bb][et_pb_icon font_icon=\u00a0\u00bb&#xf15c;||fa||900&Prime; icon_color=\u00a0\u00bb#d07bb4&Prime; icon_width=\u00a0\u00bb82px\u00a0\u00bb _builder_version=\u00a0\u00bb4.20.2&Prime; _module_preset=\u00a0\u00bbdefault\u00a0\u00bb custom_margin=\u00a0\u00bb||10px||false|false\u00a0\u00bb custom_padding=\u00a0\u00bb||0px||false|false\u00a0\u00bb global_colors_info=\u00a0\u00bb{}\u00a0\u00bb][\/et_pb_icon][et_pb_text _builder_version=\u00a0\u00bb4.20.2&Prime; _module_preset=\u00a0\u00bbdefault\u00a0\u00bb text_font=\u00a0\u00bbArial|600|||||||\u00a0\u00bb text_text_color=\u00a0\u00bb#000000&Prime; text_font_size=\u00a0\u00bb15px\u00a0\u00bb text_orientation=\u00a0\u00bbcenter\u00a0\u00bb custom_margin=\u00a0\u00bb0px||0px||false|false\u00a0\u00bb custom_padding=\u00a0\u00bb0px||0px||false|false\u00a0\u00bb global_colors_info=\u00a0\u00bb{}\u00a0\u00bb]<\/p>\n<p>Nom du document<\/p>\n<p>[\/et_pb_text][\/et_pb_column][et_pb_column type=\u00a0\u00bb1_5&Prime; _builder_version=\u00a0\u00bb4.20.2&Prime; _module_preset=\u00a0\u00bbdefault\u00a0\u00bb global_colors_info=\u00a0\u00bb{}\u00a0\u00bb][et_pb_icon font_icon=\u00a0\u00bb&#xf15c;||fa||900&Prime; icon_color=\u00a0\u00bb#d07bb4&Prime; icon_width=\u00a0\u00bb82px\u00a0\u00bb _builder_version=\u00a0\u00bb4.20.2&Prime; _module_preset=\u00a0\u00bbdefault\u00a0\u00bb custom_margin=\u00a0\u00bb||10px||false|false\u00a0\u00bb custom_padding=\u00a0\u00bb||0px||false|false\u00a0\u00bb global_colors_info=\u00a0\u00bb{}\u00a0\u00bb][\/et_pb_icon][et_pb_text _builder_version=\u00a0\u00bb4.20.2&Prime; _module_preset=\u00a0\u00bbdefault\u00a0\u00bb text_font=\u00a0\u00bbArial|600|||||||\u00a0\u00bb text_text_color=\u00a0\u00bb#000000&Prime; text_font_size=\u00a0\u00bb15px\u00a0\u00bb text_orientation=\u00a0\u00bbcenter\u00a0\u00bb custom_margin=\u00a0\u00bb0px||0px||false|false\u00a0\u00bb custom_padding=\u00a0\u00bb0px||0px||false|false\u00a0\u00bb global_colors_info=\u00a0\u00bb{}\u00a0\u00bb]<\/p>\n<p>Nom du document<\/p>\n<p>[\/et_pb_text][\/et_pb_column][et_pb_column type=\u00a0\u00bb1_5&Prime; _builder_version=\u00a0\u00bb4.20.2&Prime; _module_preset=\u00a0\u00bbdefault\u00a0\u00bb global_colors_info=\u00a0\u00bb{}\u00a0\u00bb][et_pb_icon font_icon=\u00a0\u00bb&#xf15c;||fa||900&Prime; icon_color=\u00a0\u00bb#d07bb4&Prime; icon_width=\u00a0\u00bb82px\u00a0\u00bb _builder_version=\u00a0\u00bb4.20.2&Prime; _module_preset=\u00a0\u00bbdefault\u00a0\u00bb custom_margin=\u00a0\u00bb||10px||false|false\u00a0\u00bb custom_padding=\u00a0\u00bb||0px||false|false\u00a0\u00bb global_colors_info=\u00a0\u00bb{}\u00a0\u00bb][\/et_pb_icon][et_pb_text _builder_version=\u00a0\u00bb4.20.2&Prime; _module_preset=\u00a0\u00bbdefault\u00a0\u00bb text_font=\u00a0\u00bbArial|600|||||||\u00a0\u00bb text_text_color=\u00a0\u00bb#000000&Prime; text_font_size=\u00a0\u00bb15px\u00a0\u00bb text_orientation=\u00a0\u00bbcenter\u00a0\u00bb custom_margin=\u00a0\u00bb0px||0px||false|false\u00a0\u00bb custom_padding=\u00a0\u00bb0px||0px||false|false\u00a0\u00bb global_colors_info=\u00a0\u00bb{}\u00a0\u00bb]<\/p>\n<p>Nom du document<\/p>\n<p>[\/et_pb_text][\/et_pb_column][et_pb_column type=\u00a0\u00bb1_5&Prime; _builder_version=\u00a0\u00bb4.20.2&Prime; _module_preset=\u00a0\u00bbdefault\u00a0\u00bb global_colors_info=\u00a0\u00bb{}\u00a0\u00bb][et_pb_icon font_icon=\u00a0\u00bb&#xf15c;||fa||900&Prime; icon_color=\u00a0\u00bb#d07bb4&Prime; icon_width=\u00a0\u00bb82px\u00a0\u00bb _builder_version=\u00a0\u00bb4.20.2&Prime; _module_preset=\u00a0\u00bbdefault\u00a0\u00bb custom_margin=\u00a0\u00bb||10px||false|false\u00a0\u00bb custom_padding=\u00a0\u00bb||0px||false|false\u00a0\u00bb global_colors_info=\u00a0\u00bb{}\u00a0\u00bb][\/et_pb_icon][et_pb_text _builder_version=\u00a0\u00bb4.20.2&Prime; _module_preset=\u00a0\u00bbdefault\u00a0\u00bb text_font=\u00a0\u00bbArial|600|||||||\u00a0\u00bb text_text_color=\u00a0\u00bb#000000&Prime; text_font_size=\u00a0\u00bb15px\u00a0\u00bb text_orientation=\u00a0\u00bbcenter\u00a0\u00bb custom_margin=\u00a0\u00bb0px||0px||false|false\u00a0\u00bb custom_padding=\u00a0\u00bb0px||0px||false|false\u00a0\u00bb global_colors_info=\u00a0\u00bb{}\u00a0\u00bb]<\/p>\n<p>Nom du document<\/p>\n<p>[\/et_pb_text][\/et_pb_column][\/et_pb_row][\/et_pb_section][et_pb_section fb_built=\u00a0\u00bb1&Prime; disabled_on=\u00a0\u00bboff|on|on\u00a0\u00bb admin_label=\u00a0\u00bbMenu flottant (mobile)\u00a0\u00bb _builder_version=\u00a0\u00bb4.20.2&Prime; _module_preset=\u00a0\u00bbdefault\u00a0\u00bb background_color=\u00a0\u00bbRGBA(255,255,255,0)\u00a0\u00bb z_index=\u00a0\u00bb300&Prime; max_width=\u00a0\u00bb24%\u00a0\u00bb custom_margin=\u00a0\u00bb0px||0px||false|false\u00a0\u00bb custom_padding=\u00a0\u00bb0px||0px||false|false\u00a0\u00bb global_colors_info=\u00a0\u00bb{}\u00a0\u00bb][et_pb_row _builder_version=\u00a0\u00bb4.20.2&Prime; _module_preset=\u00a0\u00bbdefault\u00a0\u00bb background_color=\u00a0\u00bbRGBA(255,255,255,0)\u00a0\u00bb positioning=\u00a0\u00bbfixed\u00a0\u00bb position_origin_a=\u00a0\u00bbcenter_left\u00a0\u00bb position_origin_f=\u00a0\u00bbbottom_center\u00a0\u00bb vertical_offset=\u00a0\u00bb0px\u00a0\u00bb z_index=\u00a0\u00bb184&Prime; max_width_last_edited=\u00a0\u00bboff|phone\u00a0\u00bb global_colors_info=\u00a0\u00bb{}\u00a0\u00bb][et_pb_column type=\u00a0\u00bb4_4&Prime; _builder_version=\u00a0\u00bb4.20.2&Prime; _module_preset=\u00a0\u00bbdefault\u00a0\u00bb global_colors_info=\u00a0\u00bb{}\u00a0\u00bb][et_pb_divimenus central_item_select=\u00a0\u00bbcentral_item_image_option\u00a0\u00bb central_item_image=\u00a0\u00bbhttp:\/\/autisme-ensemble.org\/staging\/wp-content\/uploads\/2023\/02\/Graduation-Hat.png\u00a0\u00bb hide_button=\u00a0\u00bbon\u00a0\u00bb menu_item_show_title=\u00a0\u00bboff\u00a0\u00bb central_item_use_circle=\u00a0\u00bboff\u00a0\u00bb central_item_scale=\u00a0\u00bboff\u00a0\u00bb central_item_image_size=\u00a0\u00bb66&Prime; central_item_opacity=\u00a0\u00bboff\u00a0\u00bb menu_item_circle_color=\u00a0\u00bbRGBA(255,255,255,0)\u00a0\u00bb menu_item_icon_color=\u00a0\u00bb#6aa5a2&Prime; menu_item_icon_font_size=\u00a0\u00bb15px\u00a0\u00bb menu_item_distance=\u00a0\u00bb0px\u00a0\u00bb item_padding=\u00a0\u00bb9px\u00a0\u00bb hover_click=\u00a0\u00bbhover\u00a0\u00bb central_item_image_size_tablet=\u00a0\u00bb140&Prime; central_item_image_size_phone=\u00a0\u00bb74&Prime; central_item_image_size_last_edited=\u00a0\u00bbon|phone\u00a0\u00bb mb_title_position_tablet=\u00a0\u00bbbottom\u00a0\u00bb mb_title_position_phone=\u00a0\u00bbbottom\u00a0\u00bb mb_title_offset_tablet=\u00a0\u00bb10px\u00a0\u00bb mb_title_offset_phone=\u00a0\u00bb10px\u00a0\u00bb mb_title_width_tablet=\u00a0\u00bb200&Prime; mb_title_width_phone=\u00a0\u00bb200&Prime; menu_item_icon_font_size_tablet=\u00a0\u00bb13px\u00a0\u00bb menu_item_icon_font_size_phone=\u00a0\u00bb11px\u00a0\u00bb menu_item_icon_font_size_last_edited=\u00a0\u00bbon|phone\u00a0\u00bb tooltip_position_tablet=\u00a0\u00bbbottom\u00a0\u00bb tooltip_position_phone=\u00a0\u00bbbottom\u00a0\u00bb tooltip_position_last_edited=\u00a0\u00bbon|tablet\u00a0\u00bb tooltip_padding_tablet=\u00a0\u00bb3px\u00a0\u00bb tooltip_padding_phone=\u00a0\u00bb3px\u00a0\u00bb tooltip_padding_last_edited=\u00a0\u00bbon|phone\u00a0\u00bb tooltip_width_tablet=\u00a0\u00bb200&Prime; tooltip_width_phone=\u00a0\u00bb200&Prime; menu_item_distance_tablet=\u00a0\u00bb0px\u00a0\u00bb menu_item_distance_phone=\u00a0\u00bb15px\u00a0\u00bb menu_item_distance_last_edited=\u00a0\u00bbon|phone\u00a0\u00bb item_padding_tablet=\u00a0\u00bb12px\u00a0\u00bb item_padding_phone=\u00a0\u00bb0px\u00a0\u00bb item_padding_last_edited=\u00a0\u00bbon|tablet\u00a0\u00bb disabled_on=\u00a0\u00bboff|on|on\u00a0\u00bb admin_label=\u00a0\u00bbDiviMenus(mobile)\u00a0\u00bb _builder_version=\u00a0\u00bb4.20.2&Prime; _module_preset=\u00a0\u00bbdefault\u00a0\u00bb background_color=\u00a0\u00bbrgba(255,255,255,0.82)\u00a0\u00bb custom_padding=\u00a0\u00bb|||30%|false|false\u00a0\u00bb custom_padding_tablet=\u00a0\u00bb|||1%|false|false\u00a0\u00bb custom_padding_phone=\u00a0\u00bb|0%||0%|false|true\u00a0\u00bb custom_padding_last_edited=\u00a0\u00bbon|tablet\u00a0\u00bb tooltip_font_size_tablet=\u00a0\u00bb15px\u00a0\u00bb tooltip_font_size_phone=\u00a0\u00bb13px\u00a0\u00bb tooltip_font_size_last_edited=\u00a0\u00bbon|tablet\u00a0\u00bb background_last_edited=\u00a0\u00bboff|phone\u00a0\u00bb saved_tabs=\u00a0\u00bball\u00a0\u00bb global_colors_info=\u00a0\u00bb{}\u00a0\u00bb menu_item_circle_color__hover_enabled=\u00a0\u00bbon|hover\u00a0\u00bb menu_item_circle_color__hover=\u00a0\u00bbRGBA(255,255,255,0)\u00a0\u00bb menu_item_icon_color__hover_enabled=\u00a0\u00bbon|desktop\u00a0\u00bb menu_item_icon_color__hover=\u00a0\u00bb#E09900&Prime; central_item_image_height=\u00a0\u00bb66&Prime; central_item_image_height_t=\u00a0\u00bb140&Prime; central_item_image_height_p=\u00a0\u00bb74&Prime;][et_pb_divimenus_item title=\u00a0\u00bbSection-1&Prime; item_font_icon=\u00a0\u00bb&#xf111;||fa||900&Prime; url=\u00a0\u00bb#section-1&Prime; active_url=\u00a0\u00bbon\u00a0\u00bb title_position_tablet=\u00a0\u00bbinherit\u00a0\u00bb title_position_phone=\u00a0\u00bbinherit\u00a0\u00bb _builder_version=\u00a0\u00bb4.20.0&Prime; global_colors_info=\u00a0\u00bb{}\u00a0\u00bb disable_items=\u00a0\u00bboff\u00a0\u00bb menu_item_font_icon=\u00a0\u00bb%%43%%\u00a0\u00bb menu_item_image=\u00a0\u00bbdata:image\/svg+xml;base64,PHN2ZyB3aWR0aD0iNTQwIiBoZWlnaHQ9IjU0MCIgdmlld0JveD0iMCAwIDU0MCA1NDAiIHhtbG5zPSJodHRwOi8vd3d3LnczLm9yZy8yMDAwL3N2ZyI+CiAgICA8ZyBmaWxsPSJub25lIiBmaWxsLXJ1bGU9ImV2ZW5vZGQiPgogICAgICAgIDxwYXRoIGZpbGw9IiNFQkVCRUIiIGQ9Ik0wIDBoMTA4MHY1NDBIMHoiLz4KICAgICAgICA8cGF0aCBkPSJNNDQ1LjY0OSA1NDBoLTk4Ljk5NUwxNDQuNjQ5IDMzNy45OTUgMCA0ODIuNjQ0di05OC45OTVsMTE2LjM2NS0xMTYuMzY1YzE1LjYyLTE1LjYyIDQwLjk0Ny0xNS42MiA1Ni41NjggMEw0NDUuNjUgNTQweiIgZmlsbC1vcGFjaXR5PSIuMSIgZmlsbD0iIzAwMCIgZmlsbC1ydWxlPSJub256ZXJvIi8+CiAgICAgICAgPGNpcmNsZSBmaWxsLW9wYWNpdHk9Ii4wNSIgZmlsbD0iIzAwMCIgY3g9IjMzMSIgY3k9IjE0OCIgcj0iNzAiLz4KICAgICAgICA8cGF0aCBkPSJNMTA4MCAzNzl2MTEzLjEzN0w3MjguMTYyIDE0MC4zIDMyOC40NjIgNTQwSDIxNS4zMjRMNjk5Ljg3OCA1NS40NDZjMTUuNjItMTUuNjIgNDAuOTQ4LTE1LjYyIDU2LjU2OCAwTDEwODAgMzc5eiIgZmlsbC1vcGFjaXR5PSIuMiIgZmlsbD0iIzAwMCIgZmlsbC1ydWxlPSJub256ZXJvIi8+CiAgICA8L2c+Cjwvc3ZnPgo=\u00a0\u00bb menu_item_show_title=\u00a0\u00bboff\u00a0\u00bb menu_item_equal_size=\u00a0\u00bbon\u00a0\u00bb menu_item_select=\u00a0\u00bbicon_option\u00a0\u00bb menu_item_use_border=\u00a0\u00bboff\u00a0\u00bb title_clickable=\u00a0\u00bboff\u00a0\u00bb tooltip_use_background=\u00a0\u00bboff\u00a0\u00bb tooltip_behavior=\u00a0\u00bbhover\u00a0\u00bb child_order=\u00a0\u00bb0&Prime; item_padding_lr=\u00a0\u00bb9&Prime; item_padding_tb=\u00a0\u00bb9&Prime; item_padding_lr_t=\u00a0\u00bb12&Prime; item_padding_tb_t=\u00a0\u00bb12&Prime; item_padding_lr_p=\u00a0\u00bb0&Prime; item_padding_tb_p=\u00a0\u00bb0&Prime;][\/et_pb_divimenus_item][et_pb_divimenus_item title=\u00a0\u00bbSection-2&Prime; item_font_icon=\u00a0\u00bb&#xf111;||fa||900&Prime; url=\u00a0\u00bb#section-2&Prime; active_url=\u00a0\u00bbon\u00a0\u00bb title_position_tablet=\u00a0\u00bbinherit\u00a0\u00bb title_position_phone=\u00a0\u00bbinherit\u00a0\u00bb _builder_version=\u00a0\u00bb4.20.0&Prime; global_colors_info=\u00a0\u00bb{}\u00a0\u00bb disable_items=\u00a0\u00bboff\u00a0\u00bb menu_item_font_icon=\u00a0\u00bb%%43%%\u00a0\u00bb menu_item_image=\u00a0\u00bbdata:image\/svg+xml;base64,PHN2ZyB3aWR0aD0iNTQwIiBoZWlnaHQ9IjU0MCIgdmlld0JveD0iMCAwIDU0MCA1NDAiIHhtbG5zPSJodHRwOi8vd3d3LnczLm9yZy8yMDAwL3N2ZyI+CiAgICA8ZyBmaWxsPSJub25lIiBmaWxsLXJ1bGU9ImV2ZW5vZGQiPgogICAgICAgIDxwYXRoIGZpbGw9IiNFQkVCRUIiIGQ9Ik0wIDBoMTA4MHY1NDBIMHoiLz4KICAgICAgICA8cGF0aCBkPSJNNDQ1LjY0OSA1NDBoLTk4Ljk5NUwxNDQuNjQ5IDMzNy45OTUgMCA0ODIuNjQ0di05OC45OTVsMTE2LjM2NS0xMTYuMzY1YzE1LjYyLTE1LjYyIDQwLjk0Ny0xNS42MiA1Ni41NjggMEw0NDUuNjUgNTQweiIgZmlsbC1vcGFjaXR5PSIuMSIgZmlsbD0iIzAwMCIgZmlsbC1ydWxlPSJub256ZXJvIi8+CiAgICAgICAgPGNpcmNsZSBmaWxsLW9wYWNpdHk9Ii4wNSIgZmlsbD0iIzAwMCIgY3g9IjMzMSIgY3k9IjE0OCIgcj0iNzAiLz4KICAgICAgICA8cGF0aCBkPSJNMTA4MCAzNzl2MTEzLjEzN0w3MjguMTYyIDE0MC4zIDMyOC40NjIgNTQwSDIxNS4zMjRMNjk5Ljg3OCA1NS40NDZjMTUuNjItMTUuNjIgNDAuOTQ4LTE1LjYyIDU2LjU2OCAwTDEwODAgMzc5eiIgZmlsbC1vcGFjaXR5PSIuMiIgZmlsbD0iIzAwMCIgZmlsbC1ydWxlPSJub256ZXJvIi8+CiAgICA8L2c+Cjwvc3ZnPgo=\u00a0\u00bb menu_item_show_title=\u00a0\u00bboff\u00a0\u00bb menu_item_equal_size=\u00a0\u00bbon\u00a0\u00bb menu_item_select=\u00a0\u00bbicon_option\u00a0\u00bb menu_item_use_border=\u00a0\u00bboff\u00a0\u00bb title_clickable=\u00a0\u00bboff\u00a0\u00bb tooltip_use_background=\u00a0\u00bboff\u00a0\u00bb tooltip_behavior=\u00a0\u00bbhover\u00a0\u00bb child_order=\u00a0\u00bb1&Prime; item_padding_lr=\u00a0\u00bb9&Prime; item_padding_tb=\u00a0\u00bb9&Prime; item_padding_lr_t=\u00a0\u00bb12&Prime; item_padding_tb_t=\u00a0\u00bb12&Prime; item_padding_lr_p=\u00a0\u00bb0&Prime; item_padding_tb_p=\u00a0\u00bb0&Prime;][\/et_pb_divimenus_item][et_pb_divimenus_item title=\u00a0\u00bbSection-3&Prime; item_font_icon=\u00a0\u00bb&#xf111;||fa||900&Prime; url=\u00a0\u00bb#section-3&Prime; active_url=\u00a0\u00bbon\u00a0\u00bb title_position_tablet=\u00a0\u00bbinherit\u00a0\u00bb title_position_phone=\u00a0\u00bbinherit\u00a0\u00bb _builder_version=\u00a0\u00bb4.20.0&Prime; global_colors_info=\u00a0\u00bb{}\u00a0\u00bb disable_items=\u00a0\u00bboff\u00a0\u00bb menu_item_font_icon=\u00a0\u00bb%%43%%\u00a0\u00bb menu_item_image=\u00a0\u00bbdata:image\/svg+xml;base64,PHN2ZyB3aWR0aD0iNTQwIiBoZWlnaHQ9IjU0MCIgdmlld0JveD0iMCAwIDU0MCA1NDAiIHhtbG5zPSJodHRwOi8vd3d3LnczLm9yZy8yMDAwL3N2ZyI+CiAgICA8ZyBmaWxsPSJub25lIiBmaWxsLXJ1bGU9ImV2ZW5vZGQiPgogICAgICAgIDxwYXRoIGZpbGw9IiNFQkVCRUIiIGQ9Ik0wIDBoMTA4MHY1NDBIMHoiLz4KICAgICAgICA8cGF0aCBkPSJNNDQ1LjY0OSA1NDBoLTk4Ljk5NUwxNDQuNjQ5IDMzNy45OTUgMCA0ODIuNjQ0di05OC45OTVsMTE2LjM2NS0xMTYuMzY1YzE1LjYyLTE1LjYyIDQwLjk0Ny0xNS42MiA1Ni41NjggMEw0NDUuNjUgNTQweiIgZmlsbC1vcGFjaXR5PSIuMSIgZmlsbD0iIzAwMCIgZmlsbC1ydWxlPSJub256ZXJvIi8+CiAgICAgICAgPGNpcmNsZSBmaWxsLW9wYWNpdHk9Ii4wNSIgZmlsbD0iIzAwMCIgY3g9IjMzMSIgY3k9IjE0OCIgcj0iNzAiLz4KICAgICAgICA8cGF0aCBkPSJNMTA4MCAzNzl2MTEzLjEzN0w3MjguMTYyIDE0MC4zIDMyOC40NjIgNTQwSDIxNS4zMjRMNjk5Ljg3OCA1NS40NDZjMTUuNjItMTUuNjIgNDAuOTQ4LTE1LjYyIDU2LjU2OCAwTDEwODAgMzc5eiIgZmlsbC1vcGFjaXR5PSIuMiIgZmlsbD0iIzAwMCIgZmlsbC1ydWxlPSJub256ZXJvIi8+CiAgICA8L2c+Cjwvc3ZnPgo=\u00a0\u00bb menu_item_show_title=\u00a0\u00bboff\u00a0\u00bb menu_item_equal_size=\u00a0\u00bbon\u00a0\u00bb menu_item_select=\u00a0\u00bbicon_option\u00a0\u00bb menu_item_use_border=\u00a0\u00bboff\u00a0\u00bb title_clickable=\u00a0\u00bboff\u00a0\u00bb tooltip_use_background=\u00a0\u00bboff\u00a0\u00bb tooltip_behavior=\u00a0\u00bbhover\u00a0\u00bb child_order=\u00a0\u00bb2&Prime; item_padding_lr=\u00a0\u00bb9&Prime; item_padding_tb=\u00a0\u00bb9&Prime; item_padding_lr_t=\u00a0\u00bb12&Prime; item_padding_tb_t=\u00a0\u00bb12&Prime; item_padding_lr_p=\u00a0\u00bb0&Prime; item_padding_tb_p=\u00a0\u00bb0&Prime;][\/et_pb_divimenus_item][et_pb_divimenus_item title=\u00a0\u00bbSection-4&Prime; item_font_icon=\u00a0\u00bb&#xf111;||fa||900&Prime; url=\u00a0\u00bb#section-4&Prime; active_url=\u00a0\u00bbon\u00a0\u00bb title_position_tablet=\u00a0\u00bbinherit\u00a0\u00bb title_position_phone=\u00a0\u00bbinherit\u00a0\u00bb _builder_version=\u00a0\u00bb4.20.0&Prime; global_colors_info=\u00a0\u00bb{}\u00a0\u00bb disable_items=\u00a0\u00bboff\u00a0\u00bb menu_item_font_icon=\u00a0\u00bb%%43%%\u00a0\u00bb menu_item_image=\u00a0\u00bbdata:image\/svg+xml;base64,PHN2ZyB3aWR0aD0iNTQwIiBoZWlnaHQ9IjU0MCIgdmlld0JveD0iMCAwIDU0MCA1NDAiIHhtbG5zPSJodHRwOi8vd3d3LnczLm9yZy8yMDAwL3N2ZyI+CiAgICA8ZyBmaWxsPSJub25lIiBmaWxsLXJ1bGU9ImV2ZW5vZGQiPgogICAgICAgIDxwYXRoIGZpbGw9IiNFQkVCRUIiIGQ9Ik0wIDBoMTA4MHY1NDBIMHoiLz4KICAgICAgICA8cGF0aCBkPSJNNDQ1LjY0OSA1NDBoLTk4Ljk5NUwxNDQuNjQ5IDMzNy45OTUgMCA0ODIuNjQ0di05OC45OTVsMTE2LjM2NS0xMTYuMzY1YzE1LjYyLTE1LjYyIDQwLjk0Ny0xNS42MiA1Ni41NjggMEw0NDUuNjUgNTQweiIgZmlsbC1vcGFjaXR5PSIuMSIgZmlsbD0iIzAwMCIgZmlsbC1ydWxlPSJub256ZXJvIi8+CiAgICAgICAgPGNpcmNsZSBmaWxsLW9wYWNpdHk9Ii4wNSIgZmlsbD0iIzAwMCIgY3g9IjMzMSIgY3k9IjE0OCIgcj0iNzAiLz4KICAgICAgICA8cGF0aCBkPSJNMTA4MCAzNzl2MTEzLjEzN0w3MjguMTYyIDE0MC4zIDMyOC40NjIgNTQwSDIxNS4zMjRMNjk5Ljg3OCA1NS40NDZjMTUuNjItMTUuNjIgNDAuOTQ4LTE1LjYyIDU2LjU2OCAwTDEwODAgMzc5eiIgZmlsbC1vcGFjaXR5PSIuMiIgZmlsbD0iIzAwMCIgZmlsbC1ydWxlPSJub256ZXJvIi8+CiAgICA8L2c+Cjwvc3ZnPgo=\u00a0\u00bb menu_item_show_title=\u00a0\u00bboff\u00a0\u00bb menu_item_equal_size=\u00a0\u00bbon\u00a0\u00bb menu_item_select=\u00a0\u00bbicon_option\u00a0\u00bb menu_item_use_border=\u00a0\u00bboff\u00a0\u00bb title_clickable=\u00a0\u00bboff\u00a0\u00bb tooltip_use_background=\u00a0\u00bboff\u00a0\u00bb tooltip_behavior=\u00a0\u00bbhover\u00a0\u00bb child_order=\u00a0\u00bb3&Prime; item_padding_lr=\u00a0\u00bb9&Prime; item_padding_tb=\u00a0\u00bb9&Prime; item_padding_lr_t=\u00a0\u00bb12&Prime; item_padding_tb_t=\u00a0\u00bb12&Prime; item_padding_lr_p=\u00a0\u00bb0&Prime; item_padding_tb_p=\u00a0\u00bb0&Prime;][\/et_pb_divimenus_item][et_pb_divimenus_item title=\u00a0\u00bbSection-5&Prime; item_font_icon=\u00a0\u00bb&#xf111;||fa||900&Prime; url=\u00a0\u00bb#section-5&Prime; active_url=\u00a0\u00bbon\u00a0\u00bb title_position_tablet=\u00a0\u00bbinherit\u00a0\u00bb title_position_phone=\u00a0\u00bbinherit\u00a0\u00bb _builder_version=\u00a0\u00bb4.20.0&Prime; global_colors_info=\u00a0\u00bb{}\u00a0\u00bb disable_items=\u00a0\u00bboff\u00a0\u00bb menu_item_font_icon=\u00a0\u00bb%%43%%\u00a0\u00bb menu_item_image=\u00a0\u00bbdata:image\/svg+xml;base64,PHN2ZyB3aWR0aD0iNTQwIiBoZWlnaHQ9IjU0MCIgdmlld0JveD0iMCAwIDU0MCA1NDAiIHhtbG5zPSJodHRwOi8vd3d3LnczLm9yZy8yMDAwL3N2ZyI+CiAgICA8ZyBmaWxsPSJub25lIiBmaWxsLXJ1bGU9ImV2ZW5vZGQiPgogICAgICAgIDxwYXRoIGZpbGw9IiNFQkVCRUIiIGQ9Ik0wIDBoMTA4MHY1NDBIMHoiLz4KICAgICAgICA8cGF0aCBkPSJNNDQ1LjY0OSA1NDBoLTk4Ljk5NUwxNDQuNjQ5IDMzNy45OTUgMCA0ODIuNjQ0di05OC45OTVsMTE2LjM2NS0xMTYuMzY1YzE1LjYyLTE1LjYyIDQwLjk0Ny0xNS42MiA1Ni41NjggMEw0NDUuNjUgNTQweiIgZmlsbC1vcGFjaXR5PSIuMSIgZmlsbD0iIzAwMCIgZmlsbC1ydWxlPSJub256ZXJvIi8+CiAgICAgICAgPGNpcmNsZSBmaWxsLW9wYWNpdHk9Ii4wNSIgZmlsbD0iIzAwMCIgY3g9IjMzMSIgY3k9IjE0OCIgcj0iNzAiLz4KICAgICAgICA8cGF0aCBkPSJNMTA4MCAzNzl2MTEzLjEzN0w3MjguMTYyIDE0MC4zIDMyOC40NjIgNTQwSDIxNS4zMjRMNjk5Ljg3OCA1NS40NDZjMTUuNjItMTUuNjIgNDAuOTQ4LTE1LjYyIDU2LjU2OCAwTDEwODAgMzc5eiIgZmlsbC1vcGFjaXR5PSIuMiIgZmlsbD0iIzAwMCIgZmlsbC1ydWxlPSJub256ZXJvIi8+CiAgICA8L2c+Cjwvc3ZnPgo=\u00a0\u00bb menu_item_show_title=\u00a0\u00bboff\u00a0\u00bb menu_item_equal_size=\u00a0\u00bbon\u00a0\u00bb menu_item_select=\u00a0\u00bbicon_option\u00a0\u00bb menu_item_use_border=\u00a0\u00bboff\u00a0\u00bb title_clickable=\u00a0\u00bboff\u00a0\u00bb tooltip_use_background=\u00a0\u00bboff\u00a0\u00bb tooltip_behavior=\u00a0\u00bbhover\u00a0\u00bb child_order=\u00a0\u00bb4&Prime; item_padding_lr=\u00a0\u00bb9&Prime; item_padding_tb=\u00a0\u00bb9&Prime; item_padding_lr_t=\u00a0\u00bb12&Prime; item_padding_tb_t=\u00a0\u00bb12&Prime; item_padding_lr_p=\u00a0\u00bb0&Prime; item_padding_tb_p=\u00a0\u00bb0&Prime;][\/et_pb_divimenus_item][et_pb_divimenus_item title=\u00a0\u00bbSection-6&Prime; item_font_icon=\u00a0\u00bb&#xf111;||fa||900&Prime; url=\u00a0\u00bb#section-6&Prime; active_url=\u00a0\u00bbon\u00a0\u00bb title_position_tablet=\u00a0\u00bbinherit\u00a0\u00bb title_position_phone=\u00a0\u00bbinherit\u00a0\u00bb _builder_version=\u00a0\u00bb4.20.2&Prime; global_colors_info=\u00a0\u00bb{}\u00a0\u00bb disable_items=\u00a0\u00bboff\u00a0\u00bb menu_item_font_icon=\u00a0\u00bb%%43%%\u00a0\u00bb menu_item_image=\u00a0\u00bbdata:image\/svg+xml;base64,PHN2ZyB3aWR0aD0iNTQwIiBoZWlnaHQ9IjU0MCIgdmlld0JveD0iMCAwIDU0MCA1NDAiIHhtbG5zPSJodHRwOi8vd3d3LnczLm9yZy8yMDAwL3N2ZyI+CiAgICA8ZyBmaWxsPSJub25lIiBmaWxsLXJ1bGU9ImV2ZW5vZGQiPgogICAgICAgIDxwYXRoIGZpbGw9IiNFQkVCRUIiIGQ9Ik0wIDBoMTA4MHY1NDBIMHoiLz4KICAgICAgICA8cGF0aCBkPSJNNDQ1LjY0OSA1NDBoLTk4Ljk5NUwxNDQuNjQ5IDMzNy45OTUgMCA0ODIuNjQ0di05OC45OTVsMTE2LjM2NS0xMTYuMzY1YzE1LjYyLTE1LjYyIDQwLjk0Ny0xNS42MiA1Ni41NjggMEw0NDUuNjUgNTQweiIgZmlsbC1vcGFjaXR5PSIuMSIgZmlsbD0iIzAwMCIgZmlsbC1ydWxlPSJub256ZXJvIi8+CiAgICAgICAgPGNpcmNsZSBmaWxsLW9wYWNpdHk9Ii4wNSIgZmlsbD0iIzAwMCIgY3g9IjMzMSIgY3k9IjE0OCIgcj0iNzAiLz4KICAgICAgICA8cGF0aCBkPSJNMTA4MCAzNzl2MTEzLjEzN0w3MjguMTYyIDE0MC4zIDMyOC40NjIgNTQwSDIxNS4zMjRMNjk5Ljg3OCA1NS40NDZjMTUuNjItMTUuNjIgNDAuOTQ4LTE1LjYyIDU2LjU2OCAwTDEwODAgMzc5eiIgZmlsbC1vcGFjaXR5PSIuMiIgZmlsbD0iIzAwMCIgZmlsbC1ydWxlPSJub256ZXJvIi8+CiAgICA8L2c+Cjwvc3ZnPgo=\u00a0\u00bb menu_item_show_title=\u00a0\u00bboff\u00a0\u00bb menu_item_equal_size=\u00a0\u00bbon\u00a0\u00bb menu_item_select=\u00a0\u00bbicon_option\u00a0\u00bb menu_item_use_border=\u00a0\u00bboff\u00a0\u00bb title_clickable=\u00a0\u00bboff\u00a0\u00bb tooltip_use_background=\u00a0\u00bboff\u00a0\u00bb tooltip_behavior=\u00a0\u00bbhover\u00a0\u00bb child_order=\u00a0\u00bb5&Prime; item_padding_lr=\u00a0\u00bb9&Prime; item_padding_tb=\u00a0\u00bb9&Prime; item_padding_lr_t=\u00a0\u00bb12&Prime; item_padding_tb_t=\u00a0\u00bb12&Prime; item_padding_lr_p=\u00a0\u00bb0&Prime; item_padding_tb_p=\u00a0\u00bb0&Prime;][\/et_pb_divimenus_item][\/et_pb_divimenus][\/et_pb_column][\/et_pb_row][\/et_pb_section][et_pb_section fb_built=\u00a0\u00bb1&Prime; disabled_on=\u00a0\u00bbon|off|off\u00a0\u00bb admin_label=\u00a0\u00bbMenu flottant\u00a0\u00bb _builder_version=\u00a0\u00bb4.20.2&Prime; _module_preset=\u00a0\u00bbdefault\u00a0\u00bb background_color=\u00a0\u00bbRGBA(255,255,255,0)\u00a0\u00bb z_index=\u00a0\u00bb300&Prime; max_width=\u00a0\u00bb24%\u00a0\u00bb custom_margin=\u00a0\u00bb0px||0px||false|false\u00a0\u00bb custom_padding=\u00a0\u00bb0px||0px||false|false\u00a0\u00bb global_colors_info=\u00a0\u00bb{}\u00a0\u00bb][et_pb_row _builder_version=\u00a0\u00bb4.21.0&Prime; _module_preset=\u00a0\u00bbdefault\u00a0\u00bb background_color=\u00a0\u00bbRGBA(255,255,255,0)\u00a0\u00bb positioning=\u00a0\u00bbfixed\u00a0\u00bb position_origin_a=\u00a0\u00bbcenter_left\u00a0\u00bb position_origin_f=\u00a0\u00bbcenter_left\u00a0\u00bb z_index=\u00a0\u00bb0&Prime; max_width=\u00a0\u00bb233px\u00a0\u00bb max_width_tablet=\u00a0\u00bb50px\u00a0\u00bb max_width_phone=\u00a0\u00bb50px\u00a0\u00bb max_width_last_edited=\u00a0\u00bbon|tablet\u00a0\u00bb custom_margin=\u00a0\u00bb||26px|||\u00a0\u00bb custom_margin_tablet=\u00a0\u00bb||26px|||\u00a0\u00bb custom_margin_phone=\u00a0\u00bb0px||0px||false|false\u00a0\u00bb custom_margin_last_edited=\u00a0\u00bbon|phone\u00a0\u00bb global_colors_info=\u00a0\u00bb{}\u00a0\u00bb][et_pb_column type=\u00a0\u00bb4_4&Prime; _builder_version=\u00a0\u00bb4.20.0&Prime; _module_preset=\u00a0\u00bbdefault\u00a0\u00bb global_colors_info=\u00a0\u00bb{}\u00a0\u00bb][et_pb_divimenus menu_type=\u00a0\u00bbvertical\u00a0\u00bb central_item_select=\u00a0\u00bbcentral_item_image_option\u00a0\u00bb central_item_image=\u00a0\u00bbhttp:\/\/autisme-ensemble.org\/staging\/wp-content\/uploads\/2023\/02\/Graduation-Hat.png\u00a0\u00bb hide_button=\u00a0\u00bbon\u00a0\u00bb menu_item_show_title=\u00a0\u00bboff\u00a0\u00bb central_item_use_circle=\u00a0\u00bboff\u00a0\u00bb central_item_scale=\u00a0\u00bboff\u00a0\u00bb central_item_image_size=\u00a0\u00bb66&Prime; central_item_opacity=\u00a0\u00bboff\u00a0\u00bb menu_item_circle_color=\u00a0\u00bbRGBA(255,255,255,0)\u00a0\u00bb menu_item_icon_color=\u00a0\u00bb#6aa5a2&Prime; menu_item_icon_font_size=\u00a0\u00bb15px\u00a0\u00bb menu_alignment=\u00a0\u00bbleft\u00a0\u00bb menu_item_distance=\u00a0\u00bb0px\u00a0\u00bb item_padding=\u00a0\u00bb9px\u00a0\u00bb hover_click=\u00a0\u00bbhover\u00a0\u00bb central_item_image_size_tablet=\u00a0\u00bb140&Prime; central_item_image_size_phone=\u00a0\u00bb80&Prime; central_item_image_size_last_edited=\u00a0\u00bbon|phone\u00a0\u00bb mb_title_position_tablet=\u00a0\u00bbbottom\u00a0\u00bb mb_title_position_phone=\u00a0\u00bbbottom\u00a0\u00bb mb_title_offset_tablet=\u00a0\u00bb10px\u00a0\u00bb mb_title_offset_phone=\u00a0\u00bb10px\u00a0\u00bb mb_title_width_tablet=\u00a0\u00bb200&Prime; mb_title_width_phone=\u00a0\u00bb200&Prime; menu_item_icon_font_size_tablet=\u00a0\u00bb13px\u00a0\u00bb menu_item_icon_font_size_phone=\u00a0\u00bb18px\u00a0\u00bb menu_item_icon_font_size_last_edited=\u00a0\u00bbon|phone\u00a0\u00bb tooltip_position_tablet=\u00a0\u00bbbottom\u00a0\u00bb tooltip_position_phone=\u00a0\u00bbbottom\u00a0\u00bb tooltip_position_last_edited=\u00a0\u00bbon|tablet\u00a0\u00bb tooltip_padding_tablet=\u00a0\u00bb3px\u00a0\u00bb tooltip_padding_phone=\u00a0\u00bb3px\u00a0\u00bb tooltip_padding_last_edited=\u00a0\u00bbon|phone\u00a0\u00bb tooltip_width_tablet=\u00a0\u00bb200&Prime; tooltip_width_phone=\u00a0\u00bb200&Prime; menu_item_distance_tablet=\u00a0\u00bb0px\u00a0\u00bb menu_item_distance_phone=\u00a0\u00bb30px\u00a0\u00bb menu_item_distance_last_edited=\u00a0\u00bbon|phone\u00a0\u00bb item_padding_tablet=\u00a0\u00bb12px\u00a0\u00bb item_padding_phone=\u00a0\u00bb10px\u00a0\u00bb item_padding_last_edited=\u00a0\u00bbon|tablet\u00a0\u00bb disabled_on=\u00a0\u00bbon|off|off\u00a0\u00bb admin_label=\u00a0\u00bbDiviMenus\u00a0\u00bb _builder_version=\u00a0\u00bb4.20.2&Prime; _module_preset=\u00a0\u00bbdefault\u00a0\u00bb custom_padding=\u00a0\u00bb|||30%|false|false\u00a0\u00bb custom_padding_tablet=\u00a0\u00bb|||1%|false|false\u00a0\u00bb custom_padding_phone=\u00a0\u00bb|||1%|false|false\u00a0\u00bb custom_padding_last_edited=\u00a0\u00bbon|tablet\u00a0\u00bb tooltip_font_size_tablet=\u00a0\u00bb15px\u00a0\u00bb tooltip_font_size_phone=\u00a0\u00bb13px\u00a0\u00bb tooltip_font_size_last_edited=\u00a0\u00bbon|tablet\u00a0\u00bb background_last_edited=\u00a0\u00bboff|phone\u00a0\u00bb saved_tabs=\u00a0\u00bball\u00a0\u00bb global_colors_info=\u00a0\u00bb{}\u00a0\u00bb menu_item_circle_color__hover_enabled=\u00a0\u00bbon|hover\u00a0\u00bb menu_item_circle_color__hover=\u00a0\u00bbRGBA(255,255,255,0)\u00a0\u00bb menu_item_icon_color__hover_enabled=\u00a0\u00bbon|desktop\u00a0\u00bb menu_item_icon_color__hover=\u00a0\u00bb#E09900&Prime; central_item_image_height=\u00a0\u00bb66&Prime; central_item_image_height_t=\u00a0\u00bb140&Prime; central_item_image_height_p=\u00a0\u00bb80&Prime;][et_pb_divimenus_item title=\u00a0\u00bbSection-1&Prime; item_font_icon=\u00a0\u00bb&#xf111;||fa||900&Prime; url=\u00a0\u00bb#section-1&Prime; active_url=\u00a0\u00bbon\u00a0\u00bb title_position_tablet=\u00a0\u00bbinherit\u00a0\u00bb title_position_phone=\u00a0\u00bbinherit\u00a0\u00bb _builder_version=\u00a0\u00bb4.20.0&Prime; global_colors_info=\u00a0\u00bb{}\u00a0\u00bb disable_items=\u00a0\u00bboff\u00a0\u00bb menu_item_font_icon=\u00a0\u00bb%%43%%\u00a0\u00bb menu_item_image=\u00a0\u00bbdata:image\/svg+xml;base64,PHN2ZyB3aWR0aD0iNTQwIiBoZWlnaHQ9IjU0MCIgdmlld0JveD0iMCAwIDU0MCA1NDAiIHhtbG5zPSJodHRwOi8vd3d3LnczLm9yZy8yMDAwL3N2ZyI+CiAgICA8ZyBmaWxsPSJub25lIiBmaWxsLXJ1bGU9ImV2ZW5vZGQiPgogICAgICAgIDxwYXRoIGZpbGw9IiNFQkVCRUIiIGQ9Ik0wIDBoMTA4MHY1NDBIMHoiLz4KICAgICAgICA8cGF0aCBkPSJNNDQ1LjY0OSA1NDBoLTk4Ljk5NUwxNDQuNjQ5IDMzNy45OTUgMCA0ODIuNjQ0di05OC45OTVsMTE2LjM2NS0xMTYuMzY1YzE1LjYyLTE1LjYyIDQwLjk0Ny0xNS42MiA1Ni41NjggMEw0NDUuNjUgNTQweiIgZmlsbC1vcGFjaXR5PSIuMSIgZmlsbD0iIzAwMCIgZmlsbC1ydWxlPSJub256ZXJvIi8+CiAgICAgICAgPGNpcmNsZSBmaWxsLW9wYWNpdHk9Ii4wNSIgZmlsbD0iIzAwMCIgY3g9IjMzMSIgY3k9IjE0OCIgcj0iNzAiLz4KICAgICAgICA8cGF0aCBkPSJNMTA4MCAzNzl2MTEzLjEzN0w3MjguMTYyIDE0MC4zIDMyOC40NjIgNTQwSDIxNS4zMjRMNjk5Ljg3OCA1NS40NDZjMTUuNjItMTUuNjIgNDAuOTQ4LTE1LjYyIDU2LjU2OCAwTDEwODAgMzc5eiIgZmlsbC1vcGFjaXR5PSIuMiIgZmlsbD0iIzAwMCIgZmlsbC1ydWxlPSJub256ZXJvIi8+CiAgICA8L2c+Cjwvc3ZnPgo=\u00a0\u00bb menu_item_show_title=\u00a0\u00bboff\u00a0\u00bb menu_item_equal_size=\u00a0\u00bbon\u00a0\u00bb menu_item_select=\u00a0\u00bbicon_option\u00a0\u00bb menu_item_use_border=\u00a0\u00bboff\u00a0\u00bb title_clickable=\u00a0\u00bboff\u00a0\u00bb tooltip_use_background=\u00a0\u00bboff\u00a0\u00bb tooltip_behavior=\u00a0\u00bbhover\u00a0\u00bb child_order=\u00a0\u00bb0&Prime; item_padding_lr=\u00a0\u00bb9&Prime; item_padding_tb=\u00a0\u00bb9&Prime; item_padding_lr_t=\u00a0\u00bb12&Prime; item_padding_tb_t=\u00a0\u00bb12&Prime; item_padding_lr_p=\u00a0\u00bb10&Prime; item_padding_tb_p=\u00a0\u00bb10&Prime;][\/et_pb_divimenus_item][et_pb_divimenus_item title=\u00a0\u00bbSection-2&Prime; item_font_icon=\u00a0\u00bb&#xf111;||fa||900&Prime; url=\u00a0\u00bb#section-2&Prime; active_url=\u00a0\u00bbon\u00a0\u00bb title_position_tablet=\u00a0\u00bbinherit\u00a0\u00bb title_position_phone=\u00a0\u00bbinherit\u00a0\u00bb _builder_version=\u00a0\u00bb4.20.0&Prime; global_colors_info=\u00a0\u00bb{}\u00a0\u00bb disable_items=\u00a0\u00bboff\u00a0\u00bb menu_item_font_icon=\u00a0\u00bb%%43%%\u00a0\u00bb menu_item_image=\u00a0\u00bbdata:image\/svg+xml;base64,PHN2ZyB3aWR0aD0iNTQwIiBoZWlnaHQ9IjU0MCIgdmlld0JveD0iMCAwIDU0MCA1NDAiIHhtbG5zPSJodHRwOi8vd3d3LnczLm9yZy8yMDAwL3N2ZyI+CiAgICA8ZyBmaWxsPSJub25lIiBmaWxsLXJ1bGU9ImV2ZW5vZGQiPgogICAgICAgIDxwYXRoIGZpbGw9IiNFQkVCRUIiIGQ9Ik0wIDBoMTA4MHY1NDBIMHoiLz4KICAgICAgICA8cGF0aCBkPSJNNDQ1LjY0OSA1NDBoLTk4Ljk5NUwxNDQuNjQ5IDMzNy45OTUgMCA0ODIuNjQ0di05OC45OTVsMTE2LjM2NS0xMTYuMzY1YzE1LjYyLTE1LjYyIDQwLjk0Ny0xNS42MiA1Ni41NjggMEw0NDUuNjUgNTQweiIgZmlsbC1vcGFjaXR5PSIuMSIgZmlsbD0iIzAwMCIgZmlsbC1ydWxlPSJub256ZXJvIi8+CiAgICAgICAgPGNpcmNsZSBmaWxsLW9wYWNpdHk9Ii4wNSIgZmlsbD0iIzAwMCIgY3g9IjMzMSIgY3k9IjE0OCIgcj0iNzAiLz4KICAgICAgICA8cGF0aCBkPSJNMTA4MCAzNzl2MTEzLjEzN0w3MjguMTYyIDE0MC4zIDMyOC40NjIgNTQwSDIxNS4zMjRMNjk5Ljg3OCA1NS40NDZjMTUuNjItMTUuNjIgNDAuOTQ4LTE1LjYyIDU2LjU2OCAwTDEwODAgMzc5eiIgZmlsbC1vcGFjaXR5PSIuMiIgZmlsbD0iIzAwMCIgZmlsbC1ydWxlPSJub256ZXJvIi8+CiAgICA8L2c+Cjwvc3ZnPgo=\u00a0\u00bb menu_item_show_title=\u00a0\u00bboff\u00a0\u00bb menu_item_equal_size=\u00a0\u00bbon\u00a0\u00bb menu_item_select=\u00a0\u00bbicon_option\u00a0\u00bb menu_item_use_border=\u00a0\u00bboff\u00a0\u00bb title_clickable=\u00a0\u00bboff\u00a0\u00bb tooltip_use_background=\u00a0\u00bboff\u00a0\u00bb tooltip_behavior=\u00a0\u00bbhover\u00a0\u00bb child_order=\u00a0\u00bb1&Prime; item_padding_lr=\u00a0\u00bb9&Prime; item_padding_tb=\u00a0\u00bb9&Prime; item_padding_lr_t=\u00a0\u00bb12&Prime; item_padding_tb_t=\u00a0\u00bb12&Prime; item_padding_lr_p=\u00a0\u00bb10&Prime; item_padding_tb_p=\u00a0\u00bb10&Prime;][\/et_pb_divimenus_item][et_pb_divimenus_item title=\u00a0\u00bbSection-3&Prime; item_font_icon=\u00a0\u00bb&#xf111;||fa||900&Prime; url=\u00a0\u00bb#section-3&Prime; active_url=\u00a0\u00bbon\u00a0\u00bb title_position_tablet=\u00a0\u00bbinherit\u00a0\u00bb title_position_phone=\u00a0\u00bbinherit\u00a0\u00bb _builder_version=\u00a0\u00bb4.20.0&Prime; global_colors_info=\u00a0\u00bb{}\u00a0\u00bb disable_items=\u00a0\u00bboff\u00a0\u00bb menu_item_font_icon=\u00a0\u00bb%%43%%\u00a0\u00bb menu_item_image=\u00a0\u00bbdata:image\/svg+xml;base64,PHN2ZyB3aWR0aD0iNTQwIiBoZWlnaHQ9IjU0MCIgdmlld0JveD0iMCAwIDU0MCA1NDAiIHhtbG5zPSJodHRwOi8vd3d3LnczLm9yZy8yMDAwL3N2ZyI+CiAgICA8ZyBmaWxsPSJub25lIiBmaWxsLXJ1bGU9ImV2ZW5vZGQiPgogICAgICAgIDxwYXRoIGZpbGw9IiNFQkVCRUIiIGQ9Ik0wIDBoMTA4MHY1NDBIMHoiLz4KICAgICAgICA8cGF0aCBkPSJNNDQ1LjY0OSA1NDBoLTk4Ljk5NUwxNDQuNjQ5IDMzNy45OTUgMCA0ODIuNjQ0di05OC45OTVsMTE2LjM2NS0xMTYuMzY1YzE1LjYyLTE1LjYyIDQwLjk0Ny0xNS42MiA1Ni41NjggMEw0NDUuNjUgNTQweiIgZmlsbC1vcGFjaXR5PSIuMSIgZmlsbD0iIzAwMCIgZmlsbC1ydWxlPSJub256ZXJvIi8+CiAgICAgICAgPGNpcmNsZSBmaWxsLW9wYWNpdHk9Ii4wNSIgZmlsbD0iIzAwMCIgY3g9IjMzMSIgY3k9IjE0OCIgcj0iNzAiLz4KICAgICAgICA8cGF0aCBkPSJNMTA4MCAzNzl2MTEzLjEzN0w3MjguMTYyIDE0MC4zIDMyOC40NjIgNTQwSDIxNS4zMjRMNjk5Ljg3OCA1NS40NDZjMTUuNjItMTUuNjIgNDAuOTQ4LTE1LjYyIDU2LjU2OCAwTDEwODAgMzc5eiIgZmlsbC1vcGFjaXR5PSIuMiIgZmlsbD0iIzAwMCIgZmlsbC1ydWxlPSJub256ZXJvIi8+CiAgICA8L2c+Cjwvc3ZnPgo=\u00a0\u00bb menu_item_show_title=\u00a0\u00bboff\u00a0\u00bb menu_item_equal_size=\u00a0\u00bbon\u00a0\u00bb menu_item_select=\u00a0\u00bbicon_option\u00a0\u00bb menu_item_use_border=\u00a0\u00bboff\u00a0\u00bb title_clickable=\u00a0\u00bboff\u00a0\u00bb tooltip_use_background=\u00a0\u00bboff\u00a0\u00bb tooltip_behavior=\u00a0\u00bbhover\u00a0\u00bb child_order=\u00a0\u00bb2&Prime; item_padding_lr=\u00a0\u00bb9&Prime; item_padding_tb=\u00a0\u00bb9&Prime; item_padding_lr_t=\u00a0\u00bb12&Prime; item_padding_tb_t=\u00a0\u00bb12&Prime; item_padding_lr_p=\u00a0\u00bb10&Prime; item_padding_tb_p=\u00a0\u00bb10&Prime;][\/et_pb_divimenus_item][et_pb_divimenus_item title=\u00a0\u00bbSection-4&Prime; item_font_icon=\u00a0\u00bb&#xf111;||fa||900&Prime; url=\u00a0\u00bb#section-4&Prime; active_url=\u00a0\u00bbon\u00a0\u00bb title_position_tablet=\u00a0\u00bbinherit\u00a0\u00bb title_position_phone=\u00a0\u00bbinherit\u00a0\u00bb _builder_version=\u00a0\u00bb4.20.0&Prime; global_colors_info=\u00a0\u00bb{}\u00a0\u00bb disable_items=\u00a0\u00bboff\u00a0\u00bb menu_item_font_icon=\u00a0\u00bb%%43%%\u00a0\u00bb menu_item_image=\u00a0\u00bbdata:image\/svg+xml;base64,PHN2ZyB3aWR0aD0iNTQwIiBoZWlnaHQ9IjU0MCIgdmlld0JveD0iMCAwIDU0MCA1NDAiIHhtbG5zPSJodHRwOi8vd3d3LnczLm9yZy8yMDAwL3N2ZyI+CiAgICA8ZyBmaWxsPSJub25lIiBmaWxsLXJ1bGU9ImV2ZW5vZGQiPgogICAgICAgIDxwYXRoIGZpbGw9IiNFQkVCRUIiIGQ9Ik0wIDBoMTA4MHY1NDBIMHoiLz4KICAgICAgICA8cGF0aCBkPSJNNDQ1LjY0OSA1NDBoLTk4Ljk5NUwxNDQuNjQ5IDMzNy45OTUgMCA0ODIuNjQ0di05OC45OTVsMTE2LjM2NS0xMTYuMzY1YzE1LjYyLTE1LjYyIDQwLjk0Ny0xNS42MiA1Ni41NjggMEw0NDUuNjUgNTQweiIgZmlsbC1vcGFjaXR5PSIuMSIgZmlsbD0iIzAwMCIgZmlsbC1ydWxlPSJub256ZXJvIi8+CiAgICAgICAgPGNpcmNsZSBmaWxsLW9wYWNpdHk9Ii4wNSIgZmlsbD0iIzAwMCIgY3g9IjMzMSIgY3k9IjE0OCIgcj0iNzAiLz4KICAgICAgICA8cGF0aCBkPSJNMTA4MCAzNzl2MTEzLjEzN0w3MjguMTYyIDE0MC4zIDMyOC40NjIgNTQwSDIxNS4zMjRMNjk5Ljg3OCA1NS40NDZjMTUuNjItMTUuNjIgNDAuOTQ4LTE1LjYyIDU2LjU2OCAwTDEwODAgMzc5eiIgZmlsbC1vcGFjaXR5PSIuMiIgZmlsbD0iIzAwMCIgZmlsbC1ydWxlPSJub256ZXJvIi8+CiAgICA8L2c+Cjwvc3ZnPgo=\u00a0\u00bb menu_item_show_title=\u00a0\u00bboff\u00a0\u00bb menu_item_equal_size=\u00a0\u00bbon\u00a0\u00bb menu_item_select=\u00a0\u00bbicon_option\u00a0\u00bb menu_item_use_border=\u00a0\u00bboff\u00a0\u00bb title_clickable=\u00a0\u00bboff\u00a0\u00bb tooltip_use_background=\u00a0\u00bboff\u00a0\u00bb tooltip_behavior=\u00a0\u00bbhover\u00a0\u00bb child_order=\u00a0\u00bb3&Prime; item_padding_lr=\u00a0\u00bb9&Prime; item_padding_tb=\u00a0\u00bb9&Prime; item_padding_lr_t=\u00a0\u00bb12&Prime; item_padding_tb_t=\u00a0\u00bb12&Prime; item_padding_lr_p=\u00a0\u00bb10&Prime; item_padding_tb_p=\u00a0\u00bb10&Prime;][\/et_pb_divimenus_item][et_pb_divimenus_item title=\u00a0\u00bbSection-5&Prime; item_font_icon=\u00a0\u00bb&#xf111;||fa||900&Prime; url=\u00a0\u00bb#section-5&Prime; active_url=\u00a0\u00bbon\u00a0\u00bb title_position_tablet=\u00a0\u00bbinherit\u00a0\u00bb title_position_phone=\u00a0\u00bbinherit\u00a0\u00bb _builder_version=\u00a0\u00bb4.20.0&Prime; global_colors_info=\u00a0\u00bb{}\u00a0\u00bb disable_items=\u00a0\u00bboff\u00a0\u00bb menu_item_font_icon=\u00a0\u00bb%%43%%\u00a0\u00bb menu_item_image=\u00a0\u00bbdata:image\/svg+xml;base64,PHN2ZyB3aWR0aD0iNTQwIiBoZWlnaHQ9IjU0MCIgdmlld0JveD0iMCAwIDU0MCA1NDAiIHhtbG5zPSJodHRwOi8vd3d3LnczLm9yZy8yMDAwL3N2ZyI+CiAgICA8ZyBmaWxsPSJub25lIiBmaWxsLXJ1bGU9ImV2ZW5vZGQiPgogICAgICAgIDxwYXRoIGZpbGw9IiNFQkVCRUIiIGQ9Ik0wIDBoMTA4MHY1NDBIMHoiLz4KICAgICAgICA8cGF0aCBkPSJNNDQ1LjY0OSA1NDBoLTk4Ljk5NUwxNDQuNjQ5IDMzNy45OTUgMCA0ODIuNjQ0di05OC45OTVsMTE2LjM2NS0xMTYuMzY1YzE1LjYyLTE1LjYyIDQwLjk0Ny0xNS42MiA1Ni41NjggMEw0NDUuNjUgNTQweiIgZmlsbC1vcGFjaXR5PSIuMSIgZmlsbD0iIzAwMCIgZmlsbC1ydWxlPSJub256ZXJvIi8+CiAgICAgICAgPGNpcmNsZSBmaWxsLW9wYWNpdHk9Ii4wNSIgZmlsbD0iIzAwMCIgY3g9IjMzMSIgY3k9IjE0OCIgcj0iNzAiLz4KICAgICAgICA8cGF0aCBkPSJNMTA4MCAzNzl2MTEzLjEzN0w3MjguMTYyIDE0MC4zIDMyOC40NjIgNTQwSDIxNS4zMjRMNjk5Ljg3OCA1NS40NDZjMTUuNjItMTUuNjIgNDAuOTQ4LTE1LjYyIDU2LjU2OCAwTDEwODAgMzc5eiIgZmlsbC1vcGFjaXR5PSIuMiIgZmlsbD0iIzAwMCIgZmlsbC1ydWxlPSJub256ZXJvIi8+CiAgICA8L2c+Cjwvc3ZnPgo=\u00a0\u00bb menu_item_show_title=\u00a0\u00bboff\u00a0\u00bb menu_item_equal_size=\u00a0\u00bbon\u00a0\u00bb menu_item_select=\u00a0\u00bbicon_option\u00a0\u00bb menu_item_use_border=\u00a0\u00bboff\u00a0\u00bb title_clickable=\u00a0\u00bboff\u00a0\u00bb tooltip_use_background=\u00a0\u00bboff\u00a0\u00bb tooltip_behavior=\u00a0\u00bbhover\u00a0\u00bb child_order=\u00a0\u00bb4&Prime; item_padding_lr=\u00a0\u00bb9&Prime; item_padding_tb=\u00a0\u00bb9&Prime; item_padding_lr_t=\u00a0\u00bb12&Prime; item_padding_tb_t=\u00a0\u00bb12&Prime; item_padding_lr_p=\u00a0\u00bb10&Prime; item_padding_tb_p=\u00a0\u00bb10&Prime;][\/et_pb_divimenus_item][et_pb_divimenus_item title=\u00a0\u00bbSection-6&Prime; item_font_icon=\u00a0\u00bb&#xf111;||fa||900&Prime; url=\u00a0\u00bb#section-6&Prime; active_url=\u00a0\u00bbon\u00a0\u00bb title_position_tablet=\u00a0\u00bbinherit\u00a0\u00bb title_position_phone=\u00a0\u00bbinherit\u00a0\u00bb _builder_version=\u00a0\u00bb4.20.2&Prime; global_colors_info=\u00a0\u00bb{}\u00a0\u00bb disable_items=\u00a0\u00bboff\u00a0\u00bb menu_item_font_icon=\u00a0\u00bb%%43%%\u00a0\u00bb menu_item_image=\u00a0\u00bbdata:image\/svg+xml;base64,PHN2ZyB3aWR0aD0iNTQwIiBoZWlnaHQ9IjU0MCIgdmlld0JveD0iMCAwIDU0MCA1NDAiIHhtbG5zPSJodHRwOi8vd3d3LnczLm9yZy8yMDAwL3N2ZyI+CiAgICA8ZyBmaWxsPSJub25lIiBmaWxsLXJ1bGU9ImV2ZW5vZGQiPgogICAgICAgIDxwYXRoIGZpbGw9IiNFQkVCRUIiIGQ9Ik0wIDBoMTA4MHY1NDBIMHoiLz4KICAgICAgICA8cGF0aCBkPSJNNDQ1LjY0OSA1NDBoLTk4Ljk5NUwxNDQuNjQ5IDMzNy45OTUgMCA0ODIuNjQ0di05OC45OTVsMTE2LjM2NS0xMTYuMzY1YzE1LjYyLTE1LjYyIDQwLjk0Ny0xNS42MiA1Ni41NjggMEw0NDUuNjUgNTQweiIgZmlsbC1vcGFjaXR5PSIuMSIgZmlsbD0iIzAwMCIgZmlsbC1ydWxlPSJub256ZXJvIi8+CiAgICAgICAgPGNpcmNsZSBmaWxsLW9wYWNpdHk9Ii4wNSIgZmlsbD0iIzAwMCIgY3g9IjMzMSIgY3k9IjE0OCIgcj0iNzAiLz4KICAgICAgICA8cGF0aCBkPSJNMTA4MCAzNzl2MTEzLjEzN0w3MjguMTYyIDE0MC4zIDMyOC40NjIgNTQwSDIxNS4zMjRMNjk5Ljg3OCA1NS40NDZjMTUuNjItMTUuNjIgNDAuOTQ4LTE1LjYyIDU2LjU2OCAwTDEwODAgMzc5eiIgZmlsbC1vcGFjaXR5PSIuMiIgZmlsbD0iIzAwMCIgZmlsbC1ydWxlPSJub256ZXJvIi8+CiAgICA8L2c+Cjwvc3ZnPgo=\u00a0\u00bb menu_item_show_title=\u00a0\u00bboff\u00a0\u00bb menu_item_equal_size=\u00a0\u00bbon\u00a0\u00bb menu_item_select=\u00a0\u00bbicon_option\u00a0\u00bb menu_item_use_border=\u00a0\u00bboff\u00a0\u00bb title_clickable=\u00a0\u00bboff\u00a0\u00bb tooltip_use_background=\u00a0\u00bboff\u00a0\u00bb tooltip_behavior=\u00a0\u00bbhover\u00a0\u00bb child_order=\u00a0\u00bb5&Prime; item_padding_lr=\u00a0\u00bb9&Prime; item_padding_tb=\u00a0\u00bb9&Prime; item_padding_lr_t=\u00a0\u00bb12&Prime; item_padding_tb_t=\u00a0\u00bb12&Prime; item_padding_lr_p=\u00a0\u00bb10&Prime; item_padding_tb_p=\u00a0\u00bb10&Prime;][\/et_pb_divimenus_item][\/et_pb_divimenus][\/et_pb_column][\/et_pb_row][\/et_pb_section]<\/p>\n","protected":false},"excerpt":{"rendered":"<p>Soutien entre personnes autistesAutisme Ensemble vous offre des espaces s\u00e9curitaires et bienveillants con\u00e7us par et pour les jeunes et les adultes autistes : La communaut\u00e9 en ligne Des groupes de soutien Du mentorat Dans ces espaces, vous pouvez discuter de vos exp\u00e9riences en tant que personne autiste dans l\u2019acceptation et le respect. Nous offrons \u00e9galement [&hellip;]<\/p>\n","protected":false},"author":1,"featured_media":0,"parent":0,"menu_order":0,"comment_status":"closed","ping_status":"closed","template":"","meta":{"_et_pb_use_builder":"on","_et_pb_old_content":"","_et_gb_content_width":""},"yoast_head":"<!-- This site is optimized with the Yoast SEO plugin v20.8 - https:\/\/yoast.com\/wordpress\/plugins\/seo\/ -->\n<title>Soutien entre pairs - Staging - Autisme Ensemble<\/title>\n<meta name=\"robots\" content=\"noindex, follow, max-snippet:-1, max-image-preview:large, max-video-preview:-1\" \/>\n<meta property=\"og:locale\" content=\"fr_FR\" \/>\n<meta property=\"og:type\" content=\"article\" \/>\n<meta property=\"og:title\" content=\"Soutien entre pairs - Staging - Autisme Ensemble\" \/>\n<meta property=\"og:description\" content=\"Soutien entre personnes autistesAutisme Ensemble vous offre des espaces s\u00e9curitaires et bienveillants con\u00e7us par et pour les jeunes et les adultes autistes : La communaut\u00e9 en ligne Des groupes de soutien Du mentorat Dans ces espaces, vous pouvez discuter de vos exp\u00e9riences en tant que personne autiste dans l\u2019acceptation et le respect. Nous offrons \u00e9galement [&hellip;]\" \/>\n<meta property=\"og:url\" content=\"https:\/\/autisme-ensemble.org\/staging\/soutien-entre-pairs\/\" \/>\n<meta property=\"og:site_name\" content=\"Staging - Autisme Ensemble\" \/>\n<meta property=\"article:modified_time\" content=\"2023-05-25T20:40:31+00:00\" \/>\n<meta name=\"twitter:card\" content=\"summary_large_image\" \/>\n<script type=\"application\/ld+json\" class=\"yoast-schema-graph\">{\"@context\":\"https:\/\/schema.org\",\"@graph\":[{\"@type\":\"WebPage\",\"@id\":\"https:\/\/autisme-ensemble.org\/staging\/soutien-entre-pairs\/\",\"url\":\"https:\/\/autisme-ensemble.org\/staging\/soutien-entre-pairs\/\",\"name\":\"Soutien entre pairs - Staging - Autisme Ensemble\",\"isPartOf\":{\"@id\":\"https:\/\/autisme-ensemble.org\/staging\/#website\"},\"datePublished\":\"2023-03-09T22:30:39+00:00\",\"dateModified\":\"2023-05-25T20:40:31+00:00\",\"breadcrumb\":{\"@id\":\"https:\/\/autisme-ensemble.org\/staging\/soutien-entre-pairs\/#breadcrumb\"},\"inLanguage\":\"fr-FR\",\"potentialAction\":[{\"@type\":\"ReadAction\",\"target\":[\"https:\/\/autisme-ensemble.org\/staging\/soutien-entre-pairs\/\"]}]},{\"@type\":\"BreadcrumbList\",\"@id\":\"https:\/\/autisme-ensemble.org\/staging\/soutien-entre-pairs\/#breadcrumb\",\"itemListElement\":[{\"@type\":\"ListItem\",\"position\":1,\"name\":\"Accueil\",\"item\":\"https:\/\/autisme-ensemble.org\/staging\/\"},{\"@type\":\"ListItem\",\"position\":2,\"name\":\"Soutien entre pairs\"}]},{\"@type\":\"WebSite\",\"@id\":\"https:\/\/autisme-ensemble.org\/staging\/#website\",\"url\":\"https:\/\/autisme-ensemble.org\/staging\/\",\"name\":\"Staging - Autisme Ensemble\",\"description\":\"Autisme Ensemble\",\"potentialAction\":[{\"@type\":\"SearchAction\",\"target\":{\"@type\":\"EntryPoint\",\"urlTemplate\":\"https:\/\/autisme-ensemble.org\/staging\/?s={search_term_string}\"},\"query-input\":\"required name=search_term_string\"}],\"inLanguage\":\"fr-FR\"}]}<\/script>\n<!-- \/ Yoast SEO plugin. -->","yoast_head_json":{"title":"Soutien entre pairs - Staging - Autisme Ensemble","robots":{"index":"noindex","follow":"follow","max-snippet":"max-snippet:-1","max-image-preview":"max-image-preview:large","max-video-preview":"max-video-preview:-1"},"og_locale":"fr_FR","og_type":"article","og_title":"Soutien entre pairs - Staging - Autisme Ensemble","og_description":"Soutien entre personnes autistesAutisme Ensemble vous offre des espaces s\u00e9curitaires et bienveillants con\u00e7us par et pour les jeunes et les adultes autistes : La communaut\u00e9 en ligne Des groupes de soutien Du mentorat Dans ces espaces, vous pouvez discuter de vos exp\u00e9riences en tant que personne autiste dans l\u2019acceptation et le respect. Nous offrons \u00e9galement [&hellip;]","og_url":"https:\/\/autisme-ensemble.org\/staging\/soutien-entre-pairs\/","og_site_name":"Staging - Autisme Ensemble","article_modified_time":"2023-05-25T20:40:31+00:00","twitter_card":"summary_large_image","schema":{"@context":"https:\/\/schema.org","@graph":[{"@type":"WebPage","@id":"https:\/\/autisme-ensemble.org\/staging\/soutien-entre-pairs\/","url":"https:\/\/autisme-ensemble.org\/staging\/soutien-entre-pairs\/","name":"Soutien entre pairs - Staging - Autisme Ensemble","isPartOf":{"@id":"https:\/\/autisme-ensemble.org\/staging\/#website"},"datePublished":"2023-03-09T22:30:39+00:00","dateModified":"2023-05-25T20:40:31+00:00","breadcrumb":{"@id":"https:\/\/autisme-ensemble.org\/staging\/soutien-entre-pairs\/#breadcrumb"},"inLanguage":"fr-FR","potentialAction":[{"@type":"ReadAction","target":["https:\/\/autisme-ensemble.org\/staging\/soutien-entre-pairs\/"]}]},{"@type":"BreadcrumbList","@id":"https:\/\/autisme-ensemble.org\/staging\/soutien-entre-pairs\/#breadcrumb","itemListElement":[{"@type":"ListItem","position":1,"name":"Accueil","item":"https:\/\/autisme-ensemble.org\/staging\/"},{"@type":"ListItem","position":2,"name":"Soutien entre pairs"}]},{"@type":"WebSite","@id":"https:\/\/autisme-ensemble.org\/staging\/#website","url":"https:\/\/autisme-ensemble.org\/staging\/","name":"Staging - Autisme Ensemble","description":"Autisme Ensemble","potentialAction":[{"@type":"SearchAction","target":{"@type":"EntryPoint","urlTemplate":"https:\/\/autisme-ensemble.org\/staging\/?s={search_term_string}"},"query-input":"required name=search_term_string"}],"inLanguage":"fr-FR"}]}},"_links":{"self":[{"href":"https:\/\/autisme-ensemble.org\/staging\/wp-json\/wp\/v2\/pages\/55408"}],"collection":[{"href":"https:\/\/autisme-ensemble.org\/staging\/wp-json\/wp\/v2\/pages"}],"about":[{"href":"https:\/\/autisme-ensemble.org\/staging\/wp-json\/wp\/v2\/types\/page"}],"author":[{"embeddable":true,"href":"https:\/\/autisme-ensemble.org\/staging\/wp-json\/wp\/v2\/users\/1"}],"replies":[{"embeddable":true,"href":"https:\/\/autisme-ensemble.org\/staging\/wp-json\/wp\/v2\/comments?post=55408"}],"version-history":[{"count":76,"href":"https:\/\/autisme-ensemble.org\/staging\/wp-json\/wp\/v2\/pages\/55408\/revisions"}],"predecessor-version":[{"id":56677,"href":"https:\/\/autisme-ensemble.org\/staging\/wp-json\/wp\/v2\/pages\/55408\/revisions\/56677"}],"wp:attachment":[{"href":"https:\/\/autisme-ensemble.org\/staging\/wp-json\/wp\/v2\/media?parent=55408"}],"curies":[{"name":"wp","href":"https:\/\/api.w.org\/{rel}","templated":true}]}}