{"id":55427,"date":"2023-03-10T00:22:03","date_gmt":"2023-03-10T00:22:03","guid":{"rendered":"http:\/\/autisme-ensemble.org\/staging\/?page_id=55427"},"modified":"2023-05-25T21:47:57","modified_gmt":"2023-05-25T21:47:57","slug":"equipe-de-recherche","status":"publish","type":"page","link":"https:\/\/autisme-ensemble.org\/staging\/equipe-de-recherche\/","title":{"rendered":"\u00c9quipe de recherche"},"content":{"rendered":"<p>[et_pb_section fb_built=\u00a0\u00bb1&Prime; custom_padding_last_edited=\u00a0\u00bbon|phone\u00a0\u00bb module_id=\u00a0\u00bbsection-1&Prime; _builder_version=\u00a0\u00bb4.20.4&Prime; _module_preset=\u00a0\u00bbdefault\u00a0\u00bb background_enable_color=\u00a0\u00bboff\u00a0\u00bb use_background_color_gradient=\u00a0\u00bbon\u00a0\u00bb background_color_gradient_stops=\u00a0\u00bb#faf6ea 88%|#ffffff 100%\u00a0\u00bb background_enable_image=\u00a0\u00bboff\u00a0\u00bb background_size=\u00a0\u00bbcontain\u00a0\u00bb background_position=\u00a0\u00bbcenter_left\u00a0\u00bb background_horizontal_offset=\u00a0\u00bb21%\u00a0\u00bb custom_margin=\u00a0\u00bb||0px||false|false\u00a0\u00bb custom_padding=\u00a0\u00bb10vh||140px||false|false\u00a0\u00bb custom_padding_tablet=\u00a0\u00bb60px||60px||true|false\u00a0\u00bb custom_padding_phone=\u00a0\u00bb50px||50px||true|false\u00a0\u00bb animation_style=\u00a0\u00bbfade\u00a0\u00bb animation_duration=\u00a0\u00bb400ms\u00a0\u00bb global_colors_info=\u00a0\u00bb{}\u00a0\u00bb][et_pb_row column_structure=\u00a0\u00bb2_5,3_5&Prime; use_custom_gutter=\u00a0\u00bbon\u00a0\u00bb gutter_width=\u00a0\u00bb4&Prime; _builder_version=\u00a0\u00bb4.21.0&Prime; _module_preset=\u00a0\u00bbdefault\u00a0\u00bb custom_margin=\u00a0\u00bb0px||0px||false|false\u00a0\u00bb custom_padding=\u00a0\u00bb0px||0px||false|false\u00a0\u00bb global_colors_info=\u00a0\u00bb{}\u00a0\u00bb][et_pb_column type=\u00a0\u00bb2_5&Prime; _builder_version=\u00a0\u00bb4.17.4&Prime; _module_preset=\u00a0\u00bbdefault\u00a0\u00bb custom_padding=\u00a0\u00bb43px||||false|false\u00a0\u00bb custom_padding_tablet=\u00a0\u00bb0px||||false|false\u00a0\u00bb custom_padding_phone=\u00a0\u00bb0px||||false|false\u00a0\u00bb custom_padding_last_edited=\u00a0\u00bbon|phone\u00a0\u00bb global_colors_info=\u00a0\u00bb{}\u00a0\u00bb][et_pb_text _builder_version=\u00a0\u00bb4.20.2&Prime; _module_preset=\u00a0\u00bb5852915d-5b3f-435e-a3a7-0bc73fc5f651&Prime; global_colors_info=\u00a0\u00bb{}\u00a0\u00bb]<\/p>\n<h1>Notre \u00e9quipe de recherche<\/h1>\n<p>[\/et_pb_text][et_pb_text _builder_version=\u00a0\u00bb4.20.4&Prime; _module_preset=\u00a0\u00bb19994daa-148f-4d65-802c-a05fefe44be2&Prime; max_width_tablet=\u00a0\u00bb550px\u00a0\u00bb max_width_phone=\u00a0\u00bb550px\u00a0\u00bb max_width_last_edited=\u00a0\u00bbon|tablet\u00a0\u00bb global_colors_info=\u00a0\u00bb{}\u00a0\u00bb]<\/p>\n<p>Notre \u00e9quipe de recherche inclut des personnes autistes ainsi que divers professionnels qui collaborent depuis 2016.<\/p>\n<p>[\/et_pb_text][\/et_pb_column][et_pb_column type=\u00a0\u00bb3_5&Prime; _builder_version=\u00a0\u00bb4.20.4&Prime; _module_preset=\u00a0\u00bbdefault\u00a0\u00bb custom_padding=\u00a0\u00bb120px||||false|false\u00a0\u00bb custom_padding_tablet=\u00a0\u00bb20px||||false|false\u00a0\u00bb custom_padding_phone=\u00a0\u00bb20px||||false|false\u00a0\u00bb custom_padding_last_edited=\u00a0\u00bbon|desktop\u00a0\u00bb global_colors_info=\u00a0\u00bb{}\u00a0\u00bb][et_pb_image src=\u00a0\u00bbhttp:\/\/autisme-ensemble.org\/staging\/wp-content\/uploads\/2023\/03\/hero-recherche.png\u00a0\u00bb title_text=\u00a0\u00bbhero recherche\u00a0\u00bb _builder_version=\u00a0\u00bb4.20.4&Prime; _module_preset=\u00a0\u00bbdefault\u00a0\u00bb width=\u00a0\u00bb70%\u00a0\u00bb width_tablet=\u00a0\u00bb40%\u00a0\u00bb width_phone=\u00a0\u00bb64%\u00a0\u00bb width_last_edited=\u00a0\u00bbon|tablet\u00a0\u00bb module_alignment_tablet=\u00a0\u00bbleft\u00a0\u00bb module_alignment_phone=\u00a0\u00bbcenter\u00a0\u00bb module_alignment_last_edited=\u00a0\u00bbon|tablet\u00a0\u00bb global_colors_info=\u00a0\u00bb{}\u00a0\u00bb][\/et_pb_image][\/et_pb_column][\/et_pb_row][\/et_pb_section][et_pb_section fb_built=\u00a0\u00bb1&Prime; module_id=\u00a0\u00bbsection-2&Prime; _builder_version=\u00a0\u00bb4.20.4&Prime; _module_preset=\u00a0\u00bbdefault\u00a0\u00bb background_color=\u00a0\u00bbRGBA(255,255,255,0)\u00a0\u00bb use_background_color_gradient=\u00a0\u00bbon\u00a0\u00bb background_color_gradient_stops=\u00a0\u00bb#ffffff 0%|#eaf7f0 100%\u00a0\u00bb global_colors_info=\u00a0\u00bb{}\u00a0\u00bb][et_pb_row column_structure=\u00a0\u00bb2_5,3_5&Prime; _builder_version=\u00a0\u00bb4.20.2&Prime; _module_preset=\u00a0\u00bbdefault\u00a0\u00bb custom_margin=\u00a0\u00bb|auto|60px|auto|false|false\u00a0\u00bb global_colors_info=\u00a0\u00bb{}\u00a0\u00bb][et_pb_column type=\u00a0\u00bb2_5&Prime; _builder_version=\u00a0\u00bb4.20.0&Prime; _module_preset=\u00a0\u00bbdefault\u00a0\u00bb global_colors_info=\u00a0\u00bb{}\u00a0\u00bb][et_pb_text _builder_version=\u00a0\u00bb4.20.2&Prime; _module_preset=\u00a0\u00bb835bcc22-c256-44d2-ab34-16bc32509427&Prime; max_width=\u00a0\u00bb960px\u00a0\u00bb module_alignment=\u00a0\u00bbcenter\u00a0\u00bb custom_margin=\u00a0\u00bb0px||3px||false|false\u00a0\u00bb global_colors_info=\u00a0\u00bb{}\u00a0\u00bb]<\/p>\n<h2>Qui nous sommes<\/h2>\n<p>[\/et_pb_text][et_pb_text _builder_version=\u00a0\u00bb4.20.4&Prime; _module_preset=\u00a0\u00bb19994daa-148f-4d65-802c-a05fefe44be2&Prime; global_colors_info=\u00a0\u00bb{}\u00a0\u00bb]<\/p>\n<p>Riches de nos diff\u00e9rentes expertises, nous misons ensemble sur le savoir exp\u00e9rientiel. Ainsi nous d\u00e9veloppons des connaissances, des comp\u00e9tences et des ressources pour les personnes autistes et leurs familles ainsi que pour les professionnels de la sant\u00e9.<\/p>\n<p>Faisons les pr\u00e9sentations.<\/p>\n<p>[\/et_pb_text][\/et_pb_column][et_pb_column type=\u00a0\u00bb3_5&Prime; _builder_version=\u00a0\u00bb4.20.0&Prime; _module_preset=\u00a0\u00bbdefault\u00a0\u00bb global_colors_info=\u00a0\u00bb{}\u00a0\u00bb][et_pb_image src=\u00a0\u00bbhttp:\/\/autisme-ensemble.org\/staging\/wp-content\/uploads\/2023\/03\/Photo-equipe.jpg\u00a0\u00bb title_text=\u00a0\u00bbPhoto \u00e9quipe\u00a0\u00bb _builder_version=\u00a0\u00bb4.21.0&Prime; _module_preset=\u00a0\u00bbdefault\u00a0\u00bb width_tablet=\u00a0\u00bb79%\u00a0\u00bb width_phone=\u00a0\u00bb97%\u00a0\u00bb width_last_edited=\u00a0\u00bbon|tablet\u00a0\u00bb max_width=\u00a0\u00bb900px\u00a0\u00bb global_colors_info=\u00a0\u00bb{}\u00a0\u00bb][\/et_pb_image][\/et_pb_column][\/et_pb_row][et_pb_row column_structure=\u00a0\u00bb1_3,1_3,1_3&Prime; _builder_version=\u00a0\u00bb4.20.4&Prime; _module_preset=\u00a0\u00bbdefault\u00a0\u00bb global_colors_info=\u00a0\u00bb{}\u00a0\u00bb][et_pb_column type=\u00a0\u00bb1_3&Prime; _builder_version=\u00a0\u00bb4.20.2&Prime; _module_preset=\u00a0\u00bbdefault\u00a0\u00bb global_colors_info=\u00a0\u00bb{}\u00a0\u00bb][et_pb_toggle title=\u00a0\u00bbAlena Valderrama\u00a0\u00bb open_toggle_text_color=\u00a0\u00bb#000000&Prime; icon_color=\u00a0\u00bb#000000&Prime; toggle_icon=\u00a0\u00bb&#xf067;||fa||900&Prime; use_icon_font_size=\u00a0\u00bbon\u00a0\u00bb icon_font_size=\u00a0\u00bb15px\u00a0\u00bb open_icon_color=\u00a0\u00bb#000000&Prime; open_toggle_icon=\u00a0\u00bb&#xf068;||fa||900&Prime; _builder_version=\u00a0\u00bb4.21.0&Prime; _module_preset=\u00a0\u00bbdefault\u00a0\u00bb title_text_color=\u00a0\u00bb#000000&Prime; title_font=\u00a0\u00bb|700|||||||\u00a0\u00bb title_font_size=\u00a0\u00bb18px\u00a0\u00bb body_text_color=\u00a0\u00bb#000000&Prime; background_color=\u00a0\u00bb#e9b586&Prime; max_width=\u00a0\u00bb400px\u00a0\u00bb max_width_tablet=\u00a0\u00bb100%\u00a0\u00bb max_width_phone=\u00a0\u00bb400px\u00a0\u00bb max_width_last_edited=\u00a0\u00bbon|tablet\u00a0\u00bb custom_padding=\u00a0\u00bb37px|30px|37px|30px|true|true\u00a0\u00bb border_radii=\u00a0\u00bbon|53px|53px|53px|53px\u00a0\u00bb border_width_all=\u00a0\u00bb0px\u00a0\u00bb global_colors_info=\u00a0\u00bb{}\u00a0\u00bb]<\/p>\n<p><span style=\"font-weight: 400;\">Elle est m\u00e9decin sp\u00e9cialiste en sant\u00e9 publique et m\u00e9decine pr\u00e9ventive au CHU Sainte-Justine et professeure adjointe de clinique au d\u00e9partement de m\u00e9decine sociale et pr\u00e9ventive de l\u2019\u00c9cole de sant\u00e9 publique de l\u2019Universit\u00e9 de Montr\u00e9al. Elle est \u00e9galement chercheuse au CHU Sainte-Justine et membre du R\u00e9seau pour transformer les soins en autisme. Depuis presque 10 ans, elle consacre une partie de sa pratique au domaine de l\u2019autisme.<\/span><\/p>\n<p><span style=\"font-weight: 400;\">Dre Valderrama a si\u00e9g\u00e9 sur plusieurs tables provinciales en autisme comme le R\u00e9seau national d\u2019expertise en TSA et le Comit\u00e9 d\u2019engagement communautaire du R\u00e9seau pour transformer les soins en autisme. Elle travaille principalement sur les d\u00e9terminants sociaux de la sant\u00e9 mentale et la qualit\u00e9 de vie des personnes autistes et de leurs familles comme le soutien social, la litt\u00e9ratie en sant\u00e9 et la lutte contre la stigmatisation de l\u2019autisme.\u00a0<\/span><\/p>\n<p><span style=\"font-weight: 400;\">\u00a0<\/span><span style=\"font-weight: 400;\">En plus de son expertise comme m\u00e9decin en sant\u00e9 populationnelle, elle est la m\u00e8re d\u2019un jeune adulte autiste. Elle met en pratique l\u2019inclusion sociale en collaborant avec des personnes autistes dans tous ses projets en autisme. Pour elle, il est impossible de discuter de l\u2019autisme, sans inclure dans la discussion les personnes concern\u00e9es.<\/span><\/p>\n<p>[\/et_pb_toggle][et_pb_toggle title=\u00a0\u00bbLucila Guerrero\u00a0\u00bb open_toggle_text_color=\u00a0\u00bb#000000&Prime; icon_color=\u00a0\u00bb#000000&Prime; toggle_icon=\u00a0\u00bb&#xf067;||fa||900&Prime; use_icon_font_size=\u00a0\u00bbon\u00a0\u00bb icon_font_size=\u00a0\u00bb15px\u00a0\u00bb open_icon_color=\u00a0\u00bb#000000&Prime; open_toggle_icon=\u00a0\u00bb&#xf068;||fa||900&Prime; _builder_version=\u00a0\u00bb4.20.4&Prime; _module_preset=\u00a0\u00bbdefault\u00a0\u00bb title_text_color=\u00a0\u00bb#000000&Prime; title_font=\u00a0\u00bb|700|||||||\u00a0\u00bb title_font_size=\u00a0\u00bb18px\u00a0\u00bb body_text_color=\u00a0\u00bb#000000&Prime; background_color=\u00a0\u00bb#e9b586&Prime; max_width=\u00a0\u00bb400px\u00a0\u00bb max_width_tablet=\u00a0\u00bb100%\u00a0\u00bb max_width_phone=\u00a0\u00bb400px\u00a0\u00bb max_width_last_edited=\u00a0\u00bbon|tablet\u00a0\u00bb custom_padding=\u00a0\u00bb37px|30px|37px|30px|true|true\u00a0\u00bb border_radii=\u00a0\u00bbon|53px|53px|53px|53px\u00a0\u00bb border_width_all=\u00a0\u00bb0px\u00a0\u00bb global_colors_info=\u00a0\u00bb{}\u00a0\u00bb]<\/p>\n<p><span style=\"font-weight: 400;\">Depuis presque 10 ans, elle collabore \u00e0 des projets de recherche en autisme, en tant que cochercheuse ou consultante experte. Elle est aussi conf\u00e9renci\u00e8re, blogueuse et autrice.<\/span><\/p>\n<p><span style=\"font-weight: 400;\">Elle est la premi\u00e8re paire aidante certifi\u00e9e par le microprogramme de 1<\/span><span style=\"font-weight: 400;\">er<\/span><span style=\"font-weight: 400;\"> cycle en sant\u00e9 mentale : mentorat pour pairs aidants, donn\u00e9 par l\u2019Universit\u00e9 de Montr\u00e9al.<\/span><\/p>\n<p><span style=\"font-weight: 400;\">Elle s\u2019implique \u00e9galement depuis plus de 10 ans dans la communaut\u00e9 autistique. Elle est notamment cofondatrice de deux organismes : Aut\u2019Cr\u00e9atifs, un organisme de personnes autistes luttant contre les pr\u00e9jug\u00e9s et la d\u00e9sinformation en autisme, ainsi que la Coalition de parents d\u2019enfants \u00e0 besoins particuliers du Qu\u00e9bec. Elle est aussi la m\u00e8re d\u2019un jeune autiste.<\/span><\/p>\n<p>[\/et_pb_toggle][et_pb_toggle title=\u00a0\u00bbJennifer Cohen Reyes\u00a0\u00bb open_toggle_text_color=\u00a0\u00bb#000000&Prime; icon_color=\u00a0\u00bb#000000&Prime; toggle_icon=\u00a0\u00bb&#xf067;||fa||900&Prime; use_icon_font_size=\u00a0\u00bbon\u00a0\u00bb icon_font_size=\u00a0\u00bb15px\u00a0\u00bb open_icon_color=\u00a0\u00bb#000000&Prime; open_toggle_icon=\u00a0\u00bb&#xf068;||fa||900&Prime; _builder_version=\u00a0\u00bb4.20.4&Prime; _module_preset=\u00a0\u00bbdefault\u00a0\u00bb title_text_color=\u00a0\u00bb#000000&Prime; title_font=\u00a0\u00bb|700|||||||\u00a0\u00bb title_font_size=\u00a0\u00bb18px\u00a0\u00bb body_text_color=\u00a0\u00bb#000000&Prime; background_color=\u00a0\u00bb#e9b586&Prime; max_width=\u00a0\u00bb400px\u00a0\u00bb max_width_tablet=\u00a0\u00bb100%\u00a0\u00bb max_width_phone=\u00a0\u00bb400px\u00a0\u00bb max_width_last_edited=\u00a0\u00bbon|tablet\u00a0\u00bb custom_padding=\u00a0\u00bb37px|30px|37px|30px|true|true\u00a0\u00bb border_radii=\u00a0\u00bbon|53px|53px|53px|53px\u00a0\u00bb border_width_all=\u00a0\u00bb0px\u00a0\u00bb global_colors_info=\u00a0\u00bb{}\u00a0\u00bb]<\/p>\n<p><span style=\"font-weight: 400;\">Coordonnatrice de recherche d\u2019Autisme Ensemble, elle est d\u00e9tentrice d\u2019un baccalaur\u00e9at en psychologie \u2014 neurosciences du comportement depuis 2018 et d\u2019une ma\u00eetrise en recherche en psychiatrie depuis 2021. Elle s\u2019int\u00e9resse \u00e0 l\u2019am\u00e9lioration des services de sant\u00e9 dans le domaine des troubles d\u2019usage d\u2019opio\u00efdes. Son m\u00e9moire de ma\u00eetrise a port\u00e9 sur l\u2019accessibilit\u00e9 des services en sant\u00e9 mentale pour les personnes souffrant de douleur chronique. Elle apporte son expertise au domaine de l\u2019autisme dans le but d\u2019am\u00e9liorer l\u2019offre de services pour les personnes concern\u00e9es.<\/span><\/p>\n<p>[\/et_pb_toggle][\/et_pb_column][et_pb_column type=\u00a0\u00bb1_3&Prime; _builder_version=\u00a0\u00bb4.20.2&Prime; _module_preset=\u00a0\u00bbdefault\u00a0\u00bb global_colors_info=\u00a0\u00bb{}\u00a0\u00bb][et_pb_toggle title=\u00a0\u00bbBaudouin Forgeot d\u2019Arc\u00a0\u00bb open_toggle_text_color=\u00a0\u00bb#000000&Prime; icon_color=\u00a0\u00bb#000000&Prime; toggle_icon=\u00a0\u00bb&#xf067;||fa||900&Prime; use_icon_font_size=\u00a0\u00bbon\u00a0\u00bb icon_font_size=\u00a0\u00bb15px\u00a0\u00bb open_icon_color=\u00a0\u00bb#000000&Prime; open_toggle_icon=\u00a0\u00bb&#xf068;||fa||900&Prime; _builder_version=\u00a0\u00bb4.21.0&Prime; _module_preset=\u00a0\u00bbdefault\u00a0\u00bb title_text_color=\u00a0\u00bb#000000&Prime; title_font=\u00a0\u00bb|700|||||||\u00a0\u00bb title_font_size=\u00a0\u00bb18px\u00a0\u00bb body_text_color=\u00a0\u00bb#000000&Prime; background_color=\u00a0\u00bb#e9b586&Prime; max_width=\u00a0\u00bb400px\u00a0\u00bb max_width_tablet=\u00a0\u00bb100%\u00a0\u00bb max_width_phone=\u00a0\u00bb400px\u00a0\u00bb max_width_last_edited=\u00a0\u00bbon|tablet\u00a0\u00bb custom_padding=\u00a0\u00bb37px|30px|37px|30px|true|true\u00a0\u00bb border_radii=\u00a0\u00bbon|53px|53px|53px|53px\u00a0\u00bb border_width_all=\u00a0\u00bb0px\u00a0\u00bb global_colors_info=\u00a0\u00bb{}\u00a0\u00bb]<\/p>\n<p><span style=\"font-weight: 400;\">Il exerce en autisme depuis plus de 10 ans \u00e0 titre de p\u00e9dopsychiatre et chef de la clinique de psychiatrie et neurod\u00e9veloppement du CHU Sainte-Justine, de professeur agr\u00e9g\u00e9 \u00e0 l\u2019Universit\u00e9 de Montr\u00e9al et de chercheur au CHU Sainte-Justine. Son champ d\u2019expertise s\u2019\u00e9tend des neurosciences cognitives aux interactions sociales en autisme.<\/span><\/p>\n<p><span style=\"font-weight: 400;\">Depuis quelques ann\u00e9es, il a d\u00e9velopp\u00e9 une expertise dans le domaine des d\u00e9terminants sociaux de la sant\u00e9 des personnes autistes tels que la qualit\u00e9 des soins, l&rsquo;h\u00e9bergement ou la stigmatation. Dr Forgeot d\u2019Arc est \u00e9galement Directeur du programme de t\u00e9l\u00e9mentorat ECHO\u00ae sant\u00e9 mentale et neurod\u00e9veloppement, un programme de formation en ligne pour les professionnels. Ce programme r\u00e9unit pour 8 s\u00e9ances un groupe multidisciplinaire de 60 professionnels de l\u2019ensemble des r\u00e9gions du Qu\u00e9bec.<\/span><\/p>\n<p><span style=\"font-weight: 400;\">De plus, il est membre fondateur, chef du comit\u00e9 d\u2019int\u00e9gration clinique-recherche du R\u00e9seau pour transformer les soins en autisme, un r\u00e9seau th\u00e9matique du Fonds de recherche Qu\u00e9bec\u2013Sant\u00e9 qui regroupe plus de 80 chercheurs \u00e0 travers le Qu\u00e9bec.<\/span><\/p>\n<p>[\/et_pb_toggle][et_pb_toggle title=\u00a0\u00bbLila Amirali\u00a0\u00bb open_toggle_text_color=\u00a0\u00bb#000000&Prime; icon_color=\u00a0\u00bb#000000&Prime; toggle_icon=\u00a0\u00bb&#xf067;||fa||900&Prime; use_icon_font_size=\u00a0\u00bbon\u00a0\u00bb icon_font_size=\u00a0\u00bb15px\u00a0\u00bb open_icon_color=\u00a0\u00bb#000000&Prime; open_toggle_icon=\u00a0\u00bb&#xf068;||fa||900&Prime; _builder_version=\u00a0\u00bb4.20.4&Prime; _module_preset=\u00a0\u00bbdefault\u00a0\u00bb title_text_color=\u00a0\u00bb#000000&Prime; title_font=\u00a0\u00bb|700|||||||\u00a0\u00bb title_font_size=\u00a0\u00bb18px\u00a0\u00bb body_text_color=\u00a0\u00bb#000000&Prime; background_color=\u00a0\u00bb#e9b586&Prime; max_width=\u00a0\u00bb400px\u00a0\u00bb max_width_tablet=\u00a0\u00bb100%\u00a0\u00bb max_width_phone=\u00a0\u00bb400px\u00a0\u00bb max_width_last_edited=\u00a0\u00bbon|tablet\u00a0\u00bb custom_padding=\u00a0\u00bb37px|30px|37px|30px|true|true\u00a0\u00bb border_radii=\u00a0\u00bbon|53px|53px|53px|53px\u00a0\u00bb border_width_all=\u00a0\u00bb0px\u00a0\u00bb global_colors_info=\u00a0\u00bb{}\u00a0\u00bb]<\/p>\n<p><span style=\"font-weight: 400;\">Psychiatre de l\u2019enfant et de l\u2019adolescent, elle est professeure agr\u00e9g\u00e9e \u00e0 l\u2019Universit\u00e9 de Montr\u00e9al, chef du D\u00e9partement de psychiatrie du CHU Sainte-Justine, Pr\u00e9sidente du comit\u00e9 de psychiatrie de l\u2019enfant et de l\u2019adolescent du Coll\u00e8ge royal des m\u00e9decins et chirurgiens du Canada et vice-pr\u00e9sidente de l\u2019Acad\u00e9mie canadienne de psychiatrie de l\u2019enfant et de l\u2019adolescent.<\/span><\/p>\n<p><span style=\"font-weight: 400;\">Dre Amirali est une directrice m\u00e9dicale exp\u00e9riment\u00e9e dont l\u2019expertise aupr\u00e8s des personnes autistes et de leurs familles n\u2019est plus \u00e0 d\u00e9montrer. Elle poss\u00e8de aussi une expertise dans la gestion administrative des soins et une ma\u00eetrise en gestion (IMHL) de l\u2019Universit\u00e9 McGill.<\/span><\/p>\n<p>[\/et_pb_toggle][et_pb_toggle title=\u00a0\u00bbAnna Katalifos\u00a0\u00bb open_toggle_text_color=\u00a0\u00bb#000000&Prime; icon_color=\u00a0\u00bb#000000&Prime; toggle_icon=\u00a0\u00bb&#xf067;||fa||900&Prime; use_icon_font_size=\u00a0\u00bbon\u00a0\u00bb icon_font_size=\u00a0\u00bb15px\u00a0\u00bb open_icon_color=\u00a0\u00bb#000000&Prime; open_toggle_icon=\u00a0\u00bb&#xf068;||fa||900&Prime; _builder_version=\u00a0\u00bb4.20.4&Prime; _module_preset=\u00a0\u00bbdefault\u00a0\u00bb title_text_color=\u00a0\u00bb#000000&Prime; title_font=\u00a0\u00bb|700|||||||\u00a0\u00bb title_font_size=\u00a0\u00bb18px\u00a0\u00bb body_text_color=\u00a0\u00bb#000000&Prime; background_color=\u00a0\u00bb#e9b586&Prime; max_width=\u00a0\u00bb400px\u00a0\u00bb max_width_tablet=\u00a0\u00bb100%\u00a0\u00bb max_width_phone=\u00a0\u00bb400px\u00a0\u00bb max_width_last_edited=\u00a0\u00bbon|tablet\u00a0\u00bb custom_padding=\u00a0\u00bb37px|30px|37px|30px|true|true\u00a0\u00bb border_radii=\u00a0\u00bbon|53px|53px|53px|53px\u00a0\u00bb border_width_all=\u00a0\u00bb0px\u00a0\u00bb global_colors_info=\u00a0\u00bb{}\u00a0\u00bb]<\/p>\n<p><span style=\"font-weight: 400;\">Elle fait pr\u00e9sentement des \u00e9tudes de ma\u00eetrise \u00e0 l\u2019Universit\u00e9 McGill. Son projet de recherche porte sur les facteurs qui ont influenc\u00e9 les capacit\u00e9s des jeunes ayant une condition neurod\u00e9veloppementale et celles de leurs familles \u00e0 faire face \u00e0 la pand\u00e9mie de COVID-19. Son objectif est de combler l\u2019\u00e9cart entre ce que nous apprennent les donn\u00e9es probantes et la r\u00e9alit\u00e9 de nos espaces cliniques, communautaires et politiques.<\/span><\/p>\n<p><span style=\"font-weight: 400;\">En tant que grande s\u0153ur d\u2019un jeune homme autiste, elle souhaite devenir neuropsychologue afin d\u2019aider les jeunes personnes autistes et leurs familles \u00e0 composer avec leur diagnostic. Elle souhaite aussi continuer \u00e0 collaborer \u00e0 des projets de recherche qui contribuent \u00e0 am\u00e9liorer leur qualit\u00e9 de vie.<\/span><\/p>\n<p>[\/et_pb_toggle][\/et_pb_column][et_pb_column type=\u00a0\u00bb1_3&Prime; _builder_version=\u00a0\u00bb4.20.2&Prime; _module_preset=\u00a0\u00bbdefault\u00a0\u00bb global_colors_info=\u00a0\u00bb{}\u00a0\u00bb][et_pb_toggle title=\u00a0\u00bbMathieu Giroux\u00a0\u00bb open_toggle_text_color=\u00a0\u00bb#000000&Prime; icon_color=\u00a0\u00bb#000000&Prime; toggle_icon=\u00a0\u00bb&#xf067;||fa||900&Prime; use_icon_font_size=\u00a0\u00bbon\u00a0\u00bb icon_font_size=\u00a0\u00bb15px\u00a0\u00bb open_icon_color=\u00a0\u00bb#000000&Prime; open_toggle_icon=\u00a0\u00bb&#xf068;||fa||900&Prime; _builder_version=\u00a0\u00bb4.20.4&Prime; _module_preset=\u00a0\u00bbdefault\u00a0\u00bb title_text_color=\u00a0\u00bb#000000&Prime; title_font=\u00a0\u00bb|700|||||||\u00a0\u00bb title_font_size=\u00a0\u00bb18px\u00a0\u00bb body_text_color=\u00a0\u00bb#000000&Prime; background_color=\u00a0\u00bb#e9b586&Prime; max_width=\u00a0\u00bb400px\u00a0\u00bb max_width_tablet=\u00a0\u00bb100%\u00a0\u00bb max_width_phone=\u00a0\u00bb400px\u00a0\u00bb max_width_last_edited=\u00a0\u00bbon|tablet\u00a0\u00bb custom_padding=\u00a0\u00bb37px|30px|37px|30px|true|true\u00a0\u00bb border_radii=\u00a0\u00bbon|53px|53px|53px|53px\u00a0\u00bb border_width_all=\u00a0\u00bb0px\u00a0\u00bb global_colors_info=\u00a0\u00bb{}\u00a0\u00bb]<\/p>\n<p><span style=\"font-weight: 400;\">Il agit comme collaborateur en recherche, cochercheur, consultant expert, conf\u00e9rencier et blogueur en autisme depuis presque 10 ans. Il est aussi co-auteur de diverses publications scientifiques. Il poss\u00e8de plusieurs ann\u00e9es d\u2019exp\u00e9rience de collaboration en milieu de recherche, autant dans la recherche scientifique que dans diff\u00e9rents comit\u00e9s scientifiques, notamment le comit\u00e9 scientifique du programme ECHO\u00ae sant\u00e9 mentale en neurod\u00e9veloppement.<\/span><\/p>\n<p><span style=\"font-weight: 400;\">En tant que personne autiste ayant un profil en sant\u00e9 mentale, il est \u00e9galement co-auteur d\u2019une interpr\u00e9tation libre des crit\u00e8res diagnostiques du DSM-5 pour l\u2019autisme. De plus, il est membre du Comit\u00e9 d\u2019engagement communautaire du R\u00e9seau pour transformer les soins en autisme. \u00c0 titre personnel, il est un des administrateurs d\u2019origine d\u2019Aut\u2019Cr\u00e9atifs, un organisme de personnes autistes luttant contre les pr\u00e9jug\u00e9s et la d\u00e9sinformation en autisme.<\/span><\/p>\n<p>[\/et_pb_toggle][et_pb_toggle title=\u00a0\u00bbMaria Cherba\u00a0\u00bb open_toggle_text_color=\u00a0\u00bb#000000&Prime; icon_color=\u00a0\u00bb#000000&Prime; toggle_icon=\u00a0\u00bb&#xf067;||fa||900&Prime; use_icon_font_size=\u00a0\u00bbon\u00a0\u00bb icon_font_size=\u00a0\u00bb15px\u00a0\u00bb open_icon_color=\u00a0\u00bb#000000&Prime; open_toggle_icon=\u00a0\u00bb&#xf068;||fa||900&Prime; _builder_version=\u00a0\u00bb4.20.4&Prime; _module_preset=\u00a0\u00bbdefault\u00a0\u00bb title_text_color=\u00a0\u00bb#000000&Prime; title_font=\u00a0\u00bb|700|||||||\u00a0\u00bb title_font_size=\u00a0\u00bb18px\u00a0\u00bb body_text_color=\u00a0\u00bb#000000&Prime; background_color=\u00a0\u00bb#e9b586&Prime; max_width=\u00a0\u00bb400px\u00a0\u00bb max_width_tablet=\u00a0\u00bb100%\u00a0\u00bb max_width_phone=\u00a0\u00bb400px\u00a0\u00bb max_width_last_edited=\u00a0\u00bbon|tablet\u00a0\u00bb custom_padding=\u00a0\u00bb37px|30px|37px|30px|true|true\u00a0\u00bb border_radii=\u00a0\u00bbon|53px|53px|53px|53px\u00a0\u00bb border_width_all=\u00a0\u00bb0px\u00a0\u00bb global_colors_info=\u00a0\u00bb{}\u00a0\u00bb]<\/p>\n<p><span style=\"font-weight: 400;\">Elle est professeure adjointe au d\u00e9partement de communication de l\u2019Universit\u00e9 d\u2019Ottawa. Elle a une expertise en communication patient-soignant, en m\u00e9thodes d\u2019analyse des interactions pour informer la pratique clinique, ainsi qu\u2019en recherche communautaire collaborative. Elle a collabor\u00e9 \u00e0 un projet de d\u00e9veloppement d\u2019une plateforme de soutien social pour les parents d\u2019enfants autistes.<\/span><\/p>\n<p><span style=\"font-weight: 400;\">Elle a \u00e9galement particip\u00e9 au d\u00e9veloppement d\u2019une formation pour les professionnels de la sant\u00e9 en t\u00e9l\u00e9m\u00e9decine \u00e0 partir de consultations avec des patients simul\u00e9s. Son expertise sur les enjeux de relations des personnes autistes avec leurs familles et les professionnels de la sant\u00e9 est une contribution majeure \u00e0 nos projets de recherche.<\/span><\/p>\n<p>[\/et_pb_toggle][et_pb_toggle title=\u00a0\u00bbDominique Antoine\u00a0\u00bb open_toggle_text_color=\u00a0\u00bb#000000&Prime; icon_color=\u00a0\u00bb#000000&Prime; toggle_icon=\u00a0\u00bb&#xf067;||fa||900&Prime; use_icon_font_size=\u00a0\u00bbon\u00a0\u00bb icon_font_size=\u00a0\u00bb15px\u00a0\u00bb open_icon_color=\u00a0\u00bb#000000&Prime; open_toggle_icon=\u00a0\u00bb&#xf068;||fa||900&Prime; disabled_on=\u00a0\u00bbon|on|on\u00a0\u00bb _builder_version=\u00a0\u00bb4.20.4&Prime; _module_preset=\u00a0\u00bbdefault\u00a0\u00bb title_text_color=\u00a0\u00bb#000000&Prime; title_font=\u00a0\u00bb|700|||||||\u00a0\u00bb title_font_size=\u00a0\u00bb18px\u00a0\u00bb body_text_color=\u00a0\u00bb#000000&Prime; background_color=\u00a0\u00bb#e9b586&Prime; max_width=\u00a0\u00bb400px\u00a0\u00bb max_width_tablet=\u00a0\u00bb100%\u00a0\u00bb max_width_phone=\u00a0\u00bb400px\u00a0\u00bb max_width_last_edited=\u00a0\u00bbon|tablet\u00a0\u00bb custom_padding=\u00a0\u00bb37px|30px|37px|30px|true|true\u00a0\u00bb border_radii=\u00a0\u00bbon|53px|53px|53px|53px\u00a0\u00bb border_width_all=\u00a0\u00bb0px\u00a0\u00bb disabled=\u00a0\u00bbon\u00a0\u00bb global_colors_info=\u00a0\u00bb{}\u00a0\u00bb]<\/p>\n<p><span style=\"font-weight: 400;\">Elle est d\u00e9tentrice d\u2019une ma\u00eetrise en communication. Son m\u00e9moire portait sur la communication au sein du syst\u00e8me de sant\u00e9 dans le cadre des soins offerts aux enfants autistes. L\u2019objectif de son projet de recherche \u00e9tait d\u2019identifier les obstacles potentiels \u00e0 la communication entre les parents et les prestataires de soins. Elle poursuit des \u00e9tudes doctorales qui explorent les processus de communication et d\u2019information pour une prise de d\u00e9cision \u00e9clair\u00e9e chez les parents qui ont \u00e0 prendre en charge un enfant autiste.<\/span><\/p>\n<p><span style=\"font-weight: 400;\">Elle est aussi la maman d\u2019un jeune homme autiste. Depuis le diagnostic en 2008, elle et son fils ont effectu\u00e9 un long parcours dans le syst\u00e8me de sant\u00e9. Aussi, cela l\u2019a amen\u00e9e \u00e0 d\u00e9velopper des connaissances du processus de prise en charge de l\u2019autisme en Ontario, au Qu\u00e9bec, et au Manitoba. Le diagnostic de son fils a \u00e9t\u00e9 l\u2019\u00e9l\u00e9ment d\u00e9clencheur pour retourner aux \u00e9tudes afin de mieux comprendre l\u2019autisme et les meilleurs moyens de r\u00e9pondre aux besoins des personnes autistes et de leurs proches.<\/span><\/p>\n<p>[\/et_pb_toggle][\/et_pb_column][\/et_pb_row][\/et_pb_section][et_pb_section fb_built=\u00a0\u00bb1&Prime; module_id=\u00a0\u00bbsection-3&Prime; _builder_version=\u00a0\u00bb4.20.4&Prime; _module_preset=\u00a0\u00bbdefault\u00a0\u00bb background_enable_color=\u00a0\u00bboff\u00a0\u00bb use_background_color_gradient=\u00a0\u00bbon\u00a0\u00bb background_color_gradient_stops=\u00a0\u00bb#eaf7f0 0%|#ffffff 99%\u00a0\u00bb custom_padding=\u00a0\u00bb||128px|||\u00a0\u00bb global_colors_info=\u00a0\u00bb{}\u00a0\u00bb][et_pb_row use_custom_gutter=\u00a0\u00bbon\u00a0\u00bb gutter_width=\u00a0\u00bb2&Prime; _builder_version=\u00a0\u00bb4.20.4&Prime; _module_preset=\u00a0\u00bbdefault\u00a0\u00bb custom_margin=\u00a0\u00bb0px||0px||false|false\u00a0\u00bb custom_padding=\u00a0\u00bb0px||0px||false|false\u00a0\u00bb locked=\u00a0\u00bboff\u00a0\u00bb global_colors_info=\u00a0\u00bb{}\u00a0\u00bb][et_pb_column type=\u00a0\u00bb4_4&Prime; _builder_version=\u00a0\u00bb4.20.2&Prime; _module_preset=\u00a0\u00bbdefault\u00a0\u00bb custom_padding=\u00a0\u00bb50px||||false|false\u00a0\u00bb custom_padding_tablet=\u00a0\u00bb0px||||false|false\u00a0\u00bb custom_padding_phone=\u00a0\u00bb0px||||false|false\u00a0\u00bb custom_padding_last_edited=\u00a0\u00bbon|desktop\u00a0\u00bb global_colors_info=\u00a0\u00bb{}\u00a0\u00bb][et_pb_text _builder_version=\u00a0\u00bb4.20.2&Prime; _module_preset=\u00a0\u00bb835bcc22-c256-44d2-ab34-16bc32509427&Prime; global_colors_info=\u00a0\u00bb{}\u00a0\u00bb]<\/p>\n<h2>Nos recherches<\/h2>\n<p>[\/et_pb_text][et_pb_text _builder_version=\u00a0\u00bb4.21.0&Prime; _module_preset=\u00a0\u00bbdefault\u00a0\u00bb max_width=\u00a0\u00bb400px\u00a0\u00bb max_width_tablet=\u00a0\u00bb400px\u00a0\u00bb max_width_phone=\u00a0\u00bb400px\u00a0\u00bb max_width_last_edited=\u00a0\u00bbon|desktop\u00a0\u00bb hover_enabled=\u00a0\u00bb0&Prime; global_colors_info=\u00a0\u00bb{}\u00a0\u00bb sticky_enabled=\u00a0\u00bb0&Prime;]<\/p>\n<p>Pour consulter nos publications<\/p>\n<p>[\/et_pb_text][\/et_pb_column][\/et_pb_row][et_pb_row column_structure=\u00a0\u00bb1_2,1_2&Prime; _builder_version=\u00a0\u00bb4.20.2&Prime; _module_preset=\u00a0\u00bbdefault\u00a0\u00bb global_colors_info=\u00a0\u00bb{}\u00a0\u00bb][et_pb_column type=\u00a0\u00bb1_2&Prime; _builder_version=\u00a0\u00bb4.20.2&Prime; _module_preset=\u00a0\u00bbdefault\u00a0\u00bb global_colors_info=\u00a0\u00bb{}\u00a0\u00bb][et_pb_toggle title=\u00a0\u00bbRapport de recherche : Consultation de parents d\u2019un enfant atteint d\u2019un TSA et d\u00e9veloppement d\u2019une plateforme num\u00e9rique leur offrant un soutien social.\u00a0\u00bb open_toggle_text_color=\u00a0\u00bb#000000&Prime; open_toggle_background_color=\u00a0\u00bb#e9b586&Prime; closed_toggle_background_color=\u00a0\u00bb#e9b586&Prime; icon_color=\u00a0\u00bb#000000&Prime; open_icon_color=\u00a0\u00bb#000000&Prime; _builder_version=\u00a0\u00bb4.21.0&Prime; _module_preset=\u00a0\u00bbdefault\u00a0\u00bb title_text_color=\u00a0\u00bb#000000&Prime; title_font=\u00a0\u00bb|600|||||||\u00a0\u00bb title_font_size=\u00a0\u00bb16px\u00a0\u00bb title_line_height=\u00a0\u00bb1.3em\u00a0\u00bb background_color=\u00a0\u00bb#B8E0D2&Prime; border_radii=\u00a0\u00bbon|19px|19px|19px|19px\u00a0\u00bb global_colors_info=\u00a0\u00bb{}\u00a0\u00bb]<\/p>\n<p><span style=\"font-weight: 400;\">Renaud L, Caron-Bouchard M, en collaboration avec Valderrama A. Rapport de recherche : Consultation de parents d\u2019un enfant atteint d\u2019un TSA et d\u00e9veloppement d\u2019une plateforme num\u00e9rique leur offrant un soutien social. Com Sant\u00e9 UQAM, 2018.<\/span><\/p>\n<p><span style=\"font-weight: 400;\">Cherba, M., Tho\u00ebr, C., Turbide, O., Denault, V., Renaud, L., Valderrama, A., Courcy, I., Cordelier, B., Laquerre, M.-E., Cyr, C., Hovington, J., &amp; Muloin, C. (2019). Le soutien social en ligne comme mode d\u2019intervention psychosociale?: Revue de litt\u00e9rature, pistes de recherche et recommandations pour les intervenants. <\/span><i><span style=\"font-weight: 400;\">Sant\u00e9 Publique<\/span><\/i><span style=\"font-weight: 400;\">, <\/span><i><span style=\"font-weight: 400;\">31<\/span><\/i><span style=\"font-weight: 400;\">(1), 83.<\/span><span style=\"font-weight: 400;\"><\/span><\/p>\n<p><a href=\"https:\/\/doi.org\/10.3917\/spub.191.0083\" class=\"btn-recherche\" target=\" _blank\" rel=\"noopener\">S&rsquo;y rendre<\/a><\/p>\n<p>[\/et_pb_toggle][et_pb_toggle title=\u00a0\u00bbLes enjeux de litt\u00e9ratie dans la communication aux parents du diagnostic de trouble du spectre de l\u2019autisme chez l\u2019enfant. Sant\u00e9 mentale au Qu\u00e9bec.\u00a0\u00bb open_toggle_text_color=\u00a0\u00bb#000000&Prime; open_toggle_background_color=\u00a0\u00bb#e9b586&Prime; closed_toggle_background_color=\u00a0\u00bb#e9b586&Prime; icon_color=\u00a0\u00bb#000000&Prime; open_icon_color=\u00a0\u00bb#000000&Prime; _builder_version=\u00a0\u00bb4.20.4&Prime; _module_preset=\u00a0\u00bbdefault\u00a0\u00bb title_text_color=\u00a0\u00bb#000000&Prime; title_font=\u00a0\u00bb|600|||||||\u00a0\u00bb title_font_size=\u00a0\u00bb16px\u00a0\u00bb title_line_height=\u00a0\u00bb1.3em\u00a0\u00bb background_color=\u00a0\u00bb#B8E0D2&Prime; border_radii=\u00a0\u00bbon|19px|19px|19px|19px\u00a0\u00bb global_colors_info=\u00a0\u00bb{}\u00a0\u00bb]<span style=\"font-weight: 400;\">Valderrama, A. Courcy, I. Weis-Heitner, L.et Forgeot d\u2019Arc, B. (2020). Les enjeux de litt\u00e9ratie dans la communication aux parents du diagnostic de trouble du spectre de l\u2019autisme chez l\u2019enfant. Sant\u00e9 mentale au Qu\u00e9bec.<\/span><a href=\"https:\/\/doi.org\/10.7202\/1070244ar\">\u00a0<\/a><\/p>\n<p><a href=\"https:\/\/doi.org\/10.7202\/1070244ar\" class=\"btn-recherche\" target=\" _blank\" rel=\"noopener\">S&rsquo;y rendre<\/a>[\/et_pb_toggle][et_pb_toggle title=\u00a0\u00bbFor autistic persons by autistic persons: Acceptability of a structured peer support service according to key stakeholders.\u00a0\u00bb open_toggle_text_color=\u00a0\u00bb#000000&Prime; open_toggle_background_color=\u00a0\u00bb#e9b586&Prime; closed_toggle_background_color=\u00a0\u00bb#e9b586&Prime; icon_color=\u00a0\u00bb#000000&Prime; open_icon_color=\u00a0\u00bb#000000&Prime; _builder_version=\u00a0\u00bb4.20.4&Prime; _module_preset=\u00a0\u00bbdefault\u00a0\u00bb title_text_color=\u00a0\u00bb#000000&Prime; title_font=\u00a0\u00bb|600|||||||\u00a0\u00bb title_font_size=\u00a0\u00bb16px\u00a0\u00bb title_line_height=\u00a0\u00bb1.3em\u00a0\u00bb background_color=\u00a0\u00bb#B8E0D2&Prime; border_radii=\u00a0\u00bbon|19px|19px|19px|19px\u00a0\u00bb global_colors_info=\u00a0\u00bb{}\u00a0\u00bb]<span style=\"font-weight: 400;\">Valderrama, A., Martinez, A., Charlebois, K., Guerrero, L., &amp; Forgeot d\u2019Arc, B. (2022). For autistic persons by autistic persons: Acceptability of a structured peer support service according to key stakeholders. <\/span><i><span style=\"font-weight: 400;\">Health Expectations: An International Journal of Public Participation in Health Care and Health Policy<\/span><\/i><span style=\"font-weight: 400;\">.<\/span><\/p>\n<p><a href=\"https:\/\/doi.org\/10.1111\/hex.13680\" class=\"btn-recherche\" target=\" _blank\" rel=\"noopener\">S&rsquo;y rendre<\/a>[\/et_pb_toggle][\/et_pb_column][et_pb_column type=\u00a0\u00bb1_2&Prime; _builder_version=\u00a0\u00bb4.20.2&Prime; _module_preset=\u00a0\u00bbdefault\u00a0\u00bb global_colors_info=\u00a0\u00bb{}\u00a0\u00bb][et_pb_toggle title=\u00a0\u00bbCroiser les perspectives pour mieux informer en autisme: Entre ce que les professionnels veulent dire, ce que les parents veulent savoir et comment les adultes autistes veulent que l\u2019on parle d\u2019eux.\u00a0\u00bb open_toggle_text_color=\u00a0\u00bb#000000&Prime; open_toggle_background_color=\u00a0\u00bb#e9b586&Prime; closed_toggle_background_color=\u00a0\u00bb#e9b586&Prime; icon_color=\u00a0\u00bb#000000&Prime; open_icon_color=\u00a0\u00bb#000000&Prime; _builder_version=\u00a0\u00bb4.21.0&Prime; _module_preset=\u00a0\u00bbdefault\u00a0\u00bb title_text_color=\u00a0\u00bb#000000&Prime; title_font=\u00a0\u00bb|600|||||||\u00a0\u00bb title_font_size=\u00a0\u00bb16px\u00a0\u00bb title_line_height=\u00a0\u00bb1.3em\u00a0\u00bb background_color=\u00a0\u00bb#B8E0D2&Prime; border_radii=\u00a0\u00bbon|19px|19px|19px|19px\u00a0\u00bb global_colors_info=\u00a0\u00bb{}\u00a0\u00bb]<\/p>\n<p><span style=\"font-weight: 400;\">Courcy, I., Valderrama, A., Weis-Heitner, L., Giroux, M., Guerrero, L., Thermidor, G., Laporte, L., &amp; Forgeot d\u2019Arc, B. (2021). Croiser les perspectives pour mieux informer en autisme: Entre ce que les professionnels veulent dire, ce que les parents veulent savoir et comment les adultes autistes veulent que l\u2019on parle d\u2019eux. <\/span><i><span style=\"font-weight: 400;\">Canadian Journal of Community Mental Health<\/span><\/i><span style=\"font-weight: 400;\">, <\/span><i><span style=\"font-weight: 400;\">40<\/span><\/i><span style=\"font-weight: 400;\">(2), 104\u2013119.<\/span><\/p>\n<p><span style=\"font-weight: 400;\"><\/span><\/p>\n<p><a href=\"https:\/\/doi.org\/10.7870\/cjcmh-2021-014\" class=\"btn-recherche\" target=\" _blank\" rel=\"noopener\">S&rsquo;y rendre<\/a><\/p>\n<p>[\/et_pb_toggle][et_pb_toggle title=\u00a0\u00bbPerson-reported perspectives on support availability for people with disabilities during the COVID-19 pandemic in Quebec.\u00a0\u00bb open_toggle_text_color=\u00a0\u00bb#000000&Prime; open_toggle_background_color=\u00a0\u00bb#e9b586&Prime; closed_toggle_background_color=\u00a0\u00bb#e9b586&Prime; icon_color=\u00a0\u00bb#000000&Prime; open_icon_color=\u00a0\u00bb#000000&Prime; _builder_version=\u00a0\u00bb4.20.4&Prime; _module_preset=\u00a0\u00bbdefault\u00a0\u00bb title_text_color=\u00a0\u00bb#000000&Prime; title_font=\u00a0\u00bb|600|||||||\u00a0\u00bb title_font_size=\u00a0\u00bb16px\u00a0\u00bb title_line_height=\u00a0\u00bb1.3em\u00a0\u00bb background_color=\u00a0\u00bb#B8E0D2&Prime; border_radii=\u00a0\u00bbon|19px|19px|19px|19px\u00a0\u00bb global_colors_info=\u00a0\u00bb{}\u00a0\u00bb]<span style=\"font-weight: 400;\">Valderrama, A., Lajoie, X., Armstrong, M., Luizar-Obregon, A., &amp; Kraus de Camargo, O. (2022). Person-reported perspectives on support availability for people with disabilities during the COVID-19 pandemic in Quebec. <\/span><i><span style=\"font-weight: 400;\">Canadian Journal of Public Health = Revue Canadienne De Sante Publique<\/span><\/i><span style=\"font-weight: 400;\">, <\/span><i><span style=\"font-weight: 400;\">113<\/span><\/i><span style=\"font-weight: 400;\">(6), 834\u2013845.<\/span><\/p>\n<p><a href=\"https:\/\/doi.org\/10.17269\/s41997-022-00671-3\" class=\"btn-recherche\" target=\" _blank\" rel=\"noopener\">S&rsquo;y rendre<\/a><br \/>\n<span style=\"font-weight: 400;\"><\/span>[\/et_pb_toggle][et_pb_toggle title=\u00a0\u00bbPortrait de la stigmatisation et de l\u2019acceptation des personnes autistes et de leurs proches au Qu\u00e9bec. Rapport de recherche remis \u00e0 l\u2019OPHQ et au FRIS.\u00a0\u00bb open_toggle_text_color=\u00a0\u00bb#000000&Prime; open_toggle_background_color=\u00a0\u00bb#e9b586&Prime; closed_toggle_background_color=\u00a0\u00bb#e9b586&Prime; icon_color=\u00a0\u00bb#000000&Prime; open_icon_color=\u00a0\u00bb#000000&Prime; _builder_version=\u00a0\u00bb4.20.4&Prime; _module_preset=\u00a0\u00bbdefault\u00a0\u00bb title_text_color=\u00a0\u00bb#000000&Prime; title_font=\u00a0\u00bb|600|||||||\u00a0\u00bb title_font_size=\u00a0\u00bb16px\u00a0\u00bb title_line_height=\u00a0\u00bb1.3em\u00a0\u00bb background_color=\u00a0\u00bb#B8E0D2&Prime; border_radii=\u00a0\u00bbon|19px|19px|19px|19px\u00a0\u00bb global_colors_info=\u00a0\u00bb{}\u00a0\u00bb]<\/p>\n<p><span style=\"font-weight: 400;\">Valderrama A, Forgeot d\u2019Arc B, Guerrero L, Giroux M, Courcy I. (2023). <\/span><i><span style=\"font-weight: 400;\">Portrait de la stigmatisation et de l\u2019acceptation des personnes autistes et de leurs proches au Qu\u00e9bec. Rapport de recherche remis \u00e0 l\u2019OPHQ et au FRIS<\/span><\/i><span style=\"font-weight: 400;\">.<\/span><\/p>\n<p>[\/et_pb_toggle][\/et_pb_column][\/et_pb_row][\/et_pb_section][et_pb_section fb_built=\u00a0\u00bb1&Prime; disabled_on=\u00a0\u00bboff|on|on\u00a0\u00bb admin_label=\u00a0\u00bbMenu flottant (mobile)\u00a0\u00bb _builder_version=\u00a0\u00bb4.20.2&Prime; _module_preset=\u00a0\u00bbdefault\u00a0\u00bb background_color=\u00a0\u00bbRGBA(255,255,255,0)\u00a0\u00bb z_index=\u00a0\u00bb300&Prime; max_width=\u00a0\u00bb24%\u00a0\u00bb custom_margin=\u00a0\u00bb0px||0px||false|false\u00a0\u00bb custom_padding=\u00a0\u00bb0px||0px||false|false\u00a0\u00bb global_colors_info=\u00a0\u00bb{}\u00a0\u00bb][et_pb_row _builder_version=\u00a0\u00bb4.20.2&Prime; _module_preset=\u00a0\u00bbdefault\u00a0\u00bb background_color=\u00a0\u00bbRGBA(255,255,255,0)\u00a0\u00bb positioning=\u00a0\u00bbfixed\u00a0\u00bb position_origin_a=\u00a0\u00bbcenter_left\u00a0\u00bb position_origin_f=\u00a0\u00bbbottom_center\u00a0\u00bb vertical_offset=\u00a0\u00bb0px\u00a0\u00bb z_index=\u00a0\u00bb184&Prime; max_width_last_edited=\u00a0\u00bboff|phone\u00a0\u00bb global_colors_info=\u00a0\u00bb{}\u00a0\u00bb][et_pb_column type=\u00a0\u00bb4_4&Prime; _builder_version=\u00a0\u00bb4.20.2&Prime; _module_preset=\u00a0\u00bbdefault\u00a0\u00bb global_colors_info=\u00a0\u00bb{}\u00a0\u00bb][et_pb_divimenus central_item_select=\u00a0\u00bbcentral_item_image_option\u00a0\u00bb central_item_image=\u00a0\u00bbhttp:\/\/autisme-ensemble.org\/staging\/wp-content\/uploads\/2023\/02\/Graduation-Hat.png\u00a0\u00bb hide_button=\u00a0\u00bbon\u00a0\u00bb menu_item_show_title=\u00a0\u00bboff\u00a0\u00bb central_item_use_circle=\u00a0\u00bboff\u00a0\u00bb central_item_scale=\u00a0\u00bboff\u00a0\u00bb central_item_image_size=\u00a0\u00bb66&Prime; central_item_opacity=\u00a0\u00bboff\u00a0\u00bb menu_item_circle_color=\u00a0\u00bbRGBA(255,255,255,0)\u00a0\u00bb menu_item_icon_color=\u00a0\u00bb#6aa5a2&Prime; menu_item_icon_font_size=\u00a0\u00bb15px\u00a0\u00bb menu_item_distance=\u00a0\u00bb0px\u00a0\u00bb item_padding=\u00a0\u00bb9px\u00a0\u00bb hover_click=\u00a0\u00bbhover\u00a0\u00bb central_item_image_size_tablet=\u00a0\u00bb140&Prime; central_item_image_size_phone=\u00a0\u00bb74&Prime; central_item_image_size_last_edited=\u00a0\u00bbon|phone\u00a0\u00bb mb_title_position_tablet=\u00a0\u00bbbottom\u00a0\u00bb mb_title_position_phone=\u00a0\u00bbbottom\u00a0\u00bb mb_title_offset_tablet=\u00a0\u00bb10px\u00a0\u00bb mb_title_offset_phone=\u00a0\u00bb10px\u00a0\u00bb mb_title_width_tablet=\u00a0\u00bb200&Prime; mb_title_width_phone=\u00a0\u00bb200&Prime; menu_item_icon_font_size_tablet=\u00a0\u00bb13px\u00a0\u00bb menu_item_icon_font_size_phone=\u00a0\u00bb11px\u00a0\u00bb menu_item_icon_font_size_last_edited=\u00a0\u00bbon|phone\u00a0\u00bb tooltip_position_tablet=\u00a0\u00bbbottom\u00a0\u00bb tooltip_position_phone=\u00a0\u00bbbottom\u00a0\u00bb tooltip_position_last_edited=\u00a0\u00bbon|tablet\u00a0\u00bb tooltip_padding_tablet=\u00a0\u00bb3px\u00a0\u00bb tooltip_padding_phone=\u00a0\u00bb3px\u00a0\u00bb tooltip_padding_last_edited=\u00a0\u00bbon|phone\u00a0\u00bb tooltip_width_tablet=\u00a0\u00bb200&Prime; tooltip_width_phone=\u00a0\u00bb200&Prime; menu_item_distance_tablet=\u00a0\u00bb0px\u00a0\u00bb menu_item_distance_phone=\u00a0\u00bb15px\u00a0\u00bb menu_item_distance_last_edited=\u00a0\u00bbon|phone\u00a0\u00bb item_padding_tablet=\u00a0\u00bb12px\u00a0\u00bb item_padding_phone=\u00a0\u00bb0px\u00a0\u00bb item_padding_last_edited=\u00a0\u00bbon|tablet\u00a0\u00bb disabled_on=\u00a0\u00bboff|on|on\u00a0\u00bb admin_label=\u00a0\u00bbDiviMenus(mobile)\u00a0\u00bb _builder_version=\u00a0\u00bb4.20.4&Prime; _module_preset=\u00a0\u00bbdefault\u00a0\u00bb background_color=\u00a0\u00bbrgba(255,255,255,0.82)\u00a0\u00bb custom_padding=\u00a0\u00bb|||30%|false|false\u00a0\u00bb custom_padding_tablet=\u00a0\u00bb|||1%|false|false\u00a0\u00bb custom_padding_phone=\u00a0\u00bb|0%||0%|false|true\u00a0\u00bb custom_padding_last_edited=\u00a0\u00bbon|tablet\u00a0\u00bb tooltip_font_size_tablet=\u00a0\u00bb15px\u00a0\u00bb tooltip_font_size_phone=\u00a0\u00bb13px\u00a0\u00bb tooltip_font_size_last_edited=\u00a0\u00bbon|tablet\u00a0\u00bb background_last_edited=\u00a0\u00bboff|phone\u00a0\u00bb saved_tabs=\u00a0\u00bball\u00a0\u00bb global_colors_info=\u00a0\u00bb{}\u00a0\u00bb menu_item_circle_color__hover_enabled=\u00a0\u00bbon|hover\u00a0\u00bb menu_item_circle_color__hover=\u00a0\u00bbRGBA(255,255,255,0)\u00a0\u00bb menu_item_icon_color__hover_enabled=\u00a0\u00bbon|desktop\u00a0\u00bb menu_item_icon_color__hover=\u00a0\u00bb#E09900&Prime; central_item_image_height=\u00a0\u00bb66&Prime; central_item_image_height_t=\u00a0\u00bb140&Prime; central_item_image_height_p=\u00a0\u00bb74&Prime;][et_pb_divimenus_item title=\u00a0\u00bbSection-1&Prime; item_font_icon=\u00a0\u00bb&#xf111;||fa||900&Prime; url=\u00a0\u00bb#section-1&Prime; active_url=\u00a0\u00bbon\u00a0\u00bb title_position_tablet=\u00a0\u00bbinherit\u00a0\u00bb title_position_phone=\u00a0\u00bbinherit\u00a0\u00bb _builder_version=\u00a0\u00bb4.20.0&Prime; global_colors_info=\u00a0\u00bb{}\u00a0\u00bb disable_items=\u00a0\u00bboff\u00a0\u00bb menu_item_font_icon=\u00a0\u00bb%%43%%\u00a0\u00bb menu_item_image=\u00a0\u00bbdata:image\/svg+xml;base64,PHN2ZyB3aWR0aD0iNTQwIiBoZWlnaHQ9IjU0MCIgdmlld0JveD0iMCAwIDU0MCA1NDAiIHhtbG5zPSJodHRwOi8vd3d3LnczLm9yZy8yMDAwL3N2ZyI+CiAgICA8ZyBmaWxsPSJub25lIiBmaWxsLXJ1bGU9ImV2ZW5vZGQiPgogICAgICAgIDxwYXRoIGZpbGw9IiNFQkVCRUIiIGQ9Ik0wIDBoMTA4MHY1NDBIMHoiLz4KICAgICAgICA8cGF0aCBkPSJNNDQ1LjY0OSA1NDBoLTk4Ljk5NUwxNDQuNjQ5IDMzNy45OTUgMCA0ODIuNjQ0di05OC45OTVsMTE2LjM2NS0xMTYuMzY1YzE1LjYyLTE1LjYyIDQwLjk0Ny0xNS42MiA1Ni41NjggMEw0NDUuNjUgNTQweiIgZmlsbC1vcGFjaXR5PSIuMSIgZmlsbD0iIzAwMCIgZmlsbC1ydWxlPSJub256ZXJvIi8+CiAgICAgICAgPGNpcmNsZSBmaWxsLW9wYWNpdHk9Ii4wNSIgZmlsbD0iIzAwMCIgY3g9IjMzMSIgY3k9IjE0OCIgcj0iNzAiLz4KICAgICAgICA8cGF0aCBkPSJNMTA4MCAzNzl2MTEzLjEzN0w3MjguMTYyIDE0MC4zIDMyOC40NjIgNTQwSDIxNS4zMjRMNjk5Ljg3OCA1NS40NDZjMTUuNjItMTUuNjIgNDAuOTQ4LTE1LjYyIDU2LjU2OCAwTDEwODAgMzc5eiIgZmlsbC1vcGFjaXR5PSIuMiIgZmlsbD0iIzAwMCIgZmlsbC1ydWxlPSJub256ZXJvIi8+CiAgICA8L2c+Cjwvc3ZnPgo=\u00a0\u00bb menu_item_show_title=\u00a0\u00bboff\u00a0\u00bb menu_item_equal_size=\u00a0\u00bbon\u00a0\u00bb menu_item_select=\u00a0\u00bbicon_option\u00a0\u00bb menu_item_use_border=\u00a0\u00bboff\u00a0\u00bb title_clickable=\u00a0\u00bboff\u00a0\u00bb tooltip_use_background=\u00a0\u00bboff\u00a0\u00bb tooltip_behavior=\u00a0\u00bbhover\u00a0\u00bb child_order=\u00a0\u00bb0&Prime; item_padding_lr=\u00a0\u00bb9&Prime; item_padding_tb=\u00a0\u00bb9&Prime; item_padding_lr_t=\u00a0\u00bb12&Prime; item_padding_tb_t=\u00a0\u00bb12&Prime; item_padding_lr_p=\u00a0\u00bb0&Prime; item_padding_tb_p=\u00a0\u00bb0&Prime;][\/et_pb_divimenus_item][et_pb_divimenus_item title=\u00a0\u00bbSection-2&Prime; item_font_icon=\u00a0\u00bb&#xf111;||fa||900&Prime; url=\u00a0\u00bb#section-2&Prime; active_url=\u00a0\u00bbon\u00a0\u00bb title_position_tablet=\u00a0\u00bbinherit\u00a0\u00bb title_position_phone=\u00a0\u00bbinherit\u00a0\u00bb _builder_version=\u00a0\u00bb4.20.0&Prime; global_colors_info=\u00a0\u00bb{}\u00a0\u00bb disable_items=\u00a0\u00bboff\u00a0\u00bb menu_item_font_icon=\u00a0\u00bb%%43%%\u00a0\u00bb menu_item_image=\u00a0\u00bbdata:image\/svg+xml;base64,PHN2ZyB3aWR0aD0iNTQwIiBoZWlnaHQ9IjU0MCIgdmlld0JveD0iMCAwIDU0MCA1NDAiIHhtbG5zPSJodHRwOi8vd3d3LnczLm9yZy8yMDAwL3N2ZyI+CiAgICA8ZyBmaWxsPSJub25lIiBmaWxsLXJ1bGU9ImV2ZW5vZGQiPgogICAgICAgIDxwYXRoIGZpbGw9IiNFQkVCRUIiIGQ9Ik0wIDBoMTA4MHY1NDBIMHoiLz4KICAgICAgICA8cGF0aCBkPSJNNDQ1LjY0OSA1NDBoLTk4Ljk5NUwxNDQuNjQ5IDMzNy45OTUgMCA0ODIuNjQ0di05OC45OTVsMTE2LjM2NS0xMTYuMzY1YzE1LjYyLTE1LjYyIDQwLjk0Ny0xNS42MiA1Ni41NjggMEw0NDUuNjUgNTQweiIgZmlsbC1vcGFjaXR5PSIuMSIgZmlsbD0iIzAwMCIgZmlsbC1ydWxlPSJub256ZXJvIi8+CiAgICAgICAgPGNpcmNsZSBmaWxsLW9wYWNpdHk9Ii4wNSIgZmlsbD0iIzAwMCIgY3g9IjMzMSIgY3k9IjE0OCIgcj0iNzAiLz4KICAgICAgICA8cGF0aCBkPSJNMTA4MCAzNzl2MTEzLjEzN0w3MjguMTYyIDE0MC4zIDMyOC40NjIgNTQwSDIxNS4zMjRMNjk5Ljg3OCA1NS40NDZjMTUuNjItMTUuNjIgNDAuOTQ4LTE1LjYyIDU2LjU2OCAwTDEwODAgMzc5eiIgZmlsbC1vcGFjaXR5PSIuMiIgZmlsbD0iIzAwMCIgZmlsbC1ydWxlPSJub256ZXJvIi8+CiAgICA8L2c+Cjwvc3ZnPgo=\u00a0\u00bb menu_item_show_title=\u00a0\u00bboff\u00a0\u00bb menu_item_equal_size=\u00a0\u00bbon\u00a0\u00bb menu_item_select=\u00a0\u00bbicon_option\u00a0\u00bb menu_item_use_border=\u00a0\u00bboff\u00a0\u00bb title_clickable=\u00a0\u00bboff\u00a0\u00bb tooltip_use_background=\u00a0\u00bboff\u00a0\u00bb tooltip_behavior=\u00a0\u00bbhover\u00a0\u00bb child_order=\u00a0\u00bb1&Prime; item_padding_lr=\u00a0\u00bb9&Prime; item_padding_tb=\u00a0\u00bb9&Prime; item_padding_lr_t=\u00a0\u00bb12&Prime; item_padding_tb_t=\u00a0\u00bb12&Prime; item_padding_lr_p=\u00a0\u00bb0&Prime; item_padding_tb_p=\u00a0\u00bb0&Prime;][\/et_pb_divimenus_item][et_pb_divimenus_item title=\u00a0\u00bbSection-3&Prime; item_font_icon=\u00a0\u00bb&#xf111;||fa||900&Prime; url=\u00a0\u00bb#section-3&Prime; active_url=\u00a0\u00bbon\u00a0\u00bb title_position_tablet=\u00a0\u00bbinherit\u00a0\u00bb title_position_phone=\u00a0\u00bbinherit\u00a0\u00bb _builder_version=\u00a0\u00bb4.20.0&Prime; global_colors_info=\u00a0\u00bb{}\u00a0\u00bb disable_items=\u00a0\u00bboff\u00a0\u00bb menu_item_font_icon=\u00a0\u00bb%%43%%\u00a0\u00bb menu_item_image=\u00a0\u00bbdata:image\/svg+xml;base64,PHN2ZyB3aWR0aD0iNTQwIiBoZWlnaHQ9IjU0MCIgdmlld0JveD0iMCAwIDU0MCA1NDAiIHhtbG5zPSJodHRwOi8vd3d3LnczLm9yZy8yMDAwL3N2ZyI+CiAgICA8ZyBmaWxsPSJub25lIiBmaWxsLXJ1bGU9ImV2ZW5vZGQiPgogICAgICAgIDxwYXRoIGZpbGw9IiNFQkVCRUIiIGQ9Ik0wIDBoMTA4MHY1NDBIMHoiLz4KICAgICAgICA8cGF0aCBkPSJNNDQ1LjY0OSA1NDBoLTk4Ljk5NUwxNDQuNjQ5IDMzNy45OTUgMCA0ODIuNjQ0di05OC45OTVsMTE2LjM2NS0xMTYuMzY1YzE1LjYyLTE1LjYyIDQwLjk0Ny0xNS42MiA1Ni41NjggMEw0NDUuNjUgNTQweiIgZmlsbC1vcGFjaXR5PSIuMSIgZmlsbD0iIzAwMCIgZmlsbC1ydWxlPSJub256ZXJvIi8+CiAgICAgICAgPGNpcmNsZSBmaWxsLW9wYWNpdHk9Ii4wNSIgZmlsbD0iIzAwMCIgY3g9IjMzMSIgY3k9IjE0OCIgcj0iNzAiLz4KICAgICAgICA8cGF0aCBkPSJNMTA4MCAzNzl2MTEzLjEzN0w3MjguMTYyIDE0MC4zIDMyOC40NjIgNTQwSDIxNS4zMjRMNjk5Ljg3OCA1NS40NDZjMTUuNjItMTUuNjIgNDAuOTQ4LTE1LjYyIDU2LjU2OCAwTDEwODAgMzc5eiIgZmlsbC1vcGFjaXR5PSIuMiIgZmlsbD0iIzAwMCIgZmlsbC1ydWxlPSJub256ZXJvIi8+CiAgICA8L2c+Cjwvc3ZnPgo=\u00a0\u00bb menu_item_show_title=\u00a0\u00bboff\u00a0\u00bb menu_item_equal_size=\u00a0\u00bbon\u00a0\u00bb menu_item_select=\u00a0\u00bbicon_option\u00a0\u00bb menu_item_use_border=\u00a0\u00bboff\u00a0\u00bb title_clickable=\u00a0\u00bboff\u00a0\u00bb tooltip_use_background=\u00a0\u00bboff\u00a0\u00bb tooltip_behavior=\u00a0\u00bbhover\u00a0\u00bb child_order=\u00a0\u00bb2&Prime; item_padding_lr=\u00a0\u00bb9&Prime; item_padding_tb=\u00a0\u00bb9&Prime; item_padding_lr_t=\u00a0\u00bb12&Prime; item_padding_tb_t=\u00a0\u00bb12&Prime; item_padding_lr_p=\u00a0\u00bb0&Prime; item_padding_tb_p=\u00a0\u00bb0&Prime;][\/et_pb_divimenus_item][\/et_pb_divimenus][\/et_pb_column][\/et_pb_row][\/et_pb_section][et_pb_section fb_built=\u00a0\u00bb1&Prime; disabled_on=\u00a0\u00bbon|off|off\u00a0\u00bb admin_label=\u00a0\u00bbMenu flottant\u00a0\u00bb _builder_version=\u00a0\u00bb4.20.2&Prime; _module_preset=\u00a0\u00bbdefault\u00a0\u00bb background_color=\u00a0\u00bbRGBA(255,255,255,0)\u00a0\u00bb z_index=\u00a0\u00bb300&Prime; max_width=\u00a0\u00bb24%\u00a0\u00bb custom_margin=\u00a0\u00bb0px||0px||false|false\u00a0\u00bb custom_padding=\u00a0\u00bb0px||0px||false|false\u00a0\u00bb global_colors_info=\u00a0\u00bb{}\u00a0\u00bb][et_pb_row _builder_version=\u00a0\u00bb4.20.2&Prime; _module_preset=\u00a0\u00bbdefault\u00a0\u00bb background_color=\u00a0\u00bbRGBA(255,255,255,0)\u00a0\u00bb positioning=\u00a0\u00bbfixed\u00a0\u00bb position_origin_a=\u00a0\u00bbcenter_left\u00a0\u00bb position_origin_f=\u00a0\u00bbcenter_left\u00a0\u00bb z_index=\u00a0\u00bb0&Prime; max_width=\u00a0\u00bb233px\u00a0\u00bb custom_margin=\u00a0\u00bb||26px|||\u00a0\u00bb custom_margin_tablet=\u00a0\u00bb||26px|||\u00a0\u00bb custom_margin_phone=\u00a0\u00bb0px||0px||false|false\u00a0\u00bb custom_margin_last_edited=\u00a0\u00bbon|phone\u00a0\u00bb global_colors_info=\u00a0\u00bb{}\u00a0\u00bb][et_pb_column type=\u00a0\u00bb4_4&Prime; _builder_version=\u00a0\u00bb4.20.0&Prime; _module_preset=\u00a0\u00bbdefault\u00a0\u00bb global_colors_info=\u00a0\u00bb{}\u00a0\u00bb][et_pb_divimenus menu_type=\u00a0\u00bbvertical\u00a0\u00bb central_item_select=\u00a0\u00bbcentral_item_image_option\u00a0\u00bb central_item_image=\u00a0\u00bbhttp:\/\/autisme-ensemble.org\/staging\/wp-content\/uploads\/2023\/02\/Graduation-Hat.png\u00a0\u00bb hide_button=\u00a0\u00bbon\u00a0\u00bb menu_item_show_title=\u00a0\u00bboff\u00a0\u00bb central_item_use_circle=\u00a0\u00bboff\u00a0\u00bb central_item_scale=\u00a0\u00bboff\u00a0\u00bb central_item_image_size=\u00a0\u00bb66&Prime; central_item_opacity=\u00a0\u00bboff\u00a0\u00bb menu_item_circle_color=\u00a0\u00bbRGBA(255,255,255,0)\u00a0\u00bb menu_item_icon_color=\u00a0\u00bb#6aa5a2&Prime; menu_item_icon_font_size=\u00a0\u00bb15px\u00a0\u00bb menu_alignment=\u00a0\u00bbleft\u00a0\u00bb menu_item_distance=\u00a0\u00bb0px\u00a0\u00bb item_padding=\u00a0\u00bb9px\u00a0\u00bb hover_click=\u00a0\u00bbhover\u00a0\u00bb central_item_image_size_tablet=\u00a0\u00bb140&Prime; central_item_image_size_phone=\u00a0\u00bb80&Prime; central_item_image_size_last_edited=\u00a0\u00bbon|phone\u00a0\u00bb mb_title_position_tablet=\u00a0\u00bbbottom\u00a0\u00bb mb_title_position_phone=\u00a0\u00bbbottom\u00a0\u00bb mb_title_offset_tablet=\u00a0\u00bb10px\u00a0\u00bb mb_title_offset_phone=\u00a0\u00bb10px\u00a0\u00bb mb_title_width_tablet=\u00a0\u00bb200&Prime; mb_title_width_phone=\u00a0\u00bb200&Prime; menu_item_icon_font_size_tablet=\u00a0\u00bb13px\u00a0\u00bb menu_item_icon_font_size_phone=\u00a0\u00bb18px\u00a0\u00bb menu_item_icon_font_size_last_edited=\u00a0\u00bbon|phone\u00a0\u00bb tooltip_position_tablet=\u00a0\u00bbbottom\u00a0\u00bb tooltip_position_phone=\u00a0\u00bbbottom\u00a0\u00bb tooltip_position_last_edited=\u00a0\u00bbon|tablet\u00a0\u00bb tooltip_padding_tablet=\u00a0\u00bb3px\u00a0\u00bb tooltip_padding_phone=\u00a0\u00bb3px\u00a0\u00bb tooltip_padding_last_edited=\u00a0\u00bbon|phone\u00a0\u00bb tooltip_width_tablet=\u00a0\u00bb200&Prime; tooltip_width_phone=\u00a0\u00bb200&Prime; menu_item_distance_tablet=\u00a0\u00bb0px\u00a0\u00bb menu_item_distance_phone=\u00a0\u00bb30px\u00a0\u00bb menu_item_distance_last_edited=\u00a0\u00bbon|phone\u00a0\u00bb item_padding_tablet=\u00a0\u00bb12px\u00a0\u00bb item_padding_phone=\u00a0\u00bb10px\u00a0\u00bb item_padding_last_edited=\u00a0\u00bbon|tablet\u00a0\u00bb disabled_on=\u00a0\u00bbon|off|off\u00a0\u00bb admin_label=\u00a0\u00bbDiviMenus\u00a0\u00bb _builder_version=\u00a0\u00bb4.20.4&Prime; _module_preset=\u00a0\u00bbdefault\u00a0\u00bb custom_padding=\u00a0\u00bb|||30%|false|false\u00a0\u00bb custom_padding_tablet=\u00a0\u00bb|||1%|false|false\u00a0\u00bb custom_padding_phone=\u00a0\u00bb|||1%|false|false\u00a0\u00bb custom_padding_last_edited=\u00a0\u00bbon|tablet\u00a0\u00bb tooltip_font_size_tablet=\u00a0\u00bb15px\u00a0\u00bb tooltip_font_size_phone=\u00a0\u00bb13px\u00a0\u00bb tooltip_font_size_last_edited=\u00a0\u00bbon|tablet\u00a0\u00bb background_last_edited=\u00a0\u00bboff|phone\u00a0\u00bb saved_tabs=\u00a0\u00bball\u00a0\u00bb global_colors_info=\u00a0\u00bb{}\u00a0\u00bb menu_item_circle_color__hover_enabled=\u00a0\u00bbon|hover\u00a0\u00bb menu_item_circle_color__hover=\u00a0\u00bbRGBA(255,255,255,0)\u00a0\u00bb menu_item_icon_color__hover_enabled=\u00a0\u00bbon|desktop\u00a0\u00bb menu_item_icon_color__hover=\u00a0\u00bb#E09900&Prime; central_item_image_height=\u00a0\u00bb66&Prime; central_item_image_height_t=\u00a0\u00bb140&Prime; central_item_image_height_p=\u00a0\u00bb80&Prime;][et_pb_divimenus_item title=\u00a0\u00bbSection-1&Prime; item_font_icon=\u00a0\u00bb&#xf111;||fa||900&Prime; url=\u00a0\u00bb#section-1&Prime; active_url=\u00a0\u00bbon\u00a0\u00bb title_position_tablet=\u00a0\u00bbinherit\u00a0\u00bb title_position_phone=\u00a0\u00bbinherit\u00a0\u00bb _builder_version=\u00a0\u00bb4.20.0&Prime; global_colors_info=\u00a0\u00bb{}\u00a0\u00bb disable_items=\u00a0\u00bboff\u00a0\u00bb menu_item_font_icon=\u00a0\u00bb%%43%%\u00a0\u00bb menu_item_image=\u00a0\u00bbdata:image\/svg+xml;base64,PHN2ZyB3aWR0aD0iNTQwIiBoZWlnaHQ9IjU0MCIgdmlld0JveD0iMCAwIDU0MCA1NDAiIHhtbG5zPSJodHRwOi8vd3d3LnczLm9yZy8yMDAwL3N2ZyI+CiAgICA8ZyBmaWxsPSJub25lIiBmaWxsLXJ1bGU9ImV2ZW5vZGQiPgogICAgICAgIDxwYXRoIGZpbGw9IiNFQkVCRUIiIGQ9Ik0wIDBoMTA4MHY1NDBIMHoiLz4KICAgICAgICA8cGF0aCBkPSJNNDQ1LjY0OSA1NDBoLTk4Ljk5NUwxNDQuNjQ5IDMzNy45OTUgMCA0ODIuNjQ0di05OC45OTVsMTE2LjM2NS0xMTYuMzY1YzE1LjYyLTE1LjYyIDQwLjk0Ny0xNS42MiA1Ni41NjggMEw0NDUuNjUgNTQweiIgZmlsbC1vcGFjaXR5PSIuMSIgZmlsbD0iIzAwMCIgZmlsbC1ydWxlPSJub256ZXJvIi8+CiAgICAgICAgPGNpcmNsZSBmaWxsLW9wYWNpdHk9Ii4wNSIgZmlsbD0iIzAwMCIgY3g9IjMzMSIgY3k9IjE0OCIgcj0iNzAiLz4KICAgICAgICA8cGF0aCBkPSJNMTA4MCAzNzl2MTEzLjEzN0w3MjguMTYyIDE0MC4zIDMyOC40NjIgNTQwSDIxNS4zMjRMNjk5Ljg3OCA1NS40NDZjMTUuNjItMTUuNjIgNDAuOTQ4LTE1LjYyIDU2LjU2OCAwTDEwODAgMzc5eiIgZmlsbC1vcGFjaXR5PSIuMiIgZmlsbD0iIzAwMCIgZmlsbC1ydWxlPSJub256ZXJvIi8+CiAgICA8L2c+Cjwvc3ZnPgo=\u00a0\u00bb menu_item_show_title=\u00a0\u00bboff\u00a0\u00bb menu_item_equal_size=\u00a0\u00bbon\u00a0\u00bb menu_item_select=\u00a0\u00bbicon_option\u00a0\u00bb menu_item_use_border=\u00a0\u00bboff\u00a0\u00bb title_clickable=\u00a0\u00bboff\u00a0\u00bb tooltip_use_background=\u00a0\u00bboff\u00a0\u00bb tooltip_behavior=\u00a0\u00bbhover\u00a0\u00bb child_order=\u00a0\u00bb0&Prime; item_padding_lr=\u00a0\u00bb9&Prime; item_padding_tb=\u00a0\u00bb9&Prime; item_padding_lr_t=\u00a0\u00bb12&Prime; item_padding_tb_t=\u00a0\u00bb12&Prime; item_padding_lr_p=\u00a0\u00bb10&Prime; item_padding_tb_p=\u00a0\u00bb10&Prime;][\/et_pb_divimenus_item][et_pb_divimenus_item title=\u00a0\u00bbSection-2&Prime; item_font_icon=\u00a0\u00bb&#xf111;||fa||900&Prime; url=\u00a0\u00bb#section-2&Prime; active_url=\u00a0\u00bbon\u00a0\u00bb title_position_tablet=\u00a0\u00bbinherit\u00a0\u00bb title_position_phone=\u00a0\u00bbinherit\u00a0\u00bb _builder_version=\u00a0\u00bb4.20.0&Prime; global_colors_info=\u00a0\u00bb{}\u00a0\u00bb disable_items=\u00a0\u00bboff\u00a0\u00bb menu_item_font_icon=\u00a0\u00bb%%43%%\u00a0\u00bb menu_item_image=\u00a0\u00bbdata:image\/svg+xml;base64,PHN2ZyB3aWR0aD0iNTQwIiBoZWlnaHQ9IjU0MCIgdmlld0JveD0iMCAwIDU0MCA1NDAiIHhtbG5zPSJodHRwOi8vd3d3LnczLm9yZy8yMDAwL3N2ZyI+CiAgICA8ZyBmaWxsPSJub25lIiBmaWxsLXJ1bGU9ImV2ZW5vZGQiPgogICAgICAgIDxwYXRoIGZpbGw9IiNFQkVCRUIiIGQ9Ik0wIDBoMTA4MHY1NDBIMHoiLz4KICAgICAgICA8cGF0aCBkPSJNNDQ1LjY0OSA1NDBoLTk4Ljk5NUwxNDQuNjQ5IDMzNy45OTUgMCA0ODIuNjQ0di05OC45OTVsMTE2LjM2NS0xMTYuMzY1YzE1LjYyLTE1LjYyIDQwLjk0Ny0xNS42MiA1Ni41NjggMEw0NDUuNjUgNTQweiIgZmlsbC1vcGFjaXR5PSIuMSIgZmlsbD0iIzAwMCIgZmlsbC1ydWxlPSJub256ZXJvIi8+CiAgICAgICAgPGNpcmNsZSBmaWxsLW9wYWNpdHk9Ii4wNSIgZmlsbD0iIzAwMCIgY3g9IjMzMSIgY3k9IjE0OCIgcj0iNzAiLz4KICAgICAgICA8cGF0aCBkPSJNMTA4MCAzNzl2MTEzLjEzN0w3MjguMTYyIDE0MC4zIDMyOC40NjIgNTQwSDIxNS4zMjRMNjk5Ljg3OCA1NS40NDZjMTUuNjItMTUuNjIgNDAuOTQ4LTE1LjYyIDU2LjU2OCAwTDEwODAgMzc5eiIgZmlsbC1vcGFjaXR5PSIuMiIgZmlsbD0iIzAwMCIgZmlsbC1ydWxlPSJub256ZXJvIi8+CiAgICA8L2c+Cjwvc3ZnPgo=\u00a0\u00bb menu_item_show_title=\u00a0\u00bboff\u00a0\u00bb menu_item_equal_size=\u00a0\u00bbon\u00a0\u00bb menu_item_select=\u00a0\u00bbicon_option\u00a0\u00bb menu_item_use_border=\u00a0\u00bboff\u00a0\u00bb title_clickable=\u00a0\u00bboff\u00a0\u00bb tooltip_use_background=\u00a0\u00bboff\u00a0\u00bb tooltip_behavior=\u00a0\u00bbhover\u00a0\u00bb child_order=\u00a0\u00bb1&Prime; item_padding_lr=\u00a0\u00bb9&Prime; item_padding_tb=\u00a0\u00bb9&Prime; item_padding_lr_t=\u00a0\u00bb12&Prime; item_padding_tb_t=\u00a0\u00bb12&Prime; item_padding_lr_p=\u00a0\u00bb10&Prime; item_padding_tb_p=\u00a0\u00bb10&Prime;][\/et_pb_divimenus_item][et_pb_divimenus_item title=\u00a0\u00bbSection-3&Prime; item_font_icon=\u00a0\u00bb&#xf111;||fa||900&Prime; url=\u00a0\u00bb#section-3&Prime; active_url=\u00a0\u00bbon\u00a0\u00bb title_position_tablet=\u00a0\u00bbinherit\u00a0\u00bb title_position_phone=\u00a0\u00bbinherit\u00a0\u00bb _builder_version=\u00a0\u00bb4.20.0&Prime; global_colors_info=\u00a0\u00bb{}\u00a0\u00bb disable_items=\u00a0\u00bboff\u00a0\u00bb menu_item_font_icon=\u00a0\u00bb%%43%%\u00a0\u00bb menu_item_image=\u00a0\u00bbdata:image\/svg+xml;base64,PHN2ZyB3aWR0aD0iNTQwIiBoZWlnaHQ9IjU0MCIgdmlld0JveD0iMCAwIDU0MCA1NDAiIHhtbG5zPSJodHRwOi8vd3d3LnczLm9yZy8yMDAwL3N2ZyI+CiAgICA8ZyBmaWxsPSJub25lIiBmaWxsLXJ1bGU9ImV2ZW5vZGQiPgogICAgICAgIDxwYXRoIGZpbGw9IiNFQkVCRUIiIGQ9Ik0wIDBoMTA4MHY1NDBIMHoiLz4KICAgICAgICA8cGF0aCBkPSJNNDQ1LjY0OSA1NDBoLTk4Ljk5NUwxNDQuNjQ5IDMzNy45OTUgMCA0ODIuNjQ0di05OC45OTVsMTE2LjM2NS0xMTYuMzY1YzE1LjYyLTE1LjYyIDQwLjk0Ny0xNS42MiA1Ni41NjggMEw0NDUuNjUgNTQweiIgZmlsbC1vcGFjaXR5PSIuMSIgZmlsbD0iIzAwMCIgZmlsbC1ydWxlPSJub256ZXJvIi8+CiAgICAgICAgPGNpcmNsZSBmaWxsLW9wYWNpdHk9Ii4wNSIgZmlsbD0iIzAwMCIgY3g9IjMzMSIgY3k9IjE0OCIgcj0iNzAiLz4KICAgICAgICA8cGF0aCBkPSJNMTA4MCAzNzl2MTEzLjEzN0w3MjguMTYyIDE0MC4zIDMyOC40NjIgNTQwSDIxNS4zMjRMNjk5Ljg3OCA1NS40NDZjMTUuNjItMTUuNjIgNDAuOTQ4LTE1LjYyIDU2LjU2OCAwTDEwODAgMzc5eiIgZmlsbC1vcGFjaXR5PSIuMiIgZmlsbD0iIzAwMCIgZmlsbC1ydWxlPSJub256ZXJvIi8+CiAgICA8L2c+Cjwvc3ZnPgo=\u00a0\u00bb menu_item_show_title=\u00a0\u00bboff\u00a0\u00bb menu_item_equal_size=\u00a0\u00bbon\u00a0\u00bb menu_item_select=\u00a0\u00bbicon_option\u00a0\u00bb menu_item_use_border=\u00a0\u00bboff\u00a0\u00bb title_clickable=\u00a0\u00bboff\u00a0\u00bb tooltip_use_background=\u00a0\u00bboff\u00a0\u00bb tooltip_behavior=\u00a0\u00bbhover\u00a0\u00bb child_order=\u00a0\u00bb2&Prime; item_padding_lr=\u00a0\u00bb9&Prime; item_padding_tb=\u00a0\u00bb9&Prime; item_padding_lr_t=\u00a0\u00bb12&Prime; item_padding_tb_t=\u00a0\u00bb12&Prime; item_padding_lr_p=\u00a0\u00bb10&Prime; item_padding_tb_p=\u00a0\u00bb10&Prime;][\/et_pb_divimenus_item][\/et_pb_divimenus][\/et_pb_column][\/et_pb_row][\/et_pb_section]<\/p>\n","protected":false},"excerpt":{"rendered":"<p>Notre \u00e9quipe de rechercheNotre \u00e9quipe de recherche inclut des personnes autistes ainsi que divers professionnels qui collaborent depuis 2016.Qui nous sommesRiches de nos diff\u00e9rentes expertises, nous misons ensemble sur le savoir exp\u00e9rientiel. Ainsi nous d\u00e9veloppons des connaissances, des comp\u00e9tences et des ressources pour les personnes autistes et leurs familles ainsi que pour les professionnels de [&hellip;]<\/p>\n","protected":false},"author":1,"featured_media":0,"parent":0,"menu_order":0,"comment_status":"closed","ping_status":"closed","template":"","meta":{"_et_pb_use_builder":"on","_et_pb_old_content":"","_et_gb_content_width":""},"yoast_head":"<!-- This site is optimized with the Yoast SEO plugin v20.8 - https:\/\/yoast.com\/wordpress\/plugins\/seo\/ -->\n<title>\u00c9quipe de recherche - Staging - Autisme Ensemble<\/title>\n<meta name=\"robots\" content=\"noindex, follow, max-snippet:-1, max-image-preview:large, max-video-preview:-1\" \/>\n<meta property=\"og:locale\" content=\"fr_FR\" \/>\n<meta property=\"og:type\" content=\"article\" \/>\n<meta property=\"og:title\" content=\"\u00c9quipe de recherche - Staging - Autisme Ensemble\" \/>\n<meta property=\"og:description\" content=\"Notre \u00e9quipe de rechercheNotre \u00e9quipe de recherche inclut des personnes autistes ainsi que divers professionnels qui collaborent depuis 2016.Qui nous sommesRiches de nos diff\u00e9rentes expertises, nous misons ensemble sur le savoir exp\u00e9rientiel. Ainsi nous d\u00e9veloppons des connaissances, des comp\u00e9tences et des ressources pour les personnes autistes et leurs familles ainsi que pour les professionnels de [&hellip;]\" \/>\n<meta property=\"og:url\" content=\"https:\/\/autisme-ensemble.org\/staging\/equipe-de-recherche\/\" \/>\n<meta property=\"og:site_name\" content=\"Staging - Autisme Ensemble\" \/>\n<meta property=\"article:modified_time\" content=\"2023-05-25T21:47:57+00:00\" \/>\n<meta name=\"twitter:card\" content=\"summary_large_image\" \/>\n<script type=\"application\/ld+json\" class=\"yoast-schema-graph\">{\"@context\":\"https:\/\/schema.org\",\"@graph\":[{\"@type\":\"WebPage\",\"@id\":\"https:\/\/autisme-ensemble.org\/staging\/equipe-de-recherche\/\",\"url\":\"https:\/\/autisme-ensemble.org\/staging\/equipe-de-recherche\/\",\"name\":\"\u00c9quipe de recherche - Staging - Autisme Ensemble\",\"isPartOf\":{\"@id\":\"https:\/\/autisme-ensemble.org\/staging\/#website\"},\"datePublished\":\"2023-03-10T00:22:03+00:00\",\"dateModified\":\"2023-05-25T21:47:57+00:00\",\"breadcrumb\":{\"@id\":\"https:\/\/autisme-ensemble.org\/staging\/equipe-de-recherche\/#breadcrumb\"},\"inLanguage\":\"fr-FR\",\"potentialAction\":[{\"@type\":\"ReadAction\",\"target\":[\"https:\/\/autisme-ensemble.org\/staging\/equipe-de-recherche\/\"]}]},{\"@type\":\"BreadcrumbList\",\"@id\":\"https:\/\/autisme-ensemble.org\/staging\/equipe-de-recherche\/#breadcrumb\",\"itemListElement\":[{\"@type\":\"ListItem\",\"position\":1,\"name\":\"Accueil\",\"item\":\"https:\/\/autisme-ensemble.org\/staging\/\"},{\"@type\":\"ListItem\",\"position\":2,\"name\":\"\u00c9quipe de recherche\"}]},{\"@type\":\"WebSite\",\"@id\":\"https:\/\/autisme-ensemble.org\/staging\/#website\",\"url\":\"https:\/\/autisme-ensemble.org\/staging\/\",\"name\":\"Staging - Autisme Ensemble\",\"description\":\"Autisme Ensemble\",\"potentialAction\":[{\"@type\":\"SearchAction\",\"target\":{\"@type\":\"EntryPoint\",\"urlTemplate\":\"https:\/\/autisme-ensemble.org\/staging\/?s={search_term_string}\"},\"query-input\":\"required name=search_term_string\"}],\"inLanguage\":\"fr-FR\"}]}<\/script>\n<!-- \/ Yoast SEO plugin. -->","yoast_head_json":{"title":"\u00c9quipe de recherche - Staging - Autisme Ensemble","robots":{"index":"noindex","follow":"follow","max-snippet":"max-snippet:-1","max-image-preview":"max-image-preview:large","max-video-preview":"max-video-preview:-1"},"og_locale":"fr_FR","og_type":"article","og_title":"\u00c9quipe de recherche - Staging - Autisme Ensemble","og_description":"Notre \u00e9quipe de rechercheNotre \u00e9quipe de recherche inclut des personnes autistes ainsi que divers professionnels qui collaborent depuis 2016.Qui nous sommesRiches de nos diff\u00e9rentes expertises, nous misons ensemble sur le savoir exp\u00e9rientiel. Ainsi nous d\u00e9veloppons des connaissances, des comp\u00e9tences et des ressources pour les personnes autistes et leurs familles ainsi que pour les professionnels de [&hellip;]","og_url":"https:\/\/autisme-ensemble.org\/staging\/equipe-de-recherche\/","og_site_name":"Staging - Autisme Ensemble","article_modified_time":"2023-05-25T21:47:57+00:00","twitter_card":"summary_large_image","schema":{"@context":"https:\/\/schema.org","@graph":[{"@type":"WebPage","@id":"https:\/\/autisme-ensemble.org\/staging\/equipe-de-recherche\/","url":"https:\/\/autisme-ensemble.org\/staging\/equipe-de-recherche\/","name":"\u00c9quipe de recherche - Staging - Autisme Ensemble","isPartOf":{"@id":"https:\/\/autisme-ensemble.org\/staging\/#website"},"datePublished":"2023-03-10T00:22:03+00:00","dateModified":"2023-05-25T21:47:57+00:00","breadcrumb":{"@id":"https:\/\/autisme-ensemble.org\/staging\/equipe-de-recherche\/#breadcrumb"},"inLanguage":"fr-FR","potentialAction":[{"@type":"ReadAction","target":["https:\/\/autisme-ensemble.org\/staging\/equipe-de-recherche\/"]}]},{"@type":"BreadcrumbList","@id":"https:\/\/autisme-ensemble.org\/staging\/equipe-de-recherche\/#breadcrumb","itemListElement":[{"@type":"ListItem","position":1,"name":"Accueil","item":"https:\/\/autisme-ensemble.org\/staging\/"},{"@type":"ListItem","position":2,"name":"\u00c9quipe de recherche"}]},{"@type":"WebSite","@id":"https:\/\/autisme-ensemble.org\/staging\/#website","url":"https:\/\/autisme-ensemble.org\/staging\/","name":"Staging - Autisme Ensemble","description":"Autisme Ensemble","potentialAction":[{"@type":"SearchAction","target":{"@type":"EntryPoint","urlTemplate":"https:\/\/autisme-ensemble.org\/staging\/?s={search_term_string}"},"query-input":"required name=search_term_string"}],"inLanguage":"fr-FR"}]}},"_links":{"self":[{"href":"https:\/\/autisme-ensemble.org\/staging\/wp-json\/wp\/v2\/pages\/55427"}],"collection":[{"href":"https:\/\/autisme-ensemble.org\/staging\/wp-json\/wp\/v2\/pages"}],"about":[{"href":"https:\/\/autisme-ensemble.org\/staging\/wp-json\/wp\/v2\/types\/page"}],"author":[{"embeddable":true,"href":"https:\/\/autisme-ensemble.org\/staging\/wp-json\/wp\/v2\/users\/1"}],"replies":[{"embeddable":true,"href":"https:\/\/autisme-ensemble.org\/staging\/wp-json\/wp\/v2\/comments?post=55427"}],"version-history":[{"count":25,"href":"https:\/\/autisme-ensemble.org\/staging\/wp-json\/wp\/v2\/pages\/55427\/revisions"}],"predecessor-version":[{"id":56707,"href":"https:\/\/autisme-ensemble.org\/staging\/wp-json\/wp\/v2\/pages\/55427\/revisions\/56707"}],"wp:attachment":[{"href":"https:\/\/autisme-ensemble.org\/staging\/wp-json\/wp\/v2\/media?parent=55427"}],"curies":[{"name":"wp","href":"https:\/\/api.w.org\/{rel}","templated":true}]}}