{"id":55575,"date":"2023-03-10T17:36:47","date_gmt":"2023-03-10T17:36:47","guid":{"rendered":"http:\/\/autisme-ensemble.org\/staging\/?page_id=55575"},"modified":"2023-05-26T16:03:52","modified_gmt":"2023-05-26T16:03:52","slug":"ressources","status":"publish","type":"page","link":"https:\/\/autisme-ensemble.org\/staging\/ressources\/","title":{"rendered":"Ressources"},"content":{"rendered":"<p>[et_pb_section fb_built=\u00a0\u00bb1&Prime; custom_padding_last_edited=\u00a0\u00bbon|phone\u00a0\u00bb module_id=\u00a0\u00bbsection-1&Prime; _builder_version=\u00a0\u00bb4.21.0&Prime; _module_preset=\u00a0\u00bbdefault\u00a0\u00bb background_color=\u00a0\u00bb#FAF6EA\u00a0\u00bb background_enable_image=\u00a0\u00bboff\u00a0\u00bb background_size=\u00a0\u00bbcontain\u00a0\u00bb background_position=\u00a0\u00bbcenter_left\u00a0\u00bb background_horizontal_offset=\u00a0\u00bb21%\u00a0\u00bb custom_margin=\u00a0\u00bb||0px||false|false\u00a0\u00bb custom_padding=\u00a0\u00bb13vh||11vh||false|false\u00a0\u00bb custom_padding_tablet=\u00a0\u00bb60px||60px||true|false\u00a0\u00bb custom_padding_phone=\u00a0\u00bb50px||50px||true|false\u00a0\u00bb animation_style=\u00a0\u00bbfade\u00a0\u00bb animation_duration=\u00a0\u00bb400ms\u00a0\u00bb global_colors_info=\u00a0\u00bb{}\u00a0\u00bb][et_pb_row use_custom_gutter=\u00a0\u00bbon\u00a0\u00bb gutter_width=\u00a0\u00bb1&Prime; _builder_version=\u00a0\u00bb4.21.0&Prime; _module_preset=\u00a0\u00bbdefault\u00a0\u00bb custom_margin=\u00a0\u00bb0px||0px||false|false\u00a0\u00bb custom_padding=\u00a0\u00bb0px||0px||false|false\u00a0\u00bb hover_enabled=\u00a0\u00bb0&Prime; global_colors_info=\u00a0\u00bb{}\u00a0\u00bb sticky_enabled=\u00a0\u00bb0&Prime;][et_pb_column type=\u00a0\u00bb4_4&Prime; _builder_version=\u00a0\u00bb4.17.4&Prime; _module_preset=\u00a0\u00bbdefault\u00a0\u00bb custom_padding=\u00a0\u00bb43px||||false|false\u00a0\u00bb custom_padding_tablet=\u00a0\u00bb0px||||false|false\u00a0\u00bb custom_padding_phone=\u00a0\u00bb0px||||false|false\u00a0\u00bb custom_padding_last_edited=\u00a0\u00bbon|phone\u00a0\u00bb global_colors_info=\u00a0\u00bb{}\u00a0\u00bb][et_pb_text _builder_version=\u00a0\u00bb4.20.2&Prime; _module_preset=\u00a0\u00bb5852915d-5b3f-435e-a3a7-0bc73fc5f651&Prime; custom_margin=\u00a0\u00bb0px||40px||false|false\u00a0\u00bb global_colors_info=\u00a0\u00bb{}\u00a0\u00bb]<\/p>\n<h1>Ressources<\/h1>\n<p>[\/et_pb_text][\/et_pb_column][\/et_pb_row][et_pb_row column_structure=\u00a0\u00bb1_3,1_3,1_3&Prime; use_custom_gutter=\u00a0\u00bbon\u00a0\u00bb gutter_width=\u00a0\u00bb2&Prime; _builder_version=\u00a0\u00bb4.18.0&Prime; _module_preset=\u00a0\u00bbdefault\u00a0\u00bb custom_margin=\u00a0\u00bb0px||0px||false|false\u00a0\u00bb custom_padding=\u00a0\u00bb0px||0px||false|false\u00a0\u00bb global_colors_info=\u00a0\u00bb{}\u00a0\u00bb][et_pb_column type=\u00a0\u00bb1_3&Prime; _builder_version=\u00a0\u00bb4.17.4&Prime; _module_preset=\u00a0\u00bbdefault\u00a0\u00bb global_colors_info=\u00a0\u00bb{}\u00a0\u00bb][et_pb_text _builder_version=\u00a0\u00bb4.21.0&Prime; _module_preset=\u00a0\u00bba873b605-6cb9-4ef9-b748-9485f3f674d2&Prime; locked=\u00a0\u00bboff\u00a0\u00bb global_colors_info=\u00a0\u00bb{}\u00a0\u00bb]<\/p>\n<h3>Organismes de soutien pour les personnes autistes<\/h3>\n<p>[\/et_pb_text][et_pb_toggle title=\u00a0\u00bbF\u00e9d\u00e9ration qu\u00e9b\u00e9coise de l\u2019autisme\u00a0\u00bb open_toggle_text_color=\u00a0\u00bb#10154e\u00a0\u00bb open_toggle_background_color=\u00a0\u00bb#e9b586&Prime; closed_toggle_background_color=\u00a0\u00bb#e9b586&Prime; icon_color=\u00a0\u00bb#000000&Prime; toggle_icon=\u00a0\u00bb&#xf067;||fa||900&Prime; use_icon_font_size=\u00a0\u00bbon\u00a0\u00bb icon_font_size=\u00a0\u00bb15px\u00a0\u00bb open_icon_color=\u00a0\u00bb#000000&Prime; open_toggle_icon=\u00a0\u00bb&#xf068;||fa||900&Prime; open_use_icon_font_size=\u00a0\u00bbon\u00a0\u00bb open_icon_font_size=\u00a0\u00bb15px\u00a0\u00bb _builder_version=\u00a0\u00bb4.21.0&Prime; _module_preset=\u00a0\u00bbdefault\u00a0\u00bb title_text_color=\u00a0\u00bb#10154e\u00a0\u00bb title_level=\u00a0\u00bbh4&Prime; title_font=\u00a0\u00bb|700|||||||\u00a0\u00bb title_text_align=\u00a0\u00bbleft\u00a0\u00bb title_font_size=\u00a0\u00bb17px\u00a0\u00bb title_line_height=\u00a0\u00bb1.3em\u00a0\u00bb body_font=\u00a0\u00bb||||||||\u00a0\u00bb body_text_align=\u00a0\u00bbleft\u00a0\u00bb body_text_color=\u00a0\u00bb#000000&Prime; body_font_size=\u00a0\u00bb15px\u00a0\u00bb body_line_height=\u00a0\u00bb1.6em\u00a0\u00bb body_link_text_color=\u00a0\u00bb#000000&Prime; background_color=\u00a0\u00bbRGBA(255,255,255,0)\u00a0\u00bb custom_margin=\u00a0\u00bb0px||16px||false|false\u00a0\u00bb custom_margin_tablet=\u00a0\u00bb0px||30px||false|false\u00a0\u00bb custom_margin_phone=\u00a0\u00bb0px||30px||false|false\u00a0\u00bb custom_margin_last_edited=\u00a0\u00bbon|tablet\u00a0\u00bb custom_padding=\u00a0\u00bb23px||23px|30px|false|false\u00a0\u00bb border_radii=\u00a0\u00bbon|8px|8px|8px|8px\u00a0\u00bb border_color_all=\u00a0\u00bb#f1f3f5&Prime; box_shadow_style=\u00a0\u00bbpreset1&Prime; box_shadow_vertical=\u00a0\u00bb33px\u00a0\u00bb box_shadow_blur=\u00a0\u00bb88px\u00a0\u00bb box_shadow_color=\u00a0\u00bbrgba(29,14,98,0.07)\u00a0\u00bb global_colors_info=\u00a0\u00bb{}\u00a0\u00bb]<\/p>\n<p>La F\u00e9d\u00e9ration qu\u00e9b\u00e9coise de l\u2019autisme (FQA) est un regroupement provincial d\u2019organismes et de personnes qui ont en commun les int\u00e9r\u00eats de la personne autiste, de ceux de sa famille et de ceux de ses proches. La<strong><span>\u00a0<\/span><\/strong>FQA propose des pages d\u2019acc\u00e8s rapide aux ressources afin d\u2019orienter les visiteurs.<\/p>\n<p><strong>Pour les parents ou pour les proches de personnes autistes<\/strong><br \/><a href=\"http:\/\/www.autisme.qc.ca\/un-parent-ou-un-proche.html\" target=\"_blank\" rel=\"noopener\"><u>www.autisme.qc.ca\/un-parent-ou-un-proche.html<\/u><\/a><\/p>\n<p><strong>Pour les personnes autistes<\/strong><br \/><a href=\"https:\/\/www.autisme.qc.ca\/une-personne-autiste.html\" target=\"_blank\" rel=\"noopener\"><u>www.autisme.qc.ca\/une-personne-autiste.html<\/u><\/a><\/p>\n<p>[\/et_pb_toggle][et_pb_toggle title=\u00a0\u00bbAutisme Canada \u2013 en anglais seulement\u00a0\u00bb open_toggle_text_color=\u00a0\u00bb#10154e\u00a0\u00bb open_toggle_background_color=\u00a0\u00bb#e9b586&Prime; closed_toggle_background_color=\u00a0\u00bb#e9b586&Prime; icon_color=\u00a0\u00bb#000000&Prime; toggle_icon=\u00a0\u00bb&#xf067;||fa||900&Prime; use_icon_font_size=\u00a0\u00bbon\u00a0\u00bb icon_font_size=\u00a0\u00bb15px\u00a0\u00bb open_icon_color=\u00a0\u00bb#000000&Prime; open_toggle_icon=\u00a0\u00bb&#xf068;||fa||900&Prime; open_use_icon_font_size=\u00a0\u00bbon\u00a0\u00bb open_icon_font_size=\u00a0\u00bb15px\u00a0\u00bb _builder_version=\u00a0\u00bb4.21.0&Prime; _module_preset=\u00a0\u00bbdefault\u00a0\u00bb title_text_color=\u00a0\u00bb#10154e\u00a0\u00bb title_level=\u00a0\u00bbh4&Prime; title_font=\u00a0\u00bb|700|||||||\u00a0\u00bb title_text_align=\u00a0\u00bbleft\u00a0\u00bb title_font_size=\u00a0\u00bb17px\u00a0\u00bb title_line_height=\u00a0\u00bb1.3em\u00a0\u00bb body_font=\u00a0\u00bb||||||||\u00a0\u00bb body_text_align=\u00a0\u00bbleft\u00a0\u00bb body_text_color=\u00a0\u00bb#000000&Prime; body_font_size=\u00a0\u00bb15px\u00a0\u00bb body_line_height=\u00a0\u00bb1.6em\u00a0\u00bb body_link_text_color=\u00a0\u00bb#000000&Prime; background_color=\u00a0\u00bbRGBA(255,255,255,0)\u00a0\u00bb custom_margin=\u00a0\u00bb0px||16px||false|false\u00a0\u00bb custom_margin_tablet=\u00a0\u00bb0px||30px||false|false\u00a0\u00bb custom_margin_phone=\u00a0\u00bb0px||30px||false|false\u00a0\u00bb custom_margin_last_edited=\u00a0\u00bbon|tablet\u00a0\u00bb custom_padding=\u00a0\u00bb23px||23px|30px|false|false\u00a0\u00bb border_radii=\u00a0\u00bbon|8px|8px|8px|8px\u00a0\u00bb border_color_all=\u00a0\u00bb#f1f3f5&Prime; box_shadow_style=\u00a0\u00bbpreset1&Prime; box_shadow_vertical=\u00a0\u00bb33px\u00a0\u00bb box_shadow_blur=\u00a0\u00bb88px\u00a0\u00bb box_shadow_color=\u00a0\u00bbrgba(29,14,98,0.07)\u00a0\u00bb global_colors_info=\u00a0\u00bb{}\u00a0\u00bb]<\/p>\n<p>Autisme Canada est un organisme qui d\u00e9fend les droits des personnes autistes \u00e0 travers le Canada. Il se pr\u00e9occupe des enjeux concernant les personnes autistes et leurs familles.<\/p>\n<p><a href=\"https:\/\/autismcanada.org\/?lang=fr\" target=\"_blank\" rel=\"noopener\"><u>autismcanada.org\/?lang=fr<\/u><\/a><\/p>\n<p>[\/et_pb_toggle][et_pb_toggle title=\u00a0\u00bbAut&rsquo;Cr\u00e9atifs\u00a0\u00bb open_toggle_text_color=\u00a0\u00bb#10154e\u00a0\u00bb open_toggle_background_color=\u00a0\u00bb#e9b586&Prime; closed_toggle_background_color=\u00a0\u00bb#e9b586&Prime; icon_color=\u00a0\u00bb#000000&Prime; toggle_icon=\u00a0\u00bb&#xf067;||fa||900&Prime; use_icon_font_size=\u00a0\u00bbon\u00a0\u00bb icon_font_size=\u00a0\u00bb15px\u00a0\u00bb open_icon_color=\u00a0\u00bb#000000&Prime; open_toggle_icon=\u00a0\u00bb&#xf068;||fa||900&Prime; open_use_icon_font_size=\u00a0\u00bbon\u00a0\u00bb open_icon_font_size=\u00a0\u00bb15px\u00a0\u00bb _builder_version=\u00a0\u00bb4.21.0&Prime; _module_preset=\u00a0\u00bbdefault\u00a0\u00bb title_text_color=\u00a0\u00bb#10154e\u00a0\u00bb title_level=\u00a0\u00bbh4&Prime; title_font=\u00a0\u00bb|700|||||||\u00a0\u00bb title_text_align=\u00a0\u00bbleft\u00a0\u00bb title_font_size=\u00a0\u00bb17px\u00a0\u00bb title_line_height=\u00a0\u00bb1.3em\u00a0\u00bb body_font=\u00a0\u00bb||||||||\u00a0\u00bb body_text_align=\u00a0\u00bbleft\u00a0\u00bb body_text_color=\u00a0\u00bb#000000&Prime; body_font_size=\u00a0\u00bb15px\u00a0\u00bb body_line_height=\u00a0\u00bb1.6em\u00a0\u00bb body_link_text_color=\u00a0\u00bb#000000&Prime; background_color=\u00a0\u00bbRGBA(255,255,255,0)\u00a0\u00bb custom_margin=\u00a0\u00bb0px||16px||false|false\u00a0\u00bb custom_margin_tablet=\u00a0\u00bb0px||30px||false|false\u00a0\u00bb custom_margin_phone=\u00a0\u00bb0px||30px||false|false\u00a0\u00bb custom_margin_last_edited=\u00a0\u00bbon|tablet\u00a0\u00bb custom_padding=\u00a0\u00bb23px||23px|30px|false|false\u00a0\u00bb border_radii=\u00a0\u00bbon|8px|8px|8px|8px\u00a0\u00bb border_color_all=\u00a0\u00bb#f1f3f5&Prime; box_shadow_style=\u00a0\u00bbpreset1&Prime; box_shadow_vertical=\u00a0\u00bb33px\u00a0\u00bb box_shadow_blur=\u00a0\u00bb88px\u00a0\u00bb box_shadow_color=\u00a0\u00bbrgba(29,14,98,0.07)\u00a0\u00bb global_colors_info=\u00a0\u00bb{}\u00a0\u00bb]<\/p>\n<p>Aut\u2019Cr\u00e9atifs est un mouvement de personnes autistes en faveur de la reconnaissance positive de l\u2019autisme.<\/p>\n<p><a href=\"https:\/\/autcreatifs.com\/\" target=\"_blank\" rel=\"noopener\"><u>autcreatifs.com<\/u><\/a><\/p>\n<p>[\/et_pb_toggle][et_pb_toggle title=\u00a0\u00bbLa Cl\u00e9 des champs\u00a0\u00bb open_toggle_text_color=\u00a0\u00bb#10154e\u00a0\u00bb open_toggle_background_color=\u00a0\u00bb#e9b586&Prime; closed_toggle_background_color=\u00a0\u00bb#e9b586&Prime; icon_color=\u00a0\u00bb#000000&Prime; toggle_icon=\u00a0\u00bb&#xf067;||fa||900&Prime; use_icon_font_size=\u00a0\u00bbon\u00a0\u00bb icon_font_size=\u00a0\u00bb15px\u00a0\u00bb open_icon_color=\u00a0\u00bb#000000&Prime; open_toggle_icon=\u00a0\u00bb&#xf068;||fa||900&Prime; open_use_icon_font_size=\u00a0\u00bbon\u00a0\u00bb open_icon_font_size=\u00a0\u00bb15px\u00a0\u00bb _builder_version=\u00a0\u00bb4.21.0&Prime; _module_preset=\u00a0\u00bbdefault\u00a0\u00bb title_text_color=\u00a0\u00bb#10154e\u00a0\u00bb title_level=\u00a0\u00bbh4&Prime; title_font=\u00a0\u00bb|700|||||||\u00a0\u00bb title_text_align=\u00a0\u00bbleft\u00a0\u00bb title_font_size=\u00a0\u00bb17px\u00a0\u00bb title_line_height=\u00a0\u00bb1.3em\u00a0\u00bb body_font=\u00a0\u00bb||||||||\u00a0\u00bb body_text_align=\u00a0\u00bbleft\u00a0\u00bb body_text_color=\u00a0\u00bb#000000&Prime; body_font_size=\u00a0\u00bb15px\u00a0\u00bb body_line_height=\u00a0\u00bb1.6em\u00a0\u00bb body_link_text_color=\u00a0\u00bb#000000&Prime; background_color=\u00a0\u00bbRGBA(255,255,255,0)\u00a0\u00bb custom_margin=\u00a0\u00bb0px||16px||false|false\u00a0\u00bb custom_margin_tablet=\u00a0\u00bb0px||30px||false|false\u00a0\u00bb custom_margin_phone=\u00a0\u00bb0px||30px||false|false\u00a0\u00bb custom_margin_last_edited=\u00a0\u00bbon|tablet\u00a0\u00bb custom_padding=\u00a0\u00bb23px||23px|30px|false|false\u00a0\u00bb border_radii=\u00a0\u00bbon|8px|8px|8px|8px\u00a0\u00bb border_color_all=\u00a0\u00bb#f1f3f5&Prime; box_shadow_style=\u00a0\u00bbpreset1&Prime; box_shadow_vertical=\u00a0\u00bb33px\u00a0\u00bb box_shadow_blur=\u00a0\u00bb88px\u00a0\u00bb box_shadow_color=\u00a0\u00bbrgba(29,14,98,0.07)\u00a0\u00bb global_colors_info=\u00a0\u00bb{}\u00a0\u00bb]<\/p>\n<p>La Cl\u00e9 des champs est un r\u00e9seau d\u2019entraide pour les personnes souffrant de troubles anxieux. L\u2019organisme offre des sessions sur la gestion de l\u2019anxi\u00e9t\u00e9 qui s\u2019adressent sp\u00e9cifiquement aux personnes autistes.<\/p>\n<p><a href=\"http:\/\/www.lacledeschamps.org\/\" target=\"_blank\" rel=\"noopener\"><u>www.lacledeschamps.org<\/u><\/a><\/p>\n<p>[\/et_pb_toggle][\/et_pb_column][et_pb_column type=\u00a0\u00bb1_3&Prime; _builder_version=\u00a0\u00bb4.17.4&Prime; _module_preset=\u00a0\u00bbdefault\u00a0\u00bb global_colors_info=\u00a0\u00bb{}\u00a0\u00bb][et_pb_text _builder_version=\u00a0\u00bb4.21.0&Prime; _module_preset=\u00a0\u00bba873b605-6cb9-4ef9-b748-9485f3f674d2&Prime; locked=\u00a0\u00bboff\u00a0\u00bb global_colors_info=\u00a0\u00bb{}\u00a0\u00bb]<\/p>\n<h3>Organismes de soutien<br \/>pour toute la population<\/h3>\n<p>[\/et_pb_text][et_pb_toggle title=\u00a0\u00bbEn cas d\u2019urgence\u00a0\u00bb open_toggle_text_color=\u00a0\u00bb#10154e\u00a0\u00bb open_toggle_background_color=\u00a0\u00bb#e9b586&Prime; closed_toggle_background_color=\u00a0\u00bb#e9b586&Prime; icon_color=\u00a0\u00bb#000000&Prime; toggle_icon=\u00a0\u00bb&#xf067;||fa||900&Prime; use_icon_font_size=\u00a0\u00bbon\u00a0\u00bb icon_font_size=\u00a0\u00bb15px\u00a0\u00bb open_icon_color=\u00a0\u00bb#000000&Prime; open_toggle_icon=\u00a0\u00bb&#xf068;||fa||900&Prime; open_use_icon_font_size=\u00a0\u00bbon\u00a0\u00bb open_icon_font_size=\u00a0\u00bb15px\u00a0\u00bb _builder_version=\u00a0\u00bb4.21.0&Prime; _module_preset=\u00a0\u00bbdefault\u00a0\u00bb title_text_color=\u00a0\u00bb#10154e\u00a0\u00bb title_level=\u00a0\u00bbh4&Prime; title_font=\u00a0\u00bb|700|||||||\u00a0\u00bb title_text_align=\u00a0\u00bbleft\u00a0\u00bb title_font_size=\u00a0\u00bb17px\u00a0\u00bb title_line_height=\u00a0\u00bb1.3em\u00a0\u00bb body_font=\u00a0\u00bb||||||||\u00a0\u00bb body_text_align=\u00a0\u00bbleft\u00a0\u00bb body_text_color=\u00a0\u00bb#000000&Prime; body_font_size=\u00a0\u00bb15px\u00a0\u00bb body_line_height=\u00a0\u00bb1.6em\u00a0\u00bb body_link_text_color=\u00a0\u00bb#000000&Prime; background_color=\u00a0\u00bbRGBA(255,255,255,0)\u00a0\u00bb custom_margin=\u00a0\u00bb0px||16px||false|false\u00a0\u00bb custom_margin_tablet=\u00a0\u00bb0px||30px||false|false\u00a0\u00bb custom_margin_phone=\u00a0\u00bb0px||30px||false|false\u00a0\u00bb custom_margin_last_edited=\u00a0\u00bbon|tablet\u00a0\u00bb custom_padding=\u00a0\u00bb23px||23px|30px|false|false\u00a0\u00bb border_radii=\u00a0\u00bbon|8px|8px|8px|8px\u00a0\u00bb border_color_all=\u00a0\u00bb#f1f3f5&Prime; box_shadow_style=\u00a0\u00bbpreset1&Prime; box_shadow_vertical=\u00a0\u00bb33px\u00a0\u00bb box_shadow_blur=\u00a0\u00bb88px\u00a0\u00bb box_shadow_color=\u00a0\u00bbrgba(29,14,98,0.07)\u00a0\u00bb global_colors_info=\u00a0\u00bb{}\u00a0\u00bb]<\/p>\n<p>Rendez-vous au centre d\u2019aide ou \u00e0 l\u2019h\u00f4pital le plus proche ou composez le<\/p>\n<p><a href=\"tel:911\" target=\"_blank\" rel=\"noopener\">9-1-1<\/a> .<\/p>\n<p>[\/et_pb_toggle][et_pb_toggle title=\u00a0\u00bbCentre de pr\u00e9vention du suicide\u00a0\u00bb open_toggle_text_color=\u00a0\u00bb#10154e\u00a0\u00bb open_toggle_background_color=\u00a0\u00bb#e9b586&Prime; closed_toggle_background_color=\u00a0\u00bb#e9b586&Prime; icon_color=\u00a0\u00bb#000000&Prime; toggle_icon=\u00a0\u00bb&#xf067;||fa||900&Prime; use_icon_font_size=\u00a0\u00bbon\u00a0\u00bb icon_font_size=\u00a0\u00bb15px\u00a0\u00bb open_icon_color=\u00a0\u00bb#000000&Prime; open_toggle_icon=\u00a0\u00bb&#xf068;||fa||900&Prime; open_use_icon_font_size=\u00a0\u00bbon\u00a0\u00bb open_icon_font_size=\u00a0\u00bb15px\u00a0\u00bb _builder_version=\u00a0\u00bb4.21.0&Prime; _module_preset=\u00a0\u00bbdefault\u00a0\u00bb title_text_color=\u00a0\u00bb#10154e\u00a0\u00bb title_level=\u00a0\u00bbh4&Prime; title_font=\u00a0\u00bb|700|||||||\u00a0\u00bb title_text_align=\u00a0\u00bbleft\u00a0\u00bb title_font_size=\u00a0\u00bb17px\u00a0\u00bb title_line_height=\u00a0\u00bb1.3em\u00a0\u00bb body_font=\u00a0\u00bb||||||||\u00a0\u00bb body_text_align=\u00a0\u00bbleft\u00a0\u00bb body_text_color=\u00a0\u00bb#000000&Prime; body_font_size=\u00a0\u00bb15px\u00a0\u00bb body_line_height=\u00a0\u00bb1.6em\u00a0\u00bb body_link_text_color=\u00a0\u00bb#000000&Prime; background_color=\u00a0\u00bbRGBA(255,255,255,0)\u00a0\u00bb custom_margin=\u00a0\u00bb0px||16px||false|false\u00a0\u00bb custom_margin_tablet=\u00a0\u00bb0px||30px||false|false\u00a0\u00bb custom_margin_phone=\u00a0\u00bb0px||30px||false|false\u00a0\u00bb custom_margin_last_edited=\u00a0\u00bbon|tablet\u00a0\u00bb custom_padding=\u00a0\u00bb23px||23px|30px|false|false\u00a0\u00bb border_radii=\u00a0\u00bbon|8px|8px|8px|8px\u00a0\u00bb border_color_all=\u00a0\u00bb#f1f3f5&Prime; box_shadow_style=\u00a0\u00bbpreset1&Prime; box_shadow_vertical=\u00a0\u00bb33px\u00a0\u00bb box_shadow_blur=\u00a0\u00bb88px\u00a0\u00bb box_shadow_color=\u00a0\u00bbrgba(29,14,98,0.07)\u00a0\u00bb global_colors_info=\u00a0\u00bb{}\u00a0\u00bb]<\/p>\n<p>Chaque r\u00e9gion a un centre de pr\u00e9vention du suicide. Ces centres regroupent des professionnels, des intervenants qualifi\u00e9s et des b\u00e9n\u00e9voles form\u00e9s. Ils sont l\u00e0 pour accueillir toutes les demandes d\u2019aide et r\u00e9pondre \u00e0 vos questions.<\/p>\n<p>[\/et_pb_toggle][et_pb_toggle title=\u00a0\u00bbPour de l\u2019aide imm\u00e9diate partout au Qu\u00e9bec \u00a0\u00bb open_toggle_text_color=\u00a0\u00bb#10154e\u00a0\u00bb open_toggle_background_color=\u00a0\u00bb#e9b586&Prime; closed_toggle_background_color=\u00a0\u00bb#e9b586&Prime; icon_color=\u00a0\u00bb#000000&Prime; toggle_icon=\u00a0\u00bb&#xf067;||fa||900&Prime; use_icon_font_size=\u00a0\u00bbon\u00a0\u00bb icon_font_size=\u00a0\u00bb15px\u00a0\u00bb open_icon_color=\u00a0\u00bb#000000&Prime; open_toggle_icon=\u00a0\u00bb&#xf068;||fa||900&Prime; open_use_icon_font_size=\u00a0\u00bbon\u00a0\u00bb open_icon_font_size=\u00a0\u00bb15px\u00a0\u00bb _builder_version=\u00a0\u00bb4.21.0&Prime; _module_preset=\u00a0\u00bbdefault\u00a0\u00bb title_text_color=\u00a0\u00bb#10154e\u00a0\u00bb title_level=\u00a0\u00bbh4&Prime; title_font=\u00a0\u00bb|700|||||||\u00a0\u00bb title_text_align=\u00a0\u00bbleft\u00a0\u00bb title_font_size=\u00a0\u00bb17px\u00a0\u00bb title_line_height=\u00a0\u00bb1.3em\u00a0\u00bb body_font=\u00a0\u00bb||||||||\u00a0\u00bb body_text_align=\u00a0\u00bbleft\u00a0\u00bb body_text_color=\u00a0\u00bb#000000&Prime; body_font_size=\u00a0\u00bb15px\u00a0\u00bb body_line_height=\u00a0\u00bb1.6em\u00a0\u00bb body_link_text_color=\u00a0\u00bb#000000&Prime; background_color=\u00a0\u00bbRGBA(255,255,255,0)\u00a0\u00bb custom_margin=\u00a0\u00bb0px||16px||false|false\u00a0\u00bb custom_margin_tablet=\u00a0\u00bb0px||30px||false|false\u00a0\u00bb custom_margin_phone=\u00a0\u00bb0px||30px||false|false\u00a0\u00bb custom_margin_last_edited=\u00a0\u00bbon|tablet\u00a0\u00bb custom_padding=\u00a0\u00bb23px||23px|30px|false|false\u00a0\u00bb border_radii=\u00a0\u00bbon|8px|8px|8px|8px\u00a0\u00bb border_color_all=\u00a0\u00bb#f1f3f5&Prime; box_shadow_style=\u00a0\u00bbpreset1&Prime; box_shadow_vertical=\u00a0\u00bb33px\u00a0\u00bb box_shadow_blur=\u00a0\u00bb88px\u00a0\u00bb box_shadow_color=\u00a0\u00bbrgba(29,14,98,0.07)\u00a0\u00bb global_colors_info=\u00a0\u00bb{}\u00a0\u00bb]<\/p>\n<p><span style=\"font-weight: 400;\"><a href=\"tel:+18662773553\" target=\"_blank\" rel=\"noopener\">1 866 277-3553<\/a> (1\u2009866 &#8211; APPELLE)<\/span><span style=\"font-weight: 400;\"><br \/><\/span><a href=\"https:\/\/suicide.ca\"><span style=\"font-weight: 400;\">suicide.ca<\/span><\/a><\/p>\n<p>[\/et_pb_toggle][et_pb_toggle title=\u00a0\u00bbPour de l\u2019aide dans la r\u00e9gion de Montr\u00e9al\u00a0\u00bb open_toggle_text_color=\u00a0\u00bb#10154e\u00a0\u00bb open_toggle_background_color=\u00a0\u00bb#e9b586&Prime; closed_toggle_background_color=\u00a0\u00bb#e9b586&Prime; icon_color=\u00a0\u00bb#000000&Prime; toggle_icon=\u00a0\u00bb&#xf067;||fa||900&Prime; use_icon_font_size=\u00a0\u00bbon\u00a0\u00bb icon_font_size=\u00a0\u00bb15px\u00a0\u00bb open_icon_color=\u00a0\u00bb#000000&Prime; open_toggle_icon=\u00a0\u00bb&#xf068;||fa||900&Prime; open_use_icon_font_size=\u00a0\u00bbon\u00a0\u00bb open_icon_font_size=\u00a0\u00bb15px\u00a0\u00bb _builder_version=\u00a0\u00bb4.21.0&Prime; _module_preset=\u00a0\u00bbdefault\u00a0\u00bb title_text_color=\u00a0\u00bb#10154e\u00a0\u00bb title_level=\u00a0\u00bbh4&Prime; title_font=\u00a0\u00bb|700|||||||\u00a0\u00bb title_text_align=\u00a0\u00bbleft\u00a0\u00bb title_font_size=\u00a0\u00bb17px\u00a0\u00bb title_line_height=\u00a0\u00bb1.3em\u00a0\u00bb body_font=\u00a0\u00bb||||||||\u00a0\u00bb body_text_align=\u00a0\u00bbleft\u00a0\u00bb body_text_color=\u00a0\u00bb#000000&Prime; body_font_size=\u00a0\u00bb15px\u00a0\u00bb body_line_height=\u00a0\u00bb1.6em\u00a0\u00bb body_link_text_color=\u00a0\u00bb#000000&Prime; background_color=\u00a0\u00bbRGBA(255,255,255,0)\u00a0\u00bb custom_margin=\u00a0\u00bb0px||16px||false|false\u00a0\u00bb custom_margin_tablet=\u00a0\u00bb0px||30px||false|false\u00a0\u00bb custom_margin_phone=\u00a0\u00bb0px||30px||false|false\u00a0\u00bb custom_margin_last_edited=\u00a0\u00bbon|tablet\u00a0\u00bb custom_padding=\u00a0\u00bb23px||23px|30px|false|false\u00a0\u00bb border_radii=\u00a0\u00bbon|8px|8px|8px|8px\u00a0\u00bb border_color_all=\u00a0\u00bb#f1f3f5&Prime; box_shadow_style=\u00a0\u00bbpreset1&Prime; box_shadow_vertical=\u00a0\u00bb33px\u00a0\u00bb box_shadow_blur=\u00a0\u00bb88px\u00a0\u00bb box_shadow_color=\u00a0\u00bbrgba(29,14,98,0.07)\u00a0\u00bb global_colors_info=\u00a0\u00bb{}\u00a0\u00bb]<\/p>\n<p><span style=\"font-weight: 400;\">Suicide Action Montr\u00e9al\u00a0<\/span><span style=\"font-weight: 400;\"><br \/><\/span><span style=\"font-weight: 400;\"><a href=\"tel:+15147234000\" target=\"_blank\" rel=\"noopener\">514 723-4000<\/a> \u00a0<\/span><span style=\"font-weight: 400;\"><br \/><\/span><a href=\"https:\/\/suicideactionmontreal.org\" target=\"_blank\" rel=\"noopener\"><span style=\"font-weight: 400;\">suicideactionmontreal.org<\/span><\/a><\/p>\n<p>[\/et_pb_toggle][et_pb_toggle title=\u00a0\u00bbL&rsquo;Accompagnateur\u00a0\u00bb open_toggle_text_color=\u00a0\u00bb#10154e\u00a0\u00bb open_toggle_background_color=\u00a0\u00bb#e9b586&Prime; closed_toggle_background_color=\u00a0\u00bb#e9b586&Prime; icon_color=\u00a0\u00bb#000000&Prime; toggle_icon=\u00a0\u00bb&#xf067;||fa||900&Prime; use_icon_font_size=\u00a0\u00bbon\u00a0\u00bb icon_font_size=\u00a0\u00bb15px\u00a0\u00bb open_icon_color=\u00a0\u00bb#000000&Prime; open_toggle_icon=\u00a0\u00bb&#xf068;||fa||900&Prime; open_use_icon_font_size=\u00a0\u00bbon\u00a0\u00bb open_icon_font_size=\u00a0\u00bb15px\u00a0\u00bb _builder_version=\u00a0\u00bb4.21.0&Prime; _module_preset=\u00a0\u00bbdefault\u00a0\u00bb title_text_color=\u00a0\u00bb#10154e\u00a0\u00bb title_level=\u00a0\u00bbh4&Prime; title_font=\u00a0\u00bb|700|||||||\u00a0\u00bb title_text_align=\u00a0\u00bbleft\u00a0\u00bb title_font_size=\u00a0\u00bb17px\u00a0\u00bb title_line_height=\u00a0\u00bb1.3em\u00a0\u00bb body_font=\u00a0\u00bb||||||||\u00a0\u00bb body_text_align=\u00a0\u00bbleft\u00a0\u00bb body_text_color=\u00a0\u00bb#000000&Prime; body_font_size=\u00a0\u00bb15px\u00a0\u00bb body_line_height=\u00a0\u00bb1.6em\u00a0\u00bb body_link_text_color=\u00a0\u00bb#000000&Prime; background_color=\u00a0\u00bbRGBA(255,255,255,0)\u00a0\u00bb custom_margin=\u00a0\u00bb0px||16px||false|false\u00a0\u00bb custom_margin_tablet=\u00a0\u00bb0px||30px||false|false\u00a0\u00bb custom_margin_phone=\u00a0\u00bb0px||30px||false|false\u00a0\u00bb custom_margin_last_edited=\u00a0\u00bbon|tablet\u00a0\u00bb custom_padding=\u00a0\u00bb23px||23px|30px|false|false\u00a0\u00bb border_radii=\u00a0\u00bbon|8px|8px|8px|8px\u00a0\u00bb border_color_all=\u00a0\u00bb#f1f3f5&Prime; box_shadow_style=\u00a0\u00bbpreset1&Prime; box_shadow_vertical=\u00a0\u00bb33px\u00a0\u00bb box_shadow_blur=\u00a0\u00bb88px\u00a0\u00bb box_shadow_color=\u00a0\u00bbrgba(29,14,98,0.07)\u00a0\u00bb global_colors_info=\u00a0\u00bb{}\u00a0\u00bb]<\/p>\n<p>L&rsquo;accompagnateur rassemble les ressources les plus pertinentes pour les parents d&rsquo;enfants handicap\u00e9s.<\/p>\n<p><a href=\"https:\/\/laccompagnateur.org\" target=\"_blank\" rel=\"noopener\"><u> www.laccompagnateur.org<\/u><\/a><\/p>\n<p>[\/et_pb_toggle][\/et_pb_column][et_pb_column type=\u00a0\u00bb1_3&Prime; _builder_version=\u00a0\u00bb4.17.4&Prime; _module_preset=\u00a0\u00bbdefault\u00a0\u00bb global_colors_info=\u00a0\u00bb{}\u00a0\u00bb][et_pb_text _builder_version=\u00a0\u00bb4.21.0&Prime; _module_preset=\u00a0\u00bba873b605-6cb9-4ef9-b748-9485f3f674d2&Prime; locked=\u00a0\u00bboff\u00a0\u00bb global_colors_info=\u00a0\u00bb{}\u00a0\u00bb]<\/p>\n<h3>Site Web d&rsquo;information <br \/>g\u00e9n\u00e9rale<\/h3>\n<p>[\/et_pb_text][et_pb_toggle title=\u00a0\u00bb\u00c9ducaloi\u00a0\u00bb open_toggle_text_color=\u00a0\u00bb#10154e\u00a0\u00bb open_toggle_background_color=\u00a0\u00bb#e9b586&Prime; closed_toggle_background_color=\u00a0\u00bb#e9b586&Prime; icon_color=\u00a0\u00bb#000000&Prime; toggle_icon=\u00a0\u00bb&#xf067;||fa||900&Prime; use_icon_font_size=\u00a0\u00bbon\u00a0\u00bb icon_font_size=\u00a0\u00bb15px\u00a0\u00bb open_icon_color=\u00a0\u00bb#000000&Prime; open_toggle_icon=\u00a0\u00bb&#xf068;||fa||900&Prime; open_use_icon_font_size=\u00a0\u00bbon\u00a0\u00bb open_icon_font_size=\u00a0\u00bb15px\u00a0\u00bb _builder_version=\u00a0\u00bb4.21.0&Prime; _module_preset=\u00a0\u00bbdefault\u00a0\u00bb title_text_color=\u00a0\u00bb#10154e\u00a0\u00bb title_level=\u00a0\u00bbh4&Prime; title_font=\u00a0\u00bb|700|||||||\u00a0\u00bb title_text_align=\u00a0\u00bbleft\u00a0\u00bb title_font_size=\u00a0\u00bb17px\u00a0\u00bb title_line_height=\u00a0\u00bb1.3em\u00a0\u00bb body_font=\u00a0\u00bb||||||||\u00a0\u00bb body_text_align=\u00a0\u00bbleft\u00a0\u00bb body_text_color=\u00a0\u00bb#000000&Prime; body_font_size=\u00a0\u00bb15px\u00a0\u00bb body_line_height=\u00a0\u00bb1.6em\u00a0\u00bb body_link_text_color=\u00a0\u00bb#000000&Prime; background_color=\u00a0\u00bbRGBA(255,255,255,0)\u00a0\u00bb custom_margin=\u00a0\u00bb0px||16px||false|false\u00a0\u00bb custom_margin_tablet=\u00a0\u00bb0px||30px||false|false\u00a0\u00bb custom_margin_phone=\u00a0\u00bb0px||30px||false|false\u00a0\u00bb custom_margin_last_edited=\u00a0\u00bbon|tablet\u00a0\u00bb custom_padding=\u00a0\u00bb23px||23px|30px|false|false\u00a0\u00bb border_radii=\u00a0\u00bbon|8px|8px|8px|8px\u00a0\u00bb border_color_all=\u00a0\u00bb#f1f3f5&Prime; box_shadow_style=\u00a0\u00bbpreset1&Prime; box_shadow_vertical=\u00a0\u00bb33px\u00a0\u00bb box_shadow_blur=\u00a0\u00bb88px\u00a0\u00bb box_shadow_color=\u00a0\u00bbrgba(29,14,98,0.07)\u00a0\u00bb global_colors_info=\u00a0\u00bb{}\u00a0\u00bb]<\/p>\n<p>\u00c9ducaloi est un organisme qui fournit de l\u2019information vulgaris\u00e9e sur la loi et les droits. Sur sa page <span>\u00ab\u2009La loi, vos droits\u2009\u00bb<\/span>, vous trouverez de<span>s articles sur une vari\u00e9t\u00e9 de sujets.<\/span><\/p>\n<p><a href=\"https:\/\/educaloi.qc.ca\/la-loi-vos-droits\/\" target=\"_blank\" rel=\"noopener\"><u>educaloi.qc.ca\/la-loi-vos-droit<\/u><\/a><\/p>\n<p>[\/et_pb_toggle][et_pb_toggle title=\u00a0\u00bbCommission des droits de la personne et des droits de la jeunesse du Qu\u00e9bec\u00a0\u00bb open_toggle_text_color=\u00a0\u00bb#10154e\u00a0\u00bb open_toggle_background_color=\u00a0\u00bb#e9b586&Prime; closed_toggle_background_color=\u00a0\u00bb#e9b586&Prime; icon_color=\u00a0\u00bb#000000&Prime; toggle_icon=\u00a0\u00bb&#xf067;||fa||900&Prime; use_icon_font_size=\u00a0\u00bbon\u00a0\u00bb icon_font_size=\u00a0\u00bb15px\u00a0\u00bb open_icon_color=\u00a0\u00bb#000000&Prime; open_toggle_icon=\u00a0\u00bb&#xf068;||fa||900&Prime; open_use_icon_font_size=\u00a0\u00bbon\u00a0\u00bb open_icon_font_size=\u00a0\u00bb15px\u00a0\u00bb _builder_version=\u00a0\u00bb4.21.0&Prime; _module_preset=\u00a0\u00bbdefault\u00a0\u00bb title_text_color=\u00a0\u00bb#10154e\u00a0\u00bb title_level=\u00a0\u00bbh4&Prime; title_font=\u00a0\u00bb|700|||||||\u00a0\u00bb title_text_align=\u00a0\u00bbleft\u00a0\u00bb title_font_size=\u00a0\u00bb17px\u00a0\u00bb title_line_height=\u00a0\u00bb1.3em\u00a0\u00bb body_font=\u00a0\u00bb||||||||\u00a0\u00bb body_text_align=\u00a0\u00bbleft\u00a0\u00bb body_text_color=\u00a0\u00bb#000000&Prime; body_font_size=\u00a0\u00bb15px\u00a0\u00bb body_line_height=\u00a0\u00bb1.6em\u00a0\u00bb body_link_text_color=\u00a0\u00bb#000000&Prime; background_color=\u00a0\u00bbRGBA(255,255,255,0)\u00a0\u00bb custom_margin=\u00a0\u00bb0px||16px||false|false\u00a0\u00bb custom_margin_tablet=\u00a0\u00bb0px||30px||false|false\u00a0\u00bb custom_margin_phone=\u00a0\u00bb0px||30px||false|false\u00a0\u00bb custom_margin_last_edited=\u00a0\u00bbon|tablet\u00a0\u00bb custom_padding=\u00a0\u00bb23px||23px|30px|false|false\u00a0\u00bb border_radii=\u00a0\u00bbon|8px|8px|8px|8px\u00a0\u00bb border_color_all=\u00a0\u00bb#f1f3f5&Prime; box_shadow_style=\u00a0\u00bbpreset1&Prime; box_shadow_vertical=\u00a0\u00bb33px\u00a0\u00bb box_shadow_blur=\u00a0\u00bb88px\u00a0\u00bb box_shadow_color=\u00a0\u00bbrgba(29,14,98,0.07)\u00a0\u00bb global_colors_info=\u00a0\u00bb{}\u00a0\u00bb]<\/p>\n<p>La Commission est un organisme qui prot\u00e8ge et fait la promotion des droits des personnes.<\/p>\n<p><a href=\"https:\/\/educaloi.qc.ca\/la-loi-vos-droits\/\"><u><\/u><\/a><u><a href=\"https:\/\/www.cdpdj.qc.ca\/fr\" data-rawhref=\"http:\/\/www.cdpdj.qc.ca\/fr\" target=\"_blank\" rel=\"noopener\">www.cdpdj.qc.ca\/fr<\/a><\/u><\/p>\n<p>[\/et_pb_toggle][et_pb_toggle title=\u00a0\u00bbPages du site Web du gouvernement du Qu\u00e9bec\u00a0\u00bb open_toggle_text_color=\u00a0\u00bb#10154e\u00a0\u00bb open_toggle_background_color=\u00a0\u00bb#e9b586&Prime; closed_toggle_background_color=\u00a0\u00bb#e9b586&Prime; icon_color=\u00a0\u00bb#000000&Prime; toggle_icon=\u00a0\u00bb&#xf067;||fa||900&Prime; use_icon_font_size=\u00a0\u00bbon\u00a0\u00bb icon_font_size=\u00a0\u00bb15px\u00a0\u00bb open_icon_color=\u00a0\u00bb#000000&Prime; open_toggle_icon=\u00a0\u00bb&#xf068;||fa||900&Prime; open_use_icon_font_size=\u00a0\u00bbon\u00a0\u00bb open_icon_font_size=\u00a0\u00bb15px\u00a0\u00bb _builder_version=\u00a0\u00bb4.21.0&Prime; _module_preset=\u00a0\u00bbdefault\u00a0\u00bb title_text_color=\u00a0\u00bb#10154e\u00a0\u00bb title_level=\u00a0\u00bbh4&Prime; title_font=\u00a0\u00bb|700|||||||\u00a0\u00bb title_text_align=\u00a0\u00bbleft\u00a0\u00bb title_font_size=\u00a0\u00bb17px\u00a0\u00bb title_line_height=\u00a0\u00bb1.3em\u00a0\u00bb body_font=\u00a0\u00bb||||||||\u00a0\u00bb body_text_align=\u00a0\u00bbleft\u00a0\u00bb body_text_color=\u00a0\u00bb#000000&Prime; body_font_size=\u00a0\u00bb15px\u00a0\u00bb body_line_height=\u00a0\u00bb1.6em\u00a0\u00bb body_link_text_color=\u00a0\u00bb#000000&Prime; background_color=\u00a0\u00bbRGBA(255,255,255,0)\u00a0\u00bb custom_margin=\u00a0\u00bb0px||16px||false|false\u00a0\u00bb custom_margin_tablet=\u00a0\u00bb0px||30px||false|false\u00a0\u00bb custom_margin_phone=\u00a0\u00bb0px||30px||false|false\u00a0\u00bb custom_margin_last_edited=\u00a0\u00bbon|tablet\u00a0\u00bb custom_padding=\u00a0\u00bb23px||23px|30px|false|false\u00a0\u00bb border_radii=\u00a0\u00bbon|8px|8px|8px|8px\u00a0\u00bb border_color_all=\u00a0\u00bb#f1f3f5&Prime; box_shadow_style=\u00a0\u00bbpreset1&Prime; box_shadow_vertical=\u00a0\u00bb33px\u00a0\u00bb box_shadow_blur=\u00a0\u00bb88px\u00a0\u00bb box_shadow_color=\u00a0\u00bbrgba(29,14,98,0.07)\u00a0\u00bb global_colors_info=\u00a0\u00bb{}\u00a0\u00bb]<\/p>\n<p>Ces pages pr\u00e9sentent de l\u2019information g\u00e9n\u00e9rale sur la violence et l\u2019intimidation, ainsi qu\u2019une liste de diff\u00e9rents services d\u2019aide.<\/p>\n<p><strong>Formes de violences<\/strong><br \/><a href=\"http:\/\/www.quebec.ca\/famille-et-soutien-aux-personnes\/violences\/violences\/\" target=\"_blank\" rel=\"noopener\"><u>www.quebec.ca\/famille-et-soutien-aux-personnes\/violences\/violences<\/u><\/a><\/p>\n<p><strong>Intimidation<\/strong><br \/><a href=\"http:\/\/www.quebec.ca\/famille-et-soutien-aux-personnes\/violences\/intimidation\" target=\"_blank\" rel=\"noopener\"><u>www.quebec.ca\/famille-et-soutien-aux-personnes\/violences\/intimidation<\/u><\/a><\/p>\n<p>[\/et_pb_toggle][\/et_pb_column][\/et_pb_row][\/et_pb_section]<\/p>\n","protected":false},"excerpt":{"rendered":"<p>RessourcesOrganismes de soutien pour les personnes autistesLa F\u00e9d\u00e9ration qu\u00e9b\u00e9coise de l\u2019autisme (FQA) est un regroupement provincial d\u2019organismes et de personnes qui ont en commun les int\u00e9r\u00eats de la personne autiste, de ceux de sa famille et de ceux de ses proches. La\u00a0FQA propose des pages d\u2019acc\u00e8s rapide aux ressources afin d\u2019orienter les visiteurs. Pour les [&hellip;]<\/p>\n","protected":false},"author":1,"featured_media":0,"parent":0,"menu_order":0,"comment_status":"closed","ping_status":"closed","template":"","meta":{"_et_pb_use_builder":"on","_et_pb_old_content":"","_et_gb_content_width":""},"yoast_head":"<!-- This site is optimized with the Yoast SEO plugin v20.8 - https:\/\/yoast.com\/wordpress\/plugins\/seo\/ -->\n<title>Ressources - Staging - Autisme Ensemble<\/title>\n<meta name=\"robots\" content=\"noindex, follow, max-snippet:-1, max-image-preview:large, max-video-preview:-1\" \/>\n<meta property=\"og:locale\" content=\"fr_FR\" \/>\n<meta property=\"og:type\" content=\"article\" \/>\n<meta property=\"og:title\" content=\"Ressources - Staging - Autisme Ensemble\" \/>\n<meta property=\"og:description\" content=\"RessourcesOrganismes de soutien pour les personnes autistesLa F\u00e9d\u00e9ration qu\u00e9b\u00e9coise de l\u2019autisme (FQA) est un regroupement provincial d\u2019organismes et de personnes qui ont en commun les int\u00e9r\u00eats de la personne autiste, de ceux de sa famille et de ceux de ses proches. La\u00a0FQA propose des pages d\u2019acc\u00e8s rapide aux ressources afin d\u2019orienter les visiteurs. Pour les [&hellip;]\" \/>\n<meta property=\"og:url\" content=\"https:\/\/autisme-ensemble.org\/staging\/ressources\/\" \/>\n<meta property=\"og:site_name\" content=\"Staging - Autisme Ensemble\" \/>\n<meta property=\"article:modified_time\" content=\"2023-05-26T16:03:52+00:00\" \/>\n<meta name=\"twitter:card\" content=\"summary_large_image\" \/>\n<script type=\"application\/ld+json\" class=\"yoast-schema-graph\">{\"@context\":\"https:\/\/schema.org\",\"@graph\":[{\"@type\":\"WebPage\",\"@id\":\"https:\/\/autisme-ensemble.org\/staging\/ressources\/\",\"url\":\"https:\/\/autisme-ensemble.org\/staging\/ressources\/\",\"name\":\"Ressources - Staging - Autisme Ensemble\",\"isPartOf\":{\"@id\":\"https:\/\/autisme-ensemble.org\/staging\/#website\"},\"datePublished\":\"2023-03-10T17:36:47+00:00\",\"dateModified\":\"2023-05-26T16:03:52+00:00\",\"breadcrumb\":{\"@id\":\"https:\/\/autisme-ensemble.org\/staging\/ressources\/#breadcrumb\"},\"inLanguage\":\"fr-FR\",\"potentialAction\":[{\"@type\":\"ReadAction\",\"target\":[\"https:\/\/autisme-ensemble.org\/staging\/ressources\/\"]}]},{\"@type\":\"BreadcrumbList\",\"@id\":\"https:\/\/autisme-ensemble.org\/staging\/ressources\/#breadcrumb\",\"itemListElement\":[{\"@type\":\"ListItem\",\"position\":1,\"name\":\"Accueil\",\"item\":\"https:\/\/autisme-ensemble.org\/staging\/\"},{\"@type\":\"ListItem\",\"position\":2,\"name\":\"Ressources\"}]},{\"@type\":\"WebSite\",\"@id\":\"https:\/\/autisme-ensemble.org\/staging\/#website\",\"url\":\"https:\/\/autisme-ensemble.org\/staging\/\",\"name\":\"Staging - Autisme Ensemble\",\"description\":\"Autisme Ensemble\",\"potentialAction\":[{\"@type\":\"SearchAction\",\"target\":{\"@type\":\"EntryPoint\",\"urlTemplate\":\"https:\/\/autisme-ensemble.org\/staging\/?s={search_term_string}\"},\"query-input\":\"required name=search_term_string\"}],\"inLanguage\":\"fr-FR\"}]}<\/script>\n<!-- \/ Yoast SEO plugin. -->","yoast_head_json":{"title":"Ressources - Staging - Autisme Ensemble","robots":{"index":"noindex","follow":"follow","max-snippet":"max-snippet:-1","max-image-preview":"max-image-preview:large","max-video-preview":"max-video-preview:-1"},"og_locale":"fr_FR","og_type":"article","og_title":"Ressources - Staging - Autisme Ensemble","og_description":"RessourcesOrganismes de soutien pour les personnes autistesLa F\u00e9d\u00e9ration qu\u00e9b\u00e9coise de l\u2019autisme (FQA) est un regroupement provincial d\u2019organismes et de personnes qui ont en commun les int\u00e9r\u00eats de la personne autiste, de ceux de sa famille et de ceux de ses proches. La\u00a0FQA propose des pages d\u2019acc\u00e8s rapide aux ressources afin d\u2019orienter les visiteurs. Pour les [&hellip;]","og_url":"https:\/\/autisme-ensemble.org\/staging\/ressources\/","og_site_name":"Staging - Autisme Ensemble","article_modified_time":"2023-05-26T16:03:52+00:00","twitter_card":"summary_large_image","schema":{"@context":"https:\/\/schema.org","@graph":[{"@type":"WebPage","@id":"https:\/\/autisme-ensemble.org\/staging\/ressources\/","url":"https:\/\/autisme-ensemble.org\/staging\/ressources\/","name":"Ressources - Staging - Autisme Ensemble","isPartOf":{"@id":"https:\/\/autisme-ensemble.org\/staging\/#website"},"datePublished":"2023-03-10T17:36:47+00:00","dateModified":"2023-05-26T16:03:52+00:00","breadcrumb":{"@id":"https:\/\/autisme-ensemble.org\/staging\/ressources\/#breadcrumb"},"inLanguage":"fr-FR","potentialAction":[{"@type":"ReadAction","target":["https:\/\/autisme-ensemble.org\/staging\/ressources\/"]}]},{"@type":"BreadcrumbList","@id":"https:\/\/autisme-ensemble.org\/staging\/ressources\/#breadcrumb","itemListElement":[{"@type":"ListItem","position":1,"name":"Accueil","item":"https:\/\/autisme-ensemble.org\/staging\/"},{"@type":"ListItem","position":2,"name":"Ressources"}]},{"@type":"WebSite","@id":"https:\/\/autisme-ensemble.org\/staging\/#website","url":"https:\/\/autisme-ensemble.org\/staging\/","name":"Staging - Autisme Ensemble","description":"Autisme Ensemble","potentialAction":[{"@type":"SearchAction","target":{"@type":"EntryPoint","urlTemplate":"https:\/\/autisme-ensemble.org\/staging\/?s={search_term_string}"},"query-input":"required name=search_term_string"}],"inLanguage":"fr-FR"}]}},"_links":{"self":[{"href":"https:\/\/autisme-ensemble.org\/staging\/wp-json\/wp\/v2\/pages\/55575"}],"collection":[{"href":"https:\/\/autisme-ensemble.org\/staging\/wp-json\/wp\/v2\/pages"}],"about":[{"href":"https:\/\/autisme-ensemble.org\/staging\/wp-json\/wp\/v2\/types\/page"}],"author":[{"embeddable":true,"href":"https:\/\/autisme-ensemble.org\/staging\/wp-json\/wp\/v2\/users\/1"}],"replies":[{"embeddable":true,"href":"https:\/\/autisme-ensemble.org\/staging\/wp-json\/wp\/v2\/comments?post=55575"}],"version-history":[{"count":15,"href":"https:\/\/autisme-ensemble.org\/staging\/wp-json\/wp\/v2\/pages\/55575\/revisions"}],"predecessor-version":[{"id":56751,"href":"https:\/\/autisme-ensemble.org\/staging\/wp-json\/wp\/v2\/pages\/55575\/revisions\/56751"}],"wp:attachment":[{"href":"https:\/\/autisme-ensemble.org\/staging\/wp-json\/wp\/v2\/media?parent=55575"}],"curies":[{"name":"wp","href":"https:\/\/api.w.org\/{rel}","templated":true}]}}